{"id":38018,"date":"2025-09-28T15:47:28","date_gmt":"2025-09-28T19:47:28","guid":{"rendered":"https:\/\/cpaq.ufms.br\/?page_id=38018"},"modified":"2025-09-30T10:49:09","modified_gmt":"2025-09-30T14:49:09","slug":"xvii-semana-da-matematica-matematica-e-suas-conexoes-os-conhecimentos-entrelacam-o-ensino-e-a-aprendizagem","status":"publish","type":"page","link":"https:\/\/cpaq.ufms.br\/en\/xvii-semana-da-matematica-matematica-e-suas-conexoes-os-conhecimentos-entrelacam-o-ensino-e-a-aprendizagem\/","title":{"rendered":"XVII SEMANA DA MATEM\u00c1TICA- Matem\u00e1tica e suas conex\u00f5es: os conhecimentos que entrela\u00e7am o ensino e a aprendizagem"},"content":{"rendered":"<p style=\"text-align: center\" data-start=\"201\" data-end=\"684\"><a href=\"https:\/\/cpaq.ufms.br\/files\/2025\/09\/Arte-divulgaca.png\"><img fetchpriority=\"high\" decoding=\"async\" class=\"alignnone size-medium wp-image-37988\" src=\"https:\/\/cpaq.ufms.br\/files\/2025\/09\/Arte-divulgaca-300x300.png\" alt=\"\" width=\"300\" height=\"300\" srcset=\"https:\/\/cpaq.ufms.br\/files\/2025\/09\/Arte-divulgaca-300x300.png 300w, https:\/\/cpaq.ufms.br\/files\/2025\/09\/Arte-divulgaca-1024x1024.png 1024w, https:\/\/cpaq.ufms.br\/files\/2025\/09\/Arte-divulgaca-150x150.png 150w, https:\/\/cpaq.ufms.br\/files\/2025\/09\/Arte-divulgaca-768x768.png 768w, https:\/\/cpaq.ufms.br\/files\/2025\/09\/Arte-divulgaca-320x320.png 320w, https:\/\/cpaq.ufms.br\/files\/2025\/09\/Arte-divulgaca.png 1080w\" sizes=\"(max-width: 300px) 100vw, 300px\" \/><\/a><\/p>\n<p style=\"text-align: center\" data-start=\"201\" data-end=\"684\">A <strong data-start=\"203\" data-end=\"227\">Semana da Matem\u00e1tica<\/strong> \u00e9 um evento acad\u00eamico-cient\u00edfico promovido pelo curso de Matem\u00e1tica da Universidade Federal de Mato Grosso do Sul (Campus de Aquidauana), que ao longo de suas edi\u00e7\u00f5es tem se consolidado como um espa\u00e7o de encontro, di\u00e1logo e produ\u00e7\u00e3o de conhecimento. Em 2025, chega \u00e0 sua <strong data-start=\"499\" data-end=\"513\">17\u00aa edi\u00e7\u00e3o<\/strong>, a ser realizada entre os dias <strong data-start=\"545\" data-end=\"567\">28 e 30 de outubro<\/strong>, com o tema <strong data-start=\"580\" data-end=\"612\">\u201cMatem\u00e1tica e suas conex\u00f5es: os conhecimentos que entrela\u00e7am o ensino e a aprendizagem\u201d.<\/strong><\/p>\n<p style=\"text-align: center\" data-start=\"686\" data-end=\"998\">O evento constitui-se em um espa\u00e7o de forma\u00e7\u00e3o, reflex\u00e3o e socializa\u00e7\u00e3o de experi\u00eancias. A programa\u00e7\u00e3o contempla palestras, oficinas, mesas de di\u00e1logo, apresenta\u00e7\u00f5es de trabalhos e atividades culturais, promovendo a integra\u00e7\u00e3o entre estudantes, professores, pesquisadores e profissionais da \u00e1rea.<\/p>\n<p style=\"text-align: center\" data-start=\"1000\" data-end=\"1348\">Com propostas que valorizam a interdisciplinaridade e incentivam o protagonismo acad\u00eamico, o evento busca fortalecer a rela\u00e7\u00e3o entre teoria e pr\u00e1tica, ensino e pesquisa, tradi\u00e7\u00e3o e inova\u00e7\u00e3o. Trata-se de uma oportunidade \u00edmpar para refletir sobre o papel da Matem\u00e1tica na forma\u00e7\u00e3o docente e em sua contribui\u00e7\u00e3o para a compreens\u00e3o cr\u00edtica do mundo.<\/p>\n<p style=\"text-align: center\" data-start=\"1350\" data-end=\"1553\">A todos os interessados, o convite est\u00e1 feito: participem desta jornada de partilha e conhecimento, na qual o ensino e a aprendizagem se entrela\u00e7am, abrindo caminhos para novas conex\u00f5es e perspectivas.<\/p>\n<div class=\"col-md-6\">\n<div class=\"panel-group\" id=\"custom-collapse-0\">\n<div class=\"panel panel-default\">\n\t\t\t\t<div class=\"panel-heading\">\n\t\t\t\t\t<h4 class=\"panel-title\">\n\t\t\t\t\t\t<a class=\"collapsed\" data-toggle=\"collapse\" data-parent=\"#custom-collapse-0\" href=\"#custom-collapse-0-0\">Programa\u00e7\u00e3o<\/a>\n\t\t\t\t\t<\/h4>\n\t\t\t\t<\/div>\n\t\t\t\t<div id=\"custom-collapse-0-0\" class=\"panel-collapse collapse\">\n\t\t\t\t\t<div class=\"panel-body\">\n<p>Confira a Programa\u00e7\u00e3o clicando <a href=\"https:\/\/cpaq.ufms.br\/programacao-xvii-semana-da-matematica\/\">aqui<\/a><\/p>\n<\/div>\n\t\t\t\t<\/div>\n\t\t\t<\/div>\n<div class=\"panel panel-default\">\n\t\t\t\t<div class=\"panel-heading\">\n\t\t\t\t\t<h4 class=\"panel-title\">\n\t\t\t\t\t\t<a class=\"collapsed\" data-toggle=\"collapse\" data-parent=\"#custom-collapse-0\" href=\"#custom-collapse-0-1\">Inscri\u00e7\u00f5es<\/a>\n\t\t\t\t\t<\/h4>\n\t\t\t\t<\/div>\n\t\t\t\t<div id=\"custom-collapse-0-1\" class=\"panel-collapse collapse\">\n\t\t\t\t\t<div class=\"panel-body\">\n<p>Para a inscri\u00e7\u00e3o clique <a href=\"https:\/\/cpaq.ufms.br\/inscricoes-para-a-xvii-semana-da-matematica\/\">aqui<\/a>.<\/p>\n<\/div>\n\t\t\t\t<\/div>\n\t\t\t<\/div>\n<div class=\"panel panel-default\">\n\t\t\t\t<div class=\"panel-heading\">\n\t\t\t\t\t<h4 class=\"panel-title\">\n\t\t\t\t\t\t<a class=\"collapsed\" data-toggle=\"collapse\" data-parent=\"#custom-collapse-0\" href=\"#custom-collapse-0-2\">Submiss\u00e3o de Trabalhos<\/a>\n\t\t\t\t\t<\/h4>\n\t\t\t\t<\/div>\n\t\t\t\t<div id=\"custom-collapse-0-2\" class=\"panel-collapse collapse\">\n\t\t\t\t\t<div class=\"panel-body\">\n<p>Clique <a href=\"https:\/\/cpaq.ufms.br\/submissao-de-trabalhos-na-xvii-semana-da-matematica\/\">aqui<\/a> para a submiss\u00e3o de trabalhos.<\/p>\n<\/div>\n\t\t\t\t<\/div>\n\t\t\t<\/div>\n<\/div>\n<\/div>\n<div class=\"col-md-6\">\n<div class=\"panel-group\" id=\"custom-collapse-1\">\n<div class=\"panel panel-default\">\n\t\t\t\t<div class=\"panel-heading\">\n\t\t\t\t\t<h4 class=\"panel-title\">\n\t\t\t\t\t\t<a class=\"collapsed\" data-toggle=\"collapse\" data-parent=\"#custom-collapse-1\" href=\"#custom-collapse-1-3\">Oficinas<\/a>\n\t\t\t\t\t<\/h4>\n\t\t\t\t<\/div>\n\t\t\t\t<div id=\"custom-collapse-1-3\" class=\"panel-collapse collapse\">\n\t\t\t\t\t<div class=\"panel-body\">\n<p>Confira <a href=\"https:\/\/cpaq.ufms.br\/xvii-semana-da-matematica-oficinas\/\">aqui<\/a> as Oficinas da Semana.<\/p>\n<\/div>\n\t\t\t\t<\/div>\n\t\t\t<\/div>\n<div class=\"panel panel-default\">\n\t\t\t\t<div class=\"panel-heading\">\n\t\t\t\t\t<h4 class=\"panel-title\">\n\t\t\t\t\t\t<a class=\"collapsed\" data-toggle=\"collapse\" data-parent=\"#custom-collapse-1\" href=\"#custom-collapse-1-4\">Concurso de Fotos<\/a>\n\t\t\t\t\t<\/h4>\n\t\t\t\t<\/div>\n\t\t\t\t<div id=\"custom-collapse-1-4\" class=\"panel-collapse collapse\">\n\t\t\t\t\t<div class=\"panel-body\">\n<p>Clique <a href=\"https:\/\/cpaq.ufms.br\/concurso-de-fotos-xvii-semana-da-matematica\/\">aqui<\/a> para a participar do Concurso de Fotos<\/p>\n<\/div>\n\t\t\t\t<\/div>\n\t\t\t<\/div>\n<\/div>\n<\/div>\n<p>&nbsp;<\/p>\n","protected":false},"excerpt":{"rendered":"<p>A Semana da Matem\u00e1tica \u00e9 um evento acad\u00eamico-cient\u00edfico promovido pelo curso de Matem\u00e1tica da Universidade Federal de Mato Grosso do Sul (Campus de Aquidauana), que ao longo de suas edi\u00e7\u00f5es tem se consolidado como um espa\u00e7o de encontro, di\u00e1logo e produ\u00e7\u00e3o de conhecimento. Em 2025, chega \u00e0 sua 17\u00aa edi\u00e7\u00e3o, a ser realizada entre os [&hellip;]<\/p>\n","protected":false},"author":1007,"featured_media":0,"parent":0,"menu_order":0,"comment_status":"closed","ping_status":"closed","template":"","meta":{"footnotes":""},"coauthors":[210],"class_list":["post-38018","page","type-page","status-publish","hentry"],"_links":{"self":[{"href":"https:\/\/cpaq.ufms.br\/en\/wp-json\/wp\/v2\/pages\/38018","targetHints":{"allow":["GET"]}}],"collection":[{"href":"https:\/\/cpaq.ufms.br\/en\/wp-json\/wp\/v2\/pages"}],"about":[{"href":"https:\/\/cpaq.ufms.br\/en\/wp-json\/wp\/v2\/types\/page"}],"author":[{"embeddable":true,"href":"https:\/\/cpaq.ufms.br\/en\/wp-json\/wp\/v2\/users\/1007"}],"replies":[{"embeddable":true,"href":"https:\/\/cpaq.ufms.br\/en\/wp-json\/wp\/v2\/comments?post=38018"}],"version-history":[{"count":10,"href":"https:\/\/cpaq.ufms.br\/en\/wp-json\/wp\/v2\/pages\/38018\/revisions"}],"predecessor-version":[{"id":38045,"href":"https:\/\/cpaq.ufms.br\/en\/wp-json\/wp\/v2\/pages\/38018\/revisions\/38045"}],"wp:attachment":[{"href":"https:\/\/cpaq.ufms.br\/en\/wp-json\/wp\/v2\/media?parent=38018"}],"wp:term":[{"taxonomy":"author","embeddable":true,"href":"https:\/\/cpaq.ufms.br\/en\/wp-json\/wp\/v2\/coauthors?post=38018"}],"curies":[{"name":"wp","href":"https:\/\/api.w.org\/{rel}","templated":true}]}}