{"id":38010,"date":"2025-09-28T15:10:08","date_gmt":"2025-09-28T19:10:08","guid":{"rendered":"https:\/\/cpaq.ufms.br\/?page_id=38010"},"modified":"2025-09-28T15:14:33","modified_gmt":"2025-09-28T19:14:33","slug":"submissao-de-trabalhos-na-xvii-semana-da-matematica","status":"publish","type":"page","link":"https:\/\/cpaq.ufms.br\/en\/submissao-de-trabalhos-na-xvii-semana-da-matematica\/","title":{"rendered":"SUBMISS\u00c3O DE TRABALHOS NA XVII SEMANA DA MATEM\u00c1TICA"},"content":{"rendered":"<p><a href=\"https:\/\/cpaq.ufms.br\/files\/2025\/09\/Arte-divulgaca.png\"><img fetchpriority=\"high\" decoding=\"async\" class=\"size-medium wp-image-37988 aligncenter\" src=\"https:\/\/cpaq.ufms.br\/files\/2025\/09\/Arte-divulgaca-300x300.png\" alt=\"\" width=\"300\" height=\"300\" srcset=\"https:\/\/cpaq.ufms.br\/files\/2025\/09\/Arte-divulgaca-300x300.png 300w, https:\/\/cpaq.ufms.br\/files\/2025\/09\/Arte-divulgaca-1024x1024.png 1024w, https:\/\/cpaq.ufms.br\/files\/2025\/09\/Arte-divulgaca-150x150.png 150w, https:\/\/cpaq.ufms.br\/files\/2025\/09\/Arte-divulgaca-768x768.png 768w, https:\/\/cpaq.ufms.br\/files\/2025\/09\/Arte-divulgaca-320x320.png 320w, https:\/\/cpaq.ufms.br\/files\/2025\/09\/Arte-divulgaca.png 1080w\" sizes=\"(max-width: 300px) 100vw, 300px\" \/><\/a><\/p>\n<p data-start=\"275\" data-end=\"764\">Est\u00e3o abertas as submiss\u00f5es de trabalhos para a <strong data-start=\"323\" data-end=\"383\">XVII Semana da Matem\u00e1tica do Campus de Aquidauana (UFMS)<\/strong>, que acontecer\u00e1 de <strong data-start=\"403\" data-end=\"433\">28 a 30 de outubro de 2025<\/strong>. Esta \u00e9 uma oportunidade para estudantes de gradua\u00e7\u00e3o e p\u00f3s-gradua\u00e7\u00e3o, professores e pesquisadores compartilharem experi\u00eancias, resultados de pesquisa, pr\u00e1ticas de ensino e projetos de extens\u00e3o relacionados ao tema do evento <strong data-start=\"659\" data-end=\"691\">\u201cMatem\u00e1tica e suas conex\u00f5es: os c<\/strong><strong data-start=\"705\" data-end=\"761\">onhecimentos que entrela\u00e7am o ensino e a aprendizagem\u201d<\/strong>.<\/p>\n<p data-start=\"766\" data-end=\"950\">\ud83d\udd39 <strong data-start=\"769\" data-end=\"810\">Inscri\u00e7\u00e3o para submiss\u00e3o de trabalhos<br \/>\n<\/strong>Os interessados devem realizar a inscri\u00e7\u00e3o pelo formul\u00e1rio dispon\u00edvel no link abaixo:<br data-start=\"898\" data-end=\"901\" \/>\u00a0[<a href=\"https:\/\/forms.gle\/SYxMWL5DabWvsQJx8\"><strong data-start=\"905\" data-end=\"947\">Clique aqui para submeter seu trabalho<\/strong><\/a>]\n<p data-start=\"952\" data-end=\"1230\">\ud83d\udd39 <strong data-start=\"955\" data-end=\"991\">Modelo de arquivo para submiss\u00e3o<\/strong><br data-start=\"991\" data-end=\"994\" \/>O trabalho deve ser elaborado de acordo com as normas estabelecidas pela comiss\u00e3o organizadora. Para orientar a formata\u00e7\u00e3o, disponibilizamos um arquivo-modelo que deve ser seguido obrigatoriamente:<br data-start=\"1191\" data-end=\"1194\" \/>[<a href=\"https:\/\/docs.google.com\/document\/d\/1r9N_ucUk_uv8_7P638hHLKR-ewoT8S4Q\/edit?usp=sharing&amp;ouid=112478823513867671966&amp;rtpof=true&amp;sd=true\"><strong data-start=\"1198\" data-end=\"1227\">Baixar modelo de trabalho<\/strong><\/a>]\n<p data-start=\"1232\" data-end=\"1264\">\ud83d\udd39 <strong data-start=\"1235\" data-end=\"1262\">Informa\u00e7\u00f5es importantes<\/strong><\/p>\n<ul data-start=\"1265\" data-end=\"1642\">\n<li data-start=\"1265\" data-end=\"1338\">\n<p data-start=\"1267\" data-end=\"1338\">Cada autor pode submeter at\u00e9 2 trabalhos.<\/p>\n<\/li>\n<li data-start=\"1339\" data-end=\"1425\">\n<p data-start=\"1341\" data-end=\"1425\">Os trabalhos aprovados ser\u00e3o apresentados durante a programa\u00e7\u00e3o oficial do evento.<\/p>\n<\/li>\n<li data-start=\"1426\" data-end=\"1560\">\n<p data-start=\"1428\" data-end=\"1560\">A aprova\u00e7\u00e3o est\u00e1 condicionada \u00e0 avalia\u00e7\u00e3o da comiss\u00e3o cient\u00edfica e ao cumprimento das normas de formata\u00e7\u00e3o e prazos estabelecidos.<\/p>\n<\/li>\n<li data-start=\"1561\" data-end=\"1642\">\n<p data-start=\"1563\" data-end=\"1642\">A inscri\u00e7\u00e3o no evento tamb\u00e9m \u00e9 obrigat\u00f3ria para todos os autores e coautores.<\/p>\n<\/li>\n<\/ul>\n<p data-start=\"1644\" data-end=\"1821\">Participe compartilhando suas ideias, pesquisas e pr\u00e1ticas! Sua contribui\u00e7\u00e3o \u00e9 essencial para enriquecer os debates e fortalecer o espa\u00e7o de constru\u00e7\u00e3o coletiva da Matem\u00e1tica.<\/p>\n","protected":false},"excerpt":{"rendered":"<p>Est\u00e3o abertas as submiss\u00f5es de trabalhos para a XVII Semana da Matem\u00e1tica do Campus de Aquidauana (UFMS), que acontecer\u00e1 de 28 a 30 de outubro de 2025. Esta \u00e9 uma oportunidade para estudantes de gradua\u00e7\u00e3o e p\u00f3s-gradua\u00e7\u00e3o, professores e pesquisadores compartilharem experi\u00eancias, resultados de pesquisa, pr\u00e1ticas de ensino e projetos de extens\u00e3o relacionados ao tema [&hellip;]<\/p>\n","protected":false},"author":1007,"featured_media":0,"parent":0,"menu_order":0,"comment_status":"closed","ping_status":"closed","template":"","meta":{"footnotes":""},"coauthors":[210],"class_list":["post-38010","page","type-page","status-publish","hentry"],"_links":{"self":[{"href":"https:\/\/cpaq.ufms.br\/en\/wp-json\/wp\/v2\/pages\/38010","targetHints":{"allow":["GET"]}}],"collection":[{"href":"https:\/\/cpaq.ufms.br\/en\/wp-json\/wp\/v2\/pages"}],"about":[{"href":"https:\/\/cpaq.ufms.br\/en\/wp-json\/wp\/v2\/types\/page"}],"author":[{"embeddable":true,"href":"https:\/\/cpaq.ufms.br\/en\/wp-json\/wp\/v2\/users\/1007"}],"replies":[{"embeddable":true,"href":"https:\/\/cpaq.ufms.br\/en\/wp-json\/wp\/v2\/comments?post=38010"}],"version-history":[{"count":3,"href":"https:\/\/cpaq.ufms.br\/en\/wp-json\/wp\/v2\/pages\/38010\/revisions"}],"predecessor-version":[{"id":38013,"href":"https:\/\/cpaq.ufms.br\/en\/wp-json\/wp\/v2\/pages\/38010\/revisions\/38013"}],"wp:attachment":[{"href":"https:\/\/cpaq.ufms.br\/en\/wp-json\/wp\/v2\/media?parent=38010"}],"wp:term":[{"taxonomy":"author","embeddable":true,"href":"https:\/\/cpaq.ufms.br\/en\/wp-json\/wp\/v2\/coauthors?post=38010"}],"curies":[{"name":"wp","href":"https:\/\/api.w.org\/{rel}","templated":true}]}}