{"id":34886,"date":"2024-09-16T11:56:58","date_gmt":"2024-09-16T15:56:58","guid":{"rendered":"https:\/\/cpaq.ufms.br\/?page_id=34886"},"modified":"2026-04-24T12:46:16","modified_gmt":"2026-04-24T16:46:16","slug":"teletrabalho","status":"publish","type":"page","link":"https:\/\/cpaq.ufms.br\/en\/00-novos\/teletrabalho\/","title":{"rendered":"Teletrabalho"},"content":{"rendered":"<div class=\"panel panel-info\"><div class=\"panel-heading\">Editais, Resolu\u00e7\u00f5es e Atos normativos<\/div><div class=\"panel-body\">\n<ul>\n<li><a href=\"https:\/\/boletimoficial.ufms.br\/bse\/publicacao?id=518771\">RESOLU\u00c7\u00c3O N\u00ba 465-CD\/UFMS, DE 20 DE MAR\u00c7O DE 2024- Institui o PGD na UFMS<\/a><\/li>\n<li><a href=\"https:\/\/boletimoficial.ufms.br\/bse\/publicacao?id=551171\">RESOLU\u00c7\u00c3O N\u00ba 1201-CAS\/CPAQ\/UFMS, DE 5 DE MAR\u00c7O DE 2025<\/a><\/li>\n<li><a href=\"https:\/\/boletimoficial.ufms.br\/bse\/publicacao?id=551172\">EDITAL N\u00ba 6-\u00a0 CPAQ\/UFMS, DE 5 DE MAR\u00c7O DE 2025<\/a><\/li>\n<li><a href=\"https:\/\/boletimoficial.ufms.br\/bse\/publicacao?id=552533\">EDITAL N\u00ba 8 &#8211; CPAQ\/UFMS, DE 14 DE MAR\u00c7O DE 2025<\/a><\/li>\n<li><a href=\"https:\/\/drive.google.com\/file\/d\/1BZQkEOn4DQYHhgVJO0AkeivJlOy48Doj\/view?usp=sharing\">EDITAL N\u00ba 11- CPAQ\/UFMS, DE 28 DE MAR\u00c7O DE 2025<\/a><\/li>\n<li><a href=\"https:\/\/drive.google.com\/file\/d\/1IgFa92PfLH_7yeLAV6LeSPPRPDJjz4aJ\/view?usp=sharing\">EDITAL N\u00ba 15- CPAQ\/UFMS, DE 21 DE ABRIL DE 2025<\/a><\/li>\n<li><a href=\"https:\/\/drive.google.com\/file\/d\/19Kjo4HJqi1eW-YDb0y2cakHJUUNaLh1G\/view?usp=sharing\">EDITAL N\u00ba 17- CPAQ\/UFMS, DE 09 DE MAIO DE 2025<\/a><\/li>\n<li><a href=\"https:\/\/drive.google.com\/file\/d\/1hDY0GGvnIBlk-DM0pDRsGQackgCli-vu\/view?usp=sharing\">QUADRO DE VAGAS- PGD\/CPAQ<\/a><\/li>\n<\/ul>\n<p>&nbsp;<\/p>\n<\/div><\/div>\n<div class=\"panel panel-info\"><div class=\"panel-heading\">Dados dos Servidores Selecionados<\/div><div class=\"panel-body\">\n<p style=\"text-align: right\"><em>Atualizado em 31\/05\/2025<\/em><\/p>\n<p><span style=\"font-size: 14pt\"><strong>Gabinete da Dire\u00e7\u00e3o\u00a0<\/strong><\/span><\/p>\n<ul style=\"text-align: justify\">\n<li><em><strong>Maria Berenice Alves Maciel <\/strong>&#8211; <span style=\"color: #000000\">Hor\u00e1rios e informa\u00e7\u00f5es:<\/span> <a href=\"https:\/\/drive.google.com\/file\/d\/15e6mRnxIKyrX_f9j2O0d1vjTDBeyyk9H\/view?usp=sharing\">clique aqui<\/a><\/em><\/li>\n<li><strong><em>Tha\u00eds Lara Lacerda-<\/em><\/strong> <em>Hor\u00e1rios e informa\u00e7\u00f5es: <a href=\"https:\/\/drive.google.com\/file\/d\/1aFJ5V-ro82Go0AvNgxI3JvPIScKoVvwL\/view?usp=sharing\">clique aqui<\/a><\/em><\/li>\n<\/ul>\n<p style=\"text-align: justify\"><span style=\"font-size: 14pt\"><strong>Coordena\u00e7\u00e3o Administrativa<\/strong><\/span><\/p>\n<p style=\"text-align: justify\"><strong>Assistentes em Administra\u00e7\u00e3o<\/strong><\/p>\n<ul style=\"text-align: justify\">\n<li><em><strong>Edimar Rocha Dias <\/strong>&#8211; Hor\u00e1rios e informa\u00e7\u00f5es: <a href=\"https:\/\/drive.google.com\/file\/d\/1WBeNq-qtA7p5YD0VRJYNi89X8Xw96CMb\/view?usp=drive_link\">clique aqui<\/a><\/em><\/li>\n<li><em><strong>Vlademir S\u00e9rgio Bondarczuk <\/strong>&#8211; <span style=\"color: #000000\">Hor\u00e1rios e informa\u00e7\u00f5es:<\/span> <a href=\"https:\/\/drive.google.com\/file\/d\/1FU-vjcu5dL0kw5p_iae6VTx3gv3vnPtG\/view?usp=sharing\">clique aqui<\/a><\/em><\/li>\n<li><strong>Lucimara dos Reis Machado<\/strong> &#8211; Hor\u00e1rio e informa\u00e7\u00f5es: <a href=\"https:\/\/drive.google.com\/file\/d\/1-f2b_02U1iBfv_3m0NDfsEK5mO5F67Uh\/view?usp=sharing\">clique aqui<\/a><\/li>\n<\/ul>\n<p><strong>T\u00e9cnicos em Laborat\u00f3rio<\/strong><\/p>\n<ul style=\"text-align: justify\">\n<li><em><em><strong>Adriana de Barros<\/strong> &#8211;<\/em><\/em> <em><span style=\"color: #000000\">Hor\u00e1rios e informa\u00e7\u00f5es:<\/span><a href=\"https:\/\/drive.google.com\/file\/d\/1WVsHzeim_A5YkJoTuJ8OeCJkmmY9PFzq\/view?usp=sharing\"> clique aqui<\/a><\/em><\/li>\n<li><em><strong>B\u00e1rbara de Castro Ferreira<\/strong> &#8211; <\/em><em>Hor\u00e1rios e informa\u00e7\u00f5es: <a href=\"https:\/\/drive.google.com\/file\/d\/1j_cgw1KplVHd7QPm83kmavnRxdib8sFT\/view?usp=sharing\">clique aqui<\/a><\/em><\/li>\n<li><em><strong>Elias Rodrigues da Cunha<\/strong><\/em> &#8211; <em>Hor\u00e1rios e informa\u00e7\u00f5es: <a href=\"https:\/\/drive.google.com\/file\/d\/1sxhAJOrOdkqPsb5416JE-Z29OY2ufHlL\/view?usp=sharing\">clique aqui<\/a><\/em><\/li>\n<li><em><strong>Nara Inacio Luccas Lazaro <\/strong><\/em>&#8211; <em>Hor\u00e1rios e informa\u00e7\u00f5es: <a href=\"https:\/\/drive.google.com\/file\/d\/1Fu5L0_G5D4jeHqC-zb71_VxLmEEUdJq5\/view?usp=sharing\">clique aqui<\/a><\/em><\/li>\n<\/ul>\n<p><span style=\"font-size: 14pt\"><strong>Setor de Assist\u00eancia Estudantil<\/strong><\/span><\/p>\n<ul>\n<li><strong><em>Giovana Alle Hollender Azambuja<\/em><\/strong><em> (Psic\u00f3loga) &#8211; Hor\u00e1rios e informa\u00e7\u00f5es: <a href=\"https:\/\/drive.google.com\/file\/d\/1hvwGVb34yx3I3oo1M0XwKujAIL7H1pxn\/view?usp=sharing\">clique aqui<\/a><\/em><\/li>\n<li><em><strong>Jeferson Henrique Mendrote Mussato <\/strong>(<\/em>Assistente em Administra\u00e7\u00e3o) <em>&#8211; <\/em><em>Hor\u00e1rios e informa\u00e7\u00f5es: <a href=\"https:\/\/drive.google.com\/file\/d\/1uhzj94udFE1MLFJAPkDCy5SlW_j2Nbfp\/view?usp=sharing\">clique aqui<\/a><\/em><\/li>\n<li><em><strong>Raynne Ferreira Santos <\/strong>(Assistente Social)\u00a0 <\/em><strong>&#8211; <\/strong><em>Hor\u00e1rios e informa\u00e7\u00f5es: <a href=\"https:\/\/drive.google.com\/file\/d\/1VW_0NTGlfIuYakOTgzlN4t1E6-PKHTTi\/view?usp=sharing\">clique aqui<\/a><\/em><\/li>\n<\/ul>\n<p><span style=\"font-size: 14pt\"><strong>Secretaria de Acompanhamento Acad\u00eamico<\/strong><\/span><\/p>\n<ul>\n<li><strong><em>Alberto dos Santos Gonzales<\/em> <\/strong>&#8211; <em><span style=\"color: #000000\">Hor\u00e1rios e informa\u00e7\u00f5es:<\/span> <a href=\"https:\/\/drive.google.com\/file\/d\/11-F8gnIan6egFwZ0tqMw2fJK4i62cdEf\/view?usp=sharing\">clique aqui<\/a><\/em><\/li>\n<li><em><strong>L\u00eaucia de Lima Almeida <\/strong>&#8211; Hor\u00e1rios e informa\u00e7\u00f5es: <a href=\"https:\/\/drive.google.com\/file\/d\/1_VW5ez0Bb69TE7_7mqRohdxG6nVx89U4\/view?usp=sharing\">clique aqui<\/a><\/em><\/li>\n<li><em><strong>Marco T\u00falio Corr\u00eaa Nascimento dos Santos <\/strong><\/em>&#8211; <em> Hor\u00e1rios e informa\u00e7\u00f5es: <a href=\"https:\/\/drive.google.com\/file\/d\/1Dfk1FtHjWlWvNFxD1vIta3xjz5DW9Kjj\/view?usp=sharing\">clique aqui<\/a><\/em><\/li>\n<\/ul>\n<p><span style=\"font-size: 14pt\"><strong>Unidade de Apoio Pedag\u00f3gico<\/strong><\/span><\/p>\n<ul>\n<li><em><strong>Cl\u00e1udia Regina de Souza Nogueira <\/strong>&#8211; <\/em><em>Hor\u00e1rios e informa\u00e7\u00f5es: <a href=\"https:\/\/drive.google.com\/file\/d\/1ZlzEkeqVjaUAbBYA52tS9yFTWKBdyDzL\/view?usp=sharing\">clique aqui<\/a><\/em><\/li>\n<li><em><strong>Geovandir Andr\u00e9 Lordano <\/strong>&#8211; <\/em><em>Hor\u00e1rios e informa\u00e7\u00f5es: <a href=\"https:\/\/drive.google.com\/file\/d\/1kAqfQKaQAQSES7u_0EG-P2UoxPtx6Hcq\/view?usp=sharing\">clique aqui<\/a><\/em><\/li>\n<li><em><strong>Noeli da Silva Santos<\/strong> <\/em>&#8211; <em><span style=\"color: #000000\">Hor\u00e1rios e informa\u00e7\u00f5es:<\/span> <a href=\"https:\/\/drive.google.com\/file\/d\/12xAZHkhjkOqkpklHQUAjSTH1IUEYsa5L\/view?usp=sharing\">clique aqui<\/a><\/em><\/li>\n<\/ul>\n<p><span style=\"font-size: 14pt\"><strong>Setor da Biblioteca<\/strong><\/span><\/p>\n<ul>\n<li><em><strong>Maria Aparecida Jacques de Arruda &#8211; <\/strong><span style=\"color: #000000\">Hor\u00e1rios e informa\u00e7\u00f5es: <a href=\"https:\/\/drive.google.com\/file\/d\/14Z9CQBukUBX5vVDmQvYg80c49_Udj3Tr\/view?usp=sharing\">Clique aqui\u00a0<\/a><\/span><\/em><\/li>\n<\/ul>\n<p><span style=\"font-size: 14pt\"><strong>Secretaria da P\u00f3s-Gradua\u00e7\u00e3o<\/strong><\/span><\/p>\n<ul>\n<li><em><strong>Angelo Luiz Perboni\u00a0 <\/strong>&#8211; Hor\u00e1rios e informa\u00e7\u00f5es: clique aqui<\/em><\/li>\n<li><em><strong>Mauro S\u00e9rgio Carvalho <\/strong>&#8211; Hor\u00e1rios e informa\u00e7\u00f5es: <a href=\"https:\/\/drive.google.com\/file\/d\/1tbswWfZN7bQQLsa2S9EWGW9V6PreLuGB\/view?usp=sharing\">clique aqui<\/a><\/em><\/li>\n<\/ul>\n<p><span style=\"font-size: 14pt\"><strong>Docentes<\/strong><\/span><\/p>\n<ul>\n<li><strong>Ana Paula Squinelo &#8211;<\/strong> Hor\u00e1rios e informa\u00e7\u00f5es &#8211;<a href=\"https:\/\/drive.google.com\/file\/d\/1flqyEPqwDS_atSJCd97W2IuRtzXQvor_\/view?usp=sharing\"> Clique aqui<\/a><\/li>\n<li><em><strong>Andre Luiz de Carvalho- <\/strong>Hor\u00e1rios e informa\u00e7\u00f5es- <a href=\"https:\/\/drive.google.com\/file\/d\/1-NEGsH7Q7_rxIyl_BnEQuUA3cIs6gcUi\/view?usp=sharing\">clique aqui<\/a><\/em><\/li>\n<li><em><strong>Claudio Eduardo Pupim-\u00a0<\/strong>Hor\u00e1rios e informa\u00e7\u00f5es- <a href=\"https:\/\/drive.google.com\/file\/d\/13xbnHaWYeg38jsQOkD4KkxwFwz6NdbgN\/view?usp=sharing\">clique aqui<\/a><\/em><\/li>\n<li><strong>Diana Milena Heck &#8211;<\/strong> Hor\u00e1rios e informa\u00e7\u00f5es &#8211;<a href=\"https:\/\/drive.google.com\/file\/d\/1kQph6qQGlVdjzLySPcXZm2qC9t3jdpV4\/view?usp=sharing\"> clique aqui<\/a><\/li>\n<li><strong>Jo\u00e3o Batista Garcia &#8211; <\/strong>Hor\u00e1rio e informa\u00e7\u00f5es &#8211; <a href=\"https:\/\/drive.google.com\/file\/d\/1WlHO-wUggiFqm6uNsaw7WS-kmfehQ7Va\/view?usp=sharing\">clique aqui<\/a><\/li>\n<li><em><strong>Julio Cesar de Souza- <\/strong><span style=\"color: #000000\">Hor\u00e1rios e informa\u00e7\u00f5es- <\/span><a href=\"https:\/\/drive.google.com\/file\/d\/1fLVI3_GklTULlZCkQWck-30dLk_7AJNT\/view?usp=sharing\">clique aqui<\/a><\/em><\/li>\n<li><strong>Lizet Santa Cruz Calder\u00f3n &#8211; <\/strong>Hor\u00e1rios e informa\u00e7\u00f5es &#8211; <a href=\"https:\/\/drive.google.com\/file\/d\/1PlWHLRjbGvGxTwaxtRCkOtJA713FHpzF\/view?usp=sharing\">clique aqui<\/a><\/li>\n<li><strong>Maria Neusa Gon\u00e7alves Gomes de Souza &#8211; <\/strong>Hor\u00e1rios e informa\u00e7\u00f5es &#8211; <a href=\"https:\/\/drive.google.com\/file\/d\/1jWTdSc9qOjJsMKwvwElSd-jzRlWMHDK3\/view?usp=sharing\">clique aqui<\/a><\/li>\n<li><em><strong>Sandra Maria Rebello de Lima Francellino- <\/strong>Hor\u00e1rios e informa\u00e7\u00f5es- <a href=\"https:\/\/drive.google.com\/file\/d\/1Rbm-SLCEhY-zpBB5XJetf6KwskveiLDy\/view?usp=sharing\">clique aqui<\/a><\/em><\/li>\n<li><em><strong>Ricardo Lopes Batista- <\/strong>Hor\u00e1rios e informa\u00e7\u00f5es- <a href=\"https:\/\/drive.google.com\/file\/d\/1dtWeAU32-YBHVblwqnqYBDal9FRgVx_C\/view?usp=sharing\">clique<\/a><a href=\"https:\/\/drive.google.com\/file\/d\/1bc15Ui06nELziBjh2nfubgYbT2od0Yn0\/view?usp=sharing\"> a<\/a><a href=\"https:\/\/drive.google.com\/file\/d\/1v44lriuMAwqRBWjvCMxv6cPn-351csI2\/view?usp=sharing\">qui<\/a><\/em><\/li>\n<li><em><strong>Rita de Fatima da Silva- <\/strong>Hor\u00e1rios e informa\u00e7\u00f5es- <a href=\"https:\/\/drive.google.com\/file\/d\/1qQZJJNjIo0FjygT6EIF919vOKQ4kEyrf\/view?usp=sharing\">clique aqui<\/a><\/em><\/li>\n<\/ul>\n<\/div><\/div>","protected":false},"excerpt":{"rendered":"","protected":false},"author":1449,"featured_media":34888,"parent":30416,"menu_order":0,"comment_status":"closed","ping_status":"closed","template":"page-templates\/page-coordenadorias.php","meta":{"footnotes":""},"coauthors":[79],"class_list":["post-34886","page","type-page","status-publish","has-post-thumbnail","hentry"],"_links":{"self":[{"href":"https:\/\/cpaq.ufms.br\/en\/wp-json\/wp\/v2\/pages\/34886","targetHints":{"allow":["GET"]}}],"collection":[{"href":"https:\/\/cpaq.ufms.br\/en\/wp-json\/wp\/v2\/pages"}],"about":[{"href":"https:\/\/cpaq.ufms.br\/en\/wp-json\/wp\/v2\/types\/page"}],"author":[{"embeddable":true,"href":"https:\/\/cpaq.ufms.br\/en\/wp-json\/wp\/v2\/users\/1449"}],"replies":[{"embeddable":true,"href":"https:\/\/cpaq.ufms.br\/en\/wp-json\/wp\/v2\/comments?post=34886"}],"version-history":[{"count":240,"href":"https:\/\/cpaq.ufms.br\/en\/wp-json\/wp\/v2\/pages\/34886\/revisions"}],"predecessor-version":[{"id":38974,"href":"https:\/\/cpaq.ufms.br\/en\/wp-json\/wp\/v2\/pages\/34886\/revisions\/38974"}],"up":[{"embeddable":true,"href":"https:\/\/cpaq.ufms.br\/en\/wp-json\/wp\/v2\/pages\/30416"}],"wp:featuredmedia":[{"embeddable":true,"href":"https:\/\/cpaq.ufms.br\/en\/wp-json\/wp\/v2\/media\/34888"}],"wp:attachment":[{"href":"https:\/\/cpaq.ufms.br\/en\/wp-json\/wp\/v2\/media?parent=34886"}],"wp:term":[{"taxonomy":"author","embeddable":true,"href":"https:\/\/cpaq.ufms.br\/en\/wp-json\/wp\/v2\/coauthors?post=34886"}],"curies":[{"name":"wp","href":"https:\/\/api.w.org\/{rel}","templated":true}]}}