{"id":33385,"date":"2023-11-10T13:20:53","date_gmt":"2023-11-10T17:20:53","guid":{"rendered":"https:\/\/cpaq.ufms.br\/?page_id=33385"},"modified":"2025-05-08T10:05:26","modified_gmt":"2025-05-08T14:05:26","slug":"matematica-publicacoes","status":"publish","type":"page","link":"https:\/\/cpaq.ufms.br\/en\/matematica\/matematica-publicacoes\/","title":{"rendered":"Matem\u00e1tica &#8211; Publica\u00e7\u00f5es"},"content":{"rendered":"<div class=\"panel panel-info\"><div class=\"panel-heading\">TCC Apresentados<\/div><div class=\"panel-body\">\n<div class=\"panel-group\" id=\"custom-collapse-0\">\n<div class=\"panel panel-default\">\n\t\t\t\t<div class=\"panel-heading\">\n\t\t\t\t\t<h4 class=\"panel-title\">\n\t\t\t\t\t\t<a class=\"collapsed\" data-toggle=\"collapse\" data-parent=\"#custom-collapse-0\" href=\"#custom-collapse-0-0\">Apresenta\u00e7\u00f5es<\/a>\n\t\t\t\t\t<\/h4>\n\t\t\t\t<\/div>\n\t\t\t\t<div id=\"custom-collapse-0-0\" class=\"panel-collapse collapse\">\n\t\t\t\t\t<div class=\"panel-body\">\n<p>T\u00edtulo: <a href=\"https:\/\/drive.google.com\/file\/d\/1kzx_Y3frOmAWFedjAt82pPzAfUiwpfLV\/view?usp=sharing\">O Teorema Fundamental das Curvas<\/a><\/p>\n<p>Acad\u00eamica(a): Matheus Felipe Cristaldo de Oliveira<\/p>\n<p>Orientador(a): Thales Fernando Vilamaior Paiva<\/p>\n<p>T\u00edtulo: <a href=\"https:\/\/drive.google.com\/file\/d\/1ZgFhbQi4fK8QFFGLg3eemQiYrU4-wcfa\/view?usp=sharing\">Grupos Livres<\/a><\/p>\n<p>Acad\u00eamica(a): Luciana dos Santos Silv\u00e9rio<\/p>\n<p>Orientador(a): Thales Fernando Vilamaior Paiva<\/p>\n<p>T\u00edtulo: <a href=\"https:\/\/drive.google.com\/file\/d\/1Yed_HrSrj3cCGDmuTi8LDCCBQ4L-KVP0\/view?usp=sharing\">Os conhecimentos mobilizados pelos professor polivalente quando discute alguns conceitos do Sistema de Numera\u00e7\u00e3o Decimal (SND)<\/a><\/p>\n<p>Acad\u00eamica(a): Luciane Fraz\u00e3o de Arruda<\/p>\n<p>Orientador(a): Susilene Garcia da Silva Oliveira<\/p>\n<p>T\u00edtulo: <a href=\"https:\/\/drive.google.com\/file\/d\/1NIgxUsV3zLtchuDCgTUWCw23_v8AImGA\/view?usp=sharing\">Novo Ensino M\u00e9dio: re(a\u00e7\u00f5es) de professores de Matem\u00e1tica<\/a><\/p>\n<p>Acad\u00eamica(a): Edimar Rocha Dias<\/p>\n<p>Orientador(a): Juliana Alves de Souza<\/p>\n<p>T\u00edtulo: <a href=\"https:\/\/drive.google.com\/file\/d\/1E_qUJpD1PRka66MhYqo9NqnxKnlmT-uf\/view?usp=sharing\">Equa\u00e7\u00f5es Alg\u00e9bricas<\/a><\/p>\n<p>Acad\u00eamica(a): Tharine Antunes Lopes<\/p>\n<p>Orientador(a): Jo\u00e3o Batista Garcia<\/p>\n<p>T\u00edtulo: <a href=\"https:\/\/drive.google.com\/file\/d\/1IPZf7ncguL2cYYYGB9TJeH-HNTvYpXlQ\/view?usp=sharing\">O Teorema de Stokes em Variedades<\/a><\/p>\n<p>Acad\u00eamica(a): Thales Fernando Vilamaior Paiva<\/p>\n<p>Orientador(a): Elias Tayar Galante<\/p>\n<p>T\u00edtulo: <a href=\"https:\/\/drive.google.com\/file\/d\/1FV0fUg6oqg1ys-pR7tLht8oi0_BMi09n\/view?usp=sharing\">Uma Introdu\u00e7\u00e3o \u00e0 Teoria Axiom\u00e1tica dos Conjuntos<\/a><\/p>\n<p>Acad\u00eamica(a): Renan Maneli Mezabarba<\/p>\n<p>Orientador(a): Elias Tayar Galante<\/p>\n<\/div>\n\t\t\t\t<\/div>\n\t\t\t<\/div>\n<\/div>\n<\/div><\/div>\n<div class=\"panel panel-info\"><div class=\"panel-heading\">Artigos e Publica\u00e7\u00f5es do Curso<\/div><div class=\"panel-body\">\n<div class=\"panel-group\" id=\"custom-collapse-1\">\n<div class=\"panel panel-default\">\n\t\t\t\t<div class=\"panel-heading\">\n\t\t\t\t\t<h4 class=\"panel-title\">\n\t\t\t\t\t\t<a class=\"collapsed\" data-toggle=\"collapse\" data-parent=\"#custom-collapse-1\" href=\"#custom-collapse-1-1\">Ano de Publica\u00e7\u00e3o 2025<\/a>\n\t\t\t\t\t<\/h4>\n\t\t\t\t<\/div>\n\t\t\t\t<div id=\"custom-collapse-1-1\" class=\"panel-collapse collapse\">\n\t\t\t\t\t<div class=\"panel-body\">\n<p><span style=\"font-weight: 400\">AUTORES:\u00a0Adriana <\/span><a href=\"http:\/\/lattes.cnpq.br\/8862281653169537\"><span style=\"font-weight: 400\">WAGNER<\/span><\/a><span style=\"font-weight: 400\">; Andreia Cristina RIBEIRO; Elen Viviani Pereira SPREAFICO; Irene Magalh\u00e3es CRAVEIRO e Tatiana Bertoldi CARLOS<\/span><\/p>\n<p><span style=\"font-weight: 400\">T\u00cdTULO DO TRABALHO:<\/span><span style=\"font-weight: 400\"> On second-order linear difference equations associated with hybrid sequences and generating functions<\/span><\/p>\n<p><span style=\"font-weight: 400\">LOCAL DE PUBLICA\u00c7\u00c3O: <\/span><a href=\"https:\/\/periodicos.ufsm.br\/cienciaenatura\/article\/view\/84462\"><span style=\"font-weight: 400\">https:\/\/periodicos.ufsm.br\/cienciaenatura\/article\/view\/84462<\/span><\/a><\/p>\n<\/div>\n\t\t\t\t<\/div>\n\t\t\t<\/div>\n<div class=\"panel panel-default\">\n\t\t\t\t<div class=\"panel-heading\">\n\t\t\t\t\t<h4 class=\"panel-title\">\n\t\t\t\t\t\t<a class=\"collapsed\" data-toggle=\"collapse\" data-parent=\"#custom-collapse-1\" href=\"#custom-collapse-1-2\">Ano de Publica\u00e7\u00e3o 2024<\/a>\n\t\t\t\t\t<\/h4>\n\t\t\t\t<\/div>\n\t\t\t\t<div id=\"custom-collapse-1-2\" class=\"panel-collapse collapse\">\n\t\t\t\t\t<div class=\"panel-body\">\n<p><span style=\"font-weight: 400\">AUTORES: Juliana Alves de SOUZA e Claudio Eduardo PUPIM<\/span><\/p>\n<p><span style=\"font-weight: 400\">T\u00cdTULO DO TRABALHO: F\u00f3rmulas de \u00c1reas: construindo porqu\u00eas<\/span><\/p>\n<p><span style=\"font-weight: 400\">LOCAL DE PUBLICA\u00c7\u00c3O: <\/span><a href=\"https:\/\/seer.upf.br\/index.php\/rbecm\/article\/view\/15935\"><span style=\"font-weight: 400\">https:\/\/seer.upf.br\/index.php\/rbecm\/article\/view\/15935<\/span><\/a><span style=\"font-weight: 400\">\u00a0<\/span><\/p>\n<hr \/>\n<p><span style=\"font-weight: 400\">AUTORES:\u00a0 Lizet Santa Cruz CALDER\u00d3N, John Frank Matos ASCONA e Ana Paula CHOROBURA<\/span><\/p>\n<p><span style=\"font-weight: 400\">T\u00cdTULO DO TRABALHO: Condi\u00e7\u00f5es Necess\u00e1rias de Otimalidade para Problemas de Controle \u00d3timo Discreto Multiobjetivo com Restri\u00e7\u00f5es Mistas.<\/span><\/p>\n<p><span style=\"font-weight: 400\">LOCAL DE PUBLICA\u00c7\u00c3O:\u00a0 Anais do VIII ERMAC &#8211; <\/span><a href=\"https:\/\/www.even3.com.br\/anais\/viiiermacr9\/840709-condicoes-necessarias-de-otimalidade-para-problemas-de-controle-otimo-discreto-multiobjetivo-com-restricoes-mista\/\"><span style=\"font-weight: 400\">https:\/\/www.even3.com.br\/anais\/viiiermacr9\/840709-condicoes-necessarias-de-otimalidade-para-problemas-de-controle-otimo-discreto-multiobjetivo-com-restricoes-mista\/<\/span><\/a><span style=\"font-weight: 400\">\u00a0<\/span><\/p>\n<hr \/>\n<p><span style=\"font-weight: 400\">AUTORA:\u00a0 Lizet Santa Cruz CALDER\u00d3N<\/span><\/p>\n<p><span style=\"font-weight: 400\">T\u00cdTULO DO TRABALHO: Problemas Multiobjetivo Irrestritos: an\u00e1lise de um algoritmo<\/span><\/p>\n<p><span style=\"font-weight: 400\">LOCAL DE PUBLICA\u00c7\u00c3O: Anais do VII Col\u00f3quio de Matem\u00e1tica da Regi\u00e3o Centro-Oeste &#8211; <\/span><a href=\"https:\/\/drive.google.com\/file\/d\/1KL9uYS3B4JTvCdiM8W0n_e_bxwrIYhPj\/view\"><span style=\"font-weight: 400\">https:\/\/drive.google.com\/file\/d\/1KL9uYS3B4JTvCdiM8W0n_e_bxwrIYhPj\/view<\/span><\/a><span style=\"font-weight: 400\">\u00a0<\/span><\/p>\n<hr \/>\n<p><span style=\"font-weight: 400\">AUTORES: Marilena BITTAR e Susilene Garcia da Silva OLIVEIRA<\/span><\/p>\n<p><span style=\"font-weight: 400\">T\u00cdTULO DO TRABALHO: Um dividido por quatro n\u00e3o d\u00e1 \u201cSe n\u00e3o d\u00e1, como a gente divide?\u201d<\/span><\/p>\n<p><span style=\"font-weight: 400\">LOCAL DE PUBLICA\u00c7\u00c3O: Ebook Di\u00e1logos sobre propostas did\u00e1ticas em matem\u00e1tica \u2013 v.1 &#8211; <\/span><a href=\"https:\/\/grupoddmat.pro.br\/index.php\/publicacoes\/e-books\/dialogos-sobre-propostas-didaticas-em-matematica-volume-1\/\"><span style=\"font-weight: 400\">https:\/\/grupoddmat.pro.br\/index.php\/publicacoes\/e-books\/dialogos-sobre-propostas-didaticas-em-matematica-volume-1\/<\/span><\/a><\/p>\n<hr \/>\n<p><span style=\"font-weight: 400\">AUTORES: Susilene Garcia da Silva OLIVEIRA, Filipe Andr\u00e9 Cruz ADEGAS e Marilena Bittar<\/span><\/p>\n<p><span style=\"font-weight: 400\">T\u00cdTULO DO TRABALHO: Transforma\u00e7\u00f5es no ensino do plano cartesiano: uma an\u00e1lise de livros did\u00e1ticos<\/span><\/p>\n<p><span style=\"font-weight: 400\">LOCAL DE PUBLICA\u00c7\u00c3O: Anais do 2\u00ba Col\u00f3quio de Livros Did\u00e1ticos de Matem\u00e1tica. Campo Grande (MS) UFMS &#8211; <\/span><a href=\"https:\/\/www.even3.com.br\/anais\/2-coloquio-de-livros-didaticos-de-matematica-ddmat\/867794-transformacoes-no-ensino-do-plano-cartesiano--uma-analise-de-livros-didaticos\/\"><span style=\"font-weight: 400\">https:\/\/www.even3.com.br\/anais\/2-coloquio-de-livros-didaticos-de-matematica-ddmat\/867794-transformacoes-no-ensino-do-plano-cartesiano&#8211;uma-analise-de-livros-didaticos\/<\/span><\/a><span style=\"font-weight: 400\">\u00a0<\/span><\/p>\n<\/div>\n\t\t\t\t<\/div>\n\t\t\t<\/div>\n<div class=\"panel panel-default\">\n\t\t\t\t<div class=\"panel-heading\">\n\t\t\t\t\t<h4 class=\"panel-title\">\n\t\t\t\t\t\t<a class=\"collapsed\" data-toggle=\"collapse\" data-parent=\"#custom-collapse-1\" href=\"#custom-collapse-1-3\">Ano de Publica\u00e7\u00e3o 2023<\/a>\n\t\t\t\t\t<\/h4>\n\t\t\t\t<\/div>\n\t\t\t\t<div id=\"custom-collapse-1-3\" class=\"panel-collapse collapse\">\n\t\t\t\t\t<div class=\"panel-body\">\n<p><span style=\"font-weight: 400\">AUTORES:\u00a0<\/span><span style=\"font-weight: 400\">Filipe Andr\u00e9 Cruz ADEGAS e Adriana WAGNER<\/span><\/p>\n<p><span style=\"font-weight: 400\">T\u00cdTULO DO TRABALHO:<\/span><span style=\"font-weight: 400\"> \u00c1lgebra Linear e Aplica\u00e7\u00f5es<\/span><\/p>\n<p><span style=\"font-weight: 400\">LOCAL DE PUBLICA\u00c7\u00c3O: <\/span><a href=\"https:\/\/proceedings.sbmac.org.br\/sbmac\/article\/view\/4182\/4241\"><span style=\"font-weight: 400\">https:\/\/proceedings.sbmac.org.br\/sbmac\/article\/view\/4182\/4241<\/span><\/a><\/p>\n<hr \/>\n<p><span style=\"font-weight: 400\">AUTORES:\u00a0<\/span><span style=\"font-weight: 400\">Filipe Andr\u00e9 Cruz ADEGAS e Adriana\u00a0WAGNER<\/span><\/p>\n<p><span style=\"font-weight: 400\">T\u00cdTULO DO TRABALHO:<\/span><span style=\"font-weight: 400\"> \u00c1lgebra Linear e Aplica\u00e7\u00f5es<\/span><\/p>\n<p><span style=\"font-weight: 400\">LOCAL DE PUBLICA\u00c7\u00c3O: <\/span><a href=\"https:\/\/integra.ufms.br\/anais-2023\/\"><span style=\"font-weight: 400\">https:\/\/integra.ufms.br\/anais-2023\/<\/span><\/a><\/p>\n<hr \/>\n<p><span style=\"font-weight: 400\">AUTORES: Filipe Andr\u00e9 Cruz ADEGAS e Susilene Garcia da Silva OLIVEIRA<\/span><\/p>\n<p><span style=\"font-weight: 400\">T\u00cdTULO DO TRABALHO: Caminhando sobre o plano cartesiano no curr\u00edculo escolar: da noosfera ao ensino<\/span><\/p>\n<p><span style=\"font-weight: 400\">LOCAL DE PUBLICA\u00c7\u00c3O: Anais do IX ENALIC&#8230; Campina Grande: Realize Editora &#8211; <\/span><a href=\"https:\/\/editorarealize.com.br\/artigo\/visualizar\/102995\"><span style=\"font-weight: 400\">https:\/\/editorarealize.com.br\/artigo\/visualizar\/102995<\/span><\/a><\/p>\n<hr \/>\n<p><span style=\"font-weight: 400\">AUTORES:\u00a0<\/span><span style=\"font-weight: 400\">Marcela Fabryellen Oliveira SANTOS e Adriana<\/span><span style=\"font-weight: 400\"> WAGNER<\/span><\/p>\n<p><span style=\"font-weight: 400\">T\u00cdTULO DO TRABALHO:<\/span><span style=\"font-weight: 400\"> Combinat\u00f3ria e Aplica\u00e7\u00f5es<\/span><\/p>\n<p><span style=\"font-weight: 400\">LOCAL DE PUBLICA\u00c7\u00c3O: <\/span><a href=\"https:\/\/proceedings.sbmac.org.br\/sbmac\/article\/view\/4207\/4265\"><span style=\"font-weight: 400\">https:\/\/proceedings.sbmac.org.br\/sbmac\/article\/view\/4207\/4265<\/span><\/a><\/p>\n<hr \/>\n<p><span style=\"font-weight: 400\">AUTORES:\u00a0<\/span><span style=\"font-weight: 400\">Marcela Fabryellen Oliveira SANTOS e Adriana<\/span><span style=\"font-weight: 400\"> WAGNER<\/span><\/p>\n<p><span style=\"font-weight: 400\">T\u00cdTULO DO TRABALHO:<\/span><span style=\"font-weight: 400\"> Combinat\u00f3ria e Aplica\u00e7\u00f5es<\/span><\/p>\n<p><span style=\"font-weight: 400\">LOCAL DE PUBLICA\u00c7\u00c3O: <\/span><a href=\"https:\/\/integra.ufms.br\/anais-2023\/\"><span style=\"font-weight: 400\">https:\/\/integra.ufms.br\/anais-2023\/<\/span><\/a><\/p>\n<hr \/>\n<p><span style=\"font-weight: 400\">AUTORES: Marilena BITTAR, Susilene Garcia da Silva OLIVEIRA e Camila de Oliveira da SILVA<\/span><\/p>\n<p><span style=\"font-weight: 400\">T\u00cdTULO DO TRABALHO: Oficinas on-line: di\u00e1logos sobre propostas did\u00e1ticas em matem\u00e1tica<\/span><\/p>\n<p><span style=\"font-weight: 400\">LOCAL DE PUBLICA\u00c7\u00c3O: Anais do XVII Semin\u00e1rio Sul-Matogrossense de Pesquisa em Educa\u00e7\u00e3o Matem\u00e1tica &#8211; <\/span><a href=\"https:\/\/periodicos.ufms.br\/index.php\/sesemat\/article\/view\/19150\"><span style=\"font-weight: 400\">https:\/\/periodicos.ufms.br\/index.php\/sesemat\/article\/view\/19150<\/span><\/a><span style=\"font-weight: 400\">\u00a0<\/span><\/p>\n<hr \/>\n<p><span style=\"font-weight: 400\">AUTORES:\u00a0<\/span><span style=\"font-weight: 400\">Renahn dos Santos LOPES e Adriana WAGNER<\/span><\/p>\n<p><span style=\"font-weight: 400\">T\u00cdTULO DO TRABALHO:<\/span><span style=\"font-weight: 400\"> Teoria de N\u00fameros e Aplica\u00e7\u00f5es<\/span><\/p>\n<p><span style=\"font-weight: 400\">LOCAL DE PUBLICA\u00c7\u00c3O: <\/span><a href=\"https:\/\/proceedings.sbmac.org.br\/sbmac\/article\/view\/4207\/4265\"><span style=\"font-weight: 400\">https:\/\/proceedings.sbmac.org.br\/sbmac\/article\/view\/4207\/4265<\/span><\/a><\/p>\n<hr \/>\n<p><span style=\"font-weight: 400\">AUTORES:\u00a0<\/span><span style=\"font-weight: 400\">Renahn dos Santos LOPES e Adriana WAGNER<\/span><\/p>\n<p><span style=\"font-weight: 400\">T\u00cdTULO DO TRABALHO:<\/span><span style=\"font-weight: 400\"> Teoria de N\u00fameros e Aplica\u00e7\u00f5es<\/span><\/p>\n<p><span style=\"font-weight: 400\">LOCAL DE PUBLICA\u00c7\u00c3O: <\/span><a href=\"https:\/\/integra.ufms.br\/anais-2023\/\"><span style=\"font-weight: 400\">https:\/\/integra.ufms.br\/anais-2023\/<\/span><\/a><\/p>\n<hr \/>\n<p><span style=\"font-weight: 400\">AUTORES: Thales Fernando Vilamaior PAIVA e Edivaldo Lopes dos SANTOS<\/span><\/p>\n<p><span style=\"font-weight: 400\">T\u00cdTULO DO TRABALHO: Free circle actions on Dold and Wall manifolds<\/span><\/p>\n<p><span style=\"font-weight: 400\">LOCAL DE PUBLICA\u00c7\u00c3O: Topology and its Applications &#8211; <\/span><a href=\"https:\/\/www.sciencedirect.com\/science\/article\/abs\/pii\/S0166864123001219?via%3Dihub\"><span style=\"font-weight: 400\">https:\/\/www.sciencedirect.com\/science\/article\/abs\/pii\/S0166864123001219?via%3Dihub<\/span><\/a><span style=\"font-weight: 400\">\u00a0<\/span><\/p>\n<\/div>\n\t\t\t\t<\/div>\n\t\t\t<\/div>\n<div class=\"panel panel-default\">\n\t\t\t\t<div class=\"panel-heading\">\n\t\t\t\t\t<h4 class=\"panel-title\">\n\t\t\t\t\t\t<a class=\"collapsed\" data-toggle=\"collapse\" data-parent=\"#custom-collapse-1\" href=\"#custom-collapse-1-4\">Ano de Publica\u00e7\u00e3o 2022<\/a>\n\t\t\t\t\t<\/h4>\n\t\t\t\t<\/div>\n\t\t\t\t<div id=\"custom-collapse-1-4\" class=\"panel-collapse collapse\">\n\t\t\t\t\t<div class=\"panel-body\">\n<p><span style=\"font-weight: 400\">AUTORES:\u00a0<\/span><span style=\"font-weight: 400\">Adriana WAGNER, Renahn Dos Santos LOPES e Ana Graziele Louren\u00e7o TOLEDO<\/span><\/p>\n<p><span style=\"font-weight: 400\">T\u00cdTULO DO TRABALHO:<\/span><span style=\"font-weight: 400\"> Gin\u00e1stica Laboral no CPAQ<\/span><\/p>\n<p><span style=\"font-weight: 400\">LOCAL DE PUBLICA\u00c7\u00c3O: <\/span><a href=\"https:\/\/integra.ufms.br\/anais-2023\/\"><span style=\"font-weight: 400\">https:\/\/integra.ufms.br\/anais-2023\/<\/span><\/a><\/p>\n<hr \/>\n<p><span style=\"font-weight: 400\">AUTORES: Asaph Ortolani BEDOIA e Juliana Alves de SOUZA<\/span><\/p>\n<p><span style=\"font-weight: 400\">T\u00cdTULO DO TRABALHO: Modelagem matem\u00e1tica na constru\u00e7\u00e3o de saias god\u00ea<\/span><\/p>\n<p><span style=\"font-weight: 400\">LOCAL DE PUBLICA\u00c7\u00c3O: <\/span><a href=\"https:\/\/anpmat.org.br\/wp-content\/uploads\/2022\/06\/anais-2-Simposio-UFMS-ANPMAT.pdf\"><span style=\"font-weight: 400\">https:\/\/anpmat.org.br\/wp-content\/uploads\/2022\/06\/anais-2-Simposio-UFMS-ANPMAT.pdf<\/span><\/a><span style=\"font-weight: 400\"> (p. 67-71)<\/span><\/p>\n<hr \/>\n<p><span style=\"font-weight: 400\">AUTORES:\u00a0<\/span><span style=\"font-weight: 400\">Filipe Andr\u00e9 Cruz ADEGAS, Adriana WAGNER e Cristina Kelis Gon\u00e7alves da SILVA\u00a0<\/span><\/p>\n<p><span style=\"font-weight: 400\">T\u00cdTULO DO TRABALHO:<\/span><span style=\"font-weight: 400\"> CPAQ\/UFMS &#8211; Propagando o Conhecimento Matem\u00e1tico<\/span><\/p>\n<p><span style=\"font-weight: 400\">LOCAL DE PUBLICA\u00c7\u00c3O: <\/span><a href=\"https:\/\/integra.ufms.br\/anais-2022\/\"><span style=\"font-weight: 400\">https:\/\/integra.ufms.br\/anais-2022\/<\/span><\/a><\/p>\n<hr \/>\n<p><span style=\"font-weight: 400\">AUTORES: Juliana Alves de SOUZA e Mariana Souza INNOCENTI<\/span><\/p>\n<p><span style=\"font-weight: 400\">T\u00cdTULO DO TRABALHO Avalia\u00e7\u00e3o da aprendizagem escolar em matem\u00e1tica no contexto remoto: reflex\u00f5es a partir de dizeres docentes<\/span><\/p>\n<p><span style=\"font-weight: 400\">LOCAL DE PUBLICA\u00c7\u00c3O: <\/span><a href=\"https:\/\/revistas.cesgranrio.org.br\/index.php\/metaavaliacao\/article\/view\/3669\"><span style=\"font-weight: 400\">https:\/\/revistas.cesgranrio.org.br\/index.php\/metaavaliacao\/article\/view\/3669<\/span><\/a><span style=\"font-weight: 400\">\u00a0<\/span><\/p>\n<hr \/>\n<p><span style=\"font-weight: 400\">AUTORA: Susilene Garcia Da Silva OLIVEIRA<\/span><\/p>\n<p><span style=\"font-weight: 400\">T\u00cdTULO DO TRABALHO: Elas, n\u00f3s, eu (entre professores que ensinam matem\u00e1tica): epis\u00f3dios de uma forma\u00e7\u00e3o<\/span><\/p>\n<p><span style=\"font-weight: 400\">LOCAL DE PUBLICA\u00c7\u00c3O: Tese de doutorado &#8211; <\/span><a href=\"https:\/\/repositorio.ufms.br\/handle\/123456789\/4564\"><span style=\"font-weight: 400\">https:\/\/repositorio.ufms.br\/handle\/123456789\/4564<\/span><\/a><\/p>\n<hr \/>\n<p><span style=\"font-weight: 400\">AUTORES:\u00a0<\/span><span style=\"font-weight: 400\">Tamila CACHO,\u00a0Adriana WAGNER e Ana Graziele Louren\u00e7o TOLEDO<\/span><\/p>\n<p><span style=\"font-weight: 400\">T\u00cdTULO DO TRABALHO:<\/span><span style=\"font-weight: 400\"> Festival Pantaneiro de Cultura e Arte<\/span><\/p>\n<p><span style=\"font-weight: 400\">LOCAL DE PUBLICA\u00c7\u00c3O: <\/span><a href=\"https:\/\/integra.ufms.br\/anais-2022\/\"><span style=\"font-weight: 400\">https:\/\/integra.ufms.br\/anais-2022\/<\/span><\/a><\/p>\n<hr \/>\n<p><span style=\"font-weight: 400\">AUTORES: Thales Fernando Vilamaior PAIVA e Edivaldo Lopes dos SANTOS<\/span><\/p>\n<p><span style=\"font-weight: 400\">T\u00cdTULO DO TRABALHO: Free involutions on odd dimensional Wall manifolds and cohomology of orbit spaces<\/span><\/p>\n<p><span style=\"font-weight: 400\">LOCAL DE PUBLICA\u00c7\u00c3O: Topology and its Applications\u00a0 &#8211; <\/span><a href=\"https:\/\/www.sciencedirect.com\/science\/article\/abs\/pii\/S0166864122001407?via%3Dihub\"><span style=\"font-weight: 400\">https:\/\/www.sciencedirect.com\/science\/article\/abs\/pii\/S0166864122001407?via%3Dihub<\/span><\/a><span style=\"font-weight: 400\">\u00a0<\/span><\/p>\n<hr \/>\n<p><span style=\"font-weight: 400\">AUTOR: Thales Fernando Vilamaior PAIVA<\/span><\/p>\n<p><span style=\"font-weight: 400\">T\u00cdTULO DO TRABALHO: Free Actions of Compact Lie Groups on Manifolds<\/span><\/p>\n<p><span style=\"font-weight: 400\">LOCAL DE PUBLICA\u00c7\u00c3O: Manifolds III &#8211; Developments and Applications &#8211;\u00a0 <\/span><a href=\"https:\/\/www.intechopen.com\/books\/11502\"><span style=\"font-weight: 400\">https:\/\/www.intechopen.com\/books\/11502<\/span><\/a><span style=\"font-weight: 400\">\u00a0<\/span><\/p>\n<hr \/>\n<p><span style=\"font-weight: 400\">AUTORES:\u00a0Vitoria Munhoz SILVA,<\/span> <span style=\"font-weight: 400\">Ana Graziele Louren\u00e7o TOLEDO e Adriana\u00a0WAGNER<\/span><\/p>\n<p><span style=\"font-weight: 400\">T\u00cdTULO DO TRABALHO:<\/span><span style=\"font-weight: 400\"> Desenvolvimento de Soft Skills Atrav\u00e9s do Teatro<\/span><\/p>\n<p><span style=\"font-weight: 400\">LOCAL DE PUBLICA\u00c7\u00c3O: <\/span><a href=\"https:\/\/integra.ufms.br\/anais-2022\/\"><span style=\"font-weight: 400\">https:\/\/integra.ufms.br\/anais-2022\/<\/span><\/a><\/p>\n<\/div>\n\t\t\t\t<\/div>\n\t\t\t<\/div>\n<div class=\"panel panel-default\">\n\t\t\t\t<div class=\"panel-heading\">\n\t\t\t\t\t<h4 class=\"panel-title\">\n\t\t\t\t\t\t<a class=\"collapsed\" data-toggle=\"collapse\" data-parent=\"#custom-collapse-1\" href=\"#custom-collapse-1-5\">Ano de Publica\u00e7\u00e3o 2021<\/a>\n\t\t\t\t\t<\/h4>\n\t\t\t\t<\/div>\n\t\t\t\t<div id=\"custom-collapse-1-5\" class=\"panel-collapse collapse\">\n\t\t\t\t\t<div class=\"panel-body\">\n<p><span style=\"font-weight: 400\">AUTORES: Filipe Andr\u00e9 Cruz Adegas, Renahn dos Santos Lopes e Juliana Alves de Souza<\/span><\/p>\n<p><span style=\"font-weight: 400\">T\u00cdTULO DO TRABALHO: Investigando telas de smartphones por meio de modelagem matem\u00e1tica<\/span><\/p>\n<p><span style=\"font-weight: 400\">LOCAL DE PUBLICA\u00c7\u00c3O: Anais do XIV Encontro Sul Mato-Grossense de Educa\u00e7\u00e3o Matem\u00e1tica &#8211; <\/span><a href=\"https:\/\/periodicos.ufms.br\/index.php\/aesmgedumat\/article\/view\/14371\"><span style=\"font-weight: 400\">https:\/\/periodicos.ufms.br\/index.php\/aesmgedumat\/article\/view\/14371<\/span><\/a><span style=\"font-weight: 400\">\u00a0<\/span><\/p>\n<hr \/>\n<p><span style=\"font-weight: 400\">AUTORES: Juliana Alves de Souza e Susilene Garcia da Silva Oliveira<\/span><\/p>\n<p><span style=\"font-weight: 400\">T\u00cdTULO DO TRABALHO: Geogebra Graphing Calculator: explorando alguns conceitos e propriedades na constru\u00e7\u00e3o de quadril\u00e1teros<\/span><\/p>\n<p><span style=\"font-weight: 400\">LOCAL DE PUBLICA\u00c7\u00c3O: Ebook da IV Jornada de Educa\u00e7\u00e3o Matem\u00e1tica da SBEM MS (Sociedade Brasileira de Educa\u00e7\u00e3o Matem\u00e1tica \u2013 Regional de Mato Grosso do Sul)<\/span><\/p>\n<hr \/>\n<p><span style=\"font-weight: 400\">AUTORES: Lizet Santa Cruz CALDER\u00d3N, Jos\u00e9 Mario\u00a0MART\u00cdNEZ e Maria Aparecida Diniz EHRHARDT<\/span><\/p>\n<p><span style=\"font-weight: 400\">T\u00cdTULO DO TRABALHO: Otimiza\u00e7\u00e3o Multiobjetivo com regulariza\u00e7\u00e3o<\/span><\/p>\n<p><span style=\"font-weight: 400\">LOCAL DE PUBLICA\u00c7\u00c3O<\/span><span style=\"font-weight: 400\">:\u00a0<\/span><a href=\"https:\/\/proceedings.sbmac.org.br\/sbmac\/article\/view\/3613\/3640\"><span style=\"font-weight: 400\">https:\/\/proceedings.sbmac.org.br\/sbmac\/article\/view\/3613\/3640<\/span><\/a><span style=\"font-weight: 400\">\u00a0\u00a0<\/span><\/p>\n<hr \/>\n<p><span style=\"font-weight: 400\">AUTORES: Maria Eduarda Peres Melo, Gislene de Souza Moraes e Juliana Alves de Souza<\/span><\/p>\n<p><span style=\"font-weight: 400\">T\u00cdTULO DO TRABALHO: Resid\u00eancia Pedag\u00f3gica: estudos introdut\u00f3rios<\/span><\/p>\n<p><span style=\"font-weight: 400\">LOCAL DE PUBLICA\u00c7\u00c3O: Anais do XIV Encontro Sul Mato-Grossense de Educa\u00e7\u00e3o Matem\u00e1tica &#8211; <\/span><a href=\"https:\/\/periodicos.ufms.br\/index.php\/aesmgedumat\/article\/view\/14375\"><span style=\"font-weight: 400\">https:\/\/periodicos.ufms.br\/index.php\/aesmgedumat\/article\/view\/14375<\/span><\/a><span style=\"font-weight: 400\">\u00a0<\/span><\/p>\n<hr \/>\n<p><span style=\"font-weight: 400\">AUTORES: Maynara Lima Alves dos Santos, Bruna da Cunha Ferreira, Su\u00e9len Dorneles Serafim e Juliana Alves de Souza<\/span><\/p>\n<p><span style=\"font-weight: 400\">T\u00cdTULO DO TRABALHO: Modelagem matem\u00e1tica: construindo a pr\u00f3pria camiseta baby look<\/span><\/p>\n<p><span style=\"font-weight: 400\">LOCAL DE PUBLICA\u00c7\u00c3O: Anais do XIV Encontro Sul Mato-Grossense de Educa\u00e7\u00e3o Matem\u00e1tica &#8211; <\/span><a href=\"https:\/\/periodicos.ufms.br\/index.php\/aesmgedumat\/article\/view\/14372\"><span style=\"font-weight: 400\">https:\/\/periodicos.ufms.br\/index.php\/aesmgedumat\/article\/view\/14372<\/span><\/a><span style=\"font-weight: 400\">\u00a0<\/span><\/p>\n<hr \/>\n<p><span style=\"font-weight: 400\">AUTORES: Susilene Garcia Da Silva Oliveira e Tatiani Garcia Neves<\/span><\/p>\n<p><span style=\"font-weight: 400\">T\u00cdTULO DO TRABALHO: Um olhar, dois olhares sobre 1, 2,\u2026 n, professores da educa\u00e7\u00e3o b\u00e1sica e sua rela\u00e7\u00e3o vertical com a tecnologia<\/span><\/p>\n<p><span style=\"font-weight: 400\">LOCAL DE PUBLICA\u00c7\u00c3O: <\/span><a href=\"https:\/\/www.even3.com.br\/anais\/viiisipemvs2021\/380912-um-olhar-dois-olhares-sobre-1-2-n-professores-da-educacao-basica-e-sua-relacao-vertical-com-a-tecnologia\/\"><span style=\"font-weight: 400\">https:\/\/www.even3.com.br\/anais\/viiisipemvs2021\/380912-um-olhar-dois-olhares-sobre-1-2-n-professores-da-educacao-basica-e-sua-relacao-vertical-com-a-tecnologia\/<\/span><\/a><span style=\"font-weight: 400\">\u00a0\u00a0<\/span><\/p>\n<hr \/>\n<p><span style=\"font-weight: 400\">AUTORES: Thales Fernando Vilamaior PAIVA e Edivaldo Lopes dos SANTOS<\/span><\/p>\n<p><span style=\"font-weight: 400\">T\u00cdTULO DO TRABALHO: Cohomology Algebra of Orbit Spaces of Free Involutions on Some Wall Manifolds<\/span><\/p>\n<p><span style=\"font-weight: 400\">LOCAL DE PUBLICA\u00c7\u00c3O: Bulletin of the Brazilian Mathematical Society &#8211; <\/span><a href=\"https:\/\/link.springer.com\/article\/10.1007\/s00574-021-00258-5\"><span style=\"font-weight: 400\">https:\/\/link.springer.com\/article\/10.1007\/s00574-021-00258-5<\/span><\/a><span style=\"font-weight: 400\">\u00a0<\/span><\/p>\n<\/div>\n\t\t\t\t<\/div>\n\t\t\t<\/div>\n<\/div>\n<\/div><\/div>\n<div class=\"panel panel-info\"><div class=\"panel-heading\">Outros<\/div><div class=\"panel-body\">\n<p data-uw-styling-context=\"true\"><a href=\"https:\/\/cpaq.ufms.br\/files\/2024\/02\/Lista-de-periodicos-recomendados-Matematica.pdf\">Peri\u00f3dicos relevantes ao Curso &#8211; Acesse Aqui<\/a><\/p>\n<\/div><\/div>\n<p>&nbsp;<\/p>\n","protected":false},"excerpt":{"rendered":"<p>&nbsp;<\/p>\n","protected":false},"author":1449,"featured_media":0,"parent":33371,"menu_order":0,"comment_status":"closed","ping_status":"closed","template":"page-templates\/page-coordenadorias.php","meta":{"footnotes":""},"coauthors":[79],"class_list":["post-33385","page","type-page","status-publish","hentry"],"_links":{"self":[{"href":"https:\/\/cpaq.ufms.br\/en\/wp-json\/wp\/v2\/pages\/33385","targetHints":{"allow":["GET"]}}],"collection":[{"href":"https:\/\/cpaq.ufms.br\/en\/wp-json\/wp\/v2\/pages"}],"about":[{"href":"https:\/\/cpaq.ufms.br\/en\/wp-json\/wp\/v2\/types\/page"}],"author":[{"embeddable":true,"href":"https:\/\/cpaq.ufms.br\/en\/wp-json\/wp\/v2\/users\/1449"}],"replies":[{"embeddable":true,"href":"https:\/\/cpaq.ufms.br\/en\/wp-json\/wp\/v2\/comments?post=33385"}],"version-history":[{"count":19,"href":"https:\/\/cpaq.ufms.br\/en\/wp-json\/wp\/v2\/pages\/33385\/revisions"}],"predecessor-version":[{"id":37138,"href":"https:\/\/cpaq.ufms.br\/en\/wp-json\/wp\/v2\/pages\/33385\/revisions\/37138"}],"up":[{"embeddable":true,"href":"https:\/\/cpaq.ufms.br\/en\/wp-json\/wp\/v2\/pages\/33371"}],"wp:attachment":[{"href":"https:\/\/cpaq.ufms.br\/en\/wp-json\/wp\/v2\/media?parent=33385"}],"wp:term":[{"taxonomy":"author","embeddable":true,"href":"https:\/\/cpaq.ufms.br\/en\/wp-json\/wp\/v2\/coauthors?post=33385"}],"curies":[{"name":"wp","href":"https:\/\/api.w.org\/{rel}","templated":true}]}}