{"id":33383,"date":"2023-11-10T13:19:28","date_gmt":"2023-11-10T17:19:28","guid":{"rendered":"https:\/\/cpaq.ufms.br\/?page_id=33383"},"modified":"2025-03-20T16:46:21","modified_gmt":"2025-03-20T20:46:21","slug":"matematica-projetos-e-orientacoes","status":"publish","type":"page","link":"https:\/\/cpaq.ufms.br\/en\/matematica\/matematica-projetos-e-orientacoes\/","title":{"rendered":"Matem\u00e1tica &#8211; Projetos e Orienta\u00e7\u00f5es"},"content":{"rendered":"<div class=\"panel panel-info\"><div class=\"panel-heading\">Projetos<\/div><div class=\"panel-body\">\n<div class=\"alert alert-info\"> Projetos de Ensino desenvolvidos por docentes do curso.<\/div>\n<table class=\"table table-hover table-striped table-sm\" style=\"height: 330px;width: 100%\">\n<tbody>\n<tr style=\"height: 24px\">\n<td style=\"width: 8.66964%;text-align: center;height: 24px\"><strong>Tipo<\/strong><\/td>\n<td style=\"width: 34.6404%;text-align: center;height: 24px\"><strong>Titulo<\/strong><\/td>\n<td style=\"width: 16.69%;text-align: center;height: 24px\"><strong>Docente Coordenador<\/strong><\/td>\n<td style=\"width: 20%;text-align: center;height: 24px\"><strong>Inicio\u00a0<\/strong><\/td>\n<td style=\"width: 20%;text-align: center;height: 24px\"><strong>Fim<\/strong><\/td>\n<\/tr>\n<tr style=\"height: 24px\">\n<td style=\"width: 8.66964%;height: 24px;text-align: center\"><span style=\"font-weight: 400\">Ensino<\/span><\/td>\n<td style=\"width: 34.6404%;height: 24px\"><span style=\"font-weight: 400\">Matem\u00e1tica B\u00e1sica Do CPAQ<\/span><\/td>\n<td style=\"width: 16.69%;height: 24px\"><span style=\"font-weight: 400\">Profa. Dra. Adriana Wagner<\/span><\/td>\n<td style=\"width: 20%;height: 24px;text-align: center\">2012<\/td>\n<td style=\"width: 20%;height: 24px;text-align: center\">2012<\/td>\n<\/tr>\n<tr style=\"height: 24px\">\n<td style=\"width: 8.66964%;height: 24px;text-align: center\"><span style=\"font-weight: 400\">Ensino<\/span><\/td>\n<td style=\"width: 34.6404%;height: 24px\"><span style=\"font-weight: 400\">Matem\u00e1tica B\u00e1sica Do CPAQ<\/span><\/td>\n<td style=\"width: 16.69%;height: 24px\"><span style=\"font-weight: 400\">Profa. Dra. Adriana Wagner<\/span><\/td>\n<td style=\"width: 20%;height: 24px;text-align: center\">2017<\/td>\n<td style=\"width: 20%;height: 24px;text-align: center\">2022<\/td>\n<\/tr>\n<tr style=\"height: 24px\">\n<td style=\"width: 8.66964%;text-align: center;height: 24px\"><span style=\"font-weight: 400\">Ensino<\/span><\/td>\n<td style=\"width: 34.6404%;height: 24px\"><span style=\"font-weight: 400\">Clube de literatura matem\u00e1tica<\/span><\/td>\n<td style=\"width: 16.69%;height: 24px\"><span style=\"font-weight: 400\">Prof. Dr. Thales Fernando Vilmaior Paiva<\/span><\/td>\n<td style=\"width: 20%;text-align: center;height: 24px\">2024<\/td>\n<td style=\"width: 20%;text-align: center;height: 24px\">2025<\/td>\n<\/tr>\n<tr style=\"height: 23px\">\n<td style=\"width: 8.66964%;text-align: center;height: 23px\"><span style=\"font-weight: 400\">Ensino<\/span><\/td>\n<td style=\"width: 34.6404%;height: 23px\"><span style=\"font-weight: 400\">SubProjeto Matem\u00e1tica\/CPAQ &#8211; PRP\/UFMS<\/span><\/td>\n<td style=\"width: 16.69%;height: 23px\"><span style=\"font-weight: 400\">Prof. Me. Claudio Eduardo Pupim<\/span><\/td>\n<td style=\"width: 20%;text-align: center;height: 23px\">2022<\/td>\n<td style=\"width: 20%;text-align: center;height: 23px\">2024<\/td>\n<\/tr>\n<tr style=\"height: 23px\">\n<td style=\"width: 8.66964%;text-align: center;height: 23px\"><span style=\"font-weight: 400\">Ensino<\/span><\/td>\n<td style=\"width: 34.6404%;height: 23px\"><span style=\"font-weight: 400\">SubProjeto Matem\u00e1tica\/CPAQ &#8211; PIBID\/UFMS<\/span><\/td>\n<td style=\"width: 16.69%;height: 23px\"><span style=\"font-weight: 400\">Prof. Dra. Susilene Garcia da Silva Oliveira<\/span><\/td>\n<td style=\"width: 20%;text-align: center;height: 23px\">2022<\/td>\n<td style=\"width: 20%;text-align: center;height: 23px\">2024<\/td>\n<\/tr>\n<tr style=\"height: 23px\">\n<td style=\"width: 8.66964%;text-align: center;height: 23px\"><span style=\"font-weight: 400\">Pesquisa<\/span><\/td>\n<td style=\"width: 34.6404%;height: 23px\"><span style=\"font-weight: 400\">\u00c1lgebra, Teoria de N\u00fameros e Combinat\u00f3ria<\/span><\/td>\n<td style=\"width: 16.69%;height: 23px\"><span style=\"font-weight: 400\">Profa. Dra. Adriana Wagner<\/span><\/td>\n<td style=\"width: 20%;text-align: center;height: 23px\">2021<\/td>\n<td style=\"width: 20%;text-align: center;height: 23px\">2026<\/td>\n<\/tr>\n<tr style=\"height: 55px\">\n<td style=\"width: 8.66964%;text-align: center;height: 55px\"><span style=\"font-weight: 400\">Pesquisa<\/span><\/td>\n<td style=\"width: 34.6404%;height: 55px\"><span style=\"font-weight: 400\">Constru\u00e7\u00e3o de Reticulados em baixa dimens\u00e3o<\/span><\/td>\n<td style=\"width: 16.69%;height: 55px\"><span style=\"font-weight: 400\">Prof. Dr. Jo\u00e3o Batista Garcia<\/span><\/td>\n<td style=\"width: 20%;text-align: center;height: 55px\">2023<\/td>\n<td style=\"width: 20%;text-align: center;height: 55px\">2026<\/td>\n<\/tr>\n<tr style=\"height: 55px\">\n<td style=\"width: 8.66964%;text-align: center;height: 55px\"><span style=\"font-weight: 400\">Pesquisa<\/span><\/td>\n<td style=\"width: 34.6404%;height: 55px\"><span style=\"font-weight: 400\">Teoria de Controle \u00d3timo: An\u00e1lise das Condi\u00e7\u00f5es de Otimalidade e Implementa\u00e7\u00f5es Matem\u00e1ticas<\/span><\/td>\n<td style=\"width: 16.69%;height: 55px\"><span style=\"font-weight: 400\">Profa. Dra. Lizet Santa Cruz Calderon<\/span><\/td>\n<td style=\"width: 20%;text-align: center;height: 55px\">2024<\/td>\n<td style=\"width: 20%;text-align: center;height: 55px\">2026<\/td>\n<\/tr>\n<tr style=\"height: 55px\">\n<td style=\"width: 8.66964%;text-align: center;height: 55px\"><span style=\"font-weight: 400\">Pesquisa<\/span><\/td>\n<td style=\"width: 34.6404%;height: 55px\"><span style=\"font-weight: 400\">Exist\u00eancia, obstru\u00e7\u00e3o e extens\u00e3o de a\u00e7\u00f5es de grupos de Lie compactos em variedades<\/span><\/td>\n<td style=\"width: 16.69%;height: 55px\"><span style=\"font-weight: 400\">Prof. Dr. Thales Fernando Vilmaior Paiva<\/span><\/td>\n<td style=\"width: 20%;text-align: center;height: 55px\">2022<\/td>\n<td style=\"width: 20%;text-align: center;height: 55px\">2026<\/td>\n<\/tr>\n<tr>\n<td style=\"width: 8.66964%;text-align: center\"><span style=\"font-weight: 400\">Extens\u00e3o<\/span><\/td>\n<td style=\"width: 34.6404%\"><span style=\"font-weight: 400\">Semana da Matem\u00e1tica<\/span><\/td>\n<td style=\"width: 16.69%\"><span style=\"font-weight: 400\">Rotativa entre os docentes do Curso<\/span><\/td>\n<td style=\"width: 20%;text-align: center\">2006<\/td>\n<td style=\"width: 20%;text-align: center\">anual<\/td>\n<\/tr>\n<tr>\n<td style=\"width: 8.66964%;text-align: center\"><span style=\"font-weight: 400\">Extens\u00e3o<\/span><\/td>\n<td style=\"width: 34.6404%\"><span style=\"font-weight: 400\">XIV Encontro Sul Mato-Grossense de Educa\u00e7\u00e3o Matem\u00e1tica \u2013 XIV ESEM<\/span><\/td>\n<td style=\"width: 16.69%\"><span style=\"font-weight: 400\">Prof. Dra. Susilene Garcia da Silva Oliveira<\/span><\/td>\n<td style=\"width: 20%;text-align: center\">2021<\/td>\n<td style=\"width: 20%;text-align: center\">2021<\/td>\n<\/tr>\n<tr>\n<td style=\"width: 8.66964%;text-align: center\"><span style=\"font-weight: 400\">Extens\u00e3o<\/span><\/td>\n<td style=\"width: 34.6404%\"><span style=\"font-weight: 400\">Repercuss\u00f5es da engenharia did\u00e1tico-inform\u00e1tica na<\/span><\/p>\n<p><span style=\"font-weight: 400\">Documenta\u00e7\u00e3o do professor de matem\u00e1tica: limites e<\/span><\/p>\n<p><span style=\"font-weight: 400\">Possibilidades<\/span><\/td>\n<td style=\"width: 16.69%\"><span style=\"font-weight: 400\">Prof. Dra. Susilene Garcia da Silva Oliveira<\/span><\/td>\n<td style=\"width: 20%;text-align: center\">2021<\/td>\n<td style=\"width: 20%;text-align: center\">2021<\/td>\n<\/tr>\n<tr>\n<td style=\"width: 8.66964%;text-align: center\"><span style=\"font-weight: 400\">Extens\u00e3o<\/span><\/td>\n<td style=\"width: 34.6404%\"><span style=\"font-weight: 400\">Oficinas on-line para professores de matem\u00e1tica da educa\u00e7\u00e3o b\u00e1sica<\/span><\/td>\n<td style=\"width: 16.69%\"><span style=\"font-weight: 400\">Prof. Dra. Susilene Garcia da Silva Oliveira<\/span><\/td>\n<td style=\"width: 20%;text-align: center\">2022<\/td>\n<td style=\"width: 20%;text-align: center\">2022<\/td>\n<\/tr>\n<tr>\n<td style=\"width: 8.66964%;text-align: center\"><span style=\"font-weight: 400\">Extens\u00e3o<\/span><\/td>\n<td style=\"width: 34.6404%\"><span style=\"font-weight: 400\">Olhar 90<\/span><\/td>\n<td style=\"width: 16.69%\"><span style=\"font-weight: 400\">Profa. Dra. Juliana Alves de Souza<\/span><\/td>\n<td style=\"width: 20%;text-align: center\">2019<\/td>\n<td style=\"width: 20%;text-align: center\">2023<\/td>\n<\/tr>\n<tr>\n<td style=\"width: 8.66964%;text-align: center\"><span style=\"font-weight: 400\">Extens\u00e3o<\/span><\/td>\n<td style=\"width: 34.6404%\"><span style=\"font-weight: 400\">Propagando o Conhecimento Matem\u00e1tico<\/span><\/td>\n<td style=\"width: 16.69%\"><span style=\"font-weight: 400\">Profa. Dra. Adriana Wagner<\/span><\/td>\n<td style=\"width: 20%;text-align: center\">2022<\/td>\n<td style=\"width: 20%;text-align: center\">2023<\/td>\n<\/tr>\n<tr>\n<td style=\"width: 8.66964%;text-align: center\"><span style=\"font-weight: 400\">Extens\u00e3o<\/span><\/td>\n<td style=\"width: 34.6404%\"><span style=\"font-weight: 400\">Matem\u00e1tica B\u00e1sica Do CPAQ<\/span><\/td>\n<td style=\"width: 16.69%\"><span style=\"font-weight: 400\">Profa. Dra. Adriana Wagner<\/span><\/td>\n<td style=\"width: 20%;text-align: center\">2023<\/td>\n<td style=\"width: 20%;text-align: center\">2023<\/td>\n<\/tr>\n<tr>\n<td style=\"width: 8.66964%;text-align: center\"><span style=\"font-weight: 400\">Extens\u00e3o<\/span><\/td>\n<td style=\"width: 34.6404%\"><span style=\"font-weight: 400\">Praticando Matem\u00e1ticas<\/span><\/td>\n<td style=\"width: 16.69%\"><span style=\"font-weight: 400\">Profa. Dra. Juliana Alves de Souza<\/span><\/td>\n<td style=\"width: 20%;text-align: center\">2023<\/td>\n<td style=\"width: 20%;text-align: center\">2023<\/td>\n<\/tr>\n<tr>\n<td style=\"width: 8.66964%;text-align: center\"><span style=\"font-weight: 400\">Extens\u00e3o<\/span><\/td>\n<td style=\"width: 34.6404%\"><span style=\"font-weight: 400\">Inaugurar lugares e afetos para professores que ensinam matem\u00e1tica: \u00e9 preciso transver escolas e matem\u00e1ticas<\/span><\/td>\n<td style=\"width: 16.69%\"><span style=\"font-weight: 400\">Profa. Dra. Susilene Garcia da Silva Oliveira<\/span><\/td>\n<td style=\"width: 20%;text-align: center\">2024<\/td>\n<td style=\"width: 20%;text-align: center\">2024<\/td>\n<\/tr>\n<tr>\n<td style=\"width: 8.66964%;text-align: center\"><span style=\"font-weight: 400\">Extens\u00e3o<\/span><\/td>\n<td style=\"width: 34.6404%\"><span style=\"font-weight: 400\">Laborat\u00f3rio de Matem\u00e1tica: Construindo Conex\u00f5es<\/span><\/td>\n<td style=\"width: 16.69%\"><span style=\"font-weight: 400\">Profa. Dra. Juliana Alves de Souza<\/span><\/td>\n<td style=\"width: 20%;text-align: center\">2024<\/td>\n<td style=\"width: 20%;text-align: center\">2025<\/td>\n<\/tr>\n<tr>\n<td style=\"width: 8.66964%;text-align: center\"><span style=\"font-weight: 400\">Extens\u00e3o<\/span><\/td>\n<td style=\"width: 34.6404%\"><span style=\"font-weight: 400\">Mostra Matem\u00e1tica<\/span><\/td>\n<td style=\"width: 16.69%\"><span style=\"font-weight: 400\">Profa. Dra. Juliana Alves de Souza<\/span><\/td>\n<td style=\"width: 20%;text-align: center\">2024<\/td>\n<td style=\"width: 20%;text-align: center\">2025<\/td>\n<\/tr>\n<tr>\n<td style=\"width: 8.66964%;text-align: center\"><span style=\"font-weight: 400\">Extens\u00e3o<\/span><\/td>\n<td style=\"width: 34.6404%\"><span style=\"font-weight: 400\">Matem\u00e1tica em A\u00e7\u00e3o<\/span><\/td>\n<td style=\"width: 16.69%\"><span style=\"font-weight: 400\">Profa. Dra. Adriana Wagner<\/span><\/td>\n<td style=\"width: 20%;text-align: center\">2024<\/td>\n<td style=\"width: 20%;text-align: center\">2026<\/td>\n<\/tr>\n<\/tbody>\n<\/table>\n<\/div><\/div>\n<div class=\"panel panel-info\"><div class=\"panel-heading\">Orienta\u00e7\u00f5es<\/div><div class=\"panel-body\">\n<div class=\"alert alert-info\">Orienta\u00e7\u00f5es de acad\u00eamicos da gradua\u00e7\u00e3o<\/div>\n<table class=\"table table-hover table-striped table-sm\" style=\"width: 100%;height: 539px\">\n<tbody>\n<tr style=\"height: 24px\">\n<td style=\"width: 21.8756%;text-align: center;height: 24px\"><strong>Orientador<\/strong><\/td>\n<td style=\"width: 24.8674%;text-align: center;height: 24px\"><strong>Orientado<\/strong><\/td>\n<td style=\"width: 53.2569%;text-align: center;height: 24px\"><strong>Titulo do Trabalho<\/strong><\/td>\n<\/tr>\n<tr style=\"height: 25px\">\n<td style=\"width: 21.8756%;height: 25px\"><span style=\"font-weight: 400\">Profa. Dra. Adriana Wagner<\/span><\/td>\n<td style=\"width: 24.8674%;height: 25px\"><span style=\"font-weight: 400\">Andressa Nascimento Martins Sanches de Oliveira Gomes<\/span><\/p>\n<p><span style=\"font-weight: 400\">Bruna da Cunha Ferreira<\/span><\/p>\n<p><span style=\"font-weight: 400\">Marcela Fabryellen Oliveira Santos<\/span><\/p>\n<p><span style=\"font-weight: 400\">Maynara Lima Alves Dos Santos<\/span><\/td>\n<td style=\"width: 53.2569%;height: 25px\"><span style=\"font-weight: 400\">Estudando e entendendo Limite de Fun\u00e7\u00f5es<\/span><\/td>\n<\/tr>\n<tr style=\"height: 24px\">\n<td style=\"width: 21.8756%;height: 24px\"><span style=\"font-weight: 400\">Prof. Me. Claudio Eduardo Pupim<\/span><\/td>\n<td style=\"width: 24.8674%;height: 24px\"><span style=\"font-weight: 400\">Luzinete Carvalho De Barros<\/span><\/td>\n<td style=\"width: 53.2569%;height: 24px\"><span style=\"font-weight: 400\">Experi\u00eancias vividas em uma sala de aula<\/span><\/td>\n<\/tr>\n<tr style=\"height: 95px\">\n<td style=\"width: 21.8756%;height: 95px\"><span style=\"font-weight: 400\">Prof. Me. Claudio Eduardo Pupim<\/span><\/td>\n<td style=\"width: 24.8674%;height: 95px\"><span style=\"font-weight: 400\">Breno Da Silva Ramos<\/span><\/p>\n<p><span style=\"font-weight: 400\">Telvino Silva Dos Santos Neto<\/span><\/td>\n<td style=\"width: 53.2569%;height: 95px\"><span style=\"font-weight: 400\">Estudo da Amortiza\u00e7\u00e3o<\/span><\/td>\n<\/tr>\n<tr style=\"height: 95px\">\n<td style=\"width: 21.8756%;height: 95px\"><span style=\"font-weight: 400\">Prof. Me. Claudio Eduardo Pupim<\/span><\/td>\n<td style=\"width: 24.8674%;height: 95px\"><span style=\"font-weight: 400\">Grazieli Lorraine Gimenes Dos Santos<\/span><\/p>\n<p><span style=\"font-weight: 400\">Su\u00e9len Dorneles Serafim<\/span><\/p>\n<p><span style=\"font-weight: 400\">Leide K\u00e1tia Amorim De Almeida<\/span><\/td>\n<td style=\"width: 53.2569%;height: 95px\"><span style=\"font-weight: 400\">Curiosidades sobre sequ\u00eancia<\/span><\/td>\n<\/tr>\n<tr style=\"height: 23px\">\n<td style=\"width: 21.8756%;height: 23px\"><span style=\"font-weight: 400\">Profa. Dra. Juliana Alves De Souza<\/span><\/td>\n<td style=\"width: 24.8674%;height: 23px\"><span style=\"font-weight: 400\">J\u00e9ssica Faustino De Oliveira<\/span><\/td>\n<td style=\"width: 53.2569%;height: 23px\"><span style=\"font-weight: 400\">Matem\u00e1tica B\u00e1sica<\/span><\/td>\n<\/tr>\n<tr style=\"height: 23px\">\n<td style=\"width: 21.8756%;height: 23px\"><span style=\"font-weight: 400\">Profa. Dra. Juliana Alves De Souza<\/span><\/td>\n<td style=\"width: 24.8674%;height: 23px\"><span style=\"font-weight: 400\">Edimar Rocha Dias<\/span><\/td>\n<td style=\"width: 53.2569%;height: 23px\"><span style=\"font-weight: 400\">Novo Ensino M\u00e9dio: re(a\u00e7\u00f5es) de professores de Matem\u00e1tica<\/span><\/td>\n<\/tr>\n<tr style=\"height: 23px\">\n<td style=\"width: 21.8756%;height: 23px\"><span style=\"font-weight: 400\">Profa. Dra. Juliana Alves De Souza<\/span><\/td>\n<td style=\"width: 24.8674%;height: 23px\"><span style=\"font-weight: 400\">Caroline de Oliveira Corr\u00eaa<\/span><\/td>\n<td style=\"width: 53.2569%;height: 23px\"><span style=\"font-weight: 400\">Porf\u00f3lio de aprendizagens<\/span><\/td>\n<\/tr>\n<tr style=\"height: 23px\">\n<td style=\"width: 21.8756%;height: 23px\"><span style=\"font-weight: 400\">Prof. Me. Ludi\u00e9r Mariano Rosa<\/span><\/td>\n<td style=\"width: 24.8674%;height: 23px\"><span style=\"font-weight: 400\">Gilvanethe Miguel Pedro<\/span><\/p>\n<p><span style=\"font-weight: 400\">Nereide Joaquim Francisco<\/span><\/td>\n<td style=\"width: 53.2569%;height: 23px\"><span style=\"font-weight: 400\">O Tratamento da Informa\u00e7\u00e3o (PCN) e a Probabilidade e Estat\u00edstica (BNCC): an\u00e1lise de algumas orienta\u00e7\u00f5es<\/span><\/td>\n<\/tr>\n<tr style=\"height: 23px\">\n<td style=\"width: 21.8756%;height: 23px\"><span style=\"font-weight: 400\">Profa. Dra. Susilene Garcia Da Silva Oliveira<\/span><\/td>\n<td style=\"width: 24.8674%;height: 23px\"><span style=\"font-weight: 400\">Lucimara De Lima Baltazar<\/span><\/td>\n<td style=\"width: 53.2569%;height: 23px\"><span style=\"font-weight: 400\">Entre Terenas e Brancos: que matem\u00e1tica coabita essas culturas<\/span><\/td>\n<\/tr>\n<tr style=\"height: 23px\">\n<td style=\"width: 21.8756%;height: 23px\"><span style=\"font-weight: 400\">Profa. Dra. Susilene Garcia Da Silva Oliveira<\/span><\/td>\n<td style=\"width: 24.8674%;height: 23px\"><span style=\"font-weight: 400\">Jo\u00e3o Ot\u00e1vio De Oliveira Lara<\/span><\/td>\n<td style=\"width: 53.2569%;height: 23px\"><span style=\"font-weight: 400\">Caminhando entre meus espa\u00e7os formativos: A qual institui\u00e7\u00e3o perten\u00e7o?<\/span><\/td>\n<\/tr>\n<tr style=\"height: 23px\">\n<td style=\"width: 21.8756%;height: 23px\"><span style=\"font-weight: 400\">Profa. Dra. Susilene Garcia Da Silva Oliveira<\/span><\/td>\n<td style=\"width: 24.8674%;height: 23px\"><span style=\"font-weight: 400\">Renahn Dos Santos Lopes<\/span><\/td>\n<td style=\"width: 53.2569%;height: 23px\"><span style=\"font-weight: 400\">Explorando um material did\u00e1tico: desvendando os quadril\u00e1teros<\/span><\/td>\n<\/tr>\n<tr style=\"height: 23px\">\n<td style=\"width: 21.8756%;height: 23px\"><span style=\"font-weight: 400\">Profa. Dra. Susilene Garcia Da Silva Oliveira<\/span><\/td>\n<td style=\"width: 24.8674%;height: 23px\"><span style=\"font-weight: 400\">Lucilena Souza Correa Dias<\/span><\/td>\n<td style=\"width: 53.2569%;height: 23px\"><span style=\"font-weight: 400\">A matem\u00e1tica da minha casa: uma casa origin\u00e1ria terena na aldeia Lim\u00e3o Verde<\/span><\/td>\n<\/tr>\n<tr style=\"height: 23px\">\n<td style=\"width: 21.8756%;height: 23px\"><span style=\"font-weight: 400\">Profa. Dra. Susilene Garcia Da Silva Oliveira<\/span><\/td>\n<td style=\"width: 24.8674%;height: 23px\"><span style=\"font-weight: 400\">Cristiana Bezerra Da Silva Cardoso<\/span><\/td>\n<td style=\"width: 53.2569%;height: 23px\"><span style=\"font-weight: 400\">No caminho as fra\u00e7\u00f5es, as fra\u00e7\u00f5es no meio do caminho<\/span><\/td>\n<\/tr>\n<tr style=\"height: 23px\">\n<td style=\"width: 21.8756%;height: 23px\"><span style=\"font-weight: 400\">Profa. Dra. Susilene Garcia Da Silva Oliveira<\/span><\/td>\n<td style=\"width: 24.8674%;height: 23px\"><span style=\"font-weight: 400\">Filipe Andr\u00e9 Cruz Adegas<\/span><\/td>\n<td style=\"width: 53.2569%;height: 23px\"><span style=\"font-weight: 400\">Caminhando sobre o plano cartesiano no curr\u00edculo escolar: da noosfera ao ensino<\/span><\/td>\n<\/tr>\n<tr style=\"height: 23px\">\n<td style=\"width: 21.8756%;height: 23px\"><span style=\"font-weight: 400\">Profa. Dra. Susilene Garcia Da Silva Oliveira<\/span><\/td>\n<td style=\"width: 24.8674%;height: 23px\"><span style=\"font-weight: 400\">Cristina Kelis Gon\u00e7alves Da Silva<\/span><\/td>\n<td style=\"width: 53.2569%;height: 23px\"><span style=\"font-weight: 400\">Matem\u00e1tica e afetividade: entre o real e o imagin\u00e1rio<\/span><\/td>\n<\/tr>\n<tr style=\"height: 23px\">\n<td style=\"width: 21.8756%;height: 23px\"><span style=\"font-weight: 400\">Prof. Dr. Thales Fernando Vilamaior Paiva<\/span><\/td>\n<td style=\"width: 24.8674%;height: 23px\"><span style=\"font-weight: 400\">Davi Henrique Nazaro Da Silva<\/span><\/td>\n<td style=\"width: 53.2569%;height: 23px\"><span style=\"font-weight: 400\">Equil\u00edbrio de Nash<\/span><\/td>\n<\/tr>\n<\/tbody>\n<\/table>\n<div class=\"alert alert-info\">Orienta\u00e7\u00f5es de P\u00f3s-gradua\u00e7\u00e3o<\/div>\n<table class=\"table table-hover table-striped table-sm\" style=\"width: 100%;height: 72px\">\n<tbody>\n<tr style=\"height: 24px\">\n<td style=\"width: 19.5204%;height: 24px;text-align: center\"><strong>Orientador<\/strong><\/td>\n<td style=\"width: 14.7889%;height: 24px;text-align: center\"><strong>Orientado<\/strong><\/td>\n<td style=\"width: 12.4337%;height: 24px;text-align: center\"><strong>N\u00edvel<\/strong><\/td>\n<td style=\"width: 53.2569%;height: 24px;text-align: center\"><strong>Titulo do Trabalho<\/strong><\/td>\n<\/tr>\n<tr style=\"height: 24px\">\n<td style=\"width: 19.5204%;height: 24px\"><span style=\"font-weight: 400\">Profa. Dra. Adriana Wagner<\/span><\/td>\n<td style=\"width: 14.7889%;height: 24px\"><span style=\"font-weight: 400\">Eduarda Vilharva Cardoso<\/span><\/td>\n<td style=\"width: 12.4337%;height: 24px;text-align: center\"><span style=\"font-weight: 400\">Especializa\u00e7\u00e3o<\/span><\/td>\n<td style=\"width: 53.2569%;height: 24px\"><span style=\"font-weight: 400\">Descomplicando as fra\u00e7\u00f5es<\/span><\/td>\n<\/tr>\n<tr style=\"height: 24px\">\n<td style=\"width: 19.5204%;height: 24px\"><span style=\"font-weight: 400\">Prof. Me. Claudio Eduardo Pupim<\/span><\/td>\n<td style=\"width: 14.7889%;height: 24px\"><span style=\"font-weight: 400\">Ruthe Fernandes da Silva<\/span><\/td>\n<td style=\"width: 12.4337%;height: 24px;text-align: center\"><span style=\"font-weight: 400\">Especializa\u00e7\u00e3o<\/span><\/td>\n<td style=\"width: 53.2569%;height: 24px\"><span style=\"font-weight: 400\">Dificuldades encontradas pelos alunos do ensino m\u00e9dio da Escola Pastor Reginaldo Miguel Hoyen\u00f3\u2019o &#8211; alunos ind\u00edgenas terena<\/span><\/td>\n<\/tr>\n<tr>\n<td style=\"width: 19.5204%\"><span style=\"font-weight: 400\">Profa. Dra. Juliana Alves de Souza<\/span><\/td>\n<td style=\"width: 14.7889%\"><span style=\"font-weight: 400\">\u00c9rica de Oliveira Pacheco<\/span><\/td>\n<td style=\"width: 12.4337%;text-align: center\"><span style=\"font-weight: 400\">Especializa\u00e7\u00e3o<\/span><\/td>\n<td style=\"width: 53.2569%\"><span style=\"font-weight: 400\">Resolu\u00e7\u00e3o de problemas abertos com futuros professores de matem\u00e1tica: uma abordagem a partir de Polya<\/span><\/td>\n<\/tr>\n<tr>\n<td style=\"width: 19.5204%\"><span style=\"font-weight: 400\">Profa. Dra. Susilene Garcia da Silva Oliveira<\/span><\/td>\n<td style=\"width: 14.7889%\"><span style=\"font-weight: 400\">Nicea Aparecida dos Santos Mayer<\/span><\/td>\n<td style=\"width: 12.4337%;text-align: center\"><span style=\"font-weight: 400\">Especializa\u00e7\u00e3o<\/span><\/td>\n<td style=\"width: 53.2569%\"><span style=\"font-weight: 400\">Hist\u00f3rias de forma\u00e7\u00e3o: conversando sobre educa\u00e7\u00e3o financeira com a terceira idade<\/span><\/td>\n<\/tr>\n<tr>\n<td style=\"width: 19.5204%\"><span style=\"font-weight: 400\">Profa. Dra. Susilene Garcia da Silva Oliveira<\/span><\/td>\n<td style=\"width: 14.7889%\"><span style=\"font-weight: 400\">Elohayna Estev\u00e3o Tiago<\/span><\/td>\n<td style=\"width: 12.4337%;text-align: center\"><span style=\"font-weight: 400\">Especializa\u00e7\u00e3o<\/span><\/td>\n<td style=\"width: 53.2569%\"><span style=\"font-weight: 400\">Desafios nas quatro opera\u00e7\u00f5es matem\u00e1ticas: a perspectiva de alunos ind\u00edgenas terenas<\/span><\/td>\n<\/tr>\n<\/tbody>\n<\/table>\n<\/div><\/div>\n","protected":false},"excerpt":{"rendered":"","protected":false},"author":1449,"featured_media":0,"parent":33371,"menu_order":0,"comment_status":"closed","ping_status":"closed","template":"page-templates\/page-coordenadorias.php","meta":{"footnotes":""},"coauthors":[],"class_list":["post-33383","page","type-page","status-publish","hentry"],"_links":{"self":[{"href":"https:\/\/cpaq.ufms.br\/en\/wp-json\/wp\/v2\/pages\/33383","targetHints":{"allow":["GET"]}}],"collection":[{"href":"https:\/\/cpaq.ufms.br\/en\/wp-json\/wp\/v2\/pages"}],"about":[{"href":"https:\/\/cpaq.ufms.br\/en\/wp-json\/wp\/v2\/types\/page"}],"author":[{"embeddable":true,"href":"https:\/\/cpaq.ufms.br\/en\/wp-json\/wp\/v2\/users\/1449"}],"replies":[{"embeddable":true,"href":"https:\/\/cpaq.ufms.br\/en\/wp-json\/wp\/v2\/comments?post=33383"}],"version-history":[{"count":4,"href":"https:\/\/cpaq.ufms.br\/en\/wp-json\/wp\/v2\/pages\/33383\/revisions"}],"predecessor-version":[{"id":36761,"href":"https:\/\/cpaq.ufms.br\/en\/wp-json\/wp\/v2\/pages\/33383\/revisions\/36761"}],"up":[{"embeddable":true,"href":"https:\/\/cpaq.ufms.br\/en\/wp-json\/wp\/v2\/pages\/33371"}],"wp:attachment":[{"href":"https:\/\/cpaq.ufms.br\/en\/wp-json\/wp\/v2\/media?parent=33383"}],"wp:term":[{"taxonomy":"author","embeddable":true,"href":"https:\/\/cpaq.ufms.br\/en\/wp-json\/wp\/v2\/coauthors?post=33383"}],"curies":[{"name":"wp","href":"https:\/\/api.w.org\/{rel}","templated":true}]}}