{"id":32759,"date":"2023-05-23T14:19:22","date_gmt":"2023-05-23T18:19:22","guid":{"rendered":"https:\/\/cpaq.ufms.br\/?page_id=32759"},"modified":"2025-02-26T20:14:18","modified_gmt":"2025-02-27T00:14:18","slug":"uae-editais","status":"publish","type":"page","link":"https:\/\/cpaq.ufms.br\/en\/00-novos\/uae\/uae-editais\/","title":{"rendered":"SETAES &#8211; Editais"},"content":{"rendered":"<div class=\"panel panel-info\"><div class=\"panel-heading\">Editais de assist\u00eancia estudantil<\/div><div class=\"panel-body\">\n<p><a href=\"https:\/\/boletimoficial.ufms.br\/bse\/publicacao?id=501989\">DESLIGAMENTO DOS ESTUDANTES BENEFICI\u00c1RIOS DOS AUX\u00cdLIOS ALIMENTA\u00c7\u00c3O, CRECHE, MORADIA E PERMAN\u00caNCIA<\/a><\/p>\n<p><a href=\"https:\/\/boletimoficial.ufms.br\/bse\/publicacao?id=501890\">RESULTADO FINAL DA SELE\u00c7\u00c3O DE ESTUDANTES DOS CURSOS DE GRADUA\u00c7\u00c3O PRESENCIAL PARA A\u00c7\u00c3O DO PROGRAMA DE ASSIST\u00caNCIA ESTUDANTIL DA UFMS &#8211; AUX\u00cdLIO EMERGENCIAL 2023<\/a><\/p>\n<p><del><a href=\"https:\/\/prograd.ufms.br\/files\/2023\/09\/Edital_295.2023_Prograd.pdf\">RESULTADO PRELIMINAR DA SELE\u00c7\u00c3O DE ESTUDANTES POR UNIDADE, NA SEGUNDA ETAPA, PARA O PROGRAMA INSTITUCIONAL DE MONITORIA REMUNERADA NA UFMS PARA O SEGUNDO SEMESTRE LETIVO DE 2023<\/a><\/del><\/p>\n<p style=\"text-align: justify\"><del><a href=\"https:\/\/boletimoficial.ufms.br\/bse\/publicacao?id=499270\">RESULTADO FINAL E RESULTADO DA AN\u00c1LISE DOS RECURSOS IMPETRADOS REFERENTE AO RESULTADO PRELIMINAR DA SELE\u00c7\u00c3O DE ESTUDANTES REGULARMENTE MATRICULADOS NOS CURSOS DE GRADUA\u00c7\u00c3O (PRESENCIAIS E MODALIDADE A DIST\u00c2NCIA) DA UFMS PARA AUX\u00cdLIO EMPR\u00c9STIMO DE EQUIPAMENTO TECNOL\u00d3GICO (CHROMEBOOK E NOTEBOOK)<\/a><\/del><\/p>\n<p><del><a href=\"https:\/\/boletimoficial.ufms.br\/bse\/publicacao?id=498460\">RESULTADO PRELIMINAR DA SELE\u00c7\u00c3O DE ESTUDANTES REGULARMENTE MATRICULADOS NOS CURSOS DE GRADUA\u00c7\u00c3O (PRESENCIAIS E MODALIDADE A DIST\u00c2NCIA) DA UFMS PARA AUX\u00cdLIO EMPR\u00c9STIMO DE EQUIPAMENTO TECNOL\u00d3GICO (CHROMEBOOK E NOTEBOOK)<\/a><\/del><\/p>\n<p><del><a href=\"https:\/\/boletimoficial.ufms.br\/bse\/publicacao?id=498461\">DIVULGA O RESULTADO FINAL DA SELE\u00c7\u00c3O DE ESTUDANTES DOS CURSOS DE GRADUA\u00c7\u00c3O PRESENCIAL PARA A\u00c7\u00c3O DO PROGRAMA DE ASSIST\u00caNCIA ESTUDANTIL DA UFMS &#8211; AUX\u00cdLIO EMERGENCIAL 2023 <\/a><\/del><\/p>\n<p><del><a href=\"https:\/\/boletimoficial.ufms.br\/bse\/publicacao?id=498366\">RESULTADO DA AN\u00c1LISE DOS RECURSOS DOS DESLIGAMENTOS DOS ESTUDANTES BENEFICI\u00c1RIOS DOS AUX\u00cdLIOS DA ASSIST\u00caNCIA ESTUDANTIL DA UFMS<\/a><\/del><\/p>\n<p><del><a href=\"https:\/\/boletimoficial.ufms.br\/bse\/publicacao?id=496740\">DESLIGAMENTO DOS ESTUDANTES BENEFICI\u00c1RIOS DOS AUX\u00cdLIOS<\/a><\/del><\/p>\n<p><del><a href=\"https:\/\/boletimoficial.ufms.br\/bse\/publicacao?id=496013\">SELE\u00c7\u00c3O PARA CONCESS\u00c3O DE AUX\u00cdLIO EMERGENCIAL A ESTUDANTES DOS CURSOS DE GRADUA\u00c7\u00c3O PRESENCIAL<\/a><\/del><\/p>\n<p><del><a href=\"https:\/\/boletimoficial.ufms.br\/bse\/publicacao?id=495121\">RESULTADO &#8211; BOLSA PERMAN\u00caNCIA DO MEC PARA ESTUDANTES IND\u00cdGENAS E QUILOMBOLAS<\/a><\/del><\/p>\n<p><del><a href=\"https:\/\/boletimoficial.ufms.br\/bse\/publicacao?id=492036\">RESULTADO FINAL &#8211; AUX\u00cdLIO EMERGENCIAL<\/a><\/del><\/p>\n<p><del><a href=\"https:\/\/proaes.ufms.br\/coordenadorias\/diiest\/seaaf\/bolsa-permanencia-do-mec\/\">BOLSA PERMAN\u00caNCIA DO MEC PARA ESTUDANTES IND\u00cdGENAS E QUILOMBOLAS<\/a><\/del><\/p>\n<p style=\"text-align: justify\"><del><a href=\"https:\/\/boletimoficial.ufms.br\/bse\/publicacao?id=491633\">SEGUNDA CONVOCA\u00c7\u00c3O DA LISTA DE ESPERA &#8211; AUX\u00cdLIOS DE ASSIST\u00caNCIA<br \/>\nESTUDANTIL<\/a><\/del><\/p>\n<p><del><a href=\"https:\/\/boletimoficial.ufms.br\/bse\/publicacao?id=491363\">CONVOCA\u00c7\u00c3O PARA ENTREVISTA &#8211; AUX\u00cdLIO EMERGENCIAL<\/a><\/del><\/p>\n<p><del><a href=\"https:\/\/boletimoficial.ufms.br\/bse\/publicacao?id=490432\">EDITAL PROAES\/UFMS N\u00ba 63, DE 1\u00ba DE JUNHO DE 2023 (convoca\u00e7\u00e3o de lista de espera)<\/a><\/del><\/p>\n<\/div><\/div>\n<p>Para mais informa\u00e7\u00f5es, acesse: <a href=\"https:\/\/proaes.ufms.br\/\">https:\/\/proaes.ufms.br\/<\/a>","protected":false},"excerpt":{"rendered":"<p>Para mais informa\u00e7\u00f5es, acesse: https:\/\/proaes.ufms.br\/<\/p>\n","protected":false},"author":1449,"featured_media":30611,"parent":29698,"menu_order":0,"comment_status":"closed","ping_status":"closed","template":"page-templates\/page-coordenadorias.php","meta":{"footnotes":""},"coauthors":[],"class_list":["post-32759","page","type-page","status-publish","has-post-thumbnail","hentry"],"_links":{"self":[{"href":"https:\/\/cpaq.ufms.br\/en\/wp-json\/wp\/v2\/pages\/32759","targetHints":{"allow":["GET"]}}],"collection":[{"href":"https:\/\/cpaq.ufms.br\/en\/wp-json\/wp\/v2\/pages"}],"about":[{"href":"https:\/\/cpaq.ufms.br\/en\/wp-json\/wp\/v2\/types\/page"}],"author":[{"embeddable":true,"href":"https:\/\/cpaq.ufms.br\/en\/wp-json\/wp\/v2\/users\/1449"}],"replies":[{"embeddable":true,"href":"https:\/\/cpaq.ufms.br\/en\/wp-json\/wp\/v2\/comments?post=32759"}],"version-history":[{"count":19,"href":"https:\/\/cpaq.ufms.br\/en\/wp-json\/wp\/v2\/pages\/32759\/revisions"}],"predecessor-version":[{"id":36556,"href":"https:\/\/cpaq.ufms.br\/en\/wp-json\/wp\/v2\/pages\/32759\/revisions\/36556"}],"up":[{"embeddable":true,"href":"https:\/\/cpaq.ufms.br\/en\/wp-json\/wp\/v2\/pages\/29698"}],"wp:featuredmedia":[{"embeddable":true,"href":"https:\/\/cpaq.ufms.br\/en\/wp-json\/wp\/v2\/media\/30611"}],"wp:attachment":[{"href":"https:\/\/cpaq.ufms.br\/en\/wp-json\/wp\/v2\/media?parent=32759"}],"wp:term":[{"taxonomy":"author","embeddable":true,"href":"https:\/\/cpaq.ufms.br\/en\/wp-json\/wp\/v2\/coauthors?post=32759"}],"curies":[{"name":"wp","href":"https:\/\/api.w.org\/{rel}","templated":true}]}}