{"id":32656,"date":"2023-05-18T16:19:50","date_gmt":"2023-05-18T20:19:50","guid":{"rendered":"https:\/\/cpaq.ufms.br\/?page_id=32656"},"modified":"2023-05-23T14:10:38","modified_gmt":"2023-05-23T18:10:38","slug":"historia-projetos-e-orientacoes","status":"publish","type":"page","link":"https:\/\/cpaq.ufms.br\/en\/historia\/historia-projetos-e-orientacoes\/","title":{"rendered":"Hist\u00f3ria- Projetos e Orienta\u00e7\u00f5es"},"content":{"rendered":"<div class=\"panel panel-info\"><div class=\"panel-heading\">Projetos<\/div><div class=\"panel-body\">\n<div class=\"alert alert-info\"> Projetos de Ensino desenvolvidos por docentes do curso.<\/div>\n<table class=\"table table-hover table-striped table-sm\" style=\"height: 72px;width: 100%\">\n<tbody>\n<tr style=\"height: 24px\">\n<td style=\"width: 8.66964%;text-align: center;height: 24px\"><strong>Tipo<\/strong><\/td>\n<td style=\"width: 49.5788%;text-align: center;height: 24px\"><strong>Titulo<\/strong><\/td>\n<td style=\"width: 21.5486%;text-align: center;height: 24px\"><strong>Docente Coordenador<\/strong><\/td>\n<td style=\"width: 10.3552%;text-align: center;height: 24px\"><strong>Inicio\u00a0<\/strong><\/td>\n<td style=\"width: 9.84776%;text-align: center;height: 24px\"><strong>Fim<\/strong><\/td>\n<\/tr>\n<tr>\n<td style=\"width: 8.66964%\" width=\"14%\"><strong>Extens\u00e3o<\/strong><\/td>\n<td style=\"width: 49.5788%\" width=\"32%\">I Congresso Internacional de Hist\u00f3ria do Pantanal: Guerras, Territ\u00f3rios e Povos Ind\u00edgenas<\/td>\n<td style=\"width: 21.5486%\" width=\"20%\">MARIA NEUSA G. G. SOUZA<\/td>\n<td style=\"width: 10.3552%\" width=\"13%\">2023<\/td>\n<td style=\"width: 9.84776%\" width=\"19%\">2024<\/td>\n<\/tr>\n<tr>\n<td style=\"width: 8.66964%\" width=\"14%\"><strong>Pesquisa<\/strong><\/td>\n<td style=\"width: 49.5788%\" width=\"32%\">Alunos ribeirinhos e pantaneiros em novas formas de aprendizagem na pandemia.\u00a0\u00a0 &#8211; GEPHCE<\/td>\n<td style=\"width: 21.5486%\" width=\"20%\">Maria Neusa G.G de Souza<\/td>\n<td style=\"width: 10.3552%\" width=\"13%\">2020<\/td>\n<td style=\"width: 9.84776%\" width=\"19%\">2022<\/td>\n<\/tr>\n<tr>\n<td style=\"width: 8.66964%\" width=\"14%\"><strong>Pesquisa<\/strong><\/td>\n<td style=\"width: 49.5788%\" width=\"32%\">Futebol e ditadura militar: o caso Moren\u00e3o.<\/td>\n<td style=\"width: 21.5486%\" width=\"20%\">Jo\u00e3o Fernando Ferreira<\/td>\n<td style=\"width: 10.3552%\" width=\"13%\">2019<\/td>\n<td style=\"width: 9.84776%\" width=\"19%\">2022<\/td>\n<\/tr>\n<tr>\n<td style=\"width: 8.66964%\" width=\"14%\"><strong>Pesquisa<\/strong><\/td>\n<td style=\"width: 49.5788%\" width=\"32%\">Perspectivas dos Estudos Culturais no Brasil: uma an\u00e1lise da produ\u00e7\u00e3o te\u00f3rica nacional no Google Scholar.<\/td>\n<td style=\"width: 21.5486%\" width=\"20%\">Aguinaldo Rodrigues Gomes<\/td>\n<td style=\"width: 10.3552%\" width=\"13%\">08\/2022<\/td>\n<td style=\"width: 9.84776%\" width=\"19%\">08\/2024<\/td>\n<\/tr>\n<tr>\n<td style=\"width: 8.66964%\" width=\"14%\"><strong>Pesquisa<\/strong><\/td>\n<td style=\"width: 49.5788%\" width=\"32%\">Dispositivos da intoler\u00e2ncia: discursos e pr\u00e1ticas de viol\u00eancia de g\u00eanero na regi\u00e3o centro-oeste.<\/td>\n<td style=\"width: 21.5486%\" width=\"20%\">Aguinaldo Rodrigues Gomes<\/td>\n<td style=\"width: 10.3552%\" width=\"13%\">01\/2019<\/td>\n<td style=\"width: 9.84776%\" width=\"19%\">08\/2023<\/td>\n<\/tr>\n<tr>\n<td style=\"width: 8.66964%\" width=\"14%\"><strong>Ensino<\/strong><\/td>\n<td style=\"width: 49.5788%\" width=\"32%\">Di\u00e1logos transdisciplinares com ANANSI, o velho s\u00e1bio: a fun\u00e7\u00e3o da hist\u00f3ria no contemporaneidade.<\/td>\n<td style=\"width: 21.5486%\" width=\"20%\">Aguinaldo Rodrigues Gomes<\/td>\n<td style=\"width: 10.3552%\" width=\"13%\">08\/21<\/td>\n<td style=\"width: 9.84776%\" width=\"19%\">12\/21<\/td>\n<\/tr>\n<tr>\n<td style=\"width: 8.66964%\" width=\"14%\"><strong>Extens\u00e3o<\/strong><\/td>\n<td style=\"width: 49.5788%\" width=\"32%\">Mem\u00f3rias de Aquidauana: organiza\u00e7\u00e3o, conserva\u00e7\u00e3o e divulga\u00e7\u00e3o do acervo do CEDHIS\/ CPAQ ao p\u00fablico externo<\/td>\n<td style=\"width: 21.5486%\" width=\"20%\">Aguinaldo Rodrigues Gomes<\/td>\n<td style=\"width: 10.3552%\" width=\"13%\">03\/22<\/td>\n<td style=\"width: 9.84776%\" width=\"19%\">12\/22<\/td>\n<\/tr>\n<tr>\n<td style=\"width: 8.66964%\" width=\"14%\"><strong>Pesquisa<\/strong><\/td>\n<td style=\"width: 49.5788%\" width=\"32%\">OS PESQUISADORES IND\u00cdGENAS NO MATO GROSSO DO SUL: novos olhares sobre a Hist\u00f3ria Ind\u00edgena<\/td>\n<td style=\"width: 21.5486%\" width=\"20%\">Vera L\u00facia Ferreira Vargas<\/td>\n<td style=\"width: 10.3552%\" width=\"13%\">2019<\/td>\n<td style=\"width: 9.84776%\" width=\"19%\">09\/2022<\/td>\n<\/tr>\n<tr>\n<td style=\"width: 8.66964%\" width=\"14%\"><strong>Pesquisa<\/strong><\/td>\n<td style=\"width: 49.5788%\" width=\"32%\">Brasil e Paraguai: m\u00faltiplos olhares e narrativas em uma mirada transnacional\/regional\/local<\/td>\n<td style=\"width: 21.5486%\" width=\"20%\">Ana Paula Squinelo<\/td>\n<td style=\"width: 10.3552%\" width=\"13%\">2021<\/td>\n<td style=\"width: 9.84776%\" width=\"19%\">2022<\/td>\n<\/tr>\n<tr>\n<td style=\"width: 8.66964%\" width=\"14%\"><strong>Pesquisa<\/strong><\/td>\n<td style=\"width: 49.5788%\" width=\"32%\">As m\u00faltiplas faces do &#8220;tirano&#8221; e de sua &#8220;concubina&#8221;: Francisco Solano L\u00f3pez e Elisa Alicia Lynch nos relatos memorial\u00edsticos, nas narrativas did\u00e1ticas e nas produ\u00e7\u00f5es acad\u00eamicas em uma perspectiva comparada (Brasil e Paraguai)<\/td>\n<td style=\"width: 21.5486%\" width=\"20%\">Ana Paula Squinelo<\/td>\n<td style=\"width: 10.3552%\" width=\"13%\">2022<\/td>\n<td style=\"width: 9.84776%\" width=\"19%\">2023<\/td>\n<\/tr>\n<tr>\n<td style=\"width: 8.66964%\"><strong>Pesquisa<\/strong><\/td>\n<td style=\"width: 49.5788%\" width=\"53%\">Diferen\u00e7as &amp; Linguagens: performatividade de g\u00eanero, etnia, classe e outras intersec\u00e7\u00f5es na contemporaneidade.<\/td>\n<td style=\"width: 21.5486%\" width=\"26%\">Miguel Rodrigues de Sousa Neto<\/td>\n<td style=\"width: 10.3552%\" width=\"10%\">2018<\/td>\n<td style=\"width: 9.84776%\" width=\"9%\">2022<\/td>\n<\/tr>\n<\/tbody>\n<\/table>\n<\/div><\/div>\n<div class=\"panel panel-info\"><div class=\"panel-heading\">Orienta\u00e7\u00f5es<\/div><div class=\"panel-body\">\n<div class=\"alert alert-info\">Orienta\u00e7\u00f5es de acad\u00eamicos da gradua\u00e7\u00e3o<\/div>\n<table class=\"table table-hover table-striped table-sm\" style=\"width: 100%;height: 1378px\">\n<tbody>\n<tr style=\"height: 24px\">\n<td style=\"width: 21.8756%;text-align: center;height: 24px\"><strong>Orientador<\/strong><\/td>\n<td style=\"width: 24.8674%;text-align: center;height: 24px\"><strong>Orientado<\/strong><\/td>\n<td style=\"width: 53.2569%;text-align: center;height: 24px\"><strong>Titulo do Trabalho<\/strong><\/td>\n<\/tr>\n<tr style=\"height: 56px\">\n<td style=\"width: 21.8756%;height: 56px\" width=\"21%\">Iara Quelho<\/td>\n<td style=\"width: 24.8674%;height: 56px\" width=\"24%\">Erica Joaquim<\/td>\n<td style=\"width: 53.2569%;height: 56px\" width=\"53%\">A Rede de Saberes na Aldeia de Ipegue<\/td>\n<\/tr>\n<tr style=\"height: 56px\">\n<td style=\"width: 21.8756%;height: 56px\" width=\"21%\">Iara Quelho<\/td>\n<td style=\"width: 24.8674%;height: 56px\" width=\"24%\">Eliete Mamedes<\/td>\n<td style=\"width: 53.2569%;height: 56px\" width=\"53%\">KALI L\u00c2VONA (LAGOINHA): breves considera\u00e7\u00f5es sobre sua Hist\u00f3ria<\/td>\n<\/tr>\n<tr style=\"height: 10px\">\n<td style=\"width: 21.8756%;height: 10px\" width=\"21%\">Iara Quelho<\/td>\n<td style=\"width: 24.8674%;height: 10px\" width=\"24%\">Mirlene Ortiz Campos<\/td>\n<td style=\"width: 53.2569%;height: 10px\" width=\"53%\">A religiosidade crist\u00e3 entre os Terena da Aldeia Aldeinha<\/td>\n<\/tr>\n<tr style=\"height: 56px\">\n<td style=\"width: 21.8756%;height: 56px\" width=\"21%\">Maria Neusa G.G.de Souza<\/td>\n<td style=\"width: 24.8674%;height: 56px\" width=\"24%\">Eduardo Luciano Torres de Melo<\/td>\n<td style=\"width: 53.2569%;height: 56px\" width=\"53%\">PANTANETA: SONHO OU PESADELO<\/td>\n<\/tr>\n<tr style=\"height: 56px\">\n<td style=\"width: 21.8756%;height: 56px\" width=\"21%\">Maria Neusa G.G. de Souza<\/td>\n<td style=\"width: 24.8674%;height: 56px\" width=\"24%\">Fernando lucas da Silva<\/td>\n<td style=\"width: 53.2569%;height: 56px\" width=\"53%\">PROFESSORES EM NOVOS CAMINHOS Para o ENSINO EM TEMPOS DE PANDEMIA<\/td>\n<\/tr>\n<tr style=\"height: 56px\">\n<td style=\"width: 21.8756%;height: 56px\" width=\"21%\">Jo\u00e3o Fernando Ferrira<\/td>\n<td style=\"width: 24.8674%;height: 56px\" width=\"24%\">Ian Paiz<\/td>\n<td style=\"width: 53.2569%;height: 56px\" width=\"53%\">Artesanato Terena.<\/td>\n<\/tr>\n<tr style=\"height: 96px\">\n<td style=\"width: 21.8756%;height: 96px\" width=\"21%\">Aguinaldo Rodrigues Gomes<\/p>\n<p>&nbsp;<\/td>\n<td style=\"width: 24.8674%;height: 96px\" width=\"24%\">Manuella Francisquini Pellicioni<\/td>\n<td style=\"width: 53.2569%;height: 96px\" width=\"53%\">LEVANTAMENTO DE DADOS ACERCA DA VIOL\u00caNCIA DE G\u00caNERO NA IMPRENSA AQUIDAUANA\/MS.<\/td>\n<\/tr>\n<tr style=\"height: 96px\">\n<td style=\"width: 21.8756%;height: 96px\" width=\"21%\">Aguinaldo Rodrigues Gomes.<\/p>\n<p>&nbsp;<\/td>\n<td style=\"width: 24.8674%;height: 96px\" width=\"24%\">Andr\u00e9 Luiz Machado<\/td>\n<td style=\"width: 53.2569%;height: 96px\" width=\"53%\">HOMENS NA DOC\u00caNCIA INFANTIL<\/td>\n<\/tr>\n<tr style=\"height: 96px\">\n<td style=\"width: 21.8756%;height: 96px\" width=\"21%\">Aguinaldo Rodrigues Gomes.<\/p>\n<p>&nbsp;<\/td>\n<td style=\"width: 24.8674%;height: 96px\" width=\"24%\">Ueliton Alves Campos<\/td>\n<td style=\"width: 53.2569%;height: 96px\" width=\"53%\">A CIDADE DE AQUIDAUANA A PARTIR DE IMAGENS FOTOGR\u00c1FICAS<\/td>\n<\/tr>\n<tr style=\"height: 17px\">\n<td style=\"width: 21.8756%;height: 17px\" width=\"21%\">Aguinaldo Rodrigues Gomes.<\/td>\n<td style=\"width: 24.8674%;height: 17px\" width=\"24%\">KATIA ROSANA HERNANDES<\/td>\n<td style=\"width: 53.2569%;height: 17px\" width=\"53%\">LEVANTAMENTO DE DADOS ACERCA DA VIOL\u00caNCIA DE G\u00caNERO NA DEAM AQUIDAUANA\/MS..<\/td>\n<\/tr>\n<tr style=\"height: 80px\">\n<td style=\"width: 21.8756%;height: 80px\" width=\"21%\">Aguinaldo Rodrigues Gomes.<\/td>\n<td style=\"width: 24.8674%;height: 80px\" width=\"24%\">Pedro Henrique Franco Nogueira<\/td>\n<td style=\"width: 53.2569%;height: 80px\" width=\"53%\">DISCURSOS RACISTAS E DE INTOLER\u00c2NCIA CONTRA REFUGIADOS NAS M\u00cdDIAS SOCIAIS BRASILEIRAS.<\/td>\n<\/tr>\n<tr style=\"height: 80px\">\n<td style=\"width: 21.8756%;height: 80px\" width=\"21%\">Vera L\u00facia Ferreira Vargas<\/td>\n<td style=\"width: 24.8674%;height: 80px\" width=\"24%\">Edinalva Francisco Paiz<\/td>\n<td style=\"width: 53.2569%;height: 80px\" width=\"53%\">\u201cKoixomunet\u00eds Terena na aldeia Ipegue, Aquidauana, Mato Grosso do Sul, Brasil\u201d<\/td>\n<\/tr>\n<tr style=\"height: 80px\">\n<td style=\"width: 21.8756%;height: 80px\" width=\"21%\">Vera L\u00facia Ferreira Vargas<\/td>\n<td style=\"width: 24.8674%;height: 80px\" width=\"24%\">Shirley Marques<\/td>\n<td style=\"width: 53.2569%;height: 80px\" width=\"53%\">O contexto da pandemia na Terra Ind\u00edgena Taunay\/Ipegue, Aquidauana-MS \u201d<\/td>\n<\/tr>\n<tr style=\"height: 71px\">\n<td style=\"width: 21.8756%;height: 71px\" width=\"21%\">Vera L\u00facia Ferreira Vargas<\/td>\n<td style=\"width: 24.8674%;height: 71px\" width=\"24%\">Darlene<\/td>\n<td style=\"width: 53.2569%;height: 71px\" width=\"53%\">Novos olhares e diferentes abordagens os pesquisadores ind\u00edgenas nos munic\u00edpios de Aquidauana e Miranda &#8211; MS<\/td>\n<\/tr>\n<tr style=\"height: 80px\">\n<td style=\"width: 21.8756%;height: 80px\" width=\"21%\">ANA PAULA SQUINELO<\/td>\n<td style=\"width: 24.8674%;height: 80px\" width=\"24%\">\u00a0\u00a0Giovana Vitoria SPARRENBERGER<\/td>\n<td style=\"width: 53.2569%;height: 80px\" width=\"53%\">Ensino, escolas, professores\/as e alunos\/as em contextos de conflitos b\u00e9licos: impactos da Guerra do Paraguai\/Guerra Guasu no sul da Prov\u00edncia de Matto Grosso<\/td>\n<\/tr>\n<tr style=\"height: 104px\">\n<td style=\"width: 21.8756%;height: 104px\" width=\"21%\">ANA PAULA SQUINELO<\/td>\n<td style=\"width: 24.8674%;height: 104px\" width=\"24%\">JOAO FRANCISCO CHAGAS SOARES<\/td>\n<td style=\"width: 53.2569%;height: 104px\" width=\"53%\">Silenciamento, invisibilidade, ocultamento e protagonismo da presen\u00e7a de menores no front da Guerra do Paraguai\/Guerra Guasu: representa\u00e7\u00f5es imag\u00e9ticas nas Cole\u00e7\u00f5es Did\u00e1ticas de Hist\u00f3ria nos Anos Finais do Ensino Fundamental (PNLD\/2020)<\/td>\n<\/tr>\n<tr style=\"height: 104px\">\n<td style=\"width: 21.8756%;height: 104px\" width=\"21%\">Vera L\u00facia Ferreira Vargas<\/td>\n<td style=\"width: 24.8674%;height: 104px\" width=\"24%\">Ana Beatriz do Cato Romero<\/td>\n<td style=\"width: 53.2569%;height: 104px\" width=\"53%\">Novos olhares e diferentes abordagens os pesquisadores ind\u00edgenas nos munic\u00edpios de Aquidauana e Miranda -MS<\/td>\n<\/tr>\n<tr style=\"height: 80px\">\n<td style=\"width: 21.8756%;height: 80px\" width=\"21%\">Vera L\u00facia Ferreira Vargas<\/td>\n<td style=\"width: 24.8674%;height: 80px\" width=\"24%\">Ana Beatriz do Cato Romero<\/td>\n<td style=\"width: 53.2569%;height: 80px\" width=\"53%\">Os pesquisadores ind\u00edgenas nos munic\u00edpios de Aquidauana e Miranda -MS<\/td>\n<\/tr>\n<tr style=\"height: 80px\">\n<td style=\"width: 21.8756%;height: 80px\" width=\"21%\">Vera L\u00facia Ferreira Vargas<\/td>\n<td style=\"width: 24.8674%;height: 80px\" width=\"24%\">Ana Beatriz do Cato Romero<\/td>\n<td style=\"width: 53.2569%;height: 80px\" width=\"53%\">Os pesquisadores ind\u00edgenas nos munic\u00edpios de Aquidauana e Anast\u00e1cio<\/td>\n<\/tr>\n<tr>\n<td style=\"width: 21.8756%\" width=\"19%\">Miguel Rodrigues de Sousa Neto<\/td>\n<td style=\"width: 24.8674%\" width=\"26%\">Vin\u00edcius Marques Fagundes Queiroz<\/td>\n<td style=\"width: 53.2569%\" width=\"53%\">A n\u00e3o-binariedade e a linguagem neutra\/ inclusiva de g\u00eanero nos jornais Folha de S. Paulo e O Globo<\/td>\n<\/tr>\n<tr>\n<td style=\"width: 21.8756%\" width=\"19%\">Miguel Rodrigues de Sousa Neto<\/td>\n<td style=\"width: 24.8674%\" width=\"26%\">Jo\u00e3o da Silva Mariano Filho<\/td>\n<td style=\"width: 53.2569%\" width=\"53%\">Onde est\u00e1 o movimento? Levantamento e an\u00e1lise dos grupos lgbti+ organizados no Brasil contempor\u00e2neo.<\/td>\n<\/tr>\n<tr>\n<td style=\"width: 21.8756%\" width=\"19%\">Miguel Rodrigues de Sousa Neto<\/td>\n<td style=\"width: 24.8674%\" width=\"26%\">Manuella Francisquini Pellicioni<\/td>\n<td style=\"width: 53.2569%\" width=\"53%\">Levantamento de dados dos Sistemas de Informa\u00e7\u00e3o da Sa\u00fade (SINAN\/SIM) acerca da viol\u00eancia de g\u00eanero na microrregi\u00e3o de Aquidauana\/MS.<\/td>\n<\/tr>\n<tr>\n<td style=\"width: 21.8756%\" width=\"19%\">Miguel Rodrigues de Sousa Neto<\/td>\n<td style=\"width: 24.8674%\" width=\"26%\">Jocielma Aparecida de Arruda<\/td>\n<td style=\"width: 53.2569%\" width=\"53%\">Intoler\u00e2ncia religiosa: discrimina\u00e7\u00e3o e preconceito sofridos por adeptos de religi\u00f5es afro-brasileiras.<\/td>\n<\/tr>\n<tr>\n<td style=\"width: 21.8756%\" width=\"19%\">Miguel Rodrigues de Sousa Neto<\/td>\n<td style=\"width: 24.8674%\" width=\"26%\">Ma\u00edra Dutra de Oliveira<\/td>\n<td style=\"width: 53.2569%\" width=\"53%\">G\u00eanero, classe e etnia em \u201cQuarto de despejo\u201d de Carolina Maria de Jesus (1960).<\/td>\n<\/tr>\n<tr>\n<td style=\"width: 21.8756%\" width=\"19%\">Miguel Rodrigues de Sousa Neto<\/td>\n<td style=\"width: 24.8674%\" width=\"26%\">Edison Mariano Cordeiro<\/td>\n<td style=\"width: 53.2569%\" width=\"53%\">An\u00e1lise e representa\u00e7\u00e3o hist\u00f3rico-cultural da m\u00fasica sertaneja no Mato Grosso do Sul: da raiz \u00e0 atualidade.<\/td>\n<\/tr>\n<tr>\n<td style=\"width: 21.8756%\" width=\"21%\">Miguel Rodrigues de Sousa Neto<\/td>\n<td style=\"width: 24.8674%\" width=\"24%\">Vin\u00edcius Marques Fagundes Queiroz<\/td>\n<td style=\"width: 53.2569%\" width=\"53%\">A n\u00e3o-binariedade nos debates sobre g\u00eaneros e linguagem no Brasil contempor\u00e2neo.<\/td>\n<\/tr>\n<tr>\n<td style=\"width: 21.8756%\" width=\"21%\">Miguel Rodrigues de Sousa Neto<\/td>\n<td style=\"width: 24.8674%\" width=\"24%\">Jo\u00e3o da Silva Mariano Filho<\/td>\n<td style=\"width: 53.2569%\" width=\"53%\">O movimento lgbti+ em Mato Grosso do Sul.<\/td>\n<\/tr>\n<tr>\n<td style=\"width: 21.8756%\" width=\"21%\">Miguel Rodrigues de Sousa Neto<\/td>\n<td style=\"width: 24.8674%\" width=\"24%\">Gabriel Fernando Dervalho Alves<\/td>\n<td style=\"width: 53.2569%\" width=\"53%\">SIL\u00caNCIO = MORTE: altera\u00e7\u00e3o de pol\u00edticas p\u00fablicas de enfrentamento da epidemia HIV\/Aids e vulnerabilidade de jovens gays e pessoas trans no Brasil.<\/td>\n<\/tr>\n<tr>\n<td style=\"width: 21.8756%\" width=\"21%\">Miguel Rodrigues de Sousa Neto<\/td>\n<td style=\"width: 24.8674%\" width=\"24%\">Ma\u00edra Dutra de Oliveira<\/td>\n<td style=\"width: 53.2569%\" width=\"53%\">Performatividade de G\u00eanero, Ditadura &amp; Democracia: uma an\u00e1lise de \u201cDivinas Divas\u201d, de Leandra Leal (2016).<\/td>\n<\/tr>\n<tr>\n<td style=\"width: 21.8756%\" width=\"21%\">Miguel Rodrigues de Sousa Neto<\/td>\n<td style=\"width: 24.8674%\" width=\"24%\">Frantchesca Braga Pinheiro<\/td>\n<td style=\"width: 53.2569%\" width=\"53%\">Sexualidades e Performatividades de G\u00eanero Dissidentes, Ditadura e redemocratiza\u00e7\u00e3o: uma an\u00e1lise de \u201cTatuagem\u201d, de Hilton Lacerda (2013).<\/td>\n<\/tr>\n<\/tbody>\n<\/table>\n<div class=\"alert alert-info\">Orienta\u00e7\u00f5es de P\u00f3s-gradua\u00e7\u00e3o<\/div>\n<table class=\"table table-hover table-striped table-sm\" style=\"width: 100%;height: 801px\">\n<tbody>\n<tr style=\"height: 24px\">\n<td style=\"width: 19.5204%;height: 24px;text-align: center\"><strong>Orientador<\/strong><\/td>\n<td style=\"width: 14.7889%;height: 24px;text-align: center\"><strong>Orientado<\/strong><\/td>\n<td style=\"width: 12.4337%;height: 24px;text-align: center\"><strong>N\u00edvel<\/strong><\/td>\n<td style=\"width: 53.2569%;height: 24px;text-align: center\"><strong>Titulo do Trabalho<\/strong><\/td>\n<\/tr>\n<tr style=\"height: 27px\">\n<td style=\"width: 19.5204%;height: 27px\" width=\"17%\">Iara Quelho<\/td>\n<td style=\"width: 14.7889%;height: 27px\" width=\"17%\">Alice Manhani<\/td>\n<td style=\"width: 12.4337%;height: 27px\" width=\"13%\">Mestrado<\/td>\n<td style=\"width: 53.2569%;height: 27px\" width=\"51%\">Os Terena no movimento ind\u00edgena:\u00a0a constitui\u00e7\u00e3o de sujeitos pol\u00edticos em situa\u00e7\u00e3o de alteridade e adversidade<\/td>\n<\/tr>\n<tr style=\"height: 10px\">\n<td style=\"width: 19.5204%;height: 10px\" width=\"17%\">Iara Quelho<\/td>\n<td style=\"width: 14.7889%;height: 10px\" width=\"17%\">Valdevino G. Cardoso<\/td>\n<td style=\"width: 12.4337%;height: 10px\" width=\"13%\">Mestrado<\/td>\n<td style=\"width: 53.2569%;height: 10px\" width=\"51%\">SEN\u00d3HIKO KAV\u00c1NETIHIKO, \u00cdHAEHIKO IPOX\u00d3VOKUTI IH\u00c1XENOTI TON\u00d3`ITI LIMAUN.\u00a0Entrelugares e interculturalidade: viv\u00eancias de feirantes Terena da Aldeia de Lim\u00e3o Verde<\/td>\n<\/tr>\n<tr style=\"height: 15px\">\n<td style=\"width: 19.5204%;height: 15px\" width=\"17%\">Beth\u00e2nia Rodrigues<\/td>\n<td style=\"width: 14.7889%;height: 15px\" width=\"17%\">Aguinaldo Rodrigues Gomes<\/td>\n<td style=\"width: 12.4337%;height: 15px\" width=\"13%\">Mestrado<\/td>\n<td style=\"width: 53.2569%;height: 15px\" width=\"51%\">A Diferen\u00e7a Da Ret\u00f3rica \u00c0 Pr\u00e1tica: Narrativas Extraescolares Sobre A Educa\u00e7\u00e3o Inclusiva. In\u00edcio: 2023. Disserta\u00e7\u00e3o (Mestrado Profissional Em Estudos Culturais) &#8211; Universidade Federal De Mato Grosso Do Sul.<\/td>\n<\/tr>\n<tr style=\"height: 104px\">\n<td style=\"width: 19.5204%;height: 104px\" width=\"17%\">Caio Rodrigues.<\/td>\n<td style=\"width: 14.7889%;height: 104px\" width=\"17%\">Aguinaldo Rodrigues Gomes<\/td>\n<td style=\"width: 12.4337%;height: 104px\" width=\"13%\">Mestrado<\/td>\n<td style=\"width: 53.2569%;height: 104px\" width=\"51%\">O Acesso A Propriedade Pelas Comunidades Quilombolas Do Mato Grosso Do Sul Frente Ao Direito Brasileiro. In\u00edcio: 2021. Disserta\u00e7\u00e3o (Mestrado Em Programa De P\u00f3s-Gradua\u00e7\u00e3o Em Estudos Culturais) &#8211; Universidade Federal De Mato Grosso Do Sul.<\/td>\n<\/tr>\n<tr style=\"height: 80px\">\n<td style=\"width: 19.5204%;height: 80px\" width=\"17%\">Carla Drielly Costa Santana<\/td>\n<td style=\"width: 14.7889%;height: 80px\" width=\"17%\">Aguinaldo Rodrigues Gomes<\/td>\n<td style=\"width: 12.4337%;height: 80px\" width=\"13%\">Mestrado<\/td>\n<td style=\"width: 53.2569%;height: 80px\" width=\"51%\">O Empoderamento Feminino Em Hibisco Roxo. In\u00edcio: 2021. Disserta\u00e7\u00e3o (Mestrado Em Programa De P\u00f3s-Gradua\u00e7\u00e3o Em Estudos Culturais) &#8211; Universidade Federal De Mato Grosso Do Sul.<\/td>\n<\/tr>\n<tr style=\"height: 104px\">\n<td style=\"width: 19.5204%;height: 104px\" width=\"17%\">Dyogo Henrique Menezes De Azeredo.<\/td>\n<td style=\"width: 14.7889%;height: 104px\" width=\"17%\">Aguinaldo Rodrigues Gomes<\/td>\n<td style=\"width: 12.4337%;height: 104px\" width=\"13%\">Mestrado<\/td>\n<td style=\"width: 53.2569%;height: 104px\" width=\"51%\">Um Estudo Sobre A Viol\u00eancia Sexual Contra Crian\u00e7as E Adolescentes E O Tratamento Destinado \u00c0 Luz Da Legisla\u00e7\u00e3o Nacional. In\u00edcio: 2020. Disserta\u00e7\u00e3o (Mestrado Em Programa De P\u00f3s-Gradua\u00e7\u00e3o Em Educa\u00e7\u00e3o) &#8211; Universidade Federal De Mato Grosso.<\/td>\n<\/tr>\n<tr style=\"height: 80px\">\n<td style=\"width: 19.5204%;height: 80px\" width=\"17%\">Jo\u00e1dila Albino De Souza.<\/td>\n<td style=\"width: 14.7889%;height: 80px\" width=\"17%\">Aguinaldo Rodrigues Gomes<\/td>\n<td style=\"width: 12.4337%;height: 80px\" width=\"13%\">Mestrado<\/td>\n<td style=\"width: 53.2569%;height: 80px\" width=\"51%\">Juventude, Educa\u00e7\u00e3o E Participa\u00e7\u00e3o: Jovens Estudantes Na Luta Contra O Desmonte Da Educa\u00e7\u00e3o P\u00fablica. In\u00edcio: 2021. Disserta\u00e7\u00e3o (Mestrado Em Educa\u00e7\u00e3o) &#8211; Universidade Federal De Mato Grosso.<\/td>\n<\/tr>\n<tr style=\"height: 104px\">\n<td style=\"width: 19.5204%;height: 104px\" width=\"17%\">Leonara Flores Mergareno.<\/td>\n<td style=\"width: 14.7889%;height: 104px\" width=\"17%\">Aguinaldo Rodrigues Gomes<\/td>\n<td style=\"width: 12.4337%;height: 104px\" width=\"13%\">Mestrado<\/td>\n<td style=\"width: 53.2569%;height: 104px\" width=\"51%\">Maria Da Penha Vai \u00c0 Escola Para Adolescentes Do 9\u00ba Ano Do Ensino Fundamental Ii: Um Estudo De Caso Sob A \u00d3tica Dos Estudos Culturais. In\u00edcio: 2023. Disserta\u00e7\u00e3o (Mestrado Em Estudos Culturais) &#8211; Universidade Federal De Mato Grosso Do Sul.<\/td>\n<\/tr>\n<tr style=\"height: 104px\">\n<td style=\"width: 19.5204%;height: 104px\" width=\"17%\">Marcello Augusto Ferreira Da Silva Portocarrero.<\/td>\n<td style=\"width: 14.7889%;height: 104px\" width=\"17%\">Aguinaldo Rodrigues Gomes<\/td>\n<td style=\"width: 12.4337%;height: 104px\" width=\"13%\">Mestrado<\/td>\n<td style=\"width: 53.2569%;height: 104px\" width=\"51%\">Abandono Afetivo &#8211; A Neglig\u00eancia Como Ato De Desamor, Um Estudo De Caso Em Aquidauana-Ms. In\u00edcio: 2022. Disserta\u00e7\u00e3o (Mestrado Em Estudos Culturais) &#8211; Universidade Federal De Mato Grosso Do Sul.<\/td>\n<\/tr>\n<tr style=\"height: 104px\">\n<td style=\"width: 19.5204%;height: 104px\" width=\"17%\">Roselene Silva Moura<\/td>\n<td style=\"width: 14.7889%;height: 104px\" width=\"17%\">Aguinaldo Rodrigues Gomes<\/td>\n<td style=\"width: 12.4337%;height: 104px\" width=\"13%\">Mestrado<\/td>\n<td style=\"width: 53.2569%;height: 104px\" width=\"51%\">Pode Uma Prostituta Estudar? Representa\u00e7\u00f5es, Desejo E G\u00eanero Na Experi\u00eancia De Trabalhadoras Do Sexo, Estudantes Do Ensino Superior.. In\u00edcio: 2022. Disserta\u00e7\u00e3o (Mestrado Em Estudos Culturais) &#8211; Universidade Federal De Mato Grosso Do Sul.<\/td>\n<\/tr>\n<tr style=\"height: 25px\">\n<td style=\"width: 19.5204%;height: 25px\" width=\"17%\">Vera L\u00facia Ferreira Vargas<\/td>\n<td style=\"width: 14.7889%;height: 25px\" width=\"17%\">C\u00e9sar Augusto Vareiro da Silva<\/td>\n<td style=\"width: 12.4337%;height: 25px\" width=\"13%\">Mestrado<\/td>\n<td style=\"width: 53.2569%;height: 25px\" width=\"51%\">As ag\u00eancias Terena nas igrejas\u00a0crist\u00e3s da Aldeia Passarinho: protagonismos e apropria\u00e7\u00f5es&#8221; (2022)<\/td>\n<\/tr>\n<tr style=\"height: 10px\">\n<td style=\"width: 19.5204%;height: 10px\" width=\"17%\">Ekarolaine Silva de Amarilha Garcia.<\/td>\n<td style=\"width: 14.7889%;height: 10px\" width=\"17%\">Ana Paula Squinelo.<\/td>\n<td style=\"width: 12.4337%;height: 10px\" width=\"13%\">Mestrado<\/td>\n<td style=\"width: 53.2569%;height: 10px\" width=\"51%\">O protagonismo tem g\u00eanero &#8211; representa\u00e7\u00f5es femininas nas obras Cunhata\u00ed e Guerra entre irm\u00e3os: Mulheres olvidadas na Guerra do Paraguai\/Guerra Guasu (1864-1870). 2022. Disserta\u00e7\u00e3o (Mestrado em Programa de P\u00f3s-Gradua\u00e7\u00e3o em Estudos Culturais) &#8211; Universidade Federal de Mato Grosso do Sul,<\/td>\n<\/tr>\n<tr style=\"height: 10px\">\n<td style=\"width: 19.5204%;height: 10px\" width=\"17%\">Yara Mattos.<\/td>\n<td style=\"width: 14.7889%;height: 10px\" width=\"17%\">Ana Paula Squinelo.<\/td>\n<td style=\"width: 12.4337%;height: 10px\" width=\"13%\">Mestrado<\/td>\n<td style=\"width: 53.2569%;height: 10px\" width=\"51%\">Adeus, Chamigo Brasileiro e Guerra Contra La Triple Alianza? A Guerra do Paraguai\/Guasu a partir de hist\u00f3rias em quadrinhos, aulas oficina e de uma mirada comparada (Brasil e Paraguai). 2022. Disserta\u00e7\u00e3o (Mestrado em Programa de P\u00f3s-Gradua\u00e7\u00e3o em Estudos Culturais) &#8211; Universidade Federal de Mato Grosso do Sul,<\/td>\n<\/tr>\n<tr>\n<td style=\"width: 19.5204%\" width=\"18%\">Miguel Rodrigues de Sousa Neto<\/td>\n<td style=\"width: 14.7889%\" width=\"16%\">Rafael Mascarenhs Matos<\/td>\n<td style=\"width: 12.4337%\" width=\"13%\">Mestrado<\/td>\n<td style=\"width: 53.2569%\" width=\"52%\">Nas encruzilhadas do Ax\u00e9: experi\u00eancias e representa\u00e7\u00f5es de g\u00eanero e sexualidade em um terreiro de Candombl\u00e9 Angola no centro-oeste brasileiro.<\/td>\n<\/tr>\n<tr>\n<td style=\"width: 19.5204%\" width=\"18%\">Miguel Rodrigues de Sousa Neto<\/td>\n<td style=\"width: 14.7889%\" width=\"16%\">Luar Nogueira Maia Carvalho<\/td>\n<td style=\"width: 12.4337%\" width=\"13%\">Mestrado<\/td>\n<td style=\"width: 53.2569%\" width=\"52%\">BACURAU: uma interpreta\u00e7\u00e3o contempor\u00e2nea da resist\u00eancia no Brasil<\/td>\n<\/tr>\n<tr>\n<td style=\"width: 19.5204%\" width=\"18%\">Miguel Rodrigues de Sousa Neto<\/td>\n<td style=\"width: 14.7889%\" width=\"16%\">Diego Aparecido Cafola<\/td>\n<td style=\"width: 12.4337%\" width=\"13%\">Mestrado<\/td>\n<td style=\"width: 53.2569%\" width=\"52%\">Vozes subalternas em meio \u00e0s multid\u00f5es: atravessamentos na encruzilhada de Linn da Quebrada<\/td>\n<\/tr>\n<\/tbody>\n<\/table>\n<\/div><\/div>\n","protected":false},"excerpt":{"rendered":"","protected":false},"author":1449,"featured_media":0,"parent":32643,"menu_order":0,"comment_status":"closed","ping_status":"closed","template":"page-templates\/page-coordenadorias.php","meta":{"footnotes":""},"coauthors":[],"class_list":["post-32656","page","type-page","status-publish","hentry"],"_links":{"self":[{"href":"https:\/\/cpaq.ufms.br\/en\/wp-json\/wp\/v2\/pages\/32656","targetHints":{"allow":["GET"]}}],"collection":[{"href":"https:\/\/cpaq.ufms.br\/en\/wp-json\/wp\/v2\/pages"}],"about":[{"href":"https:\/\/cpaq.ufms.br\/en\/wp-json\/wp\/v2\/types\/page"}],"author":[{"embeddable":true,"href":"https:\/\/cpaq.ufms.br\/en\/wp-json\/wp\/v2\/users\/1449"}],"replies":[{"embeddable":true,"href":"https:\/\/cpaq.ufms.br\/en\/wp-json\/wp\/v2\/comments?post=32656"}],"version-history":[{"count":7,"href":"https:\/\/cpaq.ufms.br\/en\/wp-json\/wp\/v2\/pages\/32656\/revisions"}],"predecessor-version":[{"id":32672,"href":"https:\/\/cpaq.ufms.br\/en\/wp-json\/wp\/v2\/pages\/32656\/revisions\/32672"}],"up":[{"embeddable":true,"href":"https:\/\/cpaq.ufms.br\/en\/wp-json\/wp\/v2\/pages\/32643"}],"wp:attachment":[{"href":"https:\/\/cpaq.ufms.br\/en\/wp-json\/wp\/v2\/media?parent=32656"}],"wp:term":[{"taxonomy":"author","embeddable":true,"href":"https:\/\/cpaq.ufms.br\/en\/wp-json\/wp\/v2\/coauthors?post=32656"}],"curies":[{"name":"wp","href":"https:\/\/api.w.org\/{rel}","templated":true}]}}