{"id":32650,"date":"2023-05-18T16:12:08","date_gmt":"2023-05-18T20:12:08","guid":{"rendered":"https:\/\/cpaq.ufms.br\/?page_id=32650"},"modified":"2023-05-18T16:16:37","modified_gmt":"2023-05-18T20:16:37","slug":"historia-historico-do-curso","status":"publish","type":"page","link":"https:\/\/cpaq.ufms.br\/en\/historia\/historia-historico-do-curso\/","title":{"rendered":"Hist\u00f3ria &#8211; Hist\u00f3rico do curso"},"content":{"rendered":"<h2 data-uw-styling-context=\"true\">Hist\u00f3rico<\/h2>\n<h2 data-uw-styling-context=\"true\">N\u00e3o Dispon\u00edvel<\/h2>\n<p data-uw-styling-context=\"true\"><strong>OBJETIVOS<\/strong><\/p>\n<address data-uw-styling-context=\"true\">\n<ul>\n<li>\n<address>Pautar-se por princ\u00edpios e valores da \u00e9tica democr\u00e1tica e profissional, reconhecendo e respeitando a diversidade dos sujeitos sociais;<\/address>\n<\/li>\n<li>\n<address>Atuar com criticidade e autonomia intelectual, posicionando-se diante do quadro social e pol\u00edtico;<\/address>\n<\/li>\n<li>\n<address>Dominar as diferentes concep\u00e7\u00f5es te\u00f3rico-metodol\u00f3gicas que referenciam a constru\u00e7\u00e3o de categorias para a investiga\u00e7\u00e3o e a an\u00e1lise das rela\u00e7\u00f5es s\u00f3cio-hist\u00f3ricas;<\/address>\n<\/li>\n<li>\n<address>Problematizar, nas m\u00faltiplas dimens\u00f5es das experi\u00eancias dos sujeitos hist\u00f3ricos, a constitui\u00e7\u00e3o de diferentes rela\u00e7\u00f5es de tempo e espa\u00e7o;<\/address>\n<\/li>\n<li>\n<address>Conhecer os conte\u00fados b\u00e1sicos referentes \u00e0s diferentes \u00e9pocas hist\u00f3ricas e regi\u00f5es do mundo;<\/address>\n<\/li>\n<li>\n<address>Saber ler e analisar os momentos hist\u00f3ricos, levando em conta as rela\u00e7\u00f5es de poder, as resist\u00eancias e as alteridades;<\/address>\n<\/li>\n<li>\n<address>Desenvolver pesquisas e utilizar resultados de pesquisa para se proceder a re-conceitua\u00e7\u00e3o cr\u00edtica e te\u00f3rica de determinadas vis\u00f5es hist\u00f3ricas que reproduzem uma Hist\u00f3ria constru\u00edda de cima para baixo, bem arrumada, que deu \u00eanfase \u00e0s elites pol\u00edticas e econ\u00f4micas;<\/address>\n<\/li>\n<li>\n<address>Transitar pelas fronteiras entre a Hist\u00f3ria e outras \u00e1reas do conhecimento, a fim de articular e pensar a pr\u00e1tica profissional;<\/address>\n<\/li>\n<li>\n<address>Coordenar e participar cooperativamente de equipes de trabalho em atividades de elabora\u00e7\u00e3o e desenvolvimento de projetos que possibilitem a atua\u00e7\u00e3o em diferentes espa\u00e7os e contextos da pr\u00e1tica profissional (escolas p\u00fablicas, sindicatos, laborat\u00f3rios, oficinas e disciplinas curriculares);<\/address>\n<\/li>\n<li>\n<address>Elaborar, coordenar, executar, desenvolver e avaliar projetos de pesquisa, ensino e difus\u00e3o, empenhando-se em compartilh\u00e1-los;<\/address>\n<\/li>\n<li>\n<address>Fazer uso de recursos da tecnologia da informa\u00e7\u00e3o e da comunica\u00e7\u00e3o de forma a aumentar as possibilidades de difus\u00e3o e apreens\u00e3o do conhecimento.<\/address>\n<\/li>\n<\/ul>\n<\/address>\n<p data-uw-styling-context=\"true\"><strong>CARACTER\u00cdSTICAS GERAIS:<\/strong><\/p>\n<address data-uw-styling-context=\"true\">\n<ul>\n<li>\n<address>Carga hor\u00e1ria: 2.805 horas (3.366 horas-aula de 50min.)<\/address>\n<address>Dura\u00e7\u00e3o: UFMS: m\u00ednimo de 08 semestres; m\u00e1ximo de 12 semestres)<\/address>\n<address>Vagas dispon\u00edveis: 40 (quarenta)<\/address>\n<address>Entrada: O ingresso ocorre mediante Sistema Unificado de Sele\u00e7\u00e3o (SiSU) baseado no desempenho no Exame Nacional do Ensino M\u00e9dio (ENEM); movimenta\u00e7\u00e3o interna, transfer\u00eancias de outras IES e portadores de diploma de curso de gradua\u00e7\u00e3o em n\u00edvel superior, na exist\u00eancia de vaga; e transfer\u00eancia compuls\u00f3ria.<\/address>\n<address>Turno: Noturno (de segunda-feira a sexta-feira) e manh\u00e3 e tarde (aos s\u00e1bados)<\/address>\n<\/li>\n<\/ul>\n<\/address>\n<p><strong>PROFISS\u00c3O<\/strong>: Professor e pesquisador.<\/p>\n<p><strong>ATIVIDADES INERENTES:<\/strong>\u00a0Participa\u00e7\u00e3o em eventos cient\u00edficos em n\u00edvel regional, nacional e internacional; elabora\u00e7\u00e3o de exposi\u00e7\u00f5es documentais, fotogr\u00e1ficas e de v\u00eddeo; organiza\u00e7\u00e3o e cataloga\u00e7\u00e3o de documentos do n\u00facleo de documenta\u00e7\u00e3o hist\u00f3rica; est\u00e1gio obrigat\u00f3rio em doc\u00eancia; escrita de artigos acad\u00eamicos e trabalhos finais de curso.<\/p>\n<p><strong>\u00c1REAS DE ATUA\u00c7\u00c3O E EXERC\u00cdCIO PROFISSIONAL:<\/strong>\u00a0Doc\u00eancia no ensino fundamental e m\u00e9dio, trabalho em arquivos e museus como historiador ou arquivista, consultoria a entidades sociais, sindicatos, empresas, \u00f3rg\u00e3os governamentais para confec\u00e7\u00e3o de v\u00eddeos, exposi\u00e7\u00f5es e a\u00e7\u00f5es de preserva\u00e7\u00e3o do patrim\u00f4nio hist\u00f3rico.<\/p>\n<p><strong>FORMA\u00c7\u00c3O<\/strong>: Licenciado em Hist\u00f3ria<\/p>\n","protected":false},"excerpt":{"rendered":"<p>Hist\u00f3rico N\u00e3o Dispon\u00edvel OBJETIVOS Pautar-se por princ\u00edpios e valores da \u00e9tica democr\u00e1tica e profissional, reconhecendo e respeitando a diversidade dos sujeitos sociais; Atuar com criticidade e autonomia intelectual, posicionando-se diante do quadro social e pol\u00edtico; Dominar as diferentes concep\u00e7\u00f5es te\u00f3rico-metodol\u00f3gicas que referenciam a constru\u00e7\u00e3o de categorias para a investiga\u00e7\u00e3o e a an\u00e1lise das rela\u00e7\u00f5es s\u00f3cio-hist\u00f3ricas; [&hellip;]<\/p>\n","protected":false},"author":1449,"featured_media":0,"parent":32643,"menu_order":0,"comment_status":"closed","ping_status":"closed","template":"page-templates\/page-coordenadorias.php","meta":{"footnotes":""},"coauthors":[],"class_list":["post-32650","page","type-page","status-publish","hentry"],"_links":{"self":[{"href":"https:\/\/cpaq.ufms.br\/en\/wp-json\/wp\/v2\/pages\/32650","targetHints":{"allow":["GET"]}}],"collection":[{"href":"https:\/\/cpaq.ufms.br\/en\/wp-json\/wp\/v2\/pages"}],"about":[{"href":"https:\/\/cpaq.ufms.br\/en\/wp-json\/wp\/v2\/types\/page"}],"author":[{"embeddable":true,"href":"https:\/\/cpaq.ufms.br\/en\/wp-json\/wp\/v2\/users\/1449"}],"replies":[{"embeddable":true,"href":"https:\/\/cpaq.ufms.br\/en\/wp-json\/wp\/v2\/comments?post=32650"}],"version-history":[{"count":3,"href":"https:\/\/cpaq.ufms.br\/en\/wp-json\/wp\/v2\/pages\/32650\/revisions"}],"predecessor-version":[{"id":32653,"href":"https:\/\/cpaq.ufms.br\/en\/wp-json\/wp\/v2\/pages\/32650\/revisions\/32653"}],"up":[{"embeddable":true,"href":"https:\/\/cpaq.ufms.br\/en\/wp-json\/wp\/v2\/pages\/32643"}],"wp:attachment":[{"href":"https:\/\/cpaq.ufms.br\/en\/wp-json\/wp\/v2\/media?parent=32650"}],"wp:term":[{"taxonomy":"author","embeddable":true,"href":"https:\/\/cpaq.ufms.br\/en\/wp-json\/wp\/v2\/coauthors?post=32650"}],"curies":[{"name":"wp","href":"https:\/\/api.w.org\/{rel}","templated":true}]}}