{"id":31302,"date":"2022-08-11T13:53:45","date_gmt":"2022-08-11T17:53:45","guid":{"rendered":"https:\/\/cpaq.ufms.br\/?page_id=31302"},"modified":"2024-09-26T14:07:11","modified_gmt":"2024-09-26T18:07:11","slug":"geografia-bacharelado-publicacoes","status":"publish","type":"page","link":"https:\/\/cpaq.ufms.br\/en\/geografia\/geografia-bacharelado-publicacoes\/","title":{"rendered":"Geografia Bacharelado &#8211; Publica\u00e7\u00f5es"},"content":{"rendered":"<div class=\"panel panel-info\"><div class=\"panel-heading\">Revista do Curso<\/div><div class=\"panel-body\">\n<p>Acesse a revista do curso de Geografia <a href=\"https:\/\/periodicos.ufms.br\/index.php\/revpan\">Revista PANTANEIRA<\/a><\/p>\n<\/div><\/div>\n<div class=\"panel panel-info\"><div class=\"panel-heading\">TCC Apresentados<\/div><div class=\"panel-body\">\n<div class=\"panel-group\" id=\"custom-collapse-0\">\n<div class=\"panel panel-default\">\n\t\t\t\t<div class=\"panel-heading\">\n\t\t\t\t\t<h4 class=\"panel-title\">\n\t\t\t\t\t\t<a class=\"collapsed\" data-toggle=\"collapse\" data-parent=\"#custom-collapse-0\" href=\"#custom-collapse-0-0\">Ano de Apresenta\u00e7\u00e3o 2024<\/a>\n\t\t\t\t\t<\/h4>\n\t\t\t\t<\/div>\n\t\t\t\t<div id=\"custom-collapse-0-0\" class=\"panel-collapse collapse\">\n\t\t\t\t\t<div class=\"panel-body\">\n<p>DISCENTE: Raquel Marques e Marcilei Gabriel da Silva<\/p>\n<p>ORIENTADOR(A): Gustavo da Silva<\/p>\n<p>T\u00cdTULO DO TRABALHO: <strong><a href=\"https:\/\/repositorio.ufms.br\/handle\/123456789\/8366\">O uso da cartografia no mapeamento colaborativo\/participativo na an\u00e1lise dos problemas urbanos na Aldeia Bananal, Aquidauana\/MS<\/a><\/strong><\/p>\n<p>DISCENTE: Franciele Ferreira Marcelino<\/p>\n<p>ORIENTADOR(A): Gustavo da Silva<\/p>\n<p>T\u00cdTULO DO TRABALHO: <strong><a href=\"https:\/\/repositorio.ufms.br\/handle\/123456789\/8899\">Caracteriza\u00e7\u00e3o da Paisagem no munic\u00edpio de Porto Murtinho\u00a0\u2013 MS<\/a><\/strong><\/p>\n<p>DISCENTE: Rafael Esbizero dos Santos Peixoto<\/p>\n<p>ORIENTADOR(A): Gustavo da Silva<\/p>\n<p>T\u00cdTULO DO TRABALHO: <strong><a href=\"https:\/\/repositorio.ufms.br\/handle\/123456789\/8984\">Infraestrutura de Saneamento da \u00c1rea Urbana dos Munic\u00edpios de Aquidauana e Anast\u00e1cio\/MS<\/a><\/strong><\/p>\n<\/div>\n\t\t\t\t<\/div>\n\t\t\t<\/div>\n<div class=\"panel panel-default\">\n\t\t\t\t<div class=\"panel-heading\">\n\t\t\t\t\t<h4 class=\"panel-title\">\n\t\t\t\t\t\t<a class=\"collapsed\" data-toggle=\"collapse\" data-parent=\"#custom-collapse-0\" href=\"#custom-collapse-0-1\">Ano de Apresenta\u00e7\u00e3o 2023<\/a>\n\t\t\t\t\t<\/h4>\n\t\t\t\t<\/div>\n\t\t\t\t<div id=\"custom-collapse-0-1\" class=\"panel-collapse collapse\">\n\t\t\t\t\t<div class=\"panel-body\">\n<p>DISCENTE: \u00a0Nilverton Rodrigues de Moraes<\/p>\n<p>ORIENTADOR(A): Fernando Rodrigo Farias<\/p>\n<p>T\u00cdTULO DO TRABALHO: \u00a0<strong><a href=\"https:\/\/repositorio.ufms.br\/simple-search?query=+Nilverton+Rodrigues+de+Moraes#:~:text=A%20expans%C3%A3o%20do%20cultivo%20das%20culturas%20agr%C3%ADcolas%20anuais%20no%20munic%C3%ADpio%20de%20Maracaju%20Mato%20Grosso%20do%20Sul%3A%20p%C3%B3s%202000.\">Uma an\u00e1lise da expans\u00e3o das principais culturas anuais agr\u00edcolas do munic\u00edpio de Maracaju Mato Grosso do Sul a partir do ano de 2000<\/a><\/strong><\/p>\n<p>DISCENTE: Luiz Alberto Tolotti<\/p>\n<p>ORIENTADOR(A): Emerson Figueiredo Leite<\/p>\n<p>T\u00cdTULO DO TRABALHO: <strong><a href=\"https:\/\/repositorio.ufms.br\/handle\/123456789\/7698\">Mapeamento dos aspectos f\u00edsicos e do uso e cobertura da terra no munic\u00edpio de Caracol\/MS<\/a><\/strong><\/p>\n<p>DISCENTE: Luiz Felipe Oviedo das Neves<\/p>\n<p>ORIENTADOR(A): Emerson Figueiredo Leite<\/p>\n<p>T\u00cdTULO DO TRABALHO: <strong><a href=\"https:\/\/repositorio.ufms.br\/handle\/123456789\/7700\">An\u00e1lise de imagens de sat\u00e9lite e dados de uso e cobertura da terra do munic\u00edpio de Miranda\/MS<\/a><\/strong><\/p>\n<p>DISCENTE: Polyana Pinheiro Garcia Santos Ferreira<\/p>\n<p>ORIENTADOR(A): Lucy Ribeiro Ayach<\/p>\n<p>T\u00cdTULO DO TRABALHO: <strong><a href=\"https:\/\/repositorio.ufms.br\/handle\/123456789\/7529\">An\u00e1lise dos aspectos econ\u00f4micos e ambientais como subs\u00eddio para a busca de uma gest\u00e3o ambiental integrada na Bacia Hidrogr\u00e1fica do Rio Salobra\/MS<\/a><\/strong><\/p>\n<p>DISCENTE: ADILSON CARDOSO DE OLIVEIRA<\/p>\n<p>ORIENTADOR(A): GUSTAVO DA SILVA<\/p>\n<p>T\u00cdTULO DO TRABALHO: <a href=\"https:\/\/drive.google.com\/file\/d\/19cQU94VQPeIW-NNhmU_gaYUYu7k8c3bw\/view?usp=sharing\"><strong>LEVANTAMENTO DA ESTRUTURA DO SOLO NA REGI\u00c3O DO BAIXO CURSO DA BACIA HIDROGR\u00c1FICA DO C\u00d3RREGO AC\u00d4GO, ANAST\u00c1CIO\/MS<\/strong><\/a><\/p>\n<p>DISCENTES: SILVANA SOUZA NASCIMENTO MARQUES E WLADIMIR S\u00c1VIO SOUZA NASCIMENTO MARQUES<\/p>\n<p>ORIENTADOR(A): FERNANDO RODRIGO FARIAS<\/p>\n<p>T\u00cdTULO DO TRABALHO: <a href=\"https:\/\/drive.google.com\/file\/d\/127nNmSjqP4lEZeZoGvFgcsiFHpv4zY2i\/view?usp=sharing\"><strong>UM ESTUDO SOCIOECON\u00d4MICO DO ASSENTAMENTO S\u00c3O MANOEL, MUNIC\u00cdPIO DE ANAST\u00c1CIO\/MS<\/strong><\/a><\/p>\n<p>DISCENTE: FRANCIELE ALMEIDA DE LIMA SILVA<\/p>\n<p>ORIENTADOR(A): LUCY RIBEIRO AYACH<\/p>\n<p>T\u00cdTULO DO TRABALHO: <a href=\"https:\/\/drive.google.com\/file\/d\/1dUQOeb39RE_fOUfR9bZSntcHBFdH4zyV\/view?usp=sharing\"><strong>CARACTERIZA\u00c7\u00c3O GEOAMBIENTAL DO ASSENTAMENTO MONJOLINHO, ANAST\u00c1CIO\/MS: UMA AN\u00c1LISE DA DIN\u00c2MICA DA PAISAGEM<\/strong><\/a><\/p>\n<\/div>\n\t\t\t\t<\/div>\n\t\t\t<\/div>\n<div class=\"panel panel-default\">\n\t\t\t\t<div class=\"panel-heading\">\n\t\t\t\t\t<h4 class=\"panel-title\">\n\t\t\t\t\t\t<a class=\"collapsed\" data-toggle=\"collapse\" data-parent=\"#custom-collapse-0\" href=\"#custom-collapse-0-2\">Ano de Apresenta\u00e7\u00e3o 2022<\/a>\n\t\t\t\t\t<\/h4>\n\t\t\t\t<\/div>\n\t\t\t\t<div id=\"custom-collapse-0-2\" class=\"panel-collapse collapse\">\n\t\t\t\t\t<div class=\"panel-body\">\n<p>DISCENTE: Jully Maira Rodrigues<br \/>\nORIENTADOR(A): Eloise Mello Viana de Moraes<\/p>\n<p>T\u00cdTULO DO TRABALHO: <a href=\"https:\/\/drive.google.com\/file\/d\/1e_TIkpX2zAAkkT0aL1F8yPGYzvcNiVCt\/view?usp=sharing\"><strong>APTID\u00c3O AGR\u00cdCOLA DOS SOLOS DO MUNIC\u00cdPIO DE AQUIDAUANA-MS<\/strong><\/a><\/p>\n<p>DISCENTE: Cleudin\u00e9ia Santos Domingos Ruiz<br \/>\nORIENTADOR(A): Gustavo da Silva<\/p>\n<p>T\u00cdTULO DO TRABALHO: <a href=\"https:\/\/drive.google.com\/file\/d\/114kOfkEvzyXFB8yaQkcyaML5gH9IDOVC\/view?usp=sharing\"><strong>CARACTERIZA\u00c7\u00c3O AMBIENTAL DA BACIA HIDROGR\u00c1FICA DO C\u00d3RREGO JO\u00c3O DIAS, AQUIDAUANA\/MS<\/strong><\/a><\/p>\n<p>DISCENTE: Donizeth Ferreira de Souza<br \/>\nORIENTADOR(A): Elis\u00e2ngela Martins de Carvalho<\/p>\n<p>T\u00cdTULO DO TRABALHO: <a href=\"https:\/\/drive.google.com\/file\/d\/1nrMdufQKPt9Z78scblyNZ48aGX_iE7a6\/view?usp=sharing\"><strong>CARACTERIZA\u00c7\u00c3O GEOL\u00d3GICA DA \u00c1REA DE DUQUE ESTRADA, MIRANDA\/MS<\/strong><\/a><\/p>\n<p>DISCENTE: Leopoldo Rodrigues Garcia<br \/>\nORIENTADOR(A): Gustavo da Silva<\/p>\n<p>T\u00cdTULO DO TRABALHO: <a href=\"https:\/\/drive.google.com\/file\/d\/1k4Wn3cEGEiTJR59-mljvg5yrt5_cA9dk\/view?usp=sharing\"><strong>UMA PERSPECTIVA DE INSER\u00c7\u00c3O DO GE\u00d3GRAFO NO MERCADO DE TRABALHO NA REGI\u00c3O DE AQUIDAUANA\/MS<\/strong><\/a><\/p>\n<p>DISCENTE: Aline Vargas de Moraes<br \/>\nORIENTADOR(A): Gustavo da Silva<\/p>\n<p>T\u00cdTULO DO TRABALHO: <a href=\"https:\/\/drive.google.com\/file\/d\/1EnDvyiyTabWh3LpWh63x9Lzvnks5JIMs\/view?usp=sharing\"><strong>GERENCIAMENTO DE RES\u00cdDUOS S\u00d3LIDOS DE SERVI\u00c7OS DE SA\u00daDE DA SANTA CASA DE MISERIC\u00d3RDIA, CORUMB\u00c1\/MS<\/strong><\/a><\/p>\n<p>DISCENTE: Cacilda Lemes da Silva<br \/>\nORIENTADOR(A): Ana Paula Archanjo Batarce<\/p>\n<p>T\u00cdTULO DO TRABALHO: <a href=\"https:\/\/drive.google.com\/file\/d\/13IzUfZe2C5kP7MmAm7tMxcnpIaNvEMET\/view?usp=sharing\"><strong>AN\u00c1LISE DO PROCESSO DE TRANSFORMA\u00c7\u00c3O CULTURAL NO TERRIT\u00d3RIO IND\u00cdGENA ALDEIA ALDEINHA &#8211; ANAST\u00c1CIO-MS<\/strong><\/a><\/p>\n<p>DISCENTE: Rosana Ajala da Silva<br \/>\nORIENTADOR(A): Vicente Rocha Silva<\/p>\n<p style=\"text-align: justify\">T\u00cdTULO DO TRABALHO: <a href=\"https:\/\/drive.google.com\/file\/d\/1qtoO6i7gqZv-4bOsPAlKOc3txTvfTjAr\/view?usp=sharing\"><strong>ESTUDO DE CASO DE FATORES QUE DIFICULTAM A PERMAN\u00caNCIA DE DISCENTES DOS CURSOS DE GEOGRAFIA DA UNIVERSIDADE FEDERAL DE MATO GROSSO DO SUL &#8211; CAMPUS DE AQUIDAUANA EM 2017<\/strong><\/a><\/p>\n<\/div>\n\t\t\t\t<\/div>\n\t\t\t<\/div>\n<div class=\"panel panel-default\">\n\t\t\t\t<div class=\"panel-heading\">\n\t\t\t\t\t<h4 class=\"panel-title\">\n\t\t\t\t\t\t<a class=\"collapsed\" data-toggle=\"collapse\" data-parent=\"#custom-collapse-0\" href=\"#custom-collapse-0-3\">Ano de Apresenta\u00e7\u00e3o 2021<\/a>\n\t\t\t\t\t<\/h4>\n\t\t\t\t<\/div>\n\t\t\t\t<div id=\"custom-collapse-0-3\" class=\"panel-collapse collapse\">\n\t\t\t\t\t<div class=\"panel-body\">\n<p>DISCENTE: Vanessa Vieira Rocha<br \/>\nORIENTADOR(A): Gustavo da Silva<\/p>\n<p>T\u00cdTULO DO TRABALHO: <a href=\"https:\/\/drive.google.com\/file\/d\/1t8sp8UU_Vl7zq4m4c4Ovi4LaSYWN4I0Y\/view?usp=sharing\"><strong>An\u00e1lise da Vulnerabilidade Ambiental da Bacia Hidrogr\u00e1fica do Ribeir\u00e3o Taquaru\u00e7u, Anast\u00e1cio\/MS<\/strong><\/a><\/p>\n<p>DISCENTE: Giovana Olive Mendon\u00e7a<br \/>\nORIENTADOR(A): Gustavo da Silva<\/p>\n<p>T\u00cdTULO DO TRABALHO: <a href=\"https:\/\/drive.google.com\/file\/d\/1ndWFyVtRMwrLNdzUbuwPHCC4KSPF8AeJ\/view?usp=sharing\"><strong>Qualidade ambiental e de vida urbana do Bairro Nova, Aquidauana\/MS<\/strong><\/a><\/p>\n<p>DISCENTE: Jackeline Souza Silva<br \/>\nORIENTADOR(A): Gustavo da Silva<\/p>\n<p>T\u00cdTULO DO TRABALHO: <a href=\"https:\/\/drive.google.com\/file\/d\/1WoWuiz14pqdwf4zVD1I_UXGu4Dioh5nK\/view?usp=sharing\"><strong>Levantamento e espacializa\u00e7\u00e3o dos casos de leishmaniose visceral canina e dengue na \u00e1rea urbana de Aquidauana\/MS<\/strong><\/a><\/p>\n<p>DISCENTE: Amani Claudino Peralta<br \/>\nORIENTADOR(A): Gustavo da Silva<\/p>\n<p>T\u00cdTULO DO TRABALHO: <a href=\"https:\/\/drive.google.com\/file\/d\/1nQnHdcXRw9tp2WE_BwJu55CsbCnWqfrt\/view?usp=sharing\"><strong>Caracteriza\u00e7\u00e3o Morfom\u00e9trica da Bacia Hidrogr\u00e1fica do Ribeir\u00e3o Taquaru\u00e7u, Anast\u00e1cio\/MS<\/strong><\/a><\/p>\n<p>DISCENTE: M\u00e1rcia Gimenes Gomes<br \/>\nORIENTADOR(A): Gustavo da Silva<\/p>\n<p>T\u00cdTULO DO TRABALHO: <a href=\"https:\/\/drive.google.com\/file\/d\/1J_oz_pl3CygpEnUDPuYVBAw3LQe155zV\/view?usp=sharing\"><strong>Qualidade ambiental e de vida urbana do Bairro Serraria, Aquidauana\/MS<\/strong><\/a><\/p>\n<p>DISCENTE: Jaqueline Cervantes<br \/>\nORIENTADOR(A): Nelson Marisco<\/p>\n<p>T\u00cdTULO DO TRABALHO:<strong><a href=\"https:\/\/drive.google.com\/file\/d\/150cHXFHnlgyQ_bMJI6orGtnbunXt_J4O\/view?usp=sharing\">O processo de valoriza\u00e7\u00e3o da terra: Vila Ycara\u00ed na cidade de Aquidauana-MS<\/a><\/strong><\/p>\n<p>DISCENTE: Ana Fl\u00e1via Gomes Fernandes<br \/>\nORIENTADOR(A): Lucy Ribeiro Ayach<\/p>\n<p>T\u00cdTULO DO TRABALHO: <a href=\"https:\/\/drive.google.com\/file\/d\/1TIOuybRqDvqUfc4F7lgUyPzJwaCOGVaO\/view?usp=sharing\"><strong>SANEAMENTO, SA\u00daDE E MEIO AMBIENTE URBANO: Implica\u00e7\u00f5es das condi\u00e7\u00f5es dos res\u00edduos s\u00f3lidos e esgotamento sanit\u00e1rio nas cidades de Aquidauana e Anast\u00e1cio &#8211; MS.<\/strong><\/a><\/p>\n<p>DISCENTE: Maira Regina Rodrigues Campos<br \/>\nORIENTADOR(A): Camilo Alejandro Bustos \u00c1vila<\/p>\n<p>T\u00cdTULO DO TRABALHO: <a href=\"https:\/\/drive.google.com\/file\/d\/1vNQgwI-qBs9K3ba0TX6gZrbbs9zYgc41\/view?usp=sharing\"><strong>EXIST\u00caNCIA E RESIST\u00caNCIA DA POPULA\u00c7\u00c3O IND\u00cdGENA NO PER\u00cdMETRO URBANO, MUNIC\u00cdPIO DE ANAST\u00c1CIO\/MS<\/strong><\/a><\/p>\n<p>DISCENTE: Talissa da Silva Correa<br \/>\nORIENTADOR(A): Gustavo da Silva<\/p>\n<p>T\u00cdTULO DO TRABALHO: <a href=\"https:\/\/drive.google.com\/file\/d\/1oSrdrpWzCMASYr0__mX0hxxbI29eg89x\/view?usp=sharing\"><strong>Caracteriza\u00e7\u00e3o do Res\u00edduo S\u00f3lido\/Lixo domiciliar na Aldeia Col\u00f4nia Nova, Aquidauana\/MS<\/strong><\/a><\/p>\n<p>DISCENTE: Diogo Pio<br \/>\nORIENTADOR(A): Gustavo da Silva<\/p>\n<p>T\u00cdTULO DO TRABALHO: <a href=\"https:\/\/drive.google.com\/file\/d\/1qAViFzDvvyNC_9Xpbx3WhoEgPKSI4A6b\/view?usp=sharing\"><strong>An\u00e1lise do Saneamento B\u00e1sico da Aldeia Bananal: Estudo de caso o abastecimento de \u00e1gua, rede de esgoto e res\u00edduos s\u00f3lidos\/lixo domiciliar, Aquidauana\/MS<\/strong><\/a><\/p>\n<p>DISCENTE: Daniely Pereira Pedroso<br \/>\nORIENTADOR(A): Gustavo da Silva<\/p>\n<p>T\u00cdTULO DO TRABALHO: <a href=\"https:\/\/drive.google.com\/file\/d\/16N8uTdPCoiYa_j0njJNf8VpK1pv_HAok\/view?usp=sharing\"><strong>Caracteriza\u00e7\u00e3o ambiental da Bacia Hidrogr\u00e1fica Ribeir\u00e3o Taquaru\u00e7u, Anast\u00e1cio\/MS<\/strong><\/a><\/p>\n<div class=\"panel panel-default\">\n\t\t\t\t<div class=\"panel-heading\">\n\t\t\t\t\t<h4 class=\"panel-title\">\n\t\t\t\t\t\t<a class=\"collapsed\" data-toggle=\"collapse\" data-parent=\"#custom-collapse-0\" href=\"#custom-collapse-0-4\">Ano de Apresenta\u00e7\u00e3o 2020<\/a>\n\t\t\t\t\t<\/h4>\n\t\t\t\t<\/div>\n\t\t\t\t<div id=\"custom-collapse-0-4\" class=\"panel-collapse collapse\">\n\t\t\t\t\t<div class=\"panel-body\"><\/div>\n\t\t\t\t<\/div>\n\t\t\t<\/div>\n<p>DISCENTE: BRENDA FIGUEIREDO DA SILVA<br \/>\nORIENTADOR(A): ELIS\u00c2NGELA MARTINS DE CARVALHO<br \/>\nT\u00cdTULO DO TRABALHO: \u00a0<a href=\"https:\/\/drive.google.com\/file\/d\/1A3zihxR1CxRd7hjqF8tCZlvHgH9FaJje\/view?usp=sharing\">CARACTERIZA\u00c7\u00c3O GEOMORFOL\u00d3GICA DO MUNIC\u00cdPIO DE AQUIDAUANA\/ MS<\/a><\/p>\n<p>DISCENTE: BRUNA HAUBRICHT<br \/>\nORIENTADOR(A): RICARDO LOPES BATISTA<br \/>\nT\u00cdTULO DO TRABALHO<a href=\"https:\/\/drive.google.com\/file\/d\/1nrybQd3LKDFZrtREIBjm6gqclKoeSO_A\/view?usp=sharing\">: \u00a0GEOGRAFIA E VIOL\u00caNCIA: UM ESTUDO DA VIOL\u00caNCIA DOM\u00c9STICA EM NIOAQUE-MS<\/a><\/p>\n<p>DISCENTE: CRISTIAN RAMIRES MARTINS DE SOUZA<br \/>\nORIENTADOR(A): FERNANDO RODRIGO FARIAS<br \/>\nT\u00cdTULO DO TRABALHO: \u00a0<a href=\"https:\/\/drive.google.com\/file\/d\/1hplEl6abDq3P4o_-OL0Th3dWr9uY280O\/view?usp=sharing\">UM ESTUDO DA COMPOSI\u00c7\u00c3O ECON\u00d4MICA DO MUNIC\u00cdPIO DE AQUIDAUANA-MS<\/a><\/p>\n<p>DISCENTE: EDWINA SANTOS DA COSTA<br \/>\nORIENTADOR(A): EMERSON FIGUEIREDO LEITE<br \/>\nT\u00cdTULO DO TRABALHO<a href=\"https:\/\/drive.google.com\/file\/d\/1EFrH5lOM4zoGbPBQVL7rpad2_UBmpW6h\/view?usp=sharing\">: \u00a0AN\u00c1LISE DE FRAGILIDADE AMBIENTAL DA BACIA HIDROGR\u00c1FICA DO RIO NIOAQUE-MS<\/a><\/p>\n<p>DISCENTE: FRANCIELE COSTA MARTINS<br \/>\nORIENTADOR(A): GUSTAVO DA SILVA<br \/>\nT\u00cdTULO DO TRABALHO: \u00a0<a href=\"https:\/\/drive.google.com\/file\/d\/1sykPawTK9Vhl72uGzRM9B38ZBSwqEMVS\/view?usp=sharing\">TERRIT\u00d3RIOS DE ASSENTAMENTOS RURAIS DE BODOQUENA-MS, ANALISADOS A PARTIR DE REPRESENTA\u00c7\u00d5ES F\u00cdSICO \u2013 AMBIENTAIS<\/a><\/p>\n<p>DISCENTE: T\u00c2NIA MENDES DOS SANTOS<br \/>\nORIENTADOR(A): EVA TEIXEIRA DOS SANTOS<br \/>\nT\u00cdTULO DO TRABALHO: <a href=\"https:\/\/drive.google.com\/file\/d\/1P7JgXh0UtjzroqrxFJeGPzo-wNPVAyM-\/view?usp=sharing\">MORBIMORTALIDADE POR COVID 19 NA POPULA\u00c7\u00c3O DA TERRA IND\u00cdGENA TAUNAY\/IPEGUE \u2013 AQUIDAUANA\/MS, 2020<\/a><\/p>\n<p>DISCENTE: EDWINA SANTOS DA COSTA.<br \/>\nORIENTADOR(A): EMERSON FIGUEIREDO LEITE<\/p>\n<p>T\u00cdTULO DO TRABALHO: <a href=\"https:\/\/drive.google.com\/file\/d\/1kTXdGzXfMCtd7jlAUBlSdpK-5a4CzyBG\/view?usp=sharing\">AN\u00c1LISE DE FRAGILIDADE AMBIENTAL DA BACIA HIDROGR\u00c1FICA DO RIO NIOAQUE\/MS<\/a><\/p>\n<\/div>\n\t\t\t\t<\/div>\n\t\t\t<\/div>\n<div class=\"panel panel-default\">\n\t\t\t\t<div class=\"panel-heading\">\n\t\t\t\t\t<h4 class=\"panel-title\">\n\t\t\t\t\t\t<a class=\"collapsed\" data-toggle=\"collapse\" data-parent=\"#custom-collapse-0\" href=\"#custom-collapse-0-5\">Ano de Apresenta\u00e7\u00e3o 2019<\/a>\n\t\t\t\t\t<\/h4>\n\t\t\t\t<\/div>\n\t\t\t\t<div id=\"custom-collapse-0-5\" class=\"panel-collapse collapse\">\n\t\t\t\t\t<div class=\"panel-body\">\n<p>DISCENTE: ALFREDO AGUIRRE DA PAIX\u00c3O<br \/>\nORIENTADOR(A): EVA TEIXEIRA DOS SANTOS<br \/>\nT\u00cdTULO DO TRABALHO: \u00a0<a href=\"https:\/\/drive.google.com\/file\/d\/1dI7oouz6XBlsr5HmrStVL1oxgfGjkk9X\/view?usp=sharing\">AN\u00c1LISE DA MORBI-MORTALIDADE DA POPULA\u00c7\u00c3O IDOSA DAS MICRORREGI\u00d5ES GEOGR\u00c1FICAS DE AQUIDAUANA E BAIXO PANTANAL\/MS, NO PER\u00cdODO DE 2007 A 2016<\/a><\/p>\n<p>DISCENTE: APARECIDA VELASQUES DE GOES<br \/>\nORIENTADOR(A): VICENTE ROCHA SILVA<br \/>\nT\u00cdTULO DO TRABALHO: \u00a0<a href=\"https:\/\/drive.google.com\/file\/d\/1rj-KzMOj_NkOgOj4TD1-MYz-ck8_GIYf\/view?usp=sharing\">LEVANTAMENTO PLANIM\u00c9TRICO COM USO DO GNSS: DA COL\u00d4NIA BURITI, AQUIDAUANA \u2013 MS<\/a><\/p>\n<p>DISCENTE: CAROLINE ESCOBAR SANTOS<br \/>\nORIENTADOR(A): VICENTE ROCHA SILVA<br \/>\nT\u00cdTULO DO TRABALHO: \u00a0<a href=\"https:\/\/drive.google.com\/file\/d\/1C5zV5iA6kBy8J9ej4ZOsMEwk4HQOH-yF\/view?usp=sharing\">AS INUNDA\u00c7\u00d5ES DO RIO AQUIDAUANA NAS \u00c1REAS URBANAS DOS MUNIC\u00cdPIOS DE AQUIDAUANA E ANAST\u00c1CIO \u2013 MS: UMA ABORDAGEM HIST\u00d3RICA E GEOGR\u00c1FICA<\/a><\/p>\n<p>DISCENTE: CERIZI FRANCELINO FIALHO<br \/>\nORIENTADOR(A): CAMILO ALEJANDRO BUSTOS<br \/>\nT\u00cdTULO DO TRABALHO: \u00a0<a href=\"https:\/\/drive.google.com\/file\/d\/1p8TmrUi20jQwHXfhp76Dv49GLa0kvYdK\/view?usp=sharing\">O PROCESSO HIST\u00d3RICO DA RETOMADA DO TERRIT\u00d3RIO TRADICIONAL DOS TERENA DA TI\/TAUNAY IPEGUE<\/a><\/p>\n<p>DISCENTE: CL\u00c1UDIO RODOLFO DA SILVA FILHO<br \/>\nORIENTADOR(A): FERNANDO RODRIGO FARIAS<br \/>\nT\u00cdTULO DO TRABALHO: \u00a0<a href=\"https:\/\/drive.google.com\/file\/d\/1P6ge4V1c049nZ3U9NzRAo7s5LK3c4qiz\/view?usp=sharing\">ESTUDO SOCIOESPACIAL DOS D\u00c9FICITS HABITACIONAIS \u2013 UMA AN\u00c1LISE DO PROGRAMA CART\u00c3O REFORMA NO MUNIC\u00cdPIO DE AQUIDAUANA<\/a><\/p>\n<p>DISCENTE: JONAFER RIVAS LEITE<br \/>\nORIENTADOR(A): EVA TEIXEIRA DOS SANTOS<br \/>\nT\u00cdTULO DO TRABALHO: \u00a0<a href=\"https:\/\/drive.google.com\/file\/d\/1TYT20t4mewR5FKPPpgkxxI02MFtplsBF\/view?usp=sharing\">COLETA E DISPOSI\u00c7\u00c3O FINAL DOS RES\u00cdDUOS S\u00d3LIDOS URBANOS EM ANAST\u00c1CIO-MS \u2013 PERSPECTIVA DE SENSIBILIZA\u00c7\u00c3O EM UMA UNIDADE ESCOLAR<\/a><\/p>\n<\/div>\n\t\t\t\t<\/div>\n\t\t\t<\/div>\n<div class=\"panel panel-default\">\n\t\t\t\t<div class=\"panel-heading\">\n\t\t\t\t\t<h4 class=\"panel-title\">\n\t\t\t\t\t\t<a class=\"collapsed\" data-toggle=\"collapse\" data-parent=\"#custom-collapse-0\" href=\"#custom-collapse-0-6\">Ano de Apresenta\u00e7\u00e3o 2018<\/a>\n\t\t\t\t\t<\/h4>\n\t\t\t\t<\/div>\n\t\t\t\t<div id=\"custom-collapse-0-6\" class=\"panel-collapse collapse\">\n\t\t\t\t\t<div class=\"panel-body\">\n<p>DISCENTE: \u00a0ALCIONE ELIAS DE OLIVEIRA<\/p>\n<p>ORIENTADOR(A): ANT\u00d4NIO FIRMINO DE OLIVEIRA NETO<br \/>\nT\u00cdTULO DO TRABALHO: \u00a0<a href=\"https:\/\/drive.google.com\/file\/d\/17VjZd_BrIBduuo6OnQP27cW7npL96UoN\/view?usp=sharing\">VIDA RURAL NO BAIRRO NOVA AQUIDAUANA<\/a><\/p>\n<p>DISCENTE: \u00a0ANA PAULA DE SOUZA LARA<br \/>\nORIENTADOR(A): VALTER GUIMAR\u00c3ES<br \/>\nT\u00cdTULO DO TRABALHO: \u00a0<a href=\"https:\/\/drive.google.com\/file\/d\/1pIxYSXCsFyfPPFxSZab6NfFYcxrj2l8j\/view?usp=sharing\">O ESPA\u00c7O VIVIDO COMO LABORAT\u00d3RIO DE COMPREENS\u00c3O DA PAISAGEM: ASSENTAMENTO CAMPINA EM BODOQUENA\/MS<\/a><\/p>\n<p>DISCENTE: \u00a0DIEGO DA SILVA DAS CHAGAS<br \/>\nORIENTADOR(A): EVA TEIXEIRA DOS SANTOS<br \/>\nT\u00cdTULO DO TRABALHO: \u00a0<a href=\"https:\/\/drive.google.com\/file\/d\/1Hs-n3UQGDnZTHzA0vW_osxbpmpC9P7DC\/view?usp=sharing\">AN\u00c1LISE DA OCORR\u00caNCIA DE LEISHMANIOSE NO PER\u00cdODO DE 2007 A 2017, NO MUNICIPIO DE AQUIDAUANA\/MS<\/a><\/p>\n<p>DISCENTE: \u00a0EMERSON PINHEIRO DOS SANTOS BENITES<br \/>\nORIENTADOR(A): JAIME FERREIRA DA SILVA<br \/>\nT\u00cdTULO DO TRABALHO: \u00a0<a href=\"https:\/\/drive.google.com\/file\/d\/1xA8tcpQD8E4WCDYUgzRLfCxyGjsHzAHc\/view?usp=sharing\">GEORREFERENCIAMENTO VILA TRINDADE \u2013 AQUIDAUANA\/MS<\/a><\/p>\n<p>DISCENTE: \u00a0JOILSON MARIM<br \/>\nORIENTADOR(A): JAIME FERREIRA DA SILVA<br \/>\nT\u00cdTULO DO TRABALHO: \u00a0<a href=\"https:\/\/drive.google.com\/file\/d\/1ff5ZXCIlVWDk45-VKItJ85T9hWIXbrv8\/view?usp=sharing\">AQUIDAUANA: UM ESTUDO SOBRE A EXPANS\u00c3O DO PER\u00cdMETRO URBANO ENTRE (1933 A 2018)<\/a><\/p>\n<p>DISCENTE: \u00a0MARILENE LUIZ DE FREITAS<br \/>\nORIENTADOR(A): LUCY\u00a0RIBEIRO AYACH<br \/>\nT\u00cdTULO DO TRABALHO: \u00a0<a href=\"https:\/\/drive.google.com\/file\/d\/1hyelP-y-zeJAXQs_QKaiItxy20ef6aTh\/view?usp=sharing\">IDENTIFICA\u00c7\u00c3O E ESPACIALIZA\u00c7\u00c3O DAS ESP\u00c9CIES NATIVAS ARB\u00d3REAS DO CAMPUS DE AQUIDAUANA -UFMS<\/a><\/p>\n<p>DISCENTE: \u00a0ODINEI DA SILVA NEVES<br \/>\nORIENTADOR(A): EVA TEIXEIRA DOS SANTOS<br \/>\nT\u00cdTULO DO TRABALHO: \u00a0<a href=\"https:\/\/drive.google.com\/file\/d\/1eRs9g31OLZQwblgjHJMAmiBykO1EaUek\/view?usp=sharing\">H\u00c1BITOS DE VIDA E SA\u00daDE DOS MORADORES DO BAIRRO CIDADE NOVA \u2013 AQUIDAUANA\/MS<\/a><\/p>\n<p>DISCENTE: \u00a0WANIA DAVILA BELLO<br \/>\nORIENTADOR(A):\u00a0LUCY\u00a0RIBEIRO AYACH<br \/>\nT\u00cdTULO DO TRABALHO: \u00a0<a href=\"https:\/\/drive.google.com\/file\/d\/1EWQjrcOJCZyQZA532pRb3O2TfknHHnaf\/view?usp=sharing\">TRILHAS INTERPRETATIVAS ECOL\u00d3GICAS: UMA PROPOSTA DE FERRAMENTA PARA EDUCA\u00c7\u00c3O AMBIENTAL NO PARQUE NATURAL MUNICIPAL DA LAGOA COMPRIDA<\/a><\/p>\n<p>DISCENTE: \u00a0YANNE DE SOUZA VALLE<br \/>\nORIENTADOR(A): VALTER GUIMAR\u00c3ES<br \/>\nT\u00cdTULO DO TRABALHO: \u00a0<a href=\"https:\/\/drive.google.com\/file\/d\/1vMkAd4iOOtCnUEj1Hjh2jD1SKqD4eZir\/view?usp=sharing\">COMPOSI\u00c7\u00c3O TEXTURAL DE FRA\u00c7\u00d5ES FINAS PARA AMOSTRAGEM DE SOLOS EM ASSENTAMENTOS RURAIS DE ANAST\u00c1CIO-MS E BODOQUENA-MS<\/a><\/p>\n<\/div>\n\t\t\t\t<\/div>\n\t\t\t<\/div>\n<div class=\"panel panel-default\">\n\t\t\t\t<div class=\"panel-heading\">\n\t\t\t\t\t<h4 class=\"panel-title\">\n\t\t\t\t\t\t<a class=\"collapsed\" data-toggle=\"collapse\" data-parent=\"#custom-collapse-0\" href=\"#custom-collapse-0-7\">Ano de Apresenta\u00e7\u00e3o 2017<\/a>\n\t\t\t\t\t<\/h4>\n\t\t\t\t<\/div>\n\t\t\t\t<div id=\"custom-collapse-0-7\" class=\"panel-collapse collapse\">\n\t\t\t\t\t<div class=\"panel-body\">\n<p>DISCENTE: JOELMA CASTRO BELMONTE<br \/>\nORIENTADOR(A):\u00a0LUCY RIBEIRO AYACH<br \/>\nT\u00cdTULO DO TRABALHO: \u00a0<a href=\"https:\/\/drive.google.com\/file\/d\/1eeE6l9cvOuSNwfICOMI181Wug7SNUtTz\/view?usp=sharing\">CONTRIBUI\u00c7\u00c3O \u00c0 AN\u00c1LISE DO CONS\u00d3RCIO INTERMUNICIPAL PARA\u00a0DESTINA\u00c7\u00c3O FINAL DOS RES\u00cdDUOS S\u00d3LIDOS DA REGI\u00c3O DE JARDIM\/MS<\/a><\/p>\n<p>DISCENTE: LUANA DE ALMEIDA MORENA<br \/>\nORIENTADOR(A): VALTER GUIMAR\u00c3ES<br \/>\nT\u00cdTULO DO TRABALHO: \u00a0<a href=\"https:\/\/drive.google.com\/file\/d\/194fljvEB2ddktvBfhwwNLfbVMWiVaBES\/view?usp=sharing\">ARGUMENTA\u00c7\u00d5ES A RESPEITO DA ESPACIALIZA\u00c7\u00c3O DA \u00c1REA DO PARQUE NATURAL MUNICIPAL DA LAGOA COMPRIDA<\/a><\/p>\n<p>DISCENTE: MARIA EVA ALMEIDA DE LIMA<br \/>\nORIENTADOR(A): FERNANDO RODRIGO FARIAS<br \/>\nT\u00cdTULO DO TRABALHO: \u00a0<a href=\"https:\/\/drive.google.com\/file\/d\/1blVuLE6ncz2vQpoBTIjJRerSS8ZL8k8W\/view?usp=sharing\">A EXPANS\u00c3O URBANA NO MUNIC\u00cdPIO DE ANAST\u00c1CIO, MS, DURANTE O PER\u00cdODO DE 1995 A 2015<\/a><\/p>\n<p>DISCENTE: SILMARA QUEIR\u00d3Z C\u00c2NEPA BRASILIENSE<br \/>\nORIENTADOR(A): JAIME FERREIRA DA SILVA<br \/>\nT\u00cdTULO DO TRABALHO: \u00a0<a href=\"https:\/\/drive.google.com\/file\/d\/1JpRbzMNZijr8SWib4sjCcsWAGGyx7-hR\/view?usp=sharing\">AN\u00c1LISE S\u00d3CIOECON\u00d4MICA E AMBIENTAL DA COL\u00d4NIA XV DE AGOSTO \u2013 AQUIDAUANA-MS<\/a><\/p>\n<p>&nbsp;<\/p>\n<\/div>\n\t\t\t\t<\/div>\n\t\t\t<\/div>\n<\/div>\n<\/div><\/div>\n<div class=\"panel panel-info\"><div class=\"panel-heading\">Artigos e Publica\u00e7\u00f5es do Curso<\/div><div class=\"panel-body\">\n<div class=\"panel-group\" id=\"custom-collapse-1\">\n<div class=\"panel panel-default\">\n\t\t\t\t<div class=\"panel-heading\">\n\t\t\t\t\t<h4 class=\"panel-title\">\n\t\t\t\t\t\t<a class=\"collapsed\" data-toggle=\"collapse\" data-parent=\"#custom-collapse-1\" href=\"#custom-collapse-1-8\">Ano de Publica\u00e7\u00e3o 2022<\/a>\n\t\t\t\t\t<\/h4>\n\t\t\t\t<\/div>\n\t\t\t\t<div id=\"custom-collapse-1-8\" class=\"panel-collapse collapse\">\n\t\t\t\t\t<div class=\"panel-body\">\n<p>AUTORES:\u00a0 Emerson Figueiredo Leite e Elis\u00e2ngela Martins de Carvalho<\/p>\n<p>TITULO: Extens\u00e3o em Geoprocessamento com o Software Spring\/INPE. Caderno da escola de extens\u00e3o [recurso eletr\u00f4nico]: mosaico de relatos de experi\u00eancia de a\u00e7\u00f5es 2018 e 2019 \/ organizadora: Rosa, Fernanda Malinosky Coelho da<\/p>\n<p>LOCAL DE PUBLICA\u00c7\u00c3O:\u00a0<a href=\"https:\/\/repositorio.ufms.br\/handle\/123456789\/5049\">UFMS<\/a><\/p>\n<hr \/>\n<p>AUTORES:\u00a0 Adriana Bilar Chaquime dos Santos; Elisangela Martins de Carvalho<\/p>\n<p>TITULO: An\u00e1lise da vulnerabilidade natural da perda de solos na bacia hidrogr\u00e1fica do Ribeir\u00e3o Vermelho\/MS.<\/p>\n<p>LOCAL DE PUBLICA\u00c7\u00c3O:\u00a0<a href=\"https:\/\/periodicosonline.uems.br\/index.php\/GEOF\/article\/view\/7040\">GEOFRONTER<\/a><\/p>\n<hr \/>\n<p>AUTORES:\u00a0 DE SOUZA OLIVEIRA, NAELMO; SCHIAVO, JOLIMAR ANTONIO; PEREIRA, MARCOS GERVASIO; DA SILVA CO\u00caLHO, ROSELINE; BARROS OZ\u00d3RIO, JEFFERSON MATHEUS;\u00a0<strong>DE MORAES, ELOISE MELLO VIANA<\/strong><\/p>\n<p>TITULO: Pedogenesis of soils with accumulation of organic carbon in the subsurface horizons in a saline lake in the Pantanal wetland of Nhecol\u00e2ndia, Brazil.<\/p>\n<p>LOCAL DE PUBLICA\u00c7\u00c3O:\u00a0<a href=\"https:\/\/www.sciencedirect.com\/science\/article\/abs\/pii\/S0895981122001079?via%3Dihub\">JOURNAL OF SOUTH AMERICAN EARTH SCIENCES<\/a>.<\/p>\n<hr \/>\n<\/div>\n\t\t\t\t<\/div>\n\t\t\t<\/div>\n<div class=\"panel panel-default\">\n\t\t\t\t<div class=\"panel-heading\">\n\t\t\t\t\t<h4 class=\"panel-title\">\n\t\t\t\t\t\t<a class=\"collapsed\" data-toggle=\"collapse\" data-parent=\"#custom-collapse-1\" href=\"#custom-collapse-1-9\">Ano de Publica\u00e7\u00e3o 2021<\/a>\n\t\t\t\t\t<\/h4>\n\t\t\t\t<\/div>\n\t\t\t\t<div id=\"custom-collapse-1-9\" class=\"panel-collapse collapse\">\n\t\t\t\t\t<div class=\"panel-body\">\n<p>AUTORES:\u00a0 DE SOUZA OLIVEIRA, NAELMO; SCHIAVO, JOLIMAR ANTONIO; LARANJEIRA, LA\u00cdS THOMAZ;\u00a0<strong>DE MORAES, ELOISE MELLO VIANA<\/strong>; LIMA, MIRIAM FERREIRA; NUNES, GEISIELLY PEREIRA; PEREIRA, MARCOS GERVASIO<\/p>\n<p>TITULO: Forms of inorganic phosphorus in carbonatic soils in the Pantanal of Mato Grosso do Sul, Brazil.<\/p>\n<p>LOCAL DE PUBLICA\u00c7\u00c3O:\u00a0<a href=\"https:\/\/www.publish.csiro.au\/sr\/SR21007\">Soil Research<\/a><\/p>\n<hr \/>\n<p>AUTORES:\u00a0 DE SOUZA OLIVEIRA, NAELMO; SCHIAVO, JOLIMAR ANTONIO; CIRILO DE SOUZA, ARMANDO; LARANJEIRA, LA\u00cdS THOMAZ;\u00a0<strong>VIANA DE MORAES, ELOISE MELLO<\/strong>; PEREIRA, MARCOS GERVASIO<\/p>\n<p>TITULO: Mineralogy and genesis in an alkaline soil system in the southern Pantanal wetland, Brazil.<\/p>\n<p>LOCAL DE PUBLICA\u00c7\u00c3O:\u00a0<a href=\"https:\/\/linkinghub.elsevier.com\/retrieve\/pii\/S0895981121003035\">JOURNAL OF SOUTH AMERICAN EARTH SCIENCES<\/a><\/p>\n<hr \/>\n<p>AUTORES:\u00a0 MENDON\u00c7A, SUZANA KELLY GOMES;\u00a0<strong>MORAES, ELOISE MELLO VIANA DE<\/strong>; OTERO, XOS\u00c9 LOIS; FERREIRA, TIAGO OS\u00d3RIO; CORR\u00caA, MARCELO METRI; SOUSA, JULIET EM\u00cdLIA SANTOS DE; NASCIMENTO, CLISTENES WILLIAMS ARA\u00daJO DO; NEVES, LA\u00c9RCIO VIEIRA DE MELO WANDERLEY; SOUZA JUNIOR, VALDOMIRO SEVERINO DE<\/p>\n<p>TITULO: Occurrence and pedogenesis of acid sulfate soils in northeastern Brazil.<\/p>\n<p>LOCAL DE PUBLICA\u00c7\u00c3O:\u00a0<a href=\"https:\/\/www.sciencedirect.com\/science\/article\/abs\/pii\/S0341816220304872?via%3Dihub\">CATENA<\/a><\/p>\n<hr \/>\n<p><strong>AUTORES: <\/strong>CAMPELO JUNIOR, M. V.; SILVA, A. T. T.; PULCHERIO, A. S. S. ; AYACH, L. R;\u00a0 WIZIACK, S. R.<\/p>\n<p>TITULO: <strong>A INSER\u00c7\u00c3O DA EDUCA\u00c7\u00c3O AMBIENTAL NO COMPONENTE DE GEOGRAFIA NO CURR\u00cdCULO DE REFER\u00caNCIA DE MATO GROSSO DO SUL<\/strong><\/p>\n<p>LOCAL DE PUBLICA\u00c7\u00c3O:\u00a0<strong>Educa\u00e7\u00e3o Ambiental em A\u00e7\u00e3o<\/strong><\/p>\n<hr \/>\n<\/div>\n\t\t\t\t<\/div>\n\t\t\t<\/div>\n<div class=\"panel panel-default\">\n\t\t\t\t<div class=\"panel-heading\">\n\t\t\t\t\t<h4 class=\"panel-title\">\n\t\t\t\t\t\t<a class=\"collapsed\" data-toggle=\"collapse\" data-parent=\"#custom-collapse-1\" href=\"#custom-collapse-1-10\">Ano de Publica\u00e7\u00e3o 2018<\/a>\n\t\t\t\t\t<\/h4>\n\t\t\t\t<\/div>\n\t\t\t\t<div id=\"custom-collapse-1-10\" class=\"panel-collapse collapse\">\n\t\t\t\t\t<div class=\"panel-body\">\n<p>AUTORES:\u00a0 \u00a0XAVIER, J. C.; CARDUCCI, C. E.;\u00a0<strong>MORAES-VIANA, E. M.<\/strong>; FERREIRA, R. C.; TURTT, J. C. T.<br \/>\nTITULO: Atributos F\u00edsico-H\u00eddricos do Solo e Desempenho Agron\u00f4mico do Linho (Linun usitatissimun L.) sob Cultivo Conservacionista em Dourados\/MS.<\/p>\n<p>LOCAL DE PUBLICA\u00c7\u00c3O:\u00a0<a href=\"https:\/\/cadernos.aba-agroecologia.org.br\/cadernos\/article\/view\/2143\">Cadernos de Agroecologia<\/a><\/p>\n<hr \/>\n<\/div>\n\t\t\t\t<\/div>\n\t\t\t<\/div>\n<\/div>\n<\/div><\/div>\n","protected":false},"excerpt":{"rendered":"","protected":false},"author":1449,"featured_media":0,"parent":31265,"menu_order":0,"comment_status":"closed","ping_status":"closed","template":"page-templates\/page-coordenadorias.php","meta":{"footnotes":""},"coauthors":[],"class_list":["post-31302","page","type-page","status-publish","hentry"],"_links":{"self":[{"href":"https:\/\/cpaq.ufms.br\/en\/wp-json\/wp\/v2\/pages\/31302","targetHints":{"allow":["GET"]}}],"collection":[{"href":"https:\/\/cpaq.ufms.br\/en\/wp-json\/wp\/v2\/pages"}],"about":[{"href":"https:\/\/cpaq.ufms.br\/en\/wp-json\/wp\/v2\/types\/page"}],"author":[{"embeddable":true,"href":"https:\/\/cpaq.ufms.br\/en\/wp-json\/wp\/v2\/users\/1449"}],"replies":[{"embeddable":true,"href":"https:\/\/cpaq.ufms.br\/en\/wp-json\/wp\/v2\/comments?post=31302"}],"version-history":[{"count":26,"href":"https:\/\/cpaq.ufms.br\/en\/wp-json\/wp\/v2\/pages\/31302\/revisions"}],"predecessor-version":[{"id":34949,"href":"https:\/\/cpaq.ufms.br\/en\/wp-json\/wp\/v2\/pages\/31302\/revisions\/34949"}],"up":[{"embeddable":true,"href":"https:\/\/cpaq.ufms.br\/en\/wp-json\/wp\/v2\/pages\/31265"}],"wp:attachment":[{"href":"https:\/\/cpaq.ufms.br\/en\/wp-json\/wp\/v2\/media?parent=31302"}],"wp:term":[{"taxonomy":"author","embeddable":true,"href":"https:\/\/cpaq.ufms.br\/en\/wp-json\/wp\/v2\/coauthors?post=31302"}],"curies":[{"name":"wp","href":"https:\/\/api.w.org\/{rel}","templated":true}]}}