{"id":31224,"date":"2022-08-08T14:59:18","date_gmt":"2022-08-08T18:59:18","guid":{"rendered":"https:\/\/cpaq.ufms.br\/?page_id=31224"},"modified":"2026-04-07T16:46:27","modified_gmt":"2026-04-07T20:46:27","slug":"ciencias-biologicas-publicacoes","status":"publish","type":"page","link":"https:\/\/cpaq.ufms.br\/en\/ciencias-biologicas\/ciencias-biologicas-publicacoes\/","title":{"rendered":"Ci\u00eancias Biol\u00f3gicas &#8211; Publica\u00e7\u00f5es"},"content":{"rendered":"<div class=\"panel panel-info\"><div class=\"panel-heading\">TCC Apresentados<\/div><div class=\"panel-body\">\n<div class=\"panel-group\" id=\"custom-collapse-4\">\n<div class=\"panel panel-default\">\n\t\t\t\t<div class=\"panel-heading\">\n\t\t\t\t\t<h4 class=\"panel-title\">\n\t\t\t\t\t\t<a class=\"collapsed\" data-toggle=\"collapse\" data-parent=\"#custom-collapse-4\" href=\"#custom-collapse-4-13\">Ano de Apresenta\u00e7\u00e3o 2024<\/a>\n\t\t\t\t\t<\/h4>\n\t\t\t\t<\/div>\n\t\t\t\t<div id=\"custom-collapse-4-13\" class=\"panel-collapse collapse\">\n\t\t\t\t\t<div class=\"panel-body\">\n<p>DISCENTE: Cristiane Passos Reis Fidelis<\/p>\n<p>ORIENTADOR: Tatiane do Nascimento Lima<\/p>\n<p>T\u00cdTULO DO TRABALHO: <a href=\"https:\/\/repositorio.ufms.br\/handle\/123456789\/9347\">Relato de Uma Sequ\u00eancia Did\u00e1tica Para o Ensino de Divis\u00e3o Celular: Mitose e Meiose<\/a><\/p>\n<p>&nbsp;<\/p>\n<p>DISCENTE: Andr\u00e9 Luiz Gabriel.<\/p>\n<p>ORIENTADOR: Tatiane do Nascimento Lima<\/p>\n<p>T\u00cdTULO DO TRABALHO: <a href=\"https:\/\/repositorio.ufms.br\/handle\/123456789\/9226\">Despertar da Sensibiliza\u00e7\u00e3o Ambiental a Partir do Tema Dengue em uma Turma dos Anos Finais da Educa\u00e7\u00e3o B\u00e1sica.<\/a><\/p>\n<p>&nbsp;<\/p>\n<p>DISCENTE: Vanessa Faustino Rosa<\/p>\n<p>ORIENTADOR: Tatiane do Nascimento Lima<\/p>\n<p>T\u00cdTULO DO TRABALHO: <a href=\"https:\/\/repositorio.ufms.br\/handle\/123456789\/9348\">Ensino por Investiga\u00e7\u00e3o nas aulas de Ci\u00eancias: conhecendo as serpentes<\/a><\/p>\n<\/div>\n\t\t\t\t<\/div>\n\t\t\t<\/div>\n<div class=\"panel panel-default\">\n\t\t\t\t<div class=\"panel-heading\">\n\t\t\t\t\t<h4 class=\"panel-title\">\n\t\t\t\t\t\t<a class=\"collapsed\" data-toggle=\"collapse\" data-parent=\"#custom-collapse-4\" href=\"#custom-collapse-4-14\">Ano de Apresenta\u00e7\u00e3o 2023<\/a>\n\t\t\t\t\t<\/h4>\n\t\t\t\t<\/div>\n\t\t\t\t<div id=\"custom-collapse-4-14\" class=\"panel-collapse collapse\">\n\t\t\t\t\t<div class=\"panel-body\">\n<p>DISCENTE: Lorena Cristina Pereira Moraes<\/p>\n<p>ORIENTADOR: Tatiane do Nascimento Lima<\/p>\n<p>T\u00cdTULO DO TRABALHO: <a href=\"https:\/\/repositorio.ufms.br\/handle\/123456789\/8165\">Modelo did\u00e1tico da mol\u00e9cula de DNA: constru\u00e7\u00e3o e utiliza\u00e7\u00e3o no ensino de Ci\u00eancias<\/a><\/p>\n<p>&nbsp;<\/p>\n<p>DISCENTE:\u00a0 Thayane Santos Paix\u00e3o<\/p>\n<p>ORIENTADOR: Ricardo Henrique Gentil Pereira<\/p>\n<p>T\u00cdTULO DO TRABALHO: <a href=\"https:\/\/repositorio.ufms.br\/handle\/123456789\/6206\">Avalia\u00e7\u00e3o do Estado Tr\u00f3fico no Trecho Urbano do C\u00f3rrego Jo\u00e3o Dias em Aquidauana \u2013 Mato Grosso do Sul<\/a><\/p>\n<p>&nbsp;<\/p>\n<\/div>\n\t\t\t\t<\/div>\n\t\t\t<\/div>\n<div class=\"panel panel-default\">\n\t\t\t\t<div class=\"panel-heading\">\n\t\t\t\t\t<h4 class=\"panel-title\">\n\t\t\t\t\t\t<a class=\"collapsed\" data-toggle=\"collapse\" data-parent=\"#custom-collapse-4\" href=\"#custom-collapse-4-15\">Ano de Apresenta\u00e7\u00e3o 2022<\/a>\n\t\t\t\t\t<\/h4>\n\t\t\t\t<\/div>\n\t\t\t\t<div id=\"custom-collapse-4-15\" class=\"panel-collapse collapse\">\n\t\t\t\t\t<div class=\"panel-body\">\n<p>DISCENTE: Andre\u00e7a de Andrade da Silva<br \/>\nORIENTADOR: Bruna Gardenal Fina Cicalise<br \/>\nTITULO DO TRABALHO: Jardim Sensorial: subs\u00eddios para escolha\u00a0das esp\u00e9cies e elabora\u00e7\u00e3o de<br \/>\nroteiros educativos<\/p>\n<p>DISCENTE: Karine Est\u00e9fanin Moringo de Oliveira<br \/>\nORIENTADOR: Bruna Gardenal Fina Cicalise<\/p>\n<p>TITULO DO TRABALHO: Uso de embalagens recicl\u00e1veis para climatiza\u00e7\u00e3o de resid\u00eancias: uma<br \/>\nexperi\u00eancia entre Universidade, Escola e Comunidade local<\/p>\n<p>DISCENTE: Leiza Castilho Monteiro<br \/>\nORIENTADOR: Bruna Gardenal Fina Cicalise<br \/>\nTITULO DO TRABALHO: Estudo flor\u00edstico de um fragmento de mata ciliar e de cerrado em<br \/>\nCamis\u00e3o\/MS<\/p>\n<p>DISCENTE: Rayssa Kelle de Lucena<br \/>\nORIENTADOR: Camila Aoki<br \/>\nTITULO DO TRABALHO: Fenologia de frutifica\u00e7\u00e3o e s\u00edndromes de dispers\u00e3o da arboriza\u00e7\u00e3o urbana<br \/>\nde Campo Grande (MS, BRASIL)<\/p>\n<p>DISCENTE: Gabriela da Silva Lima<br \/>\nORIENTADOR: Rog\u00e9rio Rodrigues Faria<br \/>\nTITULO DO TRABALHO: Tr\u00e1fico de Animais no Mato Grosso do Sul<\/p>\n<p>DISCENTE: Amanda dos Santos Moreira<br \/>\nORIENTADOR: Rog\u00e9rio Rodrigues Faria<br \/>\nTITULO DO TRABALHO: AN\u00c1LISE HIST\u00d3RICA SOBRE AS QUEIMADAS NO PARQUE NACIONAL DA<br \/>\nSERRA DA BODOQUENA E EM SEU ENTORNO<\/p>\n<p>DISCENTE: Rosangela Ara\u00fajo Alves<br \/>\nORIENTADOR: Tatiane do Nascimento Faria<br \/>\nTITULO DO TRABALHO: ESTRAT\u00c9GIAS E RECURSOS UTILIZADOS NAS AULAS DE CI\u00caNCIAS<br \/>\nNATURAIS: UMA AN\u00c1LISE DOS PLANOS DE AULA DISPONIBILIZADOS NO PORTAL DO PROFESSOR-<br \/>\nMEC<\/p>\n<p>DISCENTE: Lucas Felipe Leite de Oliveira Pereira<br \/>\nORIENTADOR: Tatiane do Nascimento Faria<br \/>\nTITULO DO TRABALHO: JOGO DOS BOT\u00d5ES: PROPOSTA DO USO DE UM JOGO DID\u00c1TICO NO<br \/>\nENSINO DE CI\u00caNCIAS<\/p>\n<p>DISCENTE: Bianca Rui Gon\u00e7alves<\/p>\n<p>ORIENTADOR: Tatiane do Nascimento Lima<br \/>\nTITULO DO TRABALHO: ATUA\u00c7\u00c3O DO PROGRAMA RESID\u00caNCIA PEDAG\u00d3GICA NO ENSINO<br \/>\nREMOTO: EXPERI\u00caNCIAS DO N\u00daCLEO DE BIOLOGIA DA UFMS-CPAQ<\/p>\n<p>DISCENTE: Rebeca Pastora Borges<br \/>\nORIENTADOR: Tatiane do Nascimento Lima<br \/>\nTITULO DO TRABALHO: AVALIA\u00c7\u00c3O DO USO DE DIFERENTES TIPOS DE L\u00c2MPADAS EM<br \/>\nARMADILHAS LUMINOSAS PARA A CAPTURA DE INSETOS EM UM AMBIENTE URBANO<\/p>\n<p>DISCENTE: Daniel da Silva<br \/>\nORIENTADOR: Rog\u00e9rio Rodrigues Faria<br \/>\nTITULO DO TRABALHO: DISTRIBUI\u00c7\u00c3O ESPACIAL DE FLEBOTOM\u00cdNIOS EM UMA<br \/>\n\u00c1REA\u00a0PERIURBANA\u00a0DE AQUIDAUANA-MS<\/p>\n<p>DISCENTE: Waldemar Celestino da Silva Filho<br \/>\nORIENTADOR: Rog\u00e9rio Rodrigues Faria<br \/>\nTITULO DO TRABALHO: INCID\u00caNCIAS DE FLEBOTOM\u00cdNEOS NA REGI\u00c3O DO MORRINHO NO<br \/>\nMUNIC\u00cdPIO DE AQUIDAUANA- MS\u200b<\/p>\n<p>DISCENTE: Kaio Guedes Morales<br \/>\nORIENTADOR: Rog\u00e9rio Rodrigues Faria<br \/>\nTITULO DO TRABALHO: An\u00e1lise epidemiol\u00f3gica da Leishmaniose no Bairro Trindade, Aquidauana-<br \/>\nMS<br \/>\nDISCENTE: Renan Souza do Espirito Santo<br \/>\nORIENTADOR: Renato Andreotti<br \/>\nTITULO DO TRABALHO: Uma revis\u00e3o da fauna de carrapatos do estado de Mato Grosso do<br \/>\nSul:\u00a0Distribui\u00e7\u00e3o geogr\u00e1fica\u00a0e seus poss\u00edveis pat\u00f3genos<\/p>\n<p>DISCENTE: Edenilce Parazzi Alves<br \/>\nORIENTADOR: Edihanne Gamarra Arguelho<br \/>\nTITULO DO TRABALHO: AULAS PR\u00c1TICAS DE BIOLOGIA CELULAR: UMA EXPERI\u00caNCIA EM PROJETO<br \/>\nDE EXTENS\u00c3O<\/p>\n<p>DISCENTE: Ang\u00e9lica Chaves Coene<br \/>\nORIENTADOR: Camila Aoki<\/p>\n<p>TITULO DO TRABALHO: Existe especificidade de hospedeiros por\u00a0Psittacanthus<br \/>\nacinarius\u00a0(Loranthaceae) em \u00e1rea verde urbana?<\/p>\n<p>DISCENTE: Roberty Coene Fleitas<br \/>\nORIENTADOR: Camila Aoki<br \/>\nTITULO DO TRABALHO: Avifauna de um parque urbano no ec\u00f3tono Cerrado-Pantanal<\/p>\n<p>DISCENTE: Pricila Lobo Lara<br \/>\nORIENTADOR: Edihanne Gamarra Arguelho<br \/>\nTITULO DO TRABALHO: ELABORA\u00c7\u00c3O\u00a0DE\u00a0MATERIAL DID\u00c1TICO PARA O ENSINO DE CI\u00caNCIAS\u00a0EM<br \/>\nESCOLAS IND\u00cdGENAS<\/p>\n<p>DISCENTE: Rayssa Kelle de Lucena Silva.<br \/>\nORIENTADOR: Camila Aoki.<br \/>\nTITULO DO TRABALHO: Fenologia de frutifica\u00e7\u00e3o e s\u00edndromes de dispers\u00e3o da arboriza\u00e7\u00e3o urbana<br \/>\nde Campo Grande (MS, Brasil).<\/p>\n<pre><span style=\"font-family: georgia, palatino, serif\">DISCENTE: Kaio Morales.<\/span>\r\n<span style=\"font-family: georgia, palatino, serif\">ORIENTADOR Rog\u00e9rio Rodrigues Faria.<\/span>\r\n<span style=\"font-family: georgia, palatino, serif\">T\u00cdTULO DO TRABALHO: An\u00e1lise espacial de leishmaniose no munic\u00edpio de Aquidauana-MS.<\/span><\/pre>\n<p>&nbsp;<\/p>\n<\/div>\n\t\t\t\t<\/div>\n\t\t\t<\/div>\n<div class=\"panel panel-default\">\n\t\t\t\t<div class=\"panel-heading\">\n\t\t\t\t\t<h4 class=\"panel-title\">\n\t\t\t\t\t\t<a class=\"collapsed\" data-toggle=\"collapse\" data-parent=\"#custom-collapse-4\" href=\"#custom-collapse-4-16\">Ano de Apresenta\u00e7\u00e3o 2021<\/a>\n\t\t\t\t\t<\/h4>\n\t\t\t\t<\/div>\n\t\t\t\t<div id=\"custom-collapse-4-16\" class=\"panel-collapse collapse\">\n\t\t\t\t\t<div class=\"panel-body\">\n<p>DISCENTE: Gislaine Arguelho Silveira Piazzon<br \/>\nORIENTADOR: Rog\u00e9rio Rodrigues Faria<br \/>\nTITULO DO TRABALHO: Fenologia de plantas daninhas\u00a0\u00a0Senna obtusifolia\u00a0(l.)\u00a0(Fabaceae) H.S. Irwin<br \/>\n&amp;amp; Barneby e\u00a0Duguetia furfuracea\u00a0(a. St.-hil.)\u00a0Benth. &amp;amp; Hook. F (Annonaceae) em uma \u00e1rea de<br \/>\npastagem ec\u00f3tono Cerrado-Pantanal<\/p>\n<p>DISCENTE: Danielson da Costa Lima.<br \/>\nORIENTADOR: Camila Aoki.<br \/>\nTITULO DO TRABALHO: Aves do Parque Natural Municipal da Lagoa Comprida, Aquidauana, MS.<\/p>\n<p>DISCENTE: DANNYELLEN FREITAS DE BARROS.<br \/>\nORIENTADOR: Camila Aoki.<br \/>\nTITULO DO TRABALHO: Fenologia, Poliniza\u00e7\u00e3o e Frugivoria de Myrtaceae no Pantanal.<\/p>\n<p>DISCENTE: Kariane Morinigo de Oliveira.<br \/>\nORIENTADOR: Camila Aoki.<br \/>\nTITULO DO TRABALHO: An\u00e1lise da arboriza\u00e7\u00e3o das pra\u00e7as de Aquidauana (MS, Brasil).<\/p>\n<p>DISCENTE: Vitoria Figueiredo Silva<br \/>\nORIENTADOR: Rog\u00e9rio Rodrigues Faria<br \/>\nTITULO DO TRABALHO: Efeito da fenologia de flora\u00e7\u00e3o no desenvolvimento de frutos e sementes<br \/>\nde\u00a0Sapium haematospermum\u00a0Mull. (euphorbiaceae) em uma \u00e1rea de pastagem ex\u00f3tica em<br \/>\nregenera\u00e7\u00e3o, AQUIDAUANA- MS<\/p>\n<p>DISCENTE: Maria do Perpetuo Socorro Falc\u00e3o Igarashi<br \/>\nORIENTADOR: Rog\u00e9rio Rodrigues Faria<br \/>\nTITULO DO TRABALHO: Subs\u00eddios para investiga\u00e7\u00e3o e experimenta\u00e7\u00e3o sobre plantas nativas no<br \/>\nambiente escolar<\/p>\n<p>DISCENTE: Felipe Batista de Arruda Caldas<br \/>\nORIENTADOR: Bruna Gardenal Fina Cicalise<br \/>\nTITULO DO TRABALHO: Implanta\u00e7\u00e3o de um Jardim Sensorial na Universidade Federal de Mato<br \/>\nGrosso do Sul, Campus de Aquidauana<\/p>\n<p>DISCENTE: CAIO PINHEIRO GARCIA SANTOS FERREIRA<br \/>\nORIENTADOR: Prof. Dr. Jos\u00e9 R\u00edmoli<br \/>\nTITULO DO TRABALHO: O ENSINO \u00c0 DIST\u00c2NCIA DE CI\u00caNCIAS BIOL\u00d3GICAS: UMA AN\u00c1LISE DOS<br \/>\nFATORES ENVOLVIDOS NA ESCOLHA DESSA FORMA DE ENSINO<\/p>\n<p>DISCENTE: AUR\u00c9LIO MIGUEL DOS SANTOS ALVI\u00c7O<br \/>\nORIENTADOR: Prof. Dr. Jos\u00e9 R\u00edmoli<br \/>\nTITULO DO TRABALHO: O USO DE ARMADILHAS FOTOGR\u00c1FICAS NO LEVANTAMENTO DA<br \/>\nMASTOFAUNA EM PROPRIEDADE PARTICULAR DE REGI\u00c3O DE EC\u00d3TONO: CERRADO E PANTANAL<\/p>\n<p>&nbsp;<\/p>\n<p>DISCENTE: Raquel Braga Aquino Florenciano<\/p>\n<p>ORIENTADOR: Tatiane do Nascimento Lima<\/p>\n<p>T\u00cdTULO DO TRABALHO: Distribui\u00e7\u00e3o Espacial de <em>Myrmeleon<\/em> sp (Insecta, Neuroptera, Myrmeleontidae) no Pantanal do Miranda-Abobral<\/p>\n<p>&nbsp;<\/p>\n<p>DISCENTE: Nayara Karine Barbosa Balbuena de Souza<\/p>\n<p>ORIENTADOR: Tatiane do Nascimento Lima<\/p>\n<p>T\u00cdTULO DO TRABALHO: Percep\u00e7\u00e3o da Crise H\u00eddrica entre alunos do 3\u00ba ano do Ensino M\u00e9dio da Escola Estadual Salom\u00e9 de Melo em Guia Lopes da Laguna \u2013 MS<\/p>\n<p>&nbsp;<\/p>\n<p>DISCENTE: Jackeline Pereira da Silva<\/p>\n<p>ORIENTADOR: Tatiane do Nascimento Lima<\/p>\n<p>T\u00cdTULO DO TRABALHO: Intera\u00e7\u00e3o entre formigas (Insecta, Hymenoptera) e <em>Adenocalymma peregrinum<\/em> (Bignoniaceae) em pastagem cultivada, Aquidauana-MS<\/p>\n<p>&nbsp;<\/p>\n<p>DISCENTE:\u00a0 Celeide Arruda dos Santos<\/p>\n<p>ORIENTADOR: Ricardo Henrique Gentil Pereira<\/p>\n<p>T\u00cdTULO DO TRABALHO: <a href=\"https:\/\/periodicos.ufms.br\/index.php\/revpan\/article\/view\/14714\">Aspectos limnol\u00f3gicos e sanit\u00e1rios do trecho urbano do C\u00f3rrego Jo\u00e3o Dias em Aquidauana \u2013 Mato Grosso do Sul<\/a><\/p>\n<p>&nbsp;<\/p>\n<\/div>\n\t\t\t\t<\/div>\n\t\t\t<\/div>\n<div class=\"panel panel-default\">\n\t\t\t\t<div class=\"panel-heading\">\n\t\t\t\t\t<h4 class=\"panel-title\">\n\t\t\t\t\t\t<a class=\"collapsed\" data-toggle=\"collapse\" data-parent=\"#custom-collapse-4\" href=\"#custom-collapse-4-17\">Ano de Apresenta\u00e7\u00e3o 2020<\/a>\n\t\t\t\t\t<\/h4>\n\t\t\t\t<\/div>\n\t\t\t\t<div id=\"custom-collapse-4-17\" class=\"panel-collapse collapse\">\n\t\t\t\t\t<div class=\"panel-body\">\n<p>DISCENTE: Rebeka Jakeliny Maciel Rabello.<br \/>\nORIENTADOR: Camila Aoki.<\/p>\n<p>TITULO DO TRABALHO: AN\u00c1LISE DA ARBORIZA\u00c7\u00c3O DE PRA\u00c7AS EM ANAST\u00c1CIO (MS, BRASIL).<\/p>\n<p>DISCENTE: J\u00e9ssica dos Santos Silv\u00e9rio de S\u00e1.<br \/>\nORIENTADOR: Camila Aoki.<br \/>\nTITULO DO TRABALHO: Diagn\u00f3stico da arboriza\u00e7\u00e3o urbana do centro de Aquidauana, Mato<br \/>\nGrosso do Sul.<\/p>\n<p>DISCENTE: Bruna Kayela da Costa Fonseca.<br \/>\nORIENTADOR: Camila Aoki.<br \/>\nTITULO DO TRABALHO: CHECK LIST DAS CHAROPHYTAS DE LAGOA URBANA EM AQUIDAUANA,<br \/>\nCOM NOVOS REGISTROS PARA MATO GROSSO DO SUL.<\/p>\n<p>DISCENTE: Karina Rocha de Oliveira.<br \/>\nORIENTADOR: Camila Aoki.<br \/>\nTITULO DO TRABALHO: Germina\u00e7\u00e3o de sementes e efeitos da simula\u00e7\u00e3o da passagem pelo trato<br \/>\ndigestivo de aves no Pantanal Sul.<\/p>\n<p>DISCENTE: Josilene Portes\u00a0da Silva<br \/>\nORIENTADOR: Bruna Gardenal Fina Cicalise<br \/>\nTITULO DO TRABALHO: An\u00e1lise da germina\u00e7\u00e3o e longevidade das sementes de Talisia esculenta<br \/>\n(St-Hil) Radlk, Sapindaceae.<\/p>\n<p>DISCENTE: S\u00e9rgio Santiago Ribeiro<br \/>\nORIENTADOR: Bruna Gardenal Fina Cicalise<br \/>\nTITULO DO TRABALHO: Esp\u00e9cies arb\u00f3reas nativas na Universidade Federal de Mato Grosso do<br \/>\nSul, Unidade II, Campus de Aquidauana<\/p>\n<\/div>\n\t\t\t\t<\/div>\n\t\t\t<\/div>\n<div class=\"panel panel-default\">\n\t\t\t\t<div class=\"panel-heading\">\n\t\t\t\t\t<h4 class=\"panel-title\">\n\t\t\t\t\t\t<a class=\"collapsed\" data-toggle=\"collapse\" data-parent=\"#custom-collapse-4\" href=\"#custom-collapse-4-18\">Ano de Apresenta\u00e7\u00e3o 2019<\/a>\n\t\t\t\t\t<\/h4>\n\t\t\t\t<\/div>\n\t\t\t\t<div id=\"custom-collapse-4-18\" class=\"panel-collapse collapse\">\n\t\t\t\t\t<div class=\"panel-body\">\n<p>DISCENTE: Maiara Ferreira Galindo<\/p>\n<p>ORIENTADOR: Tatiane do Nascimento Lima<\/p>\n<p>T\u00cdTULO DO TRABALHO: Reconstru\u00e7\u00e3o da armadilha de <em>Myrmeleon brasiliensis<\/em> (Neuroptera, Myrmeleontidae) ap\u00f3s a chuva<\/p>\n<p>&nbsp;<\/p>\n<p>DISCENTE: Claides de Oliveira Martins<\/p>\n<p>ORIENTADOR: Tatiane do Nascimento Lima<\/p>\n<p>T\u00cdTULO DO TRABALHO: Sucesso na captura de presas por larvas de formiga-le\u00e3o <em>Myrmeleon brasiliensis<\/em><\/p>\n<p>&nbsp;<\/p>\n<p>DISCENTE: Alerrandra Ortega<\/p>\n<p>ORIENTADOR: Tatiane do Nascimento Lima<\/p>\n<p>T\u00cdTULO DO TRABALHO: Ocorr\u00eancia e Caracteriza\u00e7\u00e3o de Galhas de Insetos em \u00c1rea de Cerrado no Munic\u00edpio de Aquidauana, MS<\/p>\n<\/div>\n\t\t\t\t<\/div>\n\t\t\t<\/div>\n<\/div>\n<\/div><\/div>\n<div class=\"panel panel-info\"><div class=\"panel-heading\">Artigos e Publica\u00e7\u00f5es do Curso<\/div><div class=\"panel-body\">\n<div class=\"panel-group\" id=\"custom-collapse-5\">\n<div class=\"panel panel-default\">\n\t\t\t\t<div class=\"panel-heading\">\n\t\t\t\t\t<h4 class=\"panel-title\">\n\t\t\t\t\t\t<a class=\"collapsed\" data-toggle=\"collapse\" data-parent=\"#custom-collapse-5\" href=\"#custom-collapse-5-19\">Ano de Publica\u00e7\u00e3o 2024<\/a>\n\t\t\t\t\t<\/h4>\n\t\t\t\t<\/div>\n\t\t\t\t<div id=\"custom-collapse-5-19\" class=\"panel-collapse collapse\">\n\t\t\t\t\t<div class=\"panel-body\">\n<p>AUTORES:\u00a0 TEODORO, J. R. ; AOKI, C. ; ARANDA, R. ; AMORIM, A. J. N. ; RODRIGUES, F. O. ; ZENTENO, P. B. M. ; FARIA, R. R.<\/p>\n<p>TITULO: Integra\u00e7\u00e3o fenot\u00edpica, fenologia reprodutiva e visitantes florais em tr\u00eas esp\u00e9cies simp\u00e1tricas de Ludwigia L. (Onagraceae).<\/p>\n<p>LOCAL DE PUBLICA\u00c7\u00c3O:\u00a0REVISTA PANTANEIRA, v. 23, p. 98-113.<\/p>\n<p>&nbsp;<\/p>\n<p>AUTORES:\u00a0 Andrade, T. T.; Martins, L. C. B.; LIMA, T. N.; Ara\u00fajo, V. A.<\/p>\n<p>TITULO: Diversity of Ants (Hymenoptera: Formicidae) Captured by <em>Myrmeleon<\/em> (Neuroptera: Myrmeleontidae) Larvae in a Ecosystem of the Brazilian Cerrado Biome<\/p>\n<p>LOCAL DE PUBLICA\u00c7\u00c3O: International\u00a0Journal of Zoology and Animal Biology, v. 7, p. 000583. DOI: <a href=\"http:\/\/10.23880\/izab-16000583\">http:\/\/10.23880\/izab-16000583<\/a><\/p>\n<p>&nbsp;<\/p>\n<p>AUTORES:\u00a0 Andr\u00e9 R. de Oliveira1, B\u00e1rbara de Toledo R\u00f3s2, Rodrigo Jardim1, Nelson Kotowski1, Adriana de Barros3, Ricardo H. G. Pereira3, Nalvo Franco Almeida2 and Alberto M. R. D\u00e1vila1*<\/p>\n<p>TITULO: A comparative genomics study of the microbiome and freshwater resistome in Southern Pantanal<\/p>\n<p>LOCAL DE PUBLICA\u00c7\u00c3O:\u00a0Frontiers in Genetics<\/p>\n<p>&nbsp;<\/p>\n<p>AUTORES: LIMA, T. N.<\/p>\n<p>T\u00cdTULO: Est\u00e1gio Curricular Supervisionado: quais as percep\u00e7\u00f5es dos acad\u00eamicos e as habilidades socioemocionais constru\u00eddas?<\/p>\n<p>LOCAL DE PUBLICA\u00c7\u00c3O: Desafios: Revista Interdisciplinar da Universidade Federal do Tocantins, v. 11, n.4, p. 1-19. DOI: <a href=\"https:\/\/orcid.org\/0000-0002-0656-1170\">https:\/\/orcid.org\/0000-0002-0656-1170<\/a><\/p>\n<p>&nbsp;<\/p>\n<p>AUTORES: Freitas, C. S.; LIMA, T. N.; Faria, R. F.<\/p>\n<p>T\u00cdTULO: O Ensino de Ci\u00eancias nos Anos Iniciais do Ensino Fundamental e a Forma\u00e7\u00e3o Docente<\/p>\n<p>LOCAL DE PUBLICA\u00c7\u00c3O: Revista Cocar, v. 23, p. 1-18. <a href=\"https:\/\/periodicos.uepa.br\/index.php\/cocar\/article\/view\/7944\/3455\">https:\/\/periodicos.uepa.br\/index.php\/cocar\/article\/view\/7944\/3455<\/a><\/p>\n<p>&nbsp;<\/p>\n<\/div>\n\t\t\t\t<\/div>\n\t\t\t<\/div>\n<div class=\"panel-group\" id=\"custom-collapse-6\"><\/div>\n<div class=\"panel panel-default\">\n\t\t\t\t<div class=\"panel-heading\">\n\t\t\t\t\t<h4 class=\"panel-title\">\n\t\t\t\t\t\t<a class=\"collapsed\" data-toggle=\"collapse\" data-parent=\"#custom-collapse-6\" href=\"#custom-collapse-6-20\">Ano de Publica\u00e7\u00e3o 2023<\/a>\n\t\t\t\t\t<\/h4>\n\t\t\t\t<\/div>\n\t\t\t\t<div id=\"custom-collapse-6-20\" class=\"panel-collapse collapse\">\n\t\t\t\t\t<div class=\"panel-body\">\n<p>AUTORES:\u00a0 LIMA, T. N. ; FARIA, R. R. ; MARTINS, F. I. ; AOKI, C.<\/p>\n<p>TITULO: Parques urbanos como locais de ensino: experi\u00eancias de cursos de Ecologia de Campo.<\/p>\n<p>LOCAL DE PUBLICA\u00c7\u00c3O: Bio-Graf\u00eda, v. 16, p. 01-14. DOI: <a href=\"http:\/\/10.17227\/bio-grafia.vol.16.num31-20025\">http:\/\/10.17227\/bio-grafia.vol.16.num31-20025<\/a><\/p>\n<p>&nbsp;<\/p>\n<p><span style=\"font-size: 12pt\">AUTORES:\u00a0 Ferreira, A. C. P. ; FARIA, R. R. ; Lima, TN.<\/span><\/p>\n<p><span style=\"font-size: 12pt\">TITULO: An\u00e1lise Bibliom\u00e9trica da Produ\u00e7\u00e3o Cient\u00edfica Sobre o Ensino de Ecologia.<\/span><\/p>\n<p><span style=\"font-size: 12pt\">LOCAL DE PUBLICA\u00c7\u00c3O: Revista Cocar, v. 19, p. 1-20. <a href=\"https:\/\/periodicos.uepa.br\/index.php\/cocar\/article\/view\/6906\">https:\/\/periodicos.uepa.br\/index.php\/cocar\/article\/view\/6906<\/a><\/span><\/p>\n<p>&nbsp;<\/p>\n<p><span style=\"font-size: 12pt\">AUTORES:\u00a0 SILVA, G. A. ; ROQUE, F. A. R. L. ; Mori, K. Y. ; FARIA, R. R.<\/span><\/p>\n<p><span style=\"font-size: 12pt\">TITULO: CONTRIBUI\u00c7\u00d5ES DE UMA EXPOSI\u00c7\u00c3O DID\u00c1TICA DE ZOOLOGIA PARA A EDUCA\u00c7\u00c3O AMBIENTAL COM ALUNOS DO ENSINO FUNDAMENTAL: UM RELATO DE EXPERI\u00caNCIA.<\/span><\/p>\n<p><span style=\"font-size: 12pt\">LOCAL DE PUBLICA\u00c7\u00c3O:\u00a0GEOFRONTER, v. 9, p. 1-15.<\/span><\/p>\n<p>&nbsp;<\/p>\n<p>AUTORES: Melo, N. M.; Vasconcelos, A. M.; LIMA, T. N.<\/p>\n<p>T\u00cdTULO: Percep\u00e7\u00e3o Ambiental e Biofilia nos Parques Urbanos: Uma Revis\u00e3o Bibliogr\u00e1fica<\/p>\n<p>LOCAL DE PUBLICA\u00c7\u00c3O: Revista Pantaneira, v. 22, p. 42-53. <a href=\"https:\/\/periodicos.ufms.br\/index.php\/revpan\/article\/view\/18090\">https:\/\/periodicos.ufms.br\/index.php\/revpan\/article\/view\/18090<\/a><\/p>\n<p>&nbsp;<\/p>\n<p>AUTORES: Borges, R. P.; LIMA, T. N.<\/p>\n<p>T\u00cdTULO: Uso de diferentes tipos de l\u00e2mpadas em armadilhas luminosas para a captura de insetos em ambiente urbano<\/p>\n<p>LOCAL DE PUBLICA\u00c7\u00c3O: Acta Biol\u00f3gica Catarinense, v. 10, p. 34.<\/p>\n<p>DOI: <a href=\"https:\/\/doi.org\/10.21726\/abc.v10i3.2160\">https:\/\/doi.org\/10.21726\/abc.v10i3.2160<\/a><\/p>\n<p>&nbsp;<\/p>\n<p>AUTORES:\u00a0Lucilene Finoto Viana a, Bruno do Amaral Crispim b, F\u00b4abio Kummrow c,*, Nathalya Alice de Lima a, Mariana Amaral Dias d, Cassiana Carolina Montagner d, Ricardo Henrique Gentil Pereira e, Adriana de Barros e, Alexeia Barufatti b<\/p>\n<p>TITULO: Occurrence of contaminants of emerging concern and their risks to the Pantanal Sul-Mato-Grossense aquatic biota, Brazil<\/p>\n<p>LOCAL DE PUBLICA\u00c7\u00c3O:\u00a0Chemosphere 337 (2023) 139429<\/p>\n<p>&nbsp;<\/p>\n<\/div>\n\t\t\t\t<\/div>\n\t\t\t<\/div>\n<div class=\"panel-group\" id=\"custom-collapse-7\"><\/div>\n<div class=\"panel panel-default\">\n\t\t\t\t<div class=\"panel-heading\">\n\t\t\t\t\t<h4 class=\"panel-title\">\n\t\t\t\t\t\t<a class=\"collapsed\" data-toggle=\"collapse\" data-parent=\"#custom-collapse-7\" href=\"#custom-collapse-7-21\">Ano de Publica\u00e7\u00e3o 2022<\/a>\n\t\t\t\t\t<\/h4>\n\t\t\t\t<\/div>\n\t\t\t\t<div id=\"custom-collapse-7-21\" class=\"panel-collapse collapse\">\n\t\t\t\t\t<div class=\"panel-body\">\n<p>AUTORES:\u00a0 ALGARVE, B. B. ; Graciolli, G. ; LIMA, T. N.<br \/>\nTITULO: Influence of rainfall regime in the Cerrado biome on the maintenance of traps built by<br \/>\nMyrmeleon brasiliensis (Nav\u00e1s) (Neuroptera: Myrmeleontidae) larvae and the morphology of<br \/>\nadults.<br \/>\nLOCAL DE PUBLICA\u00c7\u00c3O:\u00a0IHERINGIA. S\u00c9RIE ZOOLOGIA (ONLINE), v. 112, p. e2022020, 2022.<\/p>\n<p>AUTORES:\u00a0 LIMA, T. N.; Faria, R. F. ; Aoki, Camila ; Arguelho, E. G. .<br \/>\nTITULO: Contribui\u00e7\u00f5es da extens\u00e3o universit\u00e1ria para inclus\u00e3o cient\u00edfica e cultural de escolares da<br \/>\nregi\u00e3o de Aquidauana-MS.<br \/>\nLOCAL DE PUBLICA\u00c7\u00c3O:\u00a0REVISTA PANTANEIRA, v. 21, p. 67-78, 2022.<\/p>\n<p>AUTORES:\u00a0 Silva, B. F. T. ; PEREIRA, E. S. ; LIMA, T. N. .<br \/>\nTITULO: CONCEP\u00c7\u00c3O DE ESTUDANTES DE CAMPO GRANDE &#8211; MS SOBRE O BRANQUEAMENTOS<br \/>\nDOS RECIFES DE CORAL.<br \/>\nLOCAL DE PUBLICA\u00c7\u00c3O:\u00a0REVISTA CI\u00caNCIAS &amp;amp; ID\u00c9IAS, v. 13, p. 88-92, 2022.<\/p>\n<p>AUTORES:\u00a0 KITAURA, M. J. ; TORRES, J. ; SCUR, M. C. ; LORENZ, A. P. ; FARIA, R. R<br \/>\nTITULO: New species and new records of Peltula (Lichinales, Ascomycota lichenized) from Mato<br \/>\nGrosso do Sul, Brazil.<br \/>\nLOCAL DE PUBLICA\u00c7\u00c3O:\u00a0Rodriguesia, v. 73, p. e02202020,<\/p>\n<p>AUTORES:\u00a0 SCUR, MAYARA CAMILA ; KITAURA, MARCOS JUNJI ; Faria, Rog\u00e9rio Rodrigues<br \/>\nTITULO: Pesquisa de cianoliquens: uma an\u00e1lise bibliom\u00e9trica de 1991 a 2022<br \/>\nLOCAL DE PUBLICA\u00c7\u00c3O:\u00a0RESEARCH, SOCIETY AND DEVELOPMENT, v. 11, p. e16811628764<\/p>\n<p>AUTORES:\u00a0 PEREIRA, K. A. O. ; Campelo-Junior, M.V. ; Faria, RR.<br \/>\nTITULO: A\u00e7\u00f5es de Educa\u00e7\u00e3o Ambiental do Parque Estadual Matas do Segredo da cidade de Campo<br \/>\nGrande-MS<br \/>\nLOCAL DE PUBLICA\u00c7\u00c3O:\u00a0GEOFRONTER, v. 8, p. 1-22<\/p>\n<p>AUTORES:\u00a0 LIMA, T. N. ; FARIA, R. R. ; AOKI, C. ; ARGUELHO, E. G.<br \/>\nTITULO: Contribui\u00e7\u00f5es da extens\u00e3o universit\u00e1ria para inclus\u00e3o cient\u00edfica e cultural de escolares da<br \/>\nregi\u00e3o de Aquidauana-MS.<br \/>\nLOCAL DE PUBLICA\u00c7\u00c3O:\u00a0REVISTA PANTANEIRA, v. 21, p. 1-12.<\/p>\n<p>AUTORES:\u00a0 IAMARA-NOGUEIRA, J. TARGHETTA, N. ALLAIN, G. GAMBARINI, A. PINTO, A. RUI, A.<br \/>\nARAUJO, A. C. LOPES, A. PEREIRA-SILVA, B. CAMARGO, B. MACHADO, C. G. MISSAGIA, C.<br \/>\nSCULTORI, C. BOSCOLO, D. FISHER, E. A. OLIVEIRA, E. GAVA, H. PAULINO NETO, H. MACHADO, I. C.<br \/>\nVARASSIN, I. SAZIMA, I. VIZENTIN-BUGONI, J. SILVA, J. OLIVEIRA, J. SOARES, J. , SANTOS, J. S.<br \/>\nAGOSTINI, K. FREITAS, L. LOPES, L. CARVALHO-LEITE, L. J. TABARELLI, M. ROCCA, M. A.<br \/>\nMALANOTTE, M. L. ALVES, M. A. S. CANELA, M. DARRIGO, M. R. MOREIRA, M. WOLOSKI, M.<br \/>\nSAZIMA, M. GALETTI, M. RIBEIRO, M. C. GROPPO, M. KAEHLER, M. BATISTA, M. CRUZ-NETO, O.<br \/>\nFERREIRA, P. A. BERGAMO, P. MENDONCA, P. K. M. BUENO, R. LEAL, R. FARIA, R. R. BAZARIAN, S.<br \/>\nMALUCELLI, T. BUZATO, S<br \/>\nTITULO: ATLANTIC POLLINATION: a data set of flowers and interaction with nectar-feeding<br \/>\nvertebrates from the Atlantic Forest.<br \/>\nLOCAL DE PUBLICA\u00c7\u00c3O:\u00a0Ecology, v. 103, p. e03595.<\/p>\n<p>AUTORES:\u00a0 AMORIM, ADRIANO JOS\u00c9 NEPOMUCENO; PAIVA, ERIKI MILLER LIMA LUIZ; AOKI,<br \/>\nCAMILA.<br \/>\nTITULO: Uso de frutos artificiais associados \u00e0 cameras trap no estudo de frugivoria.<br \/>\nLOCAL DE PUBLICA\u00c7\u00c3O:\u00a0CONJECTURAS<\/p>\n<p>AUTORES:\u00a0 FLEITAS, ROBERTY COENE; ALMEIDA, AMANDA PADILHA DE; PINHEIRO, CRISTIAN<br \/>\nGALINDO DE ALMEIDA; SOUZA, EDIVALDO OLIVEIRA DE; AOKI, CAMILA.<br \/>\nTITULO: Avifauna de um parque urbano no ec\u00f3tono Cerrado-Pantanal.<br \/>\nLOCAL DE PUBLICA\u00c7\u00c3O: CONCILIUM<\/p>\n<p>AUTORES:\u00a0 CHIARAVALLOTI, RAFAEL MORAIS; TOMAS, WALFRIDO MORAES; UEZU, ALEXANDRE;<br \/>\nSHIRAI, HENRIQUE YUGO; GUARALDO, ELIANE; AOKI, CAMILA; DE ARRUDA BOTELHO, MARIA<br \/>\nTEREZA; SALVADORI, JULIANE FERREIRA.<br \/>\nTITULO: Rapid land use conversion in the Cerrado has affected water transparency in a hotspot of<br \/>\necotourism, Bonito, Brazil.<br \/>\nLOCAL DE PUBLICA\u00c7\u00c3O: Tropical Conservation Science<\/p>\n<p>AUTORES:\u00a0 HUERGO, ELIZABETH MARTINEZ; AOKI, CAMILA; LIMA, LAURA CRISTINA PIRES.<br \/>\nTITULO: Fenologia reprodutiva de tr\u00eas esp\u00e9cies de plantas aliment\u00edcias nativas na \u00e1rea urbana de<br \/>\nFoz do Igua\u00e7u, Paran\u00e1, Brasil.<br \/>\nLOCAL DE PUBLICA\u00c7\u00c3O: Revista Brasileira de Arboriza\u00e7\u00e3o Urbana.<\/p>\n<p>AUTORES:\u00a0 LIMA, T. N.; FARIA, R. R.; AOKI, CAMILA; ARGUELHO, E. G.<br \/>\nTITULO: Contribui\u00e7\u00f5es da extens\u00e3o universit\u00e1ria para inclus\u00e3o cient\u00edfica e cultural de escolares da<br \/>\nregi\u00e3o de Aquidauana-MS.<br \/>\nLOCAL DE PUBLICA\u00c7\u00c3O: REVISTA PANTANEIRA<\/p>\n<p>AUTORES:\u00a0 RODRIGUES, A. C.; AOKI, C.<br \/>\nTITULO: Das ruas para a mesa: esp\u00e9cies vegetais aliment\u00edcias utilizadas na arboriza\u00e7\u00e3o urbana de<br \/>\nMato Grosso do Sul, Brasil.<br \/>\nLOCAL DE PUBLICA\u00c7\u00c3O:\u00a0INTERA\u00c7\u00d5ES<\/p>\n<p>AUTORES:\u00a0SOUZA, J. C.; Paiva, L.M. ; ARRUDA, ROSANA MOREIRA DA SILVA ; BARROS, W. M. ;<br \/>\nBASSINELLO, P. Z. ; OLIVEIRA, G. F. ; SOUZA, C. F. ;\u00a0REZENDE, M. P. G.\u00a0; MARKWITH, S. H. .<br \/>\nTITULO: Animal Production and Conservation in the Pantanal Plain: A Sustainability.<br \/>\nLOCAL DE PUBLICA\u00c7\u00c3O:\u00a0 The Encyclopedia of Conservation &#8211; Reference Module in Earth Systems<br \/>\nand Environmental Sciences, Elsevier. (Org.). Animal Production and Conservation in the Pantanal<br \/>\nPlain: A Sustainability Outlook. 1ed.USA: Elsevier, 2022, v. 1, p. 392-399.<\/p>\n<p>AUTORES:\u00a0SOUZA, J. C.; SOUZA, C. F. ; JARDIM, RODRIGO JOSE DELGADO ; SILVA, E. R.<br \/>\nTITULO: Preda\u00e7\u00e3o de gado por on\u00e7apintada na regi\u00e3o do Pantanal de Mato Grosso do Sul, Brasil<br \/>\nLOCAL DE PUBLICA\u00c7\u00c3O:\u00a0 J. Fernando Del Moral, Sachetti Luc\u00eda Soler, Cecilia Castilla, Augusto<br \/>\nBravo-Malca, Julio de Souza ,Noelia G\u00f3mez. (Org.). Coexistencia entre fauna silvestre y seres<br \/>\nhumanos: An\u00e1lisis de experiencias en el contexto latinoamericano. 1ed.Bogot\u00e1: Comfauna-<br \/>\nFundaci\u00f3n Natura., 2022, v. 1, p. 105-130.<\/p>\n<p>AUTORES:\u00a0CARASOL, L. S. ; SOUZA, C. F. ;\u00a0Mota, M.F.\u00a0; RONDON, J. N. ; SOUZA, A. P. ;\u00a0SOUZA, J. C.<br \/>\nTITULO: Impacto da comercializa\u00e7\u00e3o de fauna e intera\u00e7\u00e3o urbana<br \/>\nLOCAL DE PUBLICA\u00c7\u00c3O:\u00a0 J. Fernando Del Moral, Sachetti Luc\u00eda Soler, Cecilia Castilla, Augusto<br \/>\nBravo-Malca, Julio de Souza ,Noelia G\u00f3mez. (Org.). Coexistencia entre fauna silvestre y seres<br \/>\nhumanos An\u00e1lisis de experiencias en el contexto latinoamericano. 1ed.Bogot\u00e1: Comfauna-<br \/>\nFundaci\u00f3n Natura., 2022, v. 1, p. 131-148.<\/p>\n<p>AUTORES:\u00a0Paloma Maria Leite Franciscatti., Franscine Kelli Quinhones Bonatti., Marcus Vinicius<br \/>\nMorais de Oliveira., Dirce Ferreira Luz.<br \/>\nT\u00cdTULO:\u00a0N\u00edveis de prote\u00edna no concentrado de vacas da ra\u00e7a Curraleiro P\u00e9 Duro: consumo,<br \/>\ndigestibilidade, produ\u00e7\u00e3o e composi\u00e7\u00e3o<br \/>\nLOCAL DE PUBLICA\u00c7\u00c3O:\u00a0Archivos Latinoamericanos de Producci\u00f3n Animal. 2022. 30 (2)<\/p>\n<p>AUTORES:\u00a0Mariane da Silva Chiodi., Dirce Ferreira Luz., Marcus Vinicius Morais de Oliveira<br \/>\nT\u00cdTULO:\u00a0Soja integral e desativada sobre consumo, digestibilidade e produ\u00e7\u00e3o de leite em vacas<br \/>\nPantaneiras<br \/>\nLOCAL DE PUBLICA\u00c7\u00c3O:\u00a0Revista RG News 8 (1), 2022 &#8211; Sociedade Brasileira de Recursos Gen\u00e9ticos<\/p>\n<p>AUTORES:\u00a0 Dirce Ferreira Luz., Marcus Vinicius Morais de Oliveira.<br \/>\nT\u00cdTULO:\u00a0Avalia\u00e7\u00e3o f\u00edsico-qu\u00edmica do leite pasteurizado e cru refrigerado na regi\u00e3o do Alto<br \/>\nPantanal Sul-MatoGrossense<br \/>\nLOCAL DE PUBLICA\u00c7\u00c3O:\u00a0Revista Pantaneira, V. 21-2022, UFMS, Aquidauana MS, 2022.<\/p>\n<p>AUTORES:\u00a0Paloma Maria Leite Franciscatti., Franscine Kelli Quinhones Bonatti., Marcus Vinicius Morais de Oliveira., Dirce Ferreira Luz.<\/p>\n<p>T\u00cdTULO DO TRABALHO:<strong>\u00a0<\/strong>N\u00edveis de prote\u00edna no concentrado de vacas da ra\u00e7a Curraleiro P\u00e9 Duro: consumo, digestibilidade, produ\u00e7\u00e3o e composi\u00e7\u00e3o<\/p>\n<p>LOCAL DE PUBLICA\u00c7\u00c3O:\u00a0Archivos Latinoamericanos de Producci\u00f3n Animal. 2022. 30 (2)<\/p>\n<hr \/>\n<p>AUTORES:\u00a0Mariane da Silva Chiodi., Dirce Ferreira Luz., Marcus Vinicius Morais de Oliveira<\/p>\n<p>T\u00cdTULO DO TRABALHO:<strong>\u00a0<\/strong>Soja integral e desativada sobre consumo, digestibilidade e produ\u00e7\u00e3o de leite em vacas Pantaneiras<\/p>\n<p>LOCAL DE PUBLICA\u00c7\u00c3O:\u00a0Revista RG News 8 (1), 2022 &#8211; Sociedade Brasileira de Recursos Gen\u00e9ticos<\/p>\n<hr \/>\n<p>AUTORES: Beatriz Franceschi Talgatti Silva, \u00c9dson dos Santos Pereira, Tatiane do Nascimento Lima<\/p>\n<p>T\u00cdTULO DO TRABALHO: CONCEP\u00c7\u00c3O DE ESTUDANTES DE CAMPO GRANDE \u2013 MS SOBRE O BRANQUEAMENTOS DOS RECIFES DE CORAL<\/p>\n<p>LOCAL DE PUBLICA\u00c7\u00c3O: Revista Ci\u00eancias e Ideias, VOLUME 13, N.2 \u2013 ABRIL\/JUNHO 2022.<\/p>\n<hr \/>\n<p>AUTORES: N\u00e1dia Mattos Mello, Ana Carolina Delphino, Rog\u00e9rio Rodrigues Faria, Alexandre Meira Vasconcelos, Tatiane do Nascimento Lima<\/p>\n<p>T\u00cdTULO DO TRABALHO: PARQUES URBANOS, BIOFILIA E PERCEP\u00c7\u00c3O\u00a0AMBIENTAL: Uma An\u00e1lise Bibliom\u00e9trica<\/p>\n<p>LOCAL DE PUBLICA\u00c7\u00c3O: Anais do Congresso Brasileiro e Iberoamericano. Congresso Brasileiro de Arboriza\u00e7\u00e3o Urbana. Organizadores, Eliane Guaraldo, Camila Aoki, Marcos Junji. Kataura. Campo Grande, MS: Ed. UFMS.<\/p>\n<hr \/>\n<p>AUTORES: PEREIRA, K. A. O.; Campelo-Junior, M.V.; Faria, RR<\/p>\n<p>T\u00cdTULO DO TRABALHO: A\u00e7\u00f5es de Educa\u00e7\u00e3o Ambiental do Parque Estadual Matas do Segredo da cidade de Campo Grande-MS.<\/p>\n<p>LOCAL DE PUBLICA\u00c7\u00c3O: GEOFRONTER. , v.8, p.1 &#8211; 22, 2022<\/p>\n<hr \/>\n<p>AUTORES: IAMARA-NOGUEIRA, J.; TARGHETTA, N.; ALLAIN, G.; GAMBARINI, A.; PINTO, A.; RUI, A.; ARAUJO, A. C.; LOPES, A.; PEREIRA-SILVA, B.; CAMARGO, B.; MACHADO, C. G.; MISSAGIA, C.; SCULTORI, C.; BOSCOLO, D.; FISHER, E. A.; OLIVEIRA, E.; GAVA, H.; PAULINO NETO, H.; MACHADO, I. C.; VARASSIN, I.; SAZIMA, I.; VIZENTIN-BUGONI, J.; SILVA, J.; OLIVEIRA, J.; SOARES, J.; et al<\/p>\n<p>T\u00cdTULO DO TRABALHO: ATLANTIC POLLINATION: a data set of flowers and interaction with nectar-feeding vertebrates from the Atlantic Forest. Ecology.<\/p>\n<p>LOCAL DE PUBLICA\u00c7\u00c3O: Fator de Impacto (2021 JCR): 6,4310, v.103, p.e03595 &#8211; , 2022.<\/p>\n<hr \/>\n<p>AUTORES: KITAURA, M. J.; TORRES, J.; SCUR, M. C.; LORENZ, A. P.; FARIA, R. R.<\/p>\n<p>T\u00cdTULO DO TRABALHO: Pesquisa de cianoliquens: uma an\u00e1lise bibliom\u00e9trica de 1991 a 2022<\/p>\n<p>LOCAL DE PUBLICA\u00c7\u00c3O: SOCIETY AND DEVELOPMENT., v.11, p.e16811628764, 2022.<\/p>\n<hr \/>\n<p>AUTORES: AOKI, C.; FARIA, R. R.; DAMASCENO-JUNIOR, G. A.; POTT, A.<\/p>\n<p>T\u00cdTULO DO TRABALHO: Synthesis of the present knowledge on plant phenology of the Pantanal<\/p>\n<p>LOCAL DE PUBLICA\u00c7\u00c3O: Flora and Vegetation of the Pantanal wetland.1, 2022, v.1, p. 535-549.<\/p>\n<\/div>\n\t\t\t\t<\/div>\n\t\t\t<\/div>\n<p>&nbsp;<\/p>\n<div class=\"panel panel-default\">\n\t\t\t\t<div class=\"panel-heading\">\n\t\t\t\t\t<h4 class=\"panel-title\">\n\t\t\t\t\t\t<a class=\"collapsed\" data-toggle=\"collapse\" data-parent=\"#custom-collapse-7\" href=\"#custom-collapse-7-22\">Ano de Publica\u00e7\u00e3o 2021<\/a>\n\t\t\t\t\t<\/h4>\n\t\t\t\t<\/div>\n\t\t\t\t<div id=\"custom-collapse-7-22\" class=\"panel-collapse collapse\">\n\t\t\t\t\t<div class=\"panel-body\">\n<p>AUTORES: Silva, B. F. T.; PEREIRA, E. S.; LIMA, T. N.<\/p>\n<p>T\u00cdTULO: Concep\u00e7\u00e3o de Estudantes de Campo Grande &#8211; MS Sobre o Branqueamentos dos Recifes de Coral<\/p>\n<p>LOCAL DE PUBLICA\u00c7\u00c3O: Revista Ci\u00eancias &amp; Id\u00e9ias, v. 13, p. 88-92.<\/p>\n<p>DOI: <a href=\"https:\/\/doi.org\/10.22407\/2176-1477\/2022.v13i2.1998\">https:\/\/doi.org\/10.22407\/2176-1477\/2022.v13i2.1998<\/a><\/p>\n<p>&nbsp;<\/p>\n<p>AUTORES: ALGARVE, B. B.; Graciolli, G.; LIMA, T. N.<\/p>\n<p>T\u00cdTULO: Influence of rainfall regime in the Cerrado biome on the maintenance of traps built by <em>Myrmeleon brasiliensis<\/em> (Nav\u00e1s) (Neuroptera: Myrmeleontidae) larvae and the morphology of adults<\/p>\n<p>LOCAL DE PUBLICA\u00c7\u00c3O: Iheringia. S\u00e9rie Zoologia, v. 112, p. e2022020.<\/p>\n<p>DOI: <a href=\"https:\/\/doi.org\/10.1590\/1678-4766e2022020\">https:\/\/doi.org\/10.1590\/1678-4766e2022020<\/a><\/p>\n<p>&nbsp;<\/p>\n<p>AUTORES: LIMA, T. N.; Faria, R. F.; Aoki, Camila; Arguelho, E. G.<\/p>\n<p>T\u00cdTULO: Contribui\u00e7\u00f5es da extens\u00e3o universit\u00e1ria para inclus\u00e3o cient\u00edfica e cultural de escolares da regi\u00e3o de Aquidauana-MS.<\/p>\n<p>LOCAL DE PUBLICA\u00c7\u00c3O: Revista Pantaneira, v. 21, p. 67-78.<\/p>\n<p><a href=\"https:\/\/periodicos.ufms.br\/index.php\/revpan\/article\/view\/17602\">https:\/\/periodicos.ufms.br\/index.php\/revpan\/article\/view\/17602<\/a><\/p>\n<p>&nbsp;<\/p>\n<p>AUTORES: LIMA, PEREIRA, E. S.; FARIA, R. R.; LIMA, T. N.<\/p>\n<p>T\u00cdTULO: Recursos naturais: concep\u00e7\u00f5es e pr\u00e1ticas no ambiente escolar.<\/p>\n<p>LOCAL DE PUBLICA\u00c7\u00c3O: Acta Ambiental Catarinense, v. 18, p. 2039-2052.<\/p>\n<p>DOI: <a href=\"https:\/\/doi.org\/10.24021\/raac.v18i1.5880\">https:\/\/doi.org\/10.24021\/raac.v18i1.5880<\/a><\/p>\n<p>&nbsp;<\/p>\n<p>AUTORES: Abot, A. R.; Arguelho, E. G.; LIMA, T. N.<\/p>\n<p>T\u00cdTULO: Foraging behavior plasticity in antlion larvae <em>Myrmeleon brasiliensis<\/em> (Neuroptera, Myrmeleontidae)<\/p>\n<p>LOCAL DE PUBLICA\u00c7\u00c3O: International Journal of Tropical Insect Science, v. 41, p. 1-5. DOI: <a href=\"http:\/\/10.1007\/s42690-021-00577-6\">http:\/\/10.1007\/s42690-021-00577-6<\/a><\/p>\n<p>&nbsp;<\/p>\n<p>AUTORES: LIMA, T. N.; ARGUELHO, E. G.; FARIA, R. R.<\/p>\n<p>T\u00cdTULO: Aulas investigativas: relato de uma experi\u00eancia na disciplina de Ci\u00eancias LOCAL DE PUBLICA\u00c7\u00c3O: UNILUS Ensino e Pesquisa, v. 18, p. 80-88, 2021.<\/p>\n<p><a href=\"http:\/\/revista.unilus.edu.br\/index.php\/ruep\/article\/view\/1386\/u2021v18n50e1386\">http:\/\/revista.unilus.edu.br\/index.php\/ruep\/article\/view\/1386\/u2021v18n50e1386<\/a><\/p>\n<p>&nbsp;<\/p>\n<p>AUTORES: ZAURICIO, E. A.; LIMA, T. N.<\/p>\n<p>T\u00cdTULO: Educa\u00e7\u00e3o Ambiental: concep\u00e7\u00f5es e pr\u00e1ticas na Associa\u00e7\u00e3o Pestalozzi de Aquidauana\/MS<\/p>\n<p>LOCAL DE PUBLICA\u00c7\u00c3O: Revista Pantaneira, v. 19, p. 69-78.<\/p>\n<p><a href=\"https:\/\/periodicos.ufms.br\/index.php\/revpan\/article\/view\/13707\">https:\/\/periodicos.ufms.br\/index.php\/revpan\/article\/view\/13707<\/a><\/p>\n<p>&nbsp;<\/p>\n<p>AUTORES: LEITE, V. G. O.; LIMA, T. N<\/p>\n<p>T\u00cdTULO: Distribui\u00e7\u00e3o Livre Ideal da formiga-le\u00e3o (Insecta, Neuroptera)<\/p>\n<p>LOCAL DE PUBLICA\u00c7\u00c3O: Entomology Beginners, v. 2, p.1-4.<\/p>\n<p>DOI: <a href=\"https:\/\/doi.org\/10.12741\/2675-9276.v2.e014\">https:\/\/doi.org\/10.12741\/2675-9276.v2.e014<\/a><\/p>\n<p>&nbsp;<\/p>\n<p>AUTORES: Leite, V. G. O.; Florenciano, R. B. A.; Arguelho, E. G.\u00a0 LIMA, T. N.<\/p>\n<p>T\u00cdTULO: Trap rebuilding by <em>Myrmeleon brasiliensis<\/em> larvae (Neuroptera: Myrmeleontidae) in response to flooding: the effect of body size<\/p>\n<p>LOCAL DE PUBLICA\u00c7\u00c3O: Revista De Biolog\u00eda Tropical, v. 69, p. 1224-1232.<\/p>\n<p>DOI: <a href=\"http:\/\/dx.doi.org\/10.15517\/rbt.v69i4.44478\">http:\/\/dx.doi.org\/10.15517\/rbt.v69i4.44478<\/a><\/p>\n<p>&nbsp;<\/p>\n<p>AUTORES: Cruz, C. F.; Cruz, T. F.; Arguelho, E. G.; LIMA, T. N<\/p>\n<p>T\u00cdTULO: Palafitas: prote\u00e7\u00e3o contra as enchentes do Pantanal e ref\u00fagio para insetos construtores de armadilhas (<em>Myrmeleon<\/em> sp)<\/p>\n<p>LOCAL DE PUBLICA\u00c7\u00c3O: Revista Pantaneira, v. 20, p. 29-39.<\/p>\n<p><a href=\"https:\/\/periodicos.ufms.br\/index.php\/revpan\/article\/view\/14701\">https:\/\/periodicos.ufms.br\/index.php\/revpan\/article\/view\/14701<\/a><\/p>\n<\/div>\n\t\t\t\t<\/div>\n\t\t\t<\/div>\n<p>&nbsp;<\/p>\n<div class=\"panel panel-default\">\n\t\t\t\t<div class=\"panel-heading\">\n\t\t\t\t\t<h4 class=\"panel-title\">\n\t\t\t\t\t\t<a class=\"collapsed\" data-toggle=\"collapse\" data-parent=\"#custom-collapse-7\" href=\"#custom-collapse-7-23\">Ano de Publica\u00e7\u00e3o 2020<\/a>\n\t\t\t\t\t<\/h4>\n\t\t\t\t<\/div>\n\t\t\t\t<div id=\"custom-collapse-7-23\" class=\"panel-collapse collapse\">\n\t\t\t\t\t<div class=\"panel-body\">\n<p>AUTORES: LIMA, T. N.<\/p>\n<p>T\u00cdTULO: Influence of the microhabitat on the trap construction of <em>Myrmeleon brasiliensis<\/em> (Nav\u00e1s, 1914) (Neuroptera: Myrmeleontidae) larvae<\/p>\n<p>LOCAL DE PUBLICA\u00c7\u00c3O: Iheringia. S\u00e9rie Zoologia, v. 110, p. 01-04.<\/p>\n<p>DOI: <a href=\"https:\/\/doi.org\/10.1590\/1678-4766e2020018\">https:\/\/doi.org\/10.1590\/1678-4766e2020018<\/a><\/p>\n<p>&nbsp;<\/p>\n<p>AUTORES: MELO, M. V.; Souza, M.S.; LIMA, T. N.<\/p>\n<p>T\u00cdTULO: Ensino por Investiga\u00e7\u00e3o Como Ferramenta Para Tratar Quest\u00f5es Ambientais LOCAL DE PUBLICA\u00c7\u00c3O: Revista Pantaneira, v. 17, p. 47-54.<\/p>\n<p><a href=\"https:\/\/periodicos.ufms.br\/index.php\/revpan\/article\/view\/11869\">https:\/\/periodicos.ufms.br\/index.php\/revpan\/article\/view\/11869<\/a><\/p>\n<p>&nbsp;<\/p>\n<p>AUTORES: ALGARVE, B. B.; SANTOS, F. A.; FREIRE, L. G.; MELO, S. T. P.; LIMA, T. N.<\/p>\n<p>T\u00cdTULO: Efeito da Sazonalidade em \u00c1rea de Ec\u00f3tono Cerrado e Pantanal na Abund\u00e2ncia de Insetos<\/p>\n<p>LOCAL DE PUBLICA\u00c7\u00c3O: Revista Pantaneira, v. 17, p. 71-79.<\/p>\n<p><a href=\"https:\/\/periodicos.ufms.br\/index.php\/revpan\/article\/view\/10081\">https:\/\/periodicos.ufms.br\/index.php\/revpan\/article\/view\/10081<\/a><\/p>\n<\/div>\n\t\t\t\t<\/div>\n\t\t\t<\/div>\n<p>&nbsp;<\/p>\n<div class=\"panel panel-default\">\n\t\t\t\t<div class=\"panel-heading\">\n\t\t\t\t\t<h4 class=\"panel-title\">\n\t\t\t\t\t\t<a class=\"collapsed\" data-toggle=\"collapse\" data-parent=\"#custom-collapse-7\" href=\"#custom-collapse-7-24\">Ano de Publica\u00e7\u00e3o 2019<\/a>\n\t\t\t\t\t<\/h4>\n\t\t\t\t<\/div>\n\t\t\t\t<div id=\"custom-collapse-7-24\" class=\"panel-collapse collapse\">\n\t\t\t\t\t<div class=\"panel-body\">\n<p>AUTORES: FREIRE, L. G.; LIMA, T. N.<\/p>\n<p>T\u00cdTULO: Effect of rain on trap building by in a riparian woodland from the Cerrado biome in Brazil.<\/p>\n<p>LOCAL DE PUBLICA\u00c7\u00c3O: Entomologia Experimentalis et Applicata, v. 167, p. 561-565. DOI: <a href=\"http:\/\/10.1111\/eea.12788\">http:\/\/10.1111\/eea.12788<\/a><\/p>\n<p>&nbsp;<\/p>\n<p>AUTORES: LIMA, T. N.; FREIRE, L. G.; Lila, D. C. A.<\/p>\n<p>T\u00cdTULO: Effect of asymmetric competition on distance among <em>Myrmeleon brasiliensis<\/em> (N\u00e1vas, 1914) (Neuroptera: Myrmeleontidae) larvae.<\/p>\n<p>LOCAL DE PUBLICA\u00c7\u00c3O: Acta Scientiarum. Biological Sciences, v. 41, p. 45871-45877.\u00a0 DOI: <a href=\"https:\/\/doi.org\/10.4025\/actascibiolsci.v41i1.45871\">https:\/\/doi.org\/10.4025\/actascibiolsci.v41i1.45871<\/a><\/p>\n<\/div>\n\t\t\t\t<\/div>\n\t\t\t<\/div>\n<\/div>\n<\/div><\/div>","protected":false},"excerpt":{"rendered":"","protected":false},"author":1449,"featured_media":6884,"parent":31206,"menu_order":0,"comment_status":"closed","ping_status":"closed","template":"page-templates\/page-coordenadorias.php","meta":{"footnotes":""},"coauthors":[79],"class_list":["post-31224","page","type-page","status-publish","has-post-thumbnail","hentry"],"_links":{"self":[{"href":"https:\/\/cpaq.ufms.br\/en\/wp-json\/wp\/v2\/pages\/31224","targetHints":{"allow":["GET"]}}],"collection":[{"href":"https:\/\/cpaq.ufms.br\/en\/wp-json\/wp\/v2\/pages"}],"about":[{"href":"https:\/\/cpaq.ufms.br\/en\/wp-json\/wp\/v2\/types\/page"}],"author":[{"embeddable":true,"href":"https:\/\/cpaq.ufms.br\/en\/wp-json\/wp\/v2\/users\/1449"}],"replies":[{"embeddable":true,"href":"https:\/\/cpaq.ufms.br\/en\/wp-json\/wp\/v2\/comments?post=31224"}],"version-history":[{"count":26,"href":"https:\/\/cpaq.ufms.br\/en\/wp-json\/wp\/v2\/pages\/31224\/revisions"}],"predecessor-version":[{"id":38869,"href":"https:\/\/cpaq.ufms.br\/en\/wp-json\/wp\/v2\/pages\/31224\/revisions\/38869"}],"up":[{"embeddable":true,"href":"https:\/\/cpaq.ufms.br\/en\/wp-json\/wp\/v2\/pages\/31206"}],"wp:featuredmedia":[{"embeddable":true,"href":"https:\/\/cpaq.ufms.br\/en\/wp-json\/wp\/v2\/media\/6884"}],"wp:attachment":[{"href":"https:\/\/cpaq.ufms.br\/en\/wp-json\/wp\/v2\/media?parent=31224"}],"wp:term":[{"taxonomy":"author","embeddable":true,"href":"https:\/\/cpaq.ufms.br\/en\/wp-json\/wp\/v2\/coauthors?post=31224"}],"curies":[{"name":"wp","href":"https:\/\/api.w.org\/{rel}","templated":true}]}}