{"id":31220,"date":"2022-08-08T14:56:29","date_gmt":"2022-08-08T18:56:29","guid":{"rendered":"https:\/\/cpaq.ufms.br\/?page_id=31220"},"modified":"2026-04-02T16:46:21","modified_gmt":"2026-04-02T20:46:21","slug":"ciencias-biologicas-projetos-orientacoes","status":"publish","type":"page","link":"https:\/\/cpaq.ufms.br\/en\/ciencias-biologicas\/ciencias-biologicas-projetos-orientacoes\/","title":{"rendered":"Ci\u00eancias Biol\u00f3gicas &#8211; Projetos e Orienta\u00e7\u00f5es"},"content":{"rendered":"<div class=\"panel panel-info\"><div class=\"panel-heading\">Projetos<\/div><div class=\"panel-body\">\n<div class=\"alert alert-info\"> Projetos de Ensino e Extens\u00e3o desenvolvidos por docentes do curso.<\/div>\n<table class=\"table table-hover table-striped table-sm\" style=\"width: 100%;height: 1672px\">\n<tbody>\n<tr style=\"height: 24px\">\n<td style=\"width: 8.16967%;height: 24px\"><strong>Tipo<br \/>\n<\/strong><\/td>\n<td style=\"width: 36.7757%;height: 24px\" width=\"34%\"><strong>Titulo<\/strong><\/td>\n<td style=\"width: 27.5257%;height: 24px\" width=\"16%\"><strong>Docente Coordenador<\/strong><\/td>\n<td style=\"width: 8.47432%;height: 24px\" width=\"20%\"><strong>Inicio\u00a0<\/strong><\/td>\n<td style=\"width: 9.05473%;height: 24px\" width=\"20%\"><strong>Fim<\/strong><\/td>\n<\/tr>\n<tr style=\"height: 48px\">\n<td style=\"width: 8.16967%;height: 48px\">Extens\u00e3o<\/td>\n<td style=\"width: 36.7757%;height: 48px\" width=\"34%\">A import\u00e2ncia de A\u00e7\u00f5es preventivas no combate ao Aedes Aegypti<\/td>\n<td style=\"width: 27.5257%;height: 48px\" width=\"16%\">Dirce Ferreira Luz<\/td>\n<td style=\"width: 8.47432%;height: 48px\" width=\"20%\">04\/2022<\/td>\n<td style=\"width: 9.05473%;height: 48px\" width=\"20%\">10\/2022<\/td>\n<\/tr>\n<tr style=\"height: 72px\">\n<td style=\"width: 8.16967%;height: 72px\">Extens\u00e3o<\/td>\n<td style=\"width: 36.7757%;height: 72px\" width=\"34%\">Cientista na Escola<\/td>\n<td style=\"width: 27.5257%;height: 72px\" width=\"16%\">Tatiane do Nascimento Lima, Rog\u00e9rio Rodrigues Faria, Edihanne Gamarra Arguelho<\/td>\n<td style=\"width: 8.47432%;height: 72px\" width=\"20%\">05\/2022<\/td>\n<td style=\"width: 9.05473%;height: 72px\" width=\"20%\">04\/2026<\/td>\n<\/tr>\n<tr style=\"height: 48px\">\n<td style=\"width: 8.16967%;height: 48px\">Extens\u00e3o<\/td>\n<td style=\"width: 36.7757%;height: 48px\" width=\"34%\">MOCA &#8211; Mostra de Cinema Ambiental de Aquidauana<\/td>\n<td style=\"width: 27.5257%;height: 48px\" width=\"16%\">Rog\u00e9rio Rodrigues Faria, Ricardo Gentil<\/td>\n<td style=\"width: 8.47432%;height: 48px\" width=\"20%\"><\/td>\n<td style=\"width: 9.05473%;height: 48px\" width=\"20%\"><\/td>\n<\/tr>\n<tr style=\"height: 48px\">\n<td style=\"width: 8.16967%;height: 72px\">Extens\u00e3o<\/td>\n<td style=\"width: 36.7757%;height: 72px\" width=\"34%\">Curso de T\u00e9cnicas de An\u00e1lises Laboratorial com \u00eanfase nos estudos de ambientes aqu\u00e1ticos<\/td>\n<td style=\"width: 27.5257%;height: 72px\" width=\"16%\">Ricardo Gentil<\/td>\n<td style=\"width: 8.47432%;height: 72px\" width=\"20%\"><\/td>\n<td style=\"width: 9.05473%;height: 72px\" width=\"20%\"><\/td>\n<\/tr>\n<tr style=\"height: 24px\">\n<td style=\"width: 8.16967%;height: 24px\">Extens\u00e3o<\/td>\n<td style=\"width: 36.7757%;height: 24px\" width=\"34%\">Descobrindo a C\u00e9lula<\/td>\n<td style=\"width: 27.5257%;height: 24px\" width=\"16%\">Edihanne Gamarra Arguelho<\/td>\n<td style=\"width: 8.47432%;height: 24px\" width=\"20%\">05\/2022<\/td>\n<td style=\"width: 9.05473%;height: 24px\" width=\"20%\"><\/td>\n<\/tr>\n<tr style=\"height: 48px\">\n<td style=\"width: 8.16967%;height: 48px\">Pesquisa<\/td>\n<td style=\"width: 36.7757%;height: 48px\">Flor\u00edstica e ecologia em fitofisionomias do Cerrado e Pantanal<\/td>\n<td style=\"width: 27.5257%;height: 48px\">Bruna Gardenal Fina Cicalise<\/td>\n<td style=\"width: 8.47432%;height: 48px\">2021<\/td>\n<td style=\"width: 9.05473%;height: 48px\">2025<\/td>\n<\/tr>\n<tr style=\"height: 48px\">\n<td style=\"width: 8.16967%;height: 48px\">Pesquisa<\/td>\n<td style=\"width: 36.7757%;height: 48px\">Reprodu\u00e7\u00e3o de Angiospermas no Pantanal: Fenologia e Redes Ecol\u00f3gicas<\/td>\n<td style=\"width: 27.5257%;height: 48px\">Camila Aoki<\/td>\n<td style=\"width: 8.47432%;height: 48px\">2014<\/td>\n<td style=\"width: 9.05473%;height: 48px\">2023<\/td>\n<\/tr>\n<tr style=\"height: 48px\">\n<td style=\"width: 8.16967%;height: 72px\">Pesquisa<\/td>\n<td style=\"width: 36.7757%;height: 72px\">Avalia\u00e7\u00e3o das caracter\u00edsticas do leite produzido no &#8220;Centro de Excel\u00eancia do Leite de Mato Grosso do Sul&#8221;<\/td>\n<td style=\"width: 27.5257%;height: 72px\">Dirce Ferreira Luz<\/td>\n<td style=\"width: 8.47432%;height: 72px\">15\/12\/2019<\/td>\n<td style=\"width: 9.05473%;height: 72px\">15\/12\/2023<\/td>\n<\/tr>\n<tr style=\"height: 72px\">\n<td style=\"width: 8.16967%;height: 72px\">Pesquisa<\/td>\n<td style=\"width: 36.7757%;height: 72px\">Identifica\u00e7\u00e3o gen\u00e9tica e citogen\u00e9tica de esp\u00e9cies de Myrmeleon (Neuroptera, Myrmeleontidae) do Mato Grosso do Sul<\/td>\n<td style=\"width: 27.5257%;height: 72px\">Edihanne Gamarra Arguelho<\/td>\n<td style=\"width: 8.47432%;height: 72px\">2020<\/td>\n<td style=\"width: 9.05473%;height: 72px\">2024<\/td>\n<\/tr>\n<tr style=\"height: 96px\">\n<td style=\"width: 8.16967%;height: 96px\">Pesquisa<\/td>\n<td style=\"width: 36.7757%;height: 96px\">Plano de a\u00e7\u00e3o nacional para a conserva\u00e7\u00e3o das esp\u00e9cies amea\u00e7adas de extin\u00e7\u00e3o da ictiofauna, herpetofauna e primatas do Cerrado e Pantanal (CERPAN\/ICMBio)<\/td>\n<td style=\"width: 27.5257%;height: 96px\">Prof. Dr. Jos\u00e9 R\u00edmoli<\/td>\n<td style=\"width: 8.47432%;height: 96px\">2018<\/td>\n<td style=\"width: 9.05473%;height: 96px\">2023<\/td>\n<\/tr>\n<tr style=\"height: 48px\">\n<td style=\"width: 8.16967%;height: 72px\">Pesquisa<\/td>\n<td style=\"width: 36.7757%;height: 72px\">Estudo da produtividade sustent\u00e1vel e conserva\u00e7\u00e3o de animais silvestres em fazendas no Pantanal<\/td>\n<td style=\"width: 27.5257%;height: 72px\">Julio Cesar de Souza<\/td>\n<td style=\"width: 8.47432%;height: 72px\">12\/2015<\/td>\n<td style=\"width: 9.05473%;height: 72px\">12\/2026<\/td>\n<\/tr>\n<tr style=\"height: 72px\">\n<td style=\"width: 8.16967%;height: 96px\">Pesquisa<\/td>\n<td style=\"width: 36.7757%;height: 96px\">Caracteriza\u00e7\u00e3o Ambiental do trecho urbanos do C\u00f3rrego Jo\u00e3o Dias, estudo do sedimento e da comunidade de Macroinvertebrados Bent\u00f4nicos<\/td>\n<td style=\"width: 27.5257%;height: 96px\">Ricardo Henrique Gentil Pereira<\/td>\n<td style=\"width: 8.47432%;height: 96px\">05\/2023<\/td>\n<td style=\"width: 9.05473%;height: 96px\">04\/2025<\/td>\n<\/tr>\n<tr style=\"height: 48px\">\n<td style=\"width: 8.16967%;height: 48px\">Pesquisa<\/td>\n<td style=\"width: 36.7757%;height: 48px\">Diagn\u00f3stico sobre a tem\u00e1tica dos recursos naturais no ensino b\u00e1sico brasileiro<\/td>\n<td style=\"width: 27.5257%;height: 48px\">Rog\u00e9rio Rodrigues Faria<\/td>\n<td style=\"width: 8.47432%;height: 48px\">2019<\/td>\n<td style=\"width: 9.05473%;height: 48px\">2023<\/td>\n<\/tr>\n<tr style=\"height: 24px\">\n<td style=\"width: 8.16967%;height: 48px\">Pesquisa<\/td>\n<td style=\"width: 36.7757%;height: 48px\">Ensino de Ci\u00eancias Naturais: M\u00e9todos e Pr\u00e1ticas<\/td>\n<td style=\"width: 27.5257%;height: 48px\">Tatiane do Nascimento Lima<\/td>\n<td style=\"width: 8.47432%;height: 48px\">07\/2021<\/td>\n<td style=\"width: 9.05473%;height: 48px\">04\/2025<\/td>\n<\/tr>\n<tr style=\"height: 96px\">\n<td style=\"width: 8.16967%;height: 160px\">Pesquisa<\/td>\n<td style=\"width: 36.7757%;height: 160px\">Ci\u00eancia Cidad\u00e3 Pantanal: mapeando o impacto dos inc\u00eandios na biodiversidade do Pantanal Sulmatogrossense<\/td>\n<td style=\"width: 27.5257%;height: 160px\">Alberto Mart\u00edn Rivera D\u00e1vila (FioCruz)<\/p>\n<p>Edihanne G. Arguelho<\/p>\n<p>Ricardo H. G. Pereira<\/td>\n<td style=\"width: 8.47432%;height: 160px\">2023<\/td>\n<td style=\"width: 9.05473%;height: 160px\">2025<\/td>\n<\/tr>\n<tr style=\"height: 48px\">\n<td style=\"width: 8.16967%;height: 48px\">Ensino<\/td>\n<td style=\"width: 36.7757%;height: 48px\">Compostagem: a arte do reaproveitamento<br \/>\nde res\u00edduos org\u00e2nicos<\/td>\n<td style=\"width: 27.5257%;height: 48px\">Bruna Gardenal Fina Cicalise<\/td>\n<td style=\"width: 8.47432%;height: 48px\">2023<\/td>\n<td style=\"width: 9.05473%;height: 48px\">2023<\/td>\n<\/tr>\n<tr style=\"height: 24px\">\n<td style=\"width: 8.16967%;height: 24px\">Ensino<\/td>\n<td style=\"width: 36.7757%;height: 24px\">Viveiro educativo: semeando aprendizagens<\/td>\n<td style=\"width: 27.5257%;height: 24px\">Bruna Gardenal Fina Cicalise<\/td>\n<td style=\"width: 8.47432%;height: 24px\">2023<\/td>\n<td style=\"width: 9.05473%;height: 24px\">2023<\/td>\n<\/tr>\n<tr style=\"height: 48px\">\n<td style=\"width: 8.16967%;height: 48px\">Ensino<\/td>\n<td style=\"width: 36.7757%;height: 48px\">Jardim Sensorial: bem estar e aprendizagens<\/td>\n<td style=\"width: 27.5257%;height: 48px\">Bruna Gardenal Fina Cicalise<\/td>\n<td style=\"width: 8.47432%;height: 48px\">2021<\/td>\n<td style=\"width: 9.05473%;height: 48px\">2023<\/td>\n<\/tr>\n<tr style=\"height: 48px\">\n<td style=\"width: 8.16967%;height: 48px\">Ensino<\/td>\n<td style=\"width: 36.7757%;height: 48px\">Implanta\u00e7\u00e3o de horta agroecol\u00f3gica no CPAQ<\/td>\n<td style=\"width: 27.5257%;height: 48px\">Bruna Gardenal Fina Cicalise<\/td>\n<td style=\"width: 8.47432%;height: 48px\">2018<\/td>\n<td style=\"width: 9.05473%;height: 48px\">2025<\/td>\n<\/tr>\n<tr style=\"height: 48px\">\n<td style=\"width: 8.16967%;height: 48px\">Ensino<\/td>\n<td style=\"width: 36.7757%;height: 48px\">A constru\u00e7\u00e3o e uso de maquetes como<br \/>\nrecurso did\u00e1tico para aprendizagem<\/td>\n<td style=\"width: 27.5257%;height: 48px\">Dirce Ferreira Luz<\/td>\n<td style=\"width: 8.47432%;height: 48px\">25\/04\/2023<\/td>\n<td style=\"width: 9.05473%;height: 48px\">25\/07\/2023<\/td>\n<\/tr>\n<tr style=\"height: 48px\">\n<td style=\"width: 8.16967%;height: 48px\">Extens\u00e3o<\/td>\n<td style=\"width: 36.7757%;height: 48px\">A\u00e7\u00f5es preventivas e educativas no combate ao Aedes Aegypti<\/td>\n<td style=\"width: 27.5257%;height: 48px\">Dirce Ferreira Luz<\/td>\n<td style=\"width: 8.47432%;height: 48px\">27\/04\/2023<\/td>\n<td style=\"width: 9.05473%;height: 48px\">27\/04\/2025<\/td>\n<\/tr>\n<tr style=\"height: 48px\">\n<td style=\"width: 8.16967%;height: 48px\">Extens\u00e3o<\/td>\n<td style=\"width: 36.7757%;height: 48px\">Agroecologia: horta, ensino e consumo consciente<\/td>\n<td style=\"width: 27.5257%;height: 48px\">Nara L\u00e1zaro<\/td>\n<td style=\"width: 8.47432%;height: 48px\">2023<\/td>\n<td style=\"width: 9.05473%;height: 48px\">2025<\/td>\n<\/tr>\n<tr style=\"height: 48px\">\n<td style=\"width: 8.16967%;height: 48px\">Extens\u00e3o<\/td>\n<td style=\"width: 36.7757%;height: 48px\">Climatiza\u00e7\u00e3o de resid\u00eancias com uso de<br \/>\nrecicl\u00e1veis<\/td>\n<td style=\"width: 27.5257%;height: 48px\">Bruna Gardenal Fina Cicalise<\/td>\n<td style=\"width: 8.47432%;height: 48px\">2019<\/td>\n<td style=\"width: 9.05473%;height: 48px\">2024<\/td>\n<\/tr>\n<tr style=\"height: 48px\">\n<td style=\"width: 8.16967%;height: 48px\">Extens\u00e3o<\/td>\n<td style=\"width: 36.7757%;height: 48px\">Jardim sensorial: espa\u00e7o de ensino e<br \/>\naprendizagens<\/td>\n<td style=\"width: 27.5257%;height: 48px\">Bruna Gardenal Fina Cicalise<\/td>\n<td style=\"width: 8.47432%;height: 48px\">2023<\/td>\n<td style=\"width: 9.05473%;height: 48px\">2026<\/td>\n<\/tr>\n<tr style=\"height: 24px\">\n<td style=\"width: 8.16967%;height: 24px\">Extens\u00e3o<\/td>\n<td style=\"width: 36.7757%;height: 24px\">Descobrindo a c\u00e9lula<\/td>\n<td style=\"width: 27.5257%;height: 24px\">Edihanne Gamarra Arguelho<\/td>\n<td style=\"width: 8.47432%;height: 24px\">2020<\/td>\n<td style=\"width: 9.05473%;height: 24px\">2025<\/td>\n<\/tr>\n<tr style=\"height: 24px\">\n<td style=\"width: 8.16967%;height: 24px\">Extens\u00e3o<\/td>\n<td style=\"width: 36.7757%;height: 24px\">Cientista na escola<\/td>\n<td style=\"width: 27.5257%;height: 24px\">Tatiane do Nascimento Lima<\/td>\n<td style=\"width: 8.47432%;height: 24px\">2020<\/td>\n<td style=\"width: 9.05473%;height: 24px\">2026<\/td>\n<\/tr>\n<tr style=\"height: 168px\">\n<td style=\"width: 8.16967%;height: 168px\">Pesquisa<\/td>\n<td style=\"width: 36.7757%;height: 168px\">Diagn\u00f3stico sobre a tem\u00e1tica dos recursos naturais no ensino b\u00e1sico brasileiro<\/td>\n<td style=\"width: 27.5257%;height: 168px\">Rog\u00e9rio Rodrigues Faria<\/td>\n<td style=\"width: 8.47432%;height: 168px\">2019<\/td>\n<td style=\"width: 9.05473%;height: 168px\">&#8211;<\/td>\n<\/tr>\n<tr>\n<td style=\"width: 8.16967%\">Pesquisa<\/td>\n<td style=\"width: 36.7757%\">Diagn\u00f3stico do Uso do Ensino por Investiga\u00e7\u00e3o nas Aulas de Ci\u00eancias<\/td>\n<td style=\"width: 27.5257%\">Tatiane do Nascimento Lima<\/td>\n<td style=\"width: 8.47432%\">2023<\/td>\n<td style=\"width: 9.05473%\">2025<\/td>\n<\/tr>\n<tr>\n<td style=\"width: 8.16967%\">Pesquisa<\/td>\n<td style=\"width: 36.7757%\">Sistem\u00e1tica e Ecologia de Mirmeleontini (Insecta, Neuroptera, Myrmeleontidae)<\/td>\n<td style=\"width: 27.5257%\">Tatiane do Nascimento Lima<\/td>\n<td style=\"width: 8.47432%\">2019<\/td>\n<td style=\"width: 9.05473%\">2025<\/td>\n<\/tr>\n<tr>\n<td style=\"width: 8.16967%\">Pesquisa<\/td>\n<td style=\"width: 36.7757%\"><em>Caracteriza\u00e7\u00e3o Ambiental do trecho urbanos do C\u00f3rrego Jo\u00e3o Dias, estudo do sedimento e da comunidade de Macroinvertebrados Bent\u00f4nicos<\/em><\/td>\n<td style=\"width: 27.5257%\">Ricardo Henrique Gentil Pereira<\/td>\n<td style=\"width: 8.47432%\">2023<\/td>\n<td style=\"width: 9.05473%\">2025<\/td>\n<\/tr>\n<tr>\n<td style=\"width: 8.16967%\">Extens\u00e3o<\/td>\n<td style=\"width: 36.7757%\" width=\"43%\">A Biologia e o Mundo das \u00c1guas<\/td>\n<td style=\"width: 27.5257%\">Ricardo Henrique Gentil Pereira<\/td>\n<td style=\"width: 8.47432%\">2023<\/td>\n<td style=\"width: 9.05473%\">2023<\/td>\n<\/tr>\n<tr>\n<td style=\"width: 8.16967%\">Extens\u00e3o<\/td>\n<td style=\"width: 36.7757%\" width=\"43%\">Polui\u00e7\u00e3o pl\u00e1stica e seus efeitos no ecossistema pantaneiro (Oficina)<\/td>\n<td style=\"width: 27.5257%\">Ricardo Henrique Gentil Pereira<\/td>\n<td style=\"width: 8.47432%\">2023<\/td>\n<td style=\"width: 9.05473%\">2023<\/td>\n<\/tr>\n<tr>\n<td style=\"width: 8.16967%\">Extens\u00e3o<\/td>\n<td style=\"width: 36.7757%\">Uso de macroinvertebrados aqu\u00e1ticos como bioindicadores de qualidade ambiental (curso)<\/td>\n<td style=\"width: 27.5257%\">Ricardo Henrique Gentil Pereira<\/td>\n<td style=\"width: 8.47432%\">2024<\/td>\n<td style=\"width: 9.05473%\">2024<\/td>\n<\/tr>\n<tr>\n<td style=\"width: 8.16967%\">Extens\u00e3o<\/td>\n<td style=\"width: 36.7757%\">Por uma escola inclusiva: Da forma\u00e7\u00e3o docente na universidade \u00e0 a\u00e7\u00e3o cotidiana do Professor no ch\u00e3o da escola de Educa\u00e7\u00e3o B\u00e1sica<\/td>\n<td style=\"width: 27.5257%\">Ricardo Henrique Gentil Pereira<\/td>\n<td style=\"width: 8.47432%\">2024<\/td>\n<td style=\"width: 9.05473%\">2024<\/td>\n<\/tr>\n<\/tbody>\n<\/table>\n<\/div><\/div>\n<div class=\"panel panel-info\"><div class=\"panel-heading\">Orienta\u00e7\u00f5es<\/div><div class=\"panel-body\">\n<div class=\"alert alert-info\">Orienta\u00e7\u00f5es de acad\u00eamicos da gradua\u00e7\u00e3o<\/div>\n<table class=\"table table-hover table-striped table-sm\" style=\"width: 100%;height: 264px\">\n<tbody>\n<tr style=\"height: 24px\">\n<td style=\"width: 21.8756%;text-align: center;height: 24px\"><strong>Orientador<\/strong><\/td>\n<td style=\"width: 24.8674%;text-align: center;height: 24px\"><strong>Orientado<\/strong><\/td>\n<td style=\"width: 53.2569%;text-align: center;height: 24px\"><strong>Titulo do Trabalho<\/strong><\/td>\n<\/tr>\n<tr style=\"height: 72px\">\n<td style=\"width: 21.8756%;height: 72px\">Ricardo Henrique Gentil Pereira<\/td>\n<td style=\"width: 24.8674%;height: 72px\">Thaiany Santos Paix\u00e3o<\/td>\n<td style=\"width: 53.2569%;height: 72px\">Avalia\u00e7\u00e3o do Estado Tr\u00f3fico no trecho urbano do C\u00f3rrego Jo\u00e3o Dias em Aquidauana \u2013 Mato Grosso do Sul<\/td>\n<\/tr>\n<tr style=\"height: 72px\">\n<td style=\"width: 21.8756%;height: 72px\">Rog\u00e9rio Rodrigues Faria<\/td>\n<td style=\"width: 24.8674%;height: 72px\">Matheus Fonseca Lopes.<\/td>\n<td style=\"width: 53.2569%;height: 72px\">An\u00e1lise da produ\u00e7\u00e3o cient\u00edfica sobre carga pol\u00ednica: lacunas e tend\u00eancias<\/td>\n<\/tr>\n<tr style=\"height: 24px\">\n<td style=\"width: 21.8756%;height: 24px\">Tatiane do Nascimento Lima<\/td>\n<td style=\"width: 24.8674%;height: 24px\">Nathalia da Silva Luz<\/td>\n<td style=\"width: 53.2569%;height: 24px\">Efeito da inunda\u00e7\u00e3o do Pantanal no desenvolvimento das larvas e nos aspectos morfol\u00f3gicos dos adultos de Mirmeleontini (Insecta, Neuroptera, Myrmeleontidae)<\/td>\n<\/tr>\n<tr style=\"height: 24px\">\n<td style=\"width: 21.8756%;height: 24px\">Tatiane do Nascimento Lima<\/td>\n<td style=\"width: 24.8674%;height: 24px\">Beatriz Albres da Silva<\/td>\n<td style=\"width: 53.2569%;height: 24px\">Constru\u00e7\u00e3o de armadilhas por larvas de formiga-le\u00e3o <em>Myrmeleon<\/em> sp (Insecta, Neuroptera) pr\u00f3ximas as palmeiras de acuri <em>Attalea phalerata<\/em> MART. EX SPRENG em uma \u00e1rea de Pantanal<\/td>\n<\/tr>\n<tr style=\"height: 24px\">\n<td style=\"width: 21.8756%;height: 24px\">Tatiane do Nascimento Lima<\/td>\n<td style=\"width: 24.8674%;height: 24px\">Danilo Medeiros de Souza<\/td>\n<td style=\"width: 53.2569%;height: 24px\">Assimetria flutuante dos adultos de formiga-le\u00e3o <em>Myrmeleon<\/em> sp (Insecta, Neuroptera) em resposta as cheias do Pantanal<\/td>\n<\/tr>\n<tr style=\"height: 24px\">\n<td style=\"width: 21.8756%;height: 24px\">Tatiane do Nascimento Lima<\/td>\n<td style=\"width: 24.8674%;height: 24px\">Beatriz Nascimento Melo<\/td>\n<td style=\"width: 53.2569%;height: 24px\">As Larvas De Formiga-Le\u00e3o <em>Myrmeleon<\/em> sp. sobrevivem o alagamento do Pantanal?<\/td>\n<\/tr>\n<tr>\n<td style=\"width: 21.8756%\">Ricardo Henrique Gentil Pereira<\/td>\n<td style=\"width: 24.8674%\">Nath\u00e1lia Soares Lima<\/td>\n<td style=\"width: 53.2569%\">An\u00e1lise de Coliformes nas Ervas Mate Comercializadas no Munic\u00edpio de Aquidauana\/MS (T\u00edtulo Provis\u00f3rio)<\/td>\n<\/tr>\n<tr>\n<td style=\"width: 21.8756%\">Ricardo Henrique Gentil Pereira<\/td>\n<td style=\"width: 24.8674%\">Ariadne Martinez Rezende<\/td>\n<td style=\"width: 53.2569%\">Os macroinvertebrados bent\u00f4nicos como ferramenta bioindicadora de qualidade ambiental em bacias hidrogr\u00e1ficas do Cerrado e Pantanal.<\/td>\n<\/tr>\n<\/tbody>\n<\/table>\n<div class=\"alert alert-info\">Orienta\u00e7\u00f5es de P\u00f3s-gradua\u00e7\u00e3o<\/div>\n<table class=\"table table-hover table-striped table-sm\" style=\"width: 100%;height: 864px\">\n<tbody>\n<tr style=\"height: 24px\">\n<td style=\"width: 19.5204%;height: 24px;text-align: center\"><strong>Orientador<\/strong><\/td>\n<td style=\"width: 14.7889%;height: 24px;text-align: center\"><strong>Orientado<\/strong><\/td>\n<td style=\"width: 12.4337%;height: 24px;text-align: center\"><strong>N\u00edvel<\/strong><\/td>\n<td style=\"width: 53.2569%;height: 24px;text-align: center\"><strong>Titulo do Trabalho<\/strong><\/td>\n<\/tr>\n<tr style=\"height: 24px\">\n<td style=\"width: 19.5204%;height: 24px\">Rog\u00e9rio Rodrigues<br \/>\nFaria (coorientador)<\/td>\n<td style=\"width: 14.7889%;height: 24px\">Maria Beatriz Kiomido Mendon\u00e7a<\/td>\n<td style=\"width: 12.4337%;height: 24px;text-align: center\">Mestrado<\/td>\n<td style=\"width: 53.2569%;height: 24px\">S\u00edntese do conhecimento sobre fenologia e frugivoria no g\u00eanero Psychotria L. (Rubiaceae)<\/td>\n<\/tr>\n<tr style=\"height: 24px\">\n<td style=\"width: 19.5204%;height: 24px\">Rog\u00e9rio Rodrigues<br \/>\nFaria (coorientador)<\/td>\n<td style=\"width: 14.7889%;height: 24px\">Ana Carolina Pereira Ferreira<\/td>\n<td style=\"width: 12.4337%;height: 24px;text-align: center\">Mestrado<\/td>\n<td style=\"width: 53.2569%;height: 24px\">An\u00e1lise bibliom\u00e9trica da produ\u00e7\u00e3o cient\u00edfica na \u00e1rea de Ensino de Ecologia<\/td>\n<\/tr>\n<tr style=\"height: 24px\">\n<td style=\"width: 19.5204%;height: 24px\">Rog\u00e9rio Rodrigues<br \/>\nFaria (coorientador)<\/td>\n<td style=\"width: 14.7889%;height: 24px\">Vicente Mota de Souza Lima<\/td>\n<td style=\"width: 12.4337%;text-align: center;height: 24px\">Mestrado<\/td>\n<td style=\"width: 53.2569%;height: 24px\">A produ\u00e7\u00e3o cient\u00edfica sobre Pol\u00edticas P\u00fablicas de Res\u00edduos S\u00f3lidos e Educa\u00e7\u00e3o Ambiental: uma an\u00e1lise bibliom\u00e9trica<\/td>\n<\/tr>\n<tr style=\"height: 24px\">\n<td style=\"width: 19.5204%;height: 24px\">Rog\u00e9rio Rodrigues<br \/>\nFaria (coorientador)<\/td>\n<td style=\"width: 14.7889%;height: 24px\">Ana Laura Bilella<\/td>\n<td style=\"width: 12.4337%;text-align: center;height: 24px\">Mestrado<\/td>\n<td style=\"width: 53.2569%;height: 24px\">S\u00edntese do conhecimento cient\u00edfico sobre o extrativismo de recursos naturais<\/td>\n<\/tr>\n<tr style=\"height: 24px\">\n<td style=\"width: 19.5204%;height: 24px\">Rog\u00e9rio Rodrigues<br \/>\nFaria (coorientador)<\/td>\n<td style=\"width: 14.7889%;height: 24px\">Edson dos Santos Pereira<\/td>\n<td style=\"width: 12.4337%;text-align: center;height: 24px\">Mestrado<\/td>\n<td style=\"width: 53.2569%;height: 24px\">Recursos naturais e a interdisciplinaridade no ensino de ci\u00eancias<\/td>\n<\/tr>\n<tr style=\"height: 24px\">\n<td style=\"width: 19.5204%;height: 24px\">Rog\u00e9rio Rodrigues<br \/>\nFaria (coorientador)<\/td>\n<td style=\"width: 14.7889%;height: 24px\">Ariadne Barbosa Gon\u00e7alves<\/td>\n<td style=\"width: 12.4337%;text-align: center;height: 24px\">P\u00f3s-doutorado<\/td>\n<td style=\"width: 53.2569%;height: 24px\">Valoriza\u00e7\u00e3o da Biodiversidade Vegetal Nativa com Uso e Aplica\u00e7\u00e3o da Palinologia Forense em Per\u00edcias Ambientais<\/td>\n<\/tr>\n<tr style=\"height: 96px\">\n<td style=\"width: 19.5204%;height: 96px\">Rog\u00e9rio Rodrigues<br \/>\nFaria (coorientador)<\/td>\n<td style=\"width: 14.7889%;height: 96px\">Marcos Junji Kitaura<\/td>\n<td style=\"width: 12.4337%;text-align: center;height: 96px\">P\u00f3s-doutorado<\/td>\n<td style=\"width: 53.2569%;height: 96px\">Biodiversidade de cianoliquens no estado de Mato Grosso do Sul por meio de taxonomia integrativa<\/td>\n<\/tr>\n<tr style=\"height: 144px\">\n<td style=\"width: 19.5204%;height: 144px\">Rog\u00e9rio Rodrigues Faria<\/td>\n<td style=\"width: 14.7889%;height: 144px\">K\u00e1ssia Aparecida de Oliveira Pereira<\/td>\n<td style=\"width: 12.4337%;text-align: center;height: 144px\">Mestrado<\/td>\n<td style=\"width: 53.2569%;height: 144px\">A GEST\u00c3O AMBIENTAL E O PROCESSO DA EDUCA\u00c7\u00c3O <span style=\"font-family: inherit;font-size: inherit\">AMBIENTAL NO PARQUE ESTADUAL MATAS DO SEGREDO EM CAMPO GRANDE\/MS<\/span><\/td>\n<\/tr>\n<tr style=\"height: 96px\">\n<td style=\"width: 19.5204%;height: 96px\">Rog\u00e9rio Rodrigues Faria<\/td>\n<td style=\"width: 14.7889%;height: 96px\">Thais Caregnatto Thom\u00e9<\/td>\n<td style=\"width: 12.4337%;text-align: center;height: 96px\">Doutorado<\/td>\n<td style=\"width: 53.2569%;height: 96px\">Percep\u00e7\u00e3o da polui\u00e7\u00e3o do ar entre estudantes de engenharia ambiental da Universidade Federal de Mato Grosso do Sul.<\/td>\n<\/tr>\n<tr style=\"height: 120px\">\n<td style=\"width: 19.5204%;height: 120px\">Rog\u00e9rio Rodrigues Faria<\/td>\n<td style=\"width: 14.7889%;height: 120px\">Andressa Figueiredo de Oliveira<\/td>\n<td style=\"width: 12.4337%;text-align: center;height: 120px\">Doutorado<\/td>\n<td style=\"width: 53.2569%;height: 120px\">O papel da Ci\u00eancia Cidad\u00e3 aliada \u00e0 Educa\u00e7\u00e3o Ambiental no conhecimento sobre os soldadinhos de Mato Grosso do Sul (MEMBRACIDAE ? INSECTA).<\/td>\n<\/tr>\n<tr style=\"height: 72px\">\n<td style=\"width: 19.5204%;height: 72px\">Rog\u00e9rio Rodrigues Faria<\/td>\n<td style=\"width: 14.7889%;height: 72px\">Gilcelany Alves da Silva<\/td>\n<td style=\"width: 12.4337%;text-align: center;height: 72px\">Doutorado<\/td>\n<td style=\"width: 53.2569%;height: 72px\">Ensino de Ci\u00eancias e Biologia: Uma aproxima\u00e7\u00e3o entre a Educa\u00e7\u00e3o Ambiental e a Etnoherpetologia.<\/td>\n<\/tr>\n<tr style=\"height: 120px\">\n<td style=\"width: 19.5204%;height: 120px\">Rog\u00e9rio Rodrigues Faria<\/td>\n<td style=\"width: 14.7889%;height: 120px\">Francisca Aparecida Rodrigues Lima Roque<\/td>\n<td style=\"width: 12.4337%;text-align: center;height: 120px\">Doutorado<\/td>\n<td style=\"width: 53.2569%;height: 120px\">Educa\u00e7\u00e3o ambiental no Ensino Fundamental da Escola P\u00fablica: dificuldades e potencialidades.<\/td>\n<\/tr>\n<tr>\n<td style=\"width: 19.5204%\" width=\"19%\">Tatiane do Nascimento Lima<\/td>\n<td style=\"width: 14.7889%;height: 24px\">Eder de Arruda Insauralde<\/td>\n<td style=\"width: 12.4337%;text-align: center;height: 24px\">Mestrado<\/td>\n<td style=\"width: 53.2569%;height: 24px\">Ensino para o Antropoceno: Import\u00e2ncia da Ci\u00eancia Ecologia<\/td>\n<\/tr>\n<tr>\n<td style=\"width: 19.5204%\" width=\"19%\">Tatiane do Nascimento Lima<\/td>\n<td style=\"width: 14.7889%;height: 24px\">Lucas Felipe Leite de Oliveira Pereira<\/td>\n<td style=\"width: 12.4337%;text-align: center;height: 24px\">Mestrado<\/td>\n<td style=\"width: 53.2569%;height: 24px\">Crise da Biodiversidade: Tend\u00eancias Cient\u00edficas e as Concep\u00e7\u00f5es dos Licenciandos e Professores de Biologia e Ci\u00eancias<\/td>\n<\/tr>\n<\/tbody>\n<\/table>\n<\/div><\/div>","protected":false},"excerpt":{"rendered":"","protected":false},"author":1449,"featured_media":6884,"parent":31206,"menu_order":0,"comment_status":"closed","ping_status":"closed","template":"page-templates\/page-coordenadorias.php","meta":{"footnotes":""},"coauthors":[79],"class_list":["post-31220","page","type-page","status-publish","has-post-thumbnail","hentry"],"_links":{"self":[{"href":"https:\/\/cpaq.ufms.br\/en\/wp-json\/wp\/v2\/pages\/31220","targetHints":{"allow":["GET"]}}],"collection":[{"href":"https:\/\/cpaq.ufms.br\/en\/wp-json\/wp\/v2\/pages"}],"about":[{"href":"https:\/\/cpaq.ufms.br\/en\/wp-json\/wp\/v2\/types\/page"}],"author":[{"embeddable":true,"href":"https:\/\/cpaq.ufms.br\/en\/wp-json\/wp\/v2\/users\/1449"}],"replies":[{"embeddable":true,"href":"https:\/\/cpaq.ufms.br\/en\/wp-json\/wp\/v2\/comments?post=31220"}],"version-history":[{"count":22,"href":"https:\/\/cpaq.ufms.br\/en\/wp-json\/wp\/v2\/pages\/31220\/revisions"}],"predecessor-version":[{"id":38857,"href":"https:\/\/cpaq.ufms.br\/en\/wp-json\/wp\/v2\/pages\/31220\/revisions\/38857"}],"up":[{"embeddable":true,"href":"https:\/\/cpaq.ufms.br\/en\/wp-json\/wp\/v2\/pages\/31206"}],"wp:featuredmedia":[{"embeddable":true,"href":"https:\/\/cpaq.ufms.br\/en\/wp-json\/wp\/v2\/media\/6884"}],"wp:attachment":[{"href":"https:\/\/cpaq.ufms.br\/en\/wp-json\/wp\/v2\/media?parent=31220"}],"wp:term":[{"taxonomy":"author","embeddable":true,"href":"https:\/\/cpaq.ufms.br\/en\/wp-json\/wp\/v2\/coauthors?post=31220"}],"curies":[{"name":"wp","href":"https:\/\/api.w.org\/{rel}","templated":true}]}}