{"id":31213,"date":"2022-08-08T14:51:08","date_gmt":"2022-08-08T18:51:08","guid":{"rendered":"https:\/\/cpaq.ufms.br\/?page_id=31213"},"modified":"2026-02-12T09:26:09","modified_gmt":"2026-02-12T13:26:09","slug":"ciencias-biologicas-sobre-o-curso","status":"publish","type":"page","link":"https:\/\/cpaq.ufms.br\/en\/ciencias-biologicas\/ciencias-biologicas-sobre-o-curso\/","title":{"rendered":"Ci\u00eancias Biol\u00f3gicas &#8211; Sobre o Curso"},"content":{"rendered":"<p><strong>HIST\u00d3RICO<\/strong><\/p>\n<p>O Curso de Ci\u00eancias Biol\u00f3gicas foi constitu\u00eddo inicialmente como uma licenciatura curta atrav\u00e9s da cria\u00e7\u00e3o do Curso de Ci\u00eancias com Habilita\u00e7\u00e3o em Biologia. Funcionou como Curso de Ci\u00eancias por mais de 20 anos, de meados da d\u00e9cada de 70 at\u00e9 o ano de 1996. Com a extin\u00e7\u00e3o do Curso de Ci\u00eancias com Habilita\u00e7\u00e3o em Biologia, em 1996 foi implantado no ent\u00e3o Centro Universit\u00e1rio de Aquidauana, hoje Campus de Aquidauana, o Curso de Ci\u00eancias Biol\u00f3gicas.<\/p>\n<p>A partir do final de 2010 e meados de 2011, com as mudan\u00e7as realizadas pela Reitoria e pela Pr\u00f3-Reitoria de Ensino de Gradua\u00e7\u00e3o (Preg), atualmente denominada Pr\u00f3-Reitoria de Gradua\u00e7\u00e3o (Prograd), que culminaram na extin\u00e7\u00e3o dos Departamentos e no fortalecimento dos cursos do Campus, o Curso de Ci\u00eancias Biol\u00f3gicas \u2013 Licenciatura passou a funcionar com ingresso anual de 50 acad\u00eamicos, em regime de matr\u00edcula semestral por disciplinas e no per\u00edodo noturno. A m\u00e9dia de egressos nos \u00faltimos cinco anos (2017\u20132021) foi de 12,8 alunos. A \u00faltima avalia\u00e7\u00e3o do Exame Nacional de Desempenho de Estudantes (Enade) ocorreu em 2021, quando o Curso obteve nota 3. Em 2025, o Curso passou por avalia\u00e7\u00e3o in loco do Minist\u00e9rio da Educa\u00e7\u00e3o (MEC), obtendo nota 5, o que evidencia o avan\u00e7o na qualidade acad\u00eamica, na organiza\u00e7\u00e3o did\u00e1tico-pedag\u00f3gica e na infraestrutura ofertada.<\/p>\n<p>As Formas de Ingresso no Curso de Ci\u00eancias Biol\u00f3gicas \u00e9 regido pela Resolu\u00e7\u00e3o n\u00b0 430, Cograd, de 16 de dezembro de 2021; Cap\u00edtulo VI, Art. 18: O ingresso ocorre por meio de: I &#8211; Sistema de Sele\u00e7\u00e3o Unificada (Sisu); II &#8211; Vestibular; III &#8211; Programa de Avalia\u00e7\u00e3o Seriada Seletiva (Passe); IV &#8211; sele\u00e7\u00e3o para Vagas Remanescentes; V &#8211; portadores de visto de refugiado, visto humanit\u00e1rio ou visto de reuni\u00e3o familiar; VI &#8211; reingresso; VII &#8211; portadores de diploma de Curso de Gradua\u00e7\u00e3o; VIII \u2013 transfer\u00eancia externa; IX &#8211; movimenta\u00e7\u00e3o interna de estudantes regulares da UFMS; X \u2013<br \/>\npermuta interna entre estudantes regulares da UFMS; e XI &#8211; conv\u00eanios ou outros instrumentos jur\u00eddicos de mesma natureza, firmados com outros pa\u00edses e\/ou \u00f3rg\u00e3os do Governo Federal; XII<br \/>\n&#8211; matr\u00edcula cortesia; XIII &#8211; transfer\u00eancia compuls\u00f3ria; XIV &#8211; mobilidade acad\u00eamica; e XV &#8211; complementa\u00e7\u00e3o de estudos no processo de revalida\u00e7\u00e3o de diploma. Ainda, poder\u00e3o ser estabelecidos outros crit\u00e9rios e procedimentos para ingresso nos Cursos de Gradua\u00e7\u00e3o por meio de Programas Especiais ou outros atos normativos.<\/p>\n<p><strong>CARACTER\u00cdSTICAS GERAIS:<\/strong><br \/>\nCurso: Ci\u00eancias Biol\u00f3gicas<br \/>\nModalidade do Curso: Licenciatura<br \/>\nT\u00edtulo Acad\u00eamico conferido: Licenciado em Ci\u00eancias Biol\u00f3gicas<br \/>\nModalidade de Ensino: Presencial<br \/>\nRegime de Matr\u00edcula: Semestral por Disciplina<br \/>\nTempo de Dura\u00e7\u00e3o:<br \/>\nM\u00ednimo CNE: 6 semestres<br \/>\nM\u00ednima UFMS: 8 semestres<br \/>\nM\u00e1xima UFMS: 14 semestres<br \/>\nCarga Hor\u00e1ria M\u00ednima:<br \/>\nCNE: 3.200 horas<br \/>\nUFMS: 3.290 horas<br \/>\nN\u00famero de vagas: 50 vagas<br \/>\nN\u00famero de turmas: 1 turma\/entrada ver\u00e3o<br \/>\nTurno de funcionamento: noturno e s\u00e1bado pela manh\u00e3 e tarde<br \/>\nLocal de funcionamento: Campus de Aquidauana \u2013 Unidade II<br \/>\nFORMA DE INGRESSO: Por meio do SiSU (Sistema de Sele\u00e7\u00e3o Unificado) baseado no desempenho no Exame Nacional do Ensino M\u00e9dio (ENEM); (Movimenta\u00e7\u00e3o interna de acad\u00eamicos (na exist\u00eancia de vagas no curso); Transfer\u00eancias de outras institui\u00e7\u00f5es de ensino superior (na exist\u00eancia de vagas no curso); Para portadores de diploma de gradua\u00e7\u00e3o (na exist\u00eancia de vagas no curso)<\/p>\n<p><strong>PROFISS\u00c3O:<\/strong>\u00a0Professor de Biologia para o Ensino M\u00e9dio e Fundamental<\/p>\n<p><strong>ATIVIDADES INERENTES:<\/strong> a) Desenvolver atividades educacionais em diferentes n\u00edveis; b) Acompanhar a evolu\u00e7\u00e3o do pensamento cient\u00edfico; c) Estabelecer rela\u00e7\u00f5es entre ci\u00eancia, tecnologia e sociedade; d) Atuar em pesquisa b\u00e1sica e aplicada; e) Organizar, coordenar e participar de equipes multiprofissionais; f) Desenvolver a\u00e7\u00f5es estrat\u00e9gicas para diagn\u00f3stico de problemas, encaminhamento de solu\u00e7\u00f5es e tomada de decis\u00f5es educacionais; g) Atuar em prol da preserva\u00e7\u00e3o da biodiversidade Com a p\u00f3s-gradua\u00e7\u00e3o poder\u00e1 dedicar-se a pesquisa e ao magist\u00e9rio superior.<\/p>\n<p><strong>\u00c1REAS DE ATUA\u00c7\u00c3O E EXERC\u00cdCIO PROFISSIONAL<\/strong>: Atuar como professor do ensino m\u00e9dio e fundamental, podendo realizar projetos educacionais e de extens\u00e3o.<\/p>\n<p><strong>FORMA\u00c7\u00c3O<\/strong>: Licenciado em Ci\u00eancias Biol\u00f3gicas<\/p>\n","protected":false},"excerpt":{"rendered":"<p>HIST\u00d3RICO O Curso de Ci\u00eancias Biol\u00f3gicas foi constitu\u00eddo inicialmente como uma licenciatura curta atrav\u00e9s da cria\u00e7\u00e3o do Curso de Ci\u00eancias com Habilita\u00e7\u00e3o em Biologia. Funcionou como Curso de Ci\u00eancias por mais de 20 anos, de meados da d\u00e9cada de 70 at\u00e9 o ano de 1996. Com a extin\u00e7\u00e3o do Curso de Ci\u00eancias com Habilita\u00e7\u00e3o em [&hellip;]<\/p>\n","protected":false},"author":1449,"featured_media":6884,"parent":31206,"menu_order":0,"comment_status":"closed","ping_status":"closed","template":"page-templates\/page-coordenadorias.php","meta":{"footnotes":""},"coauthors":[79],"class_list":["post-31213","page","type-page","status-publish","has-post-thumbnail","hentry"],"_links":{"self":[{"href":"https:\/\/cpaq.ufms.br\/en\/wp-json\/wp\/v2\/pages\/31213","targetHints":{"allow":["GET"]}}],"collection":[{"href":"https:\/\/cpaq.ufms.br\/en\/wp-json\/wp\/v2\/pages"}],"about":[{"href":"https:\/\/cpaq.ufms.br\/en\/wp-json\/wp\/v2\/types\/page"}],"author":[{"embeddable":true,"href":"https:\/\/cpaq.ufms.br\/en\/wp-json\/wp\/v2\/users\/1449"}],"replies":[{"embeddable":true,"href":"https:\/\/cpaq.ufms.br\/en\/wp-json\/wp\/v2\/comments?post=31213"}],"version-history":[{"count":7,"href":"https:\/\/cpaq.ufms.br\/en\/wp-json\/wp\/v2\/pages\/31213\/revisions"}],"predecessor-version":[{"id":38563,"href":"https:\/\/cpaq.ufms.br\/en\/wp-json\/wp\/v2\/pages\/31213\/revisions\/38563"}],"up":[{"embeddable":true,"href":"https:\/\/cpaq.ufms.br\/en\/wp-json\/wp\/v2\/pages\/31206"}],"wp:featuredmedia":[{"embeddable":true,"href":"https:\/\/cpaq.ufms.br\/en\/wp-json\/wp\/v2\/media\/6884"}],"wp:attachment":[{"href":"https:\/\/cpaq.ufms.br\/en\/wp-json\/wp\/v2\/media?parent=31213"}],"wp:term":[{"taxonomy":"author","embeddable":true,"href":"https:\/\/cpaq.ufms.br\/en\/wp-json\/wp\/v2\/coauthors?post=31213"}],"curies":[{"name":"wp","href":"https:\/\/api.w.org\/{rel}","templated":true}]}}