{"id":31138,"date":"2022-08-04T09:16:13","date_gmt":"2022-08-04T13:16:13","guid":{"rendered":"https:\/\/cpaq.ufms.br\/?page_id=31138"},"modified":"2023-07-06T14:28:12","modified_gmt":"2023-07-06T18:28:12","slug":"administracao-publicacoes","status":"publish","type":"page","link":"https:\/\/cpaq.ufms.br\/en\/administracao\/administracao-publicacoes\/","title":{"rendered":"Administra\u00e7\u00e3o &#8211; Publica\u00e7\u00f5es"},"content":{"rendered":"<div class=\"panel panel-info\"><div class=\"panel-heading\">Revista do Curso<\/div><div class=\"panel-body\">\n<p data-uw-styling-context=\"true\">Acesse a revista do curso de Administra\u00e7\u00e3o <a href=\"http:\/\/www.seer.ufms.br\/index.php\/RPA\/index.&lt;\/p&gt;\">Revista POIESIS<\/a><br \/>\n<\/div><\/div>\n<div class=\"panel panel-info\"><div class=\"panel-heading\">TCC Apresentados<\/div><div class=\"panel-body\">\n<div class=\"panel-group\" id=\"custom-collapse-0\">\n<div class=\"panel panel-default\">\n\t\t\t\t<div class=\"panel-heading\">\n\t\t\t\t\t<h4 class=\"panel-title\">\n\t\t\t\t\t\t<a class=\"collapsed\" data-toggle=\"collapse\" data-parent=\"#custom-collapse-0\" href=\"#custom-collapse-0-0\">Ano de Apresenta\u00e7\u00e3o 2022<\/a>\n\t\t\t\t\t<\/h4>\n\t\t\t\t<\/div>\n\t\t\t\t<div id=\"custom-collapse-0-0\" class=\"panel-collapse collapse\">\n\t\t\t\t\t<div class=\"panel-body\">\n<p>DISCENTE: JANE CARLA VENITES<br \/>\nORIENTADOR: DANIELA ALTHOFF PHILIPPI<br \/>\nT\u00cdTULO DO TRABALHO: <strong>APROVEITAMENTO E DESTINA\u00c7\u00c3O DE RES\u00cdDUOS: ESTUDO EM PESQUEIROS DE AQUIDAUANA E SIDROL\u00c2NDIA &#8211; MS<\/strong><\/p>\n<hr \/>\n<p>DISCENTE: SAMUEL MAX RODRIGUES DA SILVA<br \/>\nORIENTADOR: DANIELA ALTHOFF PHILIPPI<br \/>\nT\u00cdTULO DO TRABALHO: <strong>INOVA\u00c7\u00c3O VIA TRANSFER\u00caNCIA DE TECNOLOGIA FORMAL: ESTUDO COM DOCENTES DOS CURSOS DE ADMINISTRA\u00c7\u00c3O DA UFMS<\/strong><\/p>\n<hr \/>\n<p>DISCENTE: TAINARA FERNANDA RIBEIRO BONFIM<br \/>\nORIENTADOR: DANIELA ALTHOFF PHILIPPI<br \/>\nT\u00cdTULO DO TRABALHO: <strong>A INTERSETORIALIDADE DA REDE DE PROTE\u00c7\u00c3O AOS DIREITOS DAS CRIAN\u00c7AS E ADOLESCENTES DE AQUIDAUANA-MS<\/strong><\/p>\n<hr \/>\n<p>DISCENTE: ANDR\u00c9 LUIZ GOMES PEREIRA<br \/>\nORIENTADOR: DANIELA ALTHOFF PHILIPPI<br \/>\nT\u00cdTULO DO TRABALHO:<strong> PROPAGA\u00c7\u00c3O DE FAKE NEWS NAS ELEI\u00c7\u00d5ES: ANALISANDO O PAPEL DOS ELEITORES<\/strong><\/p>\n<hr \/>\n<p>DISCENTE: BRENDA AIVI PEREIRA<br \/>\nORIENTADOR: DANIELA ALTHOFF PHILIPPI<br \/>\nT\u00cdTULO DO TRABALHO: <strong>QUALIDADE DE SERVI\u00c7OS PRESTADOS PELO HOSPITAL REGIONAL DE AQUIDAUANA NA PANDEMIA DO CORONAV\u00cdRUS<\/strong><\/p>\n<hr \/>\n<p>DISCENTE: CAMILA OVELAR VALEJO<br \/>\nORIENTADOR: DANIELA ALTHOFF PHILIPPI<br \/>\nT\u00cdTULO DO TRABALHO: <strong>UMA INVESTIGA\u00c7\u00c3O SOBRE INOVA\u00c7\u00d5ES SUSTENT\u00c1VEIS DESENVOLVIDAS POR MULHERES NO AGRONEG\u00d3CIO<\/strong><\/p>\n<hr \/>\n<p>DISCENTE: THALITA ANDRADE DA SILVA<br \/>\nORIENTADOR: DANIELA ALTHOFF PHILIPPI<br \/>\nT\u00cdTULO DO TRABALHO: <strong>PLANEJAMENTO E CONTROLE DA PRODU\u00c7\u00c3O DA EMPRESA CAF\u00c9 CATTAME-CAF\u00c9 CARAND\u00c1 EM TEMPOS DE CRISE NA PANDEMIA DO CORONAV\u00cdRUS<\/strong><\/p>\n<hr \/>\n<p>DISCENTE: LARISSA SILVA LIMA<br \/>\nORIENTADOR: DANIELA ALTHOFF PHILIPPI<br \/>\nT\u00cdTULO DO TRABALHO: <strong>COMPRAS P\u00daBLICAS EMERGENCIAIS NO PER\u00cdODO DA PANDEMIA DO CORONAV\u00cdRUS<\/strong><\/p>\n<hr \/>\n<p>DISCENTE: ELOIZA DO NASCIMENTO VIANNA<br \/>\nORIENTADOR(A): GERCINA GON\u00c7ALVES DA SILVA<br \/>\nT\u00cdTULO DO TRABALHO: <strong>O COMPORTAMENTO DO PRE\u00c7O DA CESTA B\u00c1SICA NO MUNIC\u00cdPIO DE AQUIDAUANA-MS<\/strong><\/p>\n<hr \/>\n<p>DISCENTE: LEONARDO SOUZA REIS<br \/>\nORIENTADOR(A): GERCINA GON\u00c7ALVES DA SILVA<br \/>\nT\u00cdTULO DO TRABALHO: <strong>A ATUA\u00c7\u00c3O DO 9\u00ba BATALH\u00c3O CARLOS CAMIS\u00c3O NO FORTALECIMENTO DA AGRICULTURA FAMILIAR NO MUNIC\u00cdPIO DE AQUIDAUANA \u2013 MS<\/strong><\/p>\n<hr \/>\n<p>DISCENTE: RAQUEL GOMES CORREA<br \/>\nORIENTADOR(A): GERCINA GON\u00c7ALVES DA SILVA<br \/>\nT\u00cdTULO DO TRABALHO: <strong>PERCEP\u00c7\u00c3O E PROPOSTAS PARA GEST\u00c3O SOCIOAMBIENTAL EM ALDEIAS IND\u00cdGENAS: ESTUDO DE CASO NA ALDEIA IPEGUE<\/strong><\/p>\n<hr \/>\n<p>DISCENTE: FRANCIELE NATALY SOUZA LIMA<br \/>\nORIENTADOR(A): GERCINA GON\u00c7ALVES DA SILVA<br \/>\nT\u00cdTULO DO TRABALHO: <strong>AN\u00c1LISE DA PRODU\u00c7\u00c3O E CONSUMO DE VINHOS, E A ATIVIDADE DE ENOTURISMO DA VIN\u00cdCOLA TERROIR PANTANAL NO MUNIC\u00cdPIO DE AQUIDAUANA-MS<\/strong><\/p>\n<hr \/>\n<p>DISCENTE: JULIA DE LARA PRADO<br \/>\nORIENTADOR(A): GERCINA GON\u00c7ALVES DA SILVA<br \/>\nT\u00cdTULO DO TRABALHO: <strong>PERFIL E MOTIVA\u00c7\u00c3O DE JOVENS EMPREENDEDORES EM AQUIDAUANA-MS<\/strong><\/p>\n<\/div>\n\t\t\t\t<\/div>\n\t\t\t<\/div>\n<div class=\"panel panel-default\">\n\t\t\t\t<div class=\"panel-heading\">\n\t\t\t\t\t<h4 class=\"panel-title\">\n\t\t\t\t\t\t<a class=\"collapsed\" data-toggle=\"collapse\" data-parent=\"#custom-collapse-0\" href=\"#custom-collapse-0-1\">Ano de Apresenta\u00e7\u00e3o 2021<\/a>\n\t\t\t\t\t<\/h4>\n\t\t\t\t<\/div>\n\t\t\t\t<div id=\"custom-collapse-0-1\" class=\"panel-collapse collapse\">\n\t\t\t\t\t<div class=\"panel-body\">\nDISCENTE: ANA PAULA NUNES COELHO<br \/>\nORIENTADORA:\u00a0PROFA DRA\u00a0GERCINA\u00a0GON\u00c7ALVES DA SILVA<br \/>\nT\u00cdTULO DO TRABALHO:\u00a0<a href=\"https:\/\/drive.google.com\/file\/d\/15d1WynJXkvi9W4ovZNOfrSG1idIyFVAv\/view?usp=sharing\"><strong>EFIC\u00c1CIA DO SISTEMA GSEA IMPLANTADO NAS UNIDADES B\u00c1SICAS DE SA\u00daDE DE ANAST\u00c1CIO-MS: UMA AN\u00c1LISE DE DESEMPENHO<\/strong><\/a><\/p>\n<hr \/>\n<p>DISCENTE: FABIANA DUARTE MENDON\u00c7A<br \/>\nORIENTADORA:\u00a0PROFA DRA\u00a0HELEN PAOLA VIEIRA BUENO<br \/>\nT\u00cdTULO DO TRABALHO:\u00a0<a href=\"https:\/\/drive.google.com\/file\/d\/1qBECD0brAYVr3XLIgsWenQ6kHCLR198P\/view?usp=sharing\"><strong>OS BENEF\u00cdCIOS DA DAN\u00c7A NO TRATAMENTO DA DEPRESS\u00c3O E ANSIEDADE E AS INFLU\u00caNCIAS NA QUALIDADE DE VIDA DO TRABALHADOR<\/strong><\/a><\/p>\n<hr \/>\n<p>DISCENTE: GIZELE APARECIDA DE GOES VALLEJO<br \/>\nORIENTADORA:\u00a0PROFA DRA\u00a0GERCINA\u00a0GON\u00c7ALVES DA SILVA<br \/>\nT\u00cdTULO DO TRABALHO:\u00a0<a href=\"https:\/\/drive.google.com\/file\/d\/1EaTyde2HdhrKGjr-xkl1gZLL4qJMLSzd\/view?usp=sharing\"><strong>PERFIL DO EMPREENDEDORISMO FEMININO EM AQUIDAUANA-MS NO PER\u00cdODO DE 2019-2020<\/strong><\/a><\/p>\n<hr \/>\n<p>DISCENTE: GL\u00c1UCIA MAURILIA DE ALMEIDA FERNANDES<br \/>\nORIENTADORA: PROFA. DRA.\u00a0GERCINA\u00a0GON\u00c7ALVES DA SILVA<br \/>\nT\u00cdTULO DO TRABALHO:\u00a0<a href=\"https:\/\/drive.google.com\/file\/d\/1rvSu6001GNodes3cxi01Zp8qNfo69Bxn\/view?usp=sharing\"><strong>A DIMENS\u00c3O DO DESENVOLVIMENTO SUSTENT\u00c1VEL DO SUPERMERCADO ATL\u00c2NTICO SUPERCENTER DE AQUIDAUANA-MS<\/strong><\/a><\/p>\n<hr \/>\n<p>DISCENTE: HIGOR DA COSTA IGLESIAS<br \/>\nORIENTADORA:\u00a0PROFA DRA DANIELA ALTHOFF PHILIPPI<br \/>\nT\u00cdTULO DO TRABALHO:\u00a0<a href=\"https:\/\/drive.google.com\/file\/d\/1b7FIwftoI-vi4zbOrQJt6SPactpc9LIF\/view?usp=sharing\"><strong>PROJETOS SOCIOAMBIENTAIS EM CLUBES DE FUTEBOL DA CAPITAL CATARINENSE<\/strong><\/a><\/p>\n<hr \/>\n<p>DISCENTE: LARISSA IARA ALEM DE OLIVEIRA<br \/>\nORIENTADORA:\u00a0PROFA DRA\u00a0GERCINA\u00a0GON\u00c7ALVES DA SILVA<br \/>\nT\u00cdTULO DO TRABALHO:\u00a0<a href=\"https:\/\/drive.google.com\/file\/d\/1ci0nWHsy6SyfSqTNfwXDzI4ewQNYYZWf\/view?usp=sharing\"><strong>INOVA\u00c7\u00c3O DAS PEQUENAS EMPRESAS DURANTE A PANDEMIA: COMO A COVID-19 ACELEROU ESSE PROCESSO?<\/strong><\/a><\/p>\n<hr \/>\n<p>DISCENTE: LUCAS EDUARDO PEREIRA FERREIRA<br \/>\nORIENTADORA:\u00a0PROFA DRA DANIELA ALTHOFF PHILIPPI<br \/>\nT\u00cdTULO DO TRABALHO:\u00a0<a href=\"https:\/\/drive.google.com\/file\/d\/1k2fNTnJp6X7D9gtCp3EvunSB4mTmsRiY\/view?usp=sharing\"><strong>A INFLU\u00caNCIA DA PANDEMIA DO CORONAV\u00cdRUS NOS SERVI\u00c7OS DE PIZZARIAS DE AQUIDAUANA E ANAST\u00c1CIO \u2013 MS: ESTUDO MULTICASCOS<\/strong><\/a><\/p>\n<hr \/>\n<p>DISCENTE: LUCAS VILHALVA RAMOS<br \/>\nORIENTADORA:\u00a0PROFA DRA\u00a0GERCINA\u00a0GON\u00c7ALVES DA SILVA<br \/>\nT\u00cdTULO DO TRABALHO:\u00a0<a href=\"https:\/\/drive.google.com\/file\/d\/11ifGhbbUmw1O6AfW7xf-wkr4A7LXs6BW\/view?usp=sharing\"><strong>GARGALOS TECNOL\u00d3GICOS NA AGRICULTURA FAMILIAR DA COL\u00d4NIA PULADOR NO MUNIC\u00cdPIO DE ANAST\u00c1CIO \u2013 MS<\/strong><\/a><\/p>\n<hr \/>\n<p>DISCENTE: MARIANA MENEZES GON\u00c7ALVES<br \/>\nORIENTADORA:\u00a0PROFA DRA KAROLINE FERREIRA KINOSHITA GOES<br \/>\nT\u00cdTULO DO TRABALHO:\u00a0<a href=\"https:\/\/drive.google.com\/file\/d\/15h83FI63A8oMDpTEMFdLLUjgNUI8PBy9\/view?usp=sharing\"><strong>MARKETING DE RELACIONAMENTO EM LOJAS DE MATERIAIS DE CONSTRU\u00c7\u00c3O: ESTUDO DE CASOS M\u00daLTIPLOS EM BODOQUENA\/MS<\/strong><\/a><\/p>\n<hr \/>\n<p>DISCENTE: NATHAN FELIPE MARTINEZ BLANCO<br \/>\nORIENTADORA:\u00a0PROFA DRA KAROLINE FERREIRA KINOSHITA GOES<br \/>\nT\u00cdTULO DO TRABALHO:\u00a0<a href=\"https:\/\/drive.google.com\/file\/d\/1hT1Vkgp-pGchx3QGdkBj_SIZI4q17pjX\/view?usp=sharing\"><strong>GEST\u00c3O DA INFORMA\u00c7\u00c3O EM PEQUENAS EMPRESAS: ESTUDO DE CASO EM AQUIDAUANA\/MS<\/strong><\/a><\/p>\n<hr \/>\n<p>DISCENTE: RONALDO GOMES DOS SANTOS JUNIOR<br \/>\nORIENTADORA:\u00a0PROFA DRA\u00a0GERCINA\u00a0GON\u00c7ALVES DA SILVA<br \/>\nT\u00cdTULO DO TRABALHO:<a href=\"https:\/\/drive.google.com\/file\/d\/1pkXcIG0acB-SuIBvEAjQ6aTT--ZsHzvn\/view?usp=sharing\"><strong>ESTUDO DA VIABILIDADE DA RECICLAGEM DE VIDRO EM AQUIDAUANA \u2013 MS<\/strong><\/a><\/p>\n<hr \/>\n<p>DISCENTE: VINICIUS GAUNA DOS SANTOS<br \/>\nORIENTADORA:\u00a0PROFA DRA\u00a0GERCINA\u00a0GON\u00c7ALVES DA SILVA<br \/>\nT\u00cdTULO DO TRABALHO:\u00a0<a href=\"https:\/\/drive.google.com\/file\/d\/1ys2Ujtwn7umppUdFLpxTEhJJdR6dMWsL\/view?usp=sharing\"><strong>MAGIC FORMULA: UMA AN\u00c1LISE SOBRE A RENTABILIDADE DO M\u00c9TODO DE JOEL GREENBLATT NA B3<\/strong><\/a><\/p>\n<hr \/>\n<p>DISCENTE: ALEXSANDRO LINO AMORIM<br \/>\nORIENTADORA: PROFA. DRA. KAROLINE FERREIRA KINOSHITA GOES<br \/>\nT\u00cdTULO DO TRABALHO:\u00a0<a href=\"https:\/\/drive.google.com\/file\/d\/1NrrWwj8-kaXltsj2iReOWTmtVO7_xAlz\/view?usp=sharing\"><strong>CERTIFICA\u00c7\u00c3O SOCIOAMBIENTAL: UMA AN\u00c1LISE DAS EMPRESAS PRESTADORAS DE SERVI\u00c7OS CERTIFICADAS PELO SELO VERDE DO INSTITUTO CHICO MENDES<\/strong><\/a><\/p>\n<hr \/>\n<p>DISCENTE: CATARINA PEREIRA RIBEIRO<br \/>\nORIENTADORA: PROFA. DRA. ANA GRAZIELE LOUREN\u00c7O TOLEDO<br \/>\nT\u00cdTULO DO TRABALHO:\u00a0<a href=\"https:\/\/drive.google.com\/file\/d\/15gk_rkrkgT681sVCvI-Y-9me9lr3hnEL\/view?usp=sharing\"><strong>COMUNICA\u00c7\u00c3O N\u00c3O VIOLENTA COMO INSTRUMENTO DA CULTURA DE PAZ NO AMBIENTE UNIVERSIT\u00c1RIO<\/strong><\/a><\/p>\n<hr \/>\n<p>DISCENTE: EDMARA DOS SANTOS ALMIR\u00c3O<br \/>\nORIENTADORA: PROFA. DRA.\u00a0GERCINA\u00a0GON\u00c7ALVES DA SILVA<br \/>\nT\u00cdTULO DO TRABALHO:\u00a0<a href=\"https:\/\/drive.google.com\/file\/d\/13SOizEpU4fdm3Vky22VTqCHLaS2YwQWD\/view?usp=sharing\"><strong>GEST\u00c3O DE PESSOAS EM UMA EMPRESA FAMILIAR<\/strong><\/a><\/p>\n<hr \/>\n<p>DISCENTE: EULA DOS SANTOS BORGES<br \/>\nORIENTADORA: PROFA. DRA. KAROLINE FERREIRA KINOSHITA GOES<br \/>\nT\u00cdTULO DO TRABALHO:\u00a0<a href=\"https:\/\/drive.google.com\/file\/d\/1VtOEyre_uXJIAkbHvnP0mvx7q1TKlz4X\/view?usp=sharing\"><strong>COMPORTAMENTO DE COMPRA DE COSM\u00c9TICOS NA PANDEMIA: UM ESTUDO EM MIRANDA\/MS E AQUIDAUANA\/MS<\/strong><\/a><\/p>\n<hr \/>\n<p>DISCENTE: JOSIANE SOUZA DE OLIVEIRA<br \/>\nORIENTADORA: PROFA. DRA.\u00a0GERCINA\u00a0GON\u00c7ALVES DA SILVA<br \/>\nT\u00cdTULO DO TRABALHO:\u00a0<a href=\"https:\/\/drive.google.com\/file\/d\/1GjtUWsi1cWNrbWxQOp2VIIfgqqp__pMR\/view?usp=sharing\"><strong>COMPORTAMENTO DO CONSUMIDOR: FATORES QUE DETERMINAM O PROCESSO DE DECIS\u00c3O E COMPRA NO MERCADO VAREJISTA EM MIRANDA\/MS<\/strong><\/a><\/p>\n<hr \/>\n<p>DISCENTE: JULIANA OVELAR DA SILVA<br \/>\nORIENTADORA: PROFA. DRA. KAROLINE FERREIRA KINOSHITA GOES<br \/>\nT\u00cdTULO DO TRABALHO:\u00a0<a href=\"https:\/\/drive.google.com\/file\/d\/1JMr-a8IK4Zi3Mb5_Zxe_Tfjb8XDTcC7q\/view?usp=sharing\"><strong>CRESPAS E CACHEADAS: O COMPORTAMENTO DE COMPRA DAS CONSUMIDORAS DE COSM\u00c9TICOS CAPILARES EM AQUIDAUANA\/MS E ANAST\u00c1CIO\/MS<\/strong><\/a><\/p>\n<hr \/>\n<p>DISCENTE: LUANA MARA BEZERRA DA SILVA<br \/>\nORIENTADORA: PROFA. DRA. ISADORA BACHA LOPES<br \/>\nT\u00cdTULO DO TRABALHO:\u00a0<a href=\"https:\/\/drive.google.com\/file\/d\/1fWgkV0hCo7FzK-l7YXq6FAPle3XgjdpU\/view?usp=sharing\"><strong>RELA\u00c7\u00c3O PRODU\u00c7\u00c3O-CONSUMO NA ALDEIA C\u00d3RREGO SECO-MS<\/strong><\/a><\/p>\n<hr \/>\n<p>DISCENTE: MARCELLO AUGUSTO FERREIRA DA SILVA PORTOCARRERO<br \/>\nORIENTADORA: PROFA. DRA.\u00a0GERCINA\u00a0GON\u00c7ALVES DA SILVA<br \/>\nT\u00cdTULO DO TRABALHO: <a href=\"https:\/\/drive.google.com\/file\/d\/1dxtG8CyYmTn6ttxM5JdHbcyLAYy0ifBh\/view?usp=sharing\"><strong>\u00c9TICA NAS RELA\u00c7\u00d5ES DE TRABALHO: UM ESTUDO DE CASO NA C\u00c2MARA MUNICIPAL DE AQUIDAUANA-MS<\/strong><\/a><\/p>\n<hr \/>\n<p>DISCENTE: MARCIANA DO SACRAMENTO SOUZA<br \/>\nORIENTADORA: PROFA. DRA. ISADORA BACHA LOPES<br \/>\nT\u00cdTULO DO TRABALHO: <a href=\"https:\/\/drive.google.com\/file\/d\/1l3x17XdEdvXElBlW6aaSleguek-lfoo6\/view?usp=sharing\"><strong>FEIRA DA AGRICULTURA FAMILIAR DE ANAST\u00c1CIO \u2013 MS: UM ESTUDO DO POTENCIAL DE COMERCIALIZA\u00c7\u00c3O DAS CADEIAS PRODUTIVAS CURTAS<\/strong><\/a><\/p>\n<hr \/>\n<p>DISCENTE: MAURA ROSANA SOUZA<br \/>\nORIENTADORA: PROFA. DRA.\u00a0GERCINA\u00a0GON\u00c7ALVES DA SILVA<br \/>\nT\u00cdTULO DO TRABALHO: <a href=\"https:\/\/drive.google.com\/file\/d\/1hMFxJWNUL6YyApW1zlr0RYnCHiWRN2cW\/view?usp=sharing\"><strong>EMPREENDEDORISMO FEMININO NO SETOR DE VESTU\u00c1RIO: UM ESTUDO DE CAMPO NA CIDADE DE MIRANDA\/MS<\/strong><\/a><\/p>\n<hr \/>\n<p>DISCENTE: NAT\u00c1LIA REIS DOS SANTOS<br \/>\nORIENTADORA: PROFA. DRA. ANA GRAZIELE LOUREN\u00c7O TOLEDO<br \/>\nT\u00cdTULO DO TRABALHO:\u00a0<a href=\"https:\/\/drive.google.com\/file\/d\/1Rv_76MmmhUabPnLjHbrFPKp2h2IMMAXh\/view?usp=sharing\"><strong>N\u00cdVEL DE SATISFA\u00c7\u00c3O DOS CLIENTES NA REGI\u00c3O DO PANTANAL SUL-MATO-GROSSENSE EM RELA\u00c7\u00c3O \u00c0S INOVA\u00c7\u00d5ES DIGITAIS ADOTADAS PELO SETOR BANC\u00c1RIO<\/strong><\/a><\/p>\n<hr \/>\n<p>DISCENTE: THAIS DA SILVA PIRES<br \/>\nORIENTADORA: PROFA. DRA.\u00a0GERCINA\u00a0GON\u00c7ALVES DA SILVA<br \/>\nT\u00cdTULO DO TRABALHO: <a href=\"https:\/\/drive.google.com\/file\/d\/1E9XERxWiYsOTM16tEsgxr2bS8mBNGayD\/view?usp=sharing\"><strong>A\u00a0FOR\u00c7A DO EMPREENDEDORISMO FEMININO EM ANAST\u00c1CIO-MS EM TEMPOS DE PANDEMIA<\/strong><\/a><br \/>\n<\/div>\n\t\t\t\t<\/div>\n\t\t\t<\/div>\n<div class=\"panel panel-default\">\n\t\t\t\t<div class=\"panel-heading\">\n\t\t\t\t\t<h4 class=\"panel-title\">\n\t\t\t\t\t\t<a class=\"collapsed\" data-toggle=\"collapse\" data-parent=\"#custom-collapse-0\" href=\"#custom-collapse-0-2\">Ano de Apresenta\u00e7\u00e3o 2020<\/a>\n\t\t\t\t\t<\/h4>\n\t\t\t\t<\/div>\n\t\t\t\t<div id=\"custom-collapse-0-2\" class=\"panel-collapse collapse\">\n\t\t\t\t\t<div class=\"panel-body\">\n<p style=\"font-weight: 400;text-align: justify\">DISCENTE:\u00a0ALMIR CHRISTOFORI FILHO<\/p>\n<p style=\"font-weight: 400;text-align: justify\">ORIENTADOR(A):\u00a0PROFA. KAROLINE FERREIRA KINOSHITA GOES<\/p>\n<p style=\"font-weight: 400;text-align: justify\">T\u00cdTULO DO TRABALHO:<a href=\"https:\/\/drive.google.com\/file\/d\/1RGzaF8E8Y2gSYAHbbl8Yjhq6AJm8beQ4\/view?usp=sharing\" data-saferedirecturl=\"https:\/\/www.google.com\/url?q=https:\/\/drive.google.com\/file\/d\/15VfVIhz239EiAw87_rD-bSnkBf6ckMvP\/view?usp%3Dsharing&amp;source=gmail&amp;ust=1619201251913000&amp;usg=AFQjCNFFn5UDYh6SLwEyTl3sJq7FO3_eeQ\"><strong> MUDAN\u00c7A NO COMPORTAMENTO DE COMPRA DO CONSUMIDOR DEVIDO \u00c0 PANDEMIA DE COVID-19<\/strong><\/a><\/p>\n<hr \/>\n<p style=\"font-weight: 400;text-align: justify\">DISCENTE:\u00a0ELIO FERREIRA DE MELO JUNIOR<\/p>\n<p style=\"font-weight: 400;text-align: justify\">ORIENTADOR(A):\u00a0PROFA. DRA. ANA GRAZIELE LOUREN\u00c7O TOLEDO<\/p>\n<p style=\"font-weight: 400;text-align: justify\">T\u00cdTULO DO TRABALHO: <a href=\"https:\/\/drive.google.com\/file\/d\/1jn9PezU2or9P1y4HKtY89NrcAchl4FjG\/view?usp=sharing\" data-saferedirecturl=\"https:\/\/www.google.com\/url?q=https:\/\/drive.google.com\/file\/d\/15VfVIhz239EiAw87_rD-bSnkBf6ckMvP\/view?usp%3Dsharing&amp;source=gmail&amp;ust=1619201251913000&amp;usg=AFQjCNFFn5UDYh6SLwEyTl3sJq7FO3_eeQ\"><strong>POSICIONAMENTO EM MERCADOS TRADICIONAIS: A APLICA\u00c7\u00c3O DO E-COMMERCE COM ESTRAT\u00c9GIA NO NEG\u00d3CIO DE VAREJO<\/strong><\/a><\/p>\n<hr \/>\n<p style=\"font-weight: 400;text-align: justify\">DISCENTE:\u00a0ELEN FLORES ALFREDO<\/p>\n<p style=\"font-weight: 400;text-align: justify\">ORIENTADOR(A):\u00a0DRA. DANIELA ALTHOFF PHILIPPI<\/p>\n<p style=\"font-weight: 400;text-align: justify\">T\u00cdTULO DO TRABALHO: <a href=\"https:\/\/drive.google.com\/file\/d\/19KLCT6rdtC5hySWEr4RnXNIYLPR9TzSm\/view?usp=sharing\" data-saferedirecturl=\"https:\/\/www.google.com\/url?q=https:\/\/drive.google.com\/file\/d\/15VfVIhz239EiAw87_rD-bSnkBf6ckMvP\/view?usp%3Dsharing&amp;source=gmail&amp;ust=1619201251914000&amp;usg=AFQjCNFo5yOnJMKugi1zFwMR7hYVBhcgRg\"><strong>DESTINA\u00c7\u00c3O DO RES\u00cdDUO GARRAFA PET: ESTUDO COM OS RESIDENTES DA ALDEIA IPEGUE<\/strong><\/a><\/p>\n<hr \/>\n<p style=\"font-weight: 400;text-align: justify\">DISCENTE:\u00a0FERNANDO EUCLIDES DE OLIVEIRA GOMES<\/p>\n<p style=\"font-weight: 400;text-align: justify\">ORIENTADOR(A):\u00a0DRA. DANIELA ALTHOFF PHILIPPI<\/p>\n<p style=\"font-weight: 400;text-align: justify\">T\u00cdTULO DO TRABALHO: <a href=\"https:\/\/drive.google.com\/file\/d\/1UeUJDuKYSa6piJP-fBTBlGHDQs_O9UIg\/view?usp=sharing\" data-saferedirecturl=\"https:\/\/www.google.com\/url?q=https:\/\/drive.google.com\/file\/d\/15VfVIhz239EiAw87_rD-bSnkBf6ckMvP\/view?usp%3Dsharing&amp;source=gmail&amp;ust=1619201251914000&amp;usg=AFQjCNFo5yOnJMKugi1zFwMR7hYVBhcgRg\"><strong>PERCEP\u00c7\u00c3O SOBRE O SANEAMENTO B\u00c1SICO DE ANAST\u00c1CIO \u2013 MS: PESQUISA DE LEVANTAMENTO COM RESIDENTES<\/strong><\/a><\/p>\n<hr \/>\n<p style=\"font-weight: 400;text-align: justify\">DISCENTE:\u00a0GEANE FEITOSA BARBOSA<\/p>\n<p style=\"font-weight: 400;text-align: justify\">ORIENTADOR(A):\u00a0PROFA. DRA. GERCINA GON\u00c7ALVES DA SILVA<\/p>\n<p style=\"font-weight: 400;text-align: justify\">T\u00cdTULO DO TRABALHO: <a href=\"https:\/\/drive.google.com\/file\/d\/1V3nZ2tM6spZLFSEItLaPXsKs8TgPEGhB\/view?usp=sharing\" data-saferedirecturl=\"https:\/\/www.google.com\/url?q=https:\/\/drive.google.com\/file\/d\/15VfVIhz239EiAw87_rD-bSnkBf6ckMvP\/view?usp%3Dsharing&amp;source=gmail&amp;ust=1619201251914000&amp;usg=AFQjCNFo5yOnJMKugi1zFwMR7hYVBhcgRg\"><strong>O AGRONEG\u00d3CIO COM \u00caNFASE NA SUSTENTABILIDADE: UMA REVIS\u00c3O SISTEM\u00c1TICA<\/strong><\/a><\/p>\n<hr \/>\n<p style=\"font-weight: 400;text-align: justify\">DISCENTE:\u00a0JONAS BARRERA CARDOSO<\/p>\n<p style=\"font-weight: 400;text-align: justify\">ORIENTADOR(A):\u00a0DRA. DANIELA ALTHOFF PHILIPPI<\/p>\n<p style=\"font-weight: 400;text-align: justify\">T\u00cdTULO DO TRABALHO: <a href=\"https:\/\/drive.google.com\/file\/d\/1M7FdR0UIrpNK-MPH29hyeR3RfuWcmX1S\/view?usp=sharing\" data-saferedirecturl=\"https:\/\/www.google.com\/url?q=https:\/\/drive.google.com\/file\/d\/15VfVIhz239EiAw87_rD-bSnkBf6ckMvP\/view?usp%3Dsharing&amp;source=gmail&amp;ust=1619201251914000&amp;usg=AFQjCNFo5yOnJMKugi1zFwMR7hYVBhcgRg\"><strong>CARGA E DESCARGA DE MATERIAIS DE REGI\u00c3O CENTRAL DE AQUIDAUANA-MS: ESTUDO EM EMPRESAS DO SETOR MOVELEIRO<\/strong><\/a><\/p>\n<hr \/>\n<p style=\"font-weight: 400;text-align: justify\">DISCENTE:\u00a0JOSIELE IZABRALD DE SOUZA<\/p>\n<p style=\"font-weight: 400;text-align: justify\">ORIENTADOR(A):\u00a0PROFA. DRA.\u00a0HELEN PAOLA VIEIRA BUENO<\/p>\n<p style=\"font-weight: 400;text-align: justify\">T\u00cdTULO DO TRABALHO: <a href=\"https:\/\/drive.google.com\/file\/d\/1DxvwYi8Q4hDBHSSmb3NS_7hcq4hwGiao\/view?usp=sharing\" data-saferedirecturl=\"https:\/\/www.google.com\/url?q=https:\/\/drive.google.com\/file\/d\/15VfVIhz239EiAw87_rD-bSnkBf6ckMvP\/view?usp%3Dsharing&amp;source=gmail&amp;ust=1619201251914000&amp;usg=AFQjCNFo5yOnJMKugi1zFwMR7hYVBhcgRg\"><strong>REFLEXOS DO ESTRESSE OCUPACIONAL NA PRODUTIVIDADE DOS TRABALHADORES<\/strong><\/a><\/p>\n<hr \/>\n<p style=\"font-weight: 400;text-align: justify\">DISCENTE:\u00a0RAFAELA FONTANA SERPA<\/p>\n<p style=\"font-weight: 400;text-align: justify\">ORIENTADOR(A):\u00a0PROFA. DRA. ANA GRAZIELE LOUREN\u00c7O TOLEDO<\/p>\n<p style=\"font-weight: 400;text-align: justify\">T\u00cdTULO DO TRABALHO: <a href=\"https:\/\/drive.google.com\/file\/d\/1dwvfvUudVkEoHhB0oW-5hiOegGK4evz3\/view?usp=sharing\" data-saferedirecturl=\"https:\/\/www.google.com\/url?q=https:\/\/drive.google.com\/file\/d\/15VfVIhz239EiAw87_rD-bSnkBf6ckMvP\/view?usp%3Dsharing&amp;source=gmail&amp;ust=1619201251914000&amp;usg=AFQjCNFo5yOnJMKugi1zFwMR7hYVBhcgRg\"><strong>ESTRESSE E ANSIEDADE NO AMBIENTE UNIVERSIT\u00c1RIO EM TEMPOS DE PANDEMIA<\/strong><\/a><\/p>\n<hr \/>\n<p style=\"font-weight: 400;text-align: justify\">DISCENTE:\u00a0VALDOMIRO NUNES DE OLIVEIRA JUNIOR<\/p>\n<p style=\"font-weight: 400;text-align: justify\">ORIENTADOR(A):\u00a0: DRA. DANIELA ALTHOFF PHILIPPI<\/p>\n<p style=\"font-weight: 400;text-align: justify\">T\u00cdTULO DO TRABALHO: <a href=\"https:\/\/drive.google.com\/file\/d\/1MF4lnMDIbtT-oYpQrPvJQC2EgkIvz-zB\/view?usp=sharing\" data-saferedirecturl=\"https:\/\/www.google.com\/url?q=https:\/\/drive.google.com\/file\/d\/15VfVIhz239EiAw87_rD-bSnkBf6ckMvP\/view?usp%3Dsharing&amp;source=gmail&amp;ust=1619201251914000&amp;usg=AFQjCNFo5yOnJMKugi1zFwMR7hYVBhcgRg\"><strong>ESTUDO SOBRE INOVA\u00c7\u00d5ES RELACIONADAS AO CUMBARU EM ANAST\u00c1CIO E MIRANDA MS<\/strong><\/a><\/p>\n<hr \/>\n<p style=\"text-align: justify\">DISCENTE:\u00a0ADRIANA DA SILVA CARVALHO<\/p>\n<p style=\"text-align: justify\">ORIENTADOR(A):\u00a0\u00a0PROFA. DRA.\u00a0 DANIELA ALTHOFF PHILIPPI<\/p>\n<p style=\"text-align: justify\">T\u00cdTULO DO TRABALHO:\u00a0<a href=\"https:\/\/drive.google.com\/file\/d\/11EaWudYBjUZjpJAfSyKIwkZQrImuTBLR\/view?usp=sharing\" data-saferedirecturl=\"https:\/\/www.google.com\/url?q=https:\/\/drive.google.com\/file\/d\/1zm9KHy5IwBGmMaNRuKPSvw2T24q5KmBQ\/view?usp%3Dsharing&amp;source=gmail&amp;ust=1619201251926000&amp;usg=AFQjCNGhfm7e726cpRZcuc01FUYE1fnLyA\"><strong>AVALIA\u00c7\u00c3O DA QUALIDADE EM SERVI\u00c7OS DE INTERNET EM AQUIDAUANA-MS COM A ESCALA SERVQUAL\u00a0<\/strong><\/a><\/p>\n<hr \/>\n<p style=\"text-align: justify\">DISCENTE:\u00a0ADRIANE MAIKELLY IBRAHIM MIDON GIL<\/p>\n<p style=\"text-align: justify\">ORIENTADOR(A):\u00a0\u00a0PROFA. DRA. ANA GRAZIELE LOUREN\u00c7O TOLEDO<\/p>\n<p style=\"text-align: justify\">T\u00cdTULO DO TRABALHO:\u00a0\u00a0<a href=\"https:\/\/drive.google.com\/file\/d\/1hEdYESmC5-Kq3dxTaBZbUxaSmae5ap6c\/view?usp=sharing\" data-saferedirecturl=\"https:\/\/www.google.com\/url?q=https:\/\/drive.google.com\/file\/d\/1zm9KHy5IwBGmMaNRuKPSvw2T24q5KmBQ\/view?usp%3Dsharing&amp;source=gmail&amp;ust=1619201251926000&amp;usg=AFQjCNGhfm7e726cpRZcuc01FUYE1fnLyA\"><strong>SUCESS\u00c3O E CONFLITOS NA GEST\u00c3O DA PEQUENA EMPRESA FAMILIAR<\/strong><\/a><\/p>\n<hr \/>\n<p style=\"text-align: justify\">DISCENTE:\u00a0ANA PAULA SANTOS<\/p>\n<p style=\"text-align: justify\">ORIENTADOR(A):\u00a0\u00a0PROFA. DRA. HELEN PAOLA VIEIRA BUENO<\/p>\n<p style=\"text-align: justify\">T\u00cdTULO DO TRABALHO:\u00a0<a href=\"https:\/\/drive.google.com\/file\/d\/1rM5MNeByWrwxAMZ7bnRWKtZZgZbJatz-\/view?usp=sharing\" data-saferedirecturl=\"https:\/\/www.google.com\/url?q=https:\/\/drive.google.com\/file\/d\/1zm9KHy5IwBGmMaNRuKPSvw2T24q5KmBQ\/view?usp%3Dsharing&amp;source=gmail&amp;ust=1619201251926000&amp;usg=AFQjCNGhfm7e726cpRZcuc01FUYE1fnLyA\"><strong>MOTIVA\u00c7\u00c3O DOS ACAD\u00caMICOS DO CURSO DE\u00a0 ADMINISTRA\u00c7\u00c3O DA UFMS\/CPAQ EM TEMPOS DE PANDEMIA RELACIONADA AO COVID-19<\/strong><\/a><\/p>\n<hr \/>\n<p style=\"text-align: justify\">DISCENTE:\u00a0ANNE KAROLLYNE SABALA DA SILVA<\/p>\n<p style=\"text-align: justify\">ORIENTADOR(A):\u00a0\u00a0PROFA. DRA. ANA GRAZIELE LOUREN\u00c7O TOLEDO<\/p>\n<p style=\"text-align: justify\">T\u00cdTULO DO TRABALHO:\u00a0<a href=\"https:\/\/drive.google.com\/file\/d\/13ccJAolbruhFMnQOTuk1T4FfjNw1RS97\/view?usp=sharing\" data-saferedirecturl=\"https:\/\/www.google.com\/url?q=https:\/\/drive.google.com\/file\/d\/1zm9KHy5IwBGmMaNRuKPSvw2T24q5KmBQ\/view?usp%3Dsharing&amp;source=gmail&amp;ust=1619201251927000&amp;usg=AFQjCNE5momGm03DDC80ccsHgkWdx1k4VA\"><strong>FRANQUIAS COMO FORMA DE ACESSO AO MERCADO DE TRABALHO: UM ESTUDO DE CASO NA CIDADE DE AQUIDAUANA-MS.<\/strong><\/a><\/p>\n<hr \/>\n<p style=\"text-align: justify\">DISCENTE:\u00a0APARECIDO EMERSON LIPU MARIANO<\/p>\n<p style=\"text-align: justify\">ORIENTADOR(A):\u00a0\u00a0PROF. DR. ALISSON MAXWELL FERREIRA DE ANDRADE<\/p>\n<p style=\"text-align: justify\">T\u00cdTULO DO TRABALHO:\u00a0<a href=\"https:\/\/drive.google.com\/file\/d\/1IGXTq_QBhKx34506GEQfYpwBOszwVWA9\/view?usp=sharing\" data-saferedirecturl=\"https:\/\/www.google.com\/url?q=https:\/\/drive.google.com\/file\/d\/1zm9KHy5IwBGmMaNRuKPSvw2T24q5KmBQ\/view?usp%3Dsharing&amp;source=gmail&amp;ust=1619201251927000&amp;usg=AFQjCNE5momGm03DDC80ccsHgkWdx1k4VA\"><strong>O PERFIL DA LIDERAN\u00c7A, A ESTRUTURA ORGANIZACIONAL E AS PR\u00c1TICAS DE GEST\u00c3O FINANCEIRA NA ALDEIA URBANA TICO LIP\u00da DE AQUIDAUANA SOB A \u00d3TICA DOS LIDERADOS<\/strong><\/a><\/p>\n<hr \/>\n<p style=\"text-align: justify\">DISCENTE:\u00a0ELIZIANE CAMILA ROSA DA SILVA<\/p>\n<p style=\"text-align: justify\">ORIENTADOR(A):\u00a0\u00a0PROFA. DRA. ANA GRAZIELE LOUREN\u00c7O TOLEDO<\/p>\n<p style=\"text-align: justify\">T\u00cdTULO DO TRABALHO:\u00a0<a href=\"https:\/\/drive.google.com\/file\/d\/1xKe-_1yIp8TryZNOep0UGAEYh6ANH-ee\/view?usp=sharing\" data-saferedirecturl=\"https:\/\/www.google.com\/url?q=https:\/\/drive.google.com\/file\/d\/1zm9KHy5IwBGmMaNRuKPSvw2T24q5KmBQ\/view?usp%3Dsharing&amp;source=gmail&amp;ust=1619201251927000&amp;usg=AFQjCNE5momGm03DDC80ccsHgkWdx1k4VA\"><strong>MOTIVA\u00c7\u00c3O E COMPROMETIMENTO ORGANIZACIONAL EM FUNCION\u00c1RIOS TEMPOR\u00c1RIOS: O CASO DE UM ORG\u00c3O P\u00daBLICO DO MUNIC\u00cdPIO DE AQUIDAUANA-MS<\/strong><\/a><\/p>\n<hr \/>\n<p style=\"text-align: justify\">DISCENTE:\u00a0JULIANA PEREIRA DE SOUZA DA COSTA<\/p>\n<p style=\"text-align: justify\">ORIENTADOR(A):\u00a0\u00a0PROFA. DRA. DANIELA ALTHOFF PHILIPPI<\/p>\n<p style=\"text-align: justify\">T\u00cdTULO DO TRABALHO:\u00a0<a href=\"https:\/\/drive.google.com\/file\/d\/1E-C4c5PNTOlq37G2xg4pR1DzAVRFoAdu\/view?usp=sharing\" data-saferedirecturl=\"https:\/\/www.google.com\/url?q=https:\/\/drive.google.com\/file\/d\/1zm9KHy5IwBGmMaNRuKPSvw2T24q5KmBQ\/view?usp%3Dsharing&amp;source=gmail&amp;ust=1619201251927000&amp;usg=AFQjCNE5momGm03DDC80ccsHgkWdx1k4VA\"><strong>COMPORTAMENTO DOS MORADORES DE AQUIDAUANA EM RELA\u00c7\u00c3O AOS RES\u00cdDUOS DOM\u00c9STICOS<\/strong><\/a><\/p>\n<hr \/>\n<p style=\"text-align: justify\">DISCENTE:\u00a0LUANA RAGALZI SILVA<\/p>\n<p style=\"text-align: justify\">ORIENTADOR(A):\u00a0\u00a0PROFA. DRA. ANA GRAZIELE LOUREN\u00c7O TOLEDO<\/p>\n<p style=\"text-align: justify\">T\u00cdTULO DO TRABALHO:\u00a0<a href=\"https:\/\/drive.google.com\/file\/d\/19Wi-F4emE1KbF4oTnRsbUcHgC-zW5Hyy\/view?usp=sharing\" data-saferedirecturl=\"https:\/\/www.google.com\/url?q=https:\/\/drive.google.com\/file\/d\/1zm9KHy5IwBGmMaNRuKPSvw2T24q5KmBQ\/view?usp%3Dsharing&amp;source=gmail&amp;ust=1619201251927000&amp;usg=AFQjCNE5momGm03DDC80ccsHgkWdx1k4VA\"><strong>MARKETING DE RELACIONAMENTO NAS REDES SOCIAIS: COMPARANDO A DECIS\u00c3O DE COMPRA DAS MULHERES NAS REGI\u00d5ES CENTRO-OESTE E SUDESTE<\/strong><\/a><\/p>\n<hr \/>\n<p style=\"text-align: justify\">DISCENTE:\u00a0LEIZIANE ALMEIDA COELHO<\/p>\n<p style=\"text-align: justify\">ORIENTADOR(A):\u00a0\u00a0PROFA. DRA.\u00a0 DANIELA ALTHOFF PHILIPPI<\/p>\n<p style=\"text-align: justify\">T\u00cdTULO DO TRABALHO:\u00a0<a href=\"https:\/\/drive.google.com\/file\/d\/1IW4Pj8Pd8GjgnCgQhvQm5HfgRpg7Dy0X\/view?usp=sharing\" data-saferedirecturl=\"https:\/\/www.google.com\/url?q=https:\/\/drive.google.com\/file\/d\/1zm9KHy5IwBGmMaNRuKPSvw2T24q5KmBQ\/view?usp%3Dsharing&amp;source=gmail&amp;ust=1619201251927000&amp;usg=AFQjCNE5momGm03DDC80ccsHgkWdx1k4VA\"><strong>TRATAMENTO DOS PNEUS INSERV\u00cdVEIS EM EMPRESAS AUTOMOTIVAS AQUIDAUANA E ANAST\u00c1CIO-MS: UMA PERSPECTIVA SOCIOAMBIENTAL\u00a0<\/strong><\/a><\/p>\n<hr \/>\n<p style=\"text-align: justify\">DISCENTE:\u00a0LUCAS RODRIGUES XAVIER<\/p>\n<p style=\"text-align: justify\">ORIENTADOR(A):\u00a0\u00a0PROFA. DRA. ANA GRAZIELE LOUREN\u00c7O TOLEDO<\/p>\n<p style=\"text-align: justify\">T\u00cdTULO DO TRABALHO:\u00a0\u00a0<a href=\"https:\/\/drive.google.com\/file\/d\/1bHQHePfD4iJ6-t6HQ8oxKWMv8rvwMH66\/view?usp=sharing\" data-saferedirecturl=\"https:\/\/www.google.com\/url?q=https:\/\/drive.google.com\/file\/d\/1zm9KHy5IwBGmMaNRuKPSvw2T24q5KmBQ\/view?usp%3Dsharing&amp;source=gmail&amp;ust=1619201251927000&amp;usg=AFQjCNE5momGm03DDC80ccsHgkWdx1k4VA\"><strong>GEST\u00c3O P\u00daBLICA MUNICIPAL EM COSTA RICA\/MS: A GEST\u00c3O DESTAQUE NOS \u00cdNDICES DE AVALIA\u00c7\u00c3O<\/strong><\/a><\/p>\n<hr \/>\n<p style=\"text-align: justify\">DISCENTE:\u00a0RUBIANY VASCONCELOS DUARTE<\/p>\n<p style=\"text-align: justify\">ORIENTADOR(A):\u00a0\u00a0PROFA. DRA. GERCINA GON\u00c7ALVES DA SILVA<\/p>\n<p style=\"text-align: justify\">T\u00cdTULO DO TRABALHO:\u00a0<a href=\"https:\/\/drive.google.com\/file\/d\/1fdxdwfuZQBjGtiKDnET3z3LZ8FrtvWdx\/view?usp=sharing\" data-saferedirecturl=\"https:\/\/www.google.com\/url?q=https:\/\/drive.google.com\/file\/d\/1zm9KHy5IwBGmMaNRuKPSvw2T24q5KmBQ\/view?usp%3Dsharing&amp;source=gmail&amp;ust=1619201251927000&amp;usg=AFQjCNE5momGm03DDC80ccsHgkWdx1k4VA\"><strong>\u00a0EMPREENDEDORISMO MATERNO NO MUNIC\u00cdPIO DE ANAST\u00c1CIO-MS<\/strong><\/a><\/p>\n<hr \/>\n<p style=\"text-align: justify\">DISCENTE:\u00a0SONJA R\u00d4A CASSIANO<\/p>\n<p style=\"text-align: justify\">ORIENTADOR(A):\u00a0\u00a0PROFA. DRA. HELEN PAOLA VIEIRA BUENO<\/p>\n<p style=\"text-align: justify\">T\u00cdTULO DO TRABALHO:\u00a0<a href=\"https:\/\/drive.google.com\/file\/d\/1U5Ujf5ZB-N4npSamnu7-CB6uqxIx4ON7\/view?usp=sharing\" data-saferedirecturl=\"https:\/\/www.google.com\/url?q=https:\/\/drive.google.com\/file\/d\/1zm9KHy5IwBGmMaNRuKPSvw2T24q5KmBQ\/view?usp%3Dsharing&amp;source=gmail&amp;ust=1619201251927000&amp;usg=AFQjCNE5momGm03DDC80ccsHgkWdx1k4VA\"><strong>DEPRESS\u00c3O EM CALOUROS E VETERANOS DO CURSO DE ADMINISTRA\u00c7\u00c3O: RELATOS DE UMA PESQUISA<\/strong><\/a><\/p>\n<hr \/>\n<p style=\"text-align: justify\">DISCENTE:\u00a0VANESSA VASQUES CORR\u00caA<\/p>\n<p style=\"text-align: justify\">ORIENTADOR(A):\u00a0\u00a0PROFA. DRA. GERCINA GON\u00c7ALVES DA SILVA<\/p>\n<p style=\"text-align: justify\">T\u00cdTULO DO TRABALHO:\u00a0<a href=\"https:\/\/drive.google.com\/file\/d\/15zFgM_mafcm0zzjyC8QBVwmA8HLTkZPM\/view?usp=sharing\" data-saferedirecturl=\"https:\/\/www.google.com\/url?q=https:\/\/drive.google.com\/file\/d\/1zm9KHy5IwBGmMaNRuKPSvw2T24q5KmBQ\/view?usp%3Dsharing&amp;source=gmail&amp;ust=1619201251927000&amp;usg=AFQjCNE5momGm03DDC80ccsHgkWdx1k4VA\"><strong>CANAIS DE DISTRIBUI\u00c7\u00c3O DA AGRICULTURA FAMILIAR NOS ASSENTAMENTOS DO MUNIC\u00cdPIO DE ANAST\u00c1CIO-MS<\/strong><\/a><\/p>\n<hr \/>\n<p style=\"text-align: justify\">DISCENTE:\u00a0WANDERSON BARBOSA FERREIRA<\/p>\n<p style=\"text-align: justify\">ORIENTADOR(A):\u00a0\u00a0PROFA. DRA. GERCINA GON\u00c7ALVES DA SILVA<\/p>\n<p style=\"text-align: justify\">T\u00cdTULO DO TRABALHO:\u00a0<a href=\"https:\/\/drive.google.com\/file\/d\/1AmYjkvh_K-2uTSeK2_b52rqpbkTitUJa\/view?usp=sharing\" data-saferedirecturl=\"https:\/\/www.google.com\/url?q=https:\/\/drive.google.com\/file\/d\/1zm9KHy5IwBGmMaNRuKPSvw2T24q5KmBQ\/view?usp%3Dsharing&amp;source=gmail&amp;ust=1619201251927000&amp;usg=AFQjCNE5momGm03DDC80ccsHgkWdx1k4VA\"><strong>CONSUMO DE CARNE NO MUNIC\u00cdPIO DE AQUIDAUANA-MS\u00a0<\/strong><\/a><\/p>\n<\/div>\n\t\t\t\t<\/div>\n\t\t\t<\/div>\n<div class=\"panel panel-default\">\n\t\t\t\t<div class=\"panel-heading\">\n\t\t\t\t\t<h4 class=\"panel-title\">\n\t\t\t\t\t\t<a class=\"collapsed\" data-toggle=\"collapse\" data-parent=\"#custom-collapse-0\" href=\"#custom-collapse-0-3\">Ano de Apresenta\u00e7\u00e3o 2019<\/a>\n\t\t\t\t\t<\/h4>\n\t\t\t\t<\/div>\n\t\t\t\t<div id=\"custom-collapse-0-3\" class=\"panel-collapse collapse\">\n\t\t\t\t\t<div class=\"panel-body\">\nDISCENTE: CAMILA SANDRI<br \/>\nORIENTADOR(A): DANIELA ALTHOFF PHILIPPI<br \/>\nT\u00cdTULO DO TRABALHO:\u00a0<a href=\"https:\/\/drive.google.com\/file\/d\/15VfVIhz239EiAw87_rD-bSnkBf6ckMvP\/view?usp=sharing\"><strong>ESTUDO DE REVIS\u00c3O SISTEM\u00c1TICA SOBRE CONSUMO SUSTENT\u00c1VEL<\/strong><\/a><\/p>\n<hr \/>\n<p>DISCENTE: CARLOS AUGUSTO NEPOMUCENO<br \/>\nORIENTADOR(A): ALISSON MAXWELL FERREIRA DE ANDRADE<br \/>\nT\u00cdTULO DO TRABALHO:\u00a0<a href=\"https:\/\/drive.google.com\/file\/d\/1zm9KHy5IwBGmMaNRuKPSvw2T24q5KmBQ\/view?usp=sharing\"><strong>EMPREENDEDORISMO E PLANEJAMENTO FINANCEIRO EM UM COM\u00c9RCIO DE MATERIAIS ESPORTIVOS: ESTUDO DE CASO SOBRE UMA GEST\u00c3O DE SUCESSO NA EMPRESA \u2018PLANETA ESPORTES\u2019<\/strong><\/a><\/p>\n<hr \/>\n<p>DISCENTE: DANILO PENTEADO CONFESSOR<br \/>\nORIENTADOR(A): DANIELA ALTHOFF PHILIPPI<br \/>\nT\u00cdTULO DO TRABALHO:\u00a0<a href=\"https:\/\/drive.google.com\/file\/d\/1mwelx_nCP04fHrbv-6ZtrazifVcBqFVw\/view?usp=sharing\"><strong>A\u00c7\u00d5ES QUE PROMOVAM A N\u00c3O REINCID\u00caNCIA NO SISTEMA PRISIONAL NA PERSPECTIVA DOS INTERNOS &#8211; REGIME SEMIABERTO EM AQUIDAUANA-MS.<\/strong><\/a><\/p>\n<hr \/>\n<p>DISCENTE: L\u00c9O RENATO DIAS<br \/>\nORIENTADOR(A): GERCINA GON\u00c7ALVES DA SILVA<br \/>\nT\u00cdTULO DO TRABALHO:\u00a0<a href=\"https:\/\/drive.google.com\/file\/d\/1-nuemE5zlw-wkniOCaqpavrsBHP136lT\/view?usp=sharing\"><strong>ATITUDE EMPREENDEDORA ENTRE AS MULHERES DE ANAST\u00c1CIO-MS<\/strong><\/a><\/p>\n<hr \/>\n<p>DISCENTE: LORRAINE TRAVERSI ALVES<br \/>\nORIENTADOR(A): ANA GRAZIELE LOUREN\u00c7O TOLEDO<br \/>\nT\u00cdTULO DO TRABALHO: <a href=\"https:\/\/drive.google.com\/file\/d\/1KUMn_NjYYpeJbfudn6WRQ04QGTwvlE0O\/view?usp=sharing\"><strong>CULTURA ORGANIZACIONAL NA ADMINISTRA\u00c7\u00c3O P\u00daBLICA: UM ESTUDO DE CASO NO N\u00daCLEO DE RECEITAS DE AQUIDAUANA \u2013 MS<\/strong><\/a><\/p>\n<hr \/>\n<p>DISCENTE: MARLUCE GOMES CARVALHO DA SILVA<br \/>\nORIENTADOR(A):<br \/>\nT\u00cdTULO DO TRABALHO: <a href=\"https:\/\/drive.google.com\/file\/d\/13A_yYx8T2DdgSkvSeyU77-PplNK7OiQv\/view?usp=sharing\"><strong>EMPREENDEDORISMO SOCIAL NAS ALDEIAS DOS MUNIC\u00cdPIOS DE AQUIDAUANA E ANAST\u00c1CIO-MS<\/strong><\/a><\/p>\n<hr \/>\n<p>DISCENTE: THAIS EMANUELLY SOARES LIMA<br \/>\nORIENTADOR(A): DANIELA ALTHOFF PHILIPPI<br \/>\nT\u00cdTULO DO TRABALHO:\u00a0<a href=\"https:\/\/drive.google.com\/file\/d\/1Q1_oBsKhvlYVBtGZi2NJQjI012_dONtl\/view?usp=sharing\"><strong>O PROGRAMA RIO DE LEITE NA PERSPECTIVA DOS SEUS PARTICIPANTES: ESTUDO SOBRE O CAPITAL CIENT\u00cdFICO E HUMANO T\u00c9CNICO<\/strong><\/a><\/p>\n<hr \/>\n<p>DISCENTE: THATY LINS VERDE SELVA<br \/>\nORIENTADOR(A): DANIELA ALTHOFF PHILIPPI<br \/>\nT\u00cdTULO DO TRABALHO:\u00a0<a href=\"https:\/\/drive.google.com\/file\/d\/1HfRtwH3dXiWf0R0keo6WKISxG26etyHu\/view?usp=sharing\"><strong>O COMPORTAMENTO DO CONSUMIDOR CEGO E DE BAIXA VIS\u00c3O EM AQUIDAUANA &#8211;<\/strong> MS<\/a><\/p>\n<hr \/>\n<p>DISCENTE: AMANDA DOS REIS DIAS SILVEIRA<br \/>\nORIENTADOR(A): GERCINA GON\u00c7ALVES DA SILVA<br \/>\nT\u00cdTULO DO TRABALHO: <a href=\"https:\/\/drive.google.com\/file\/d\/1Y_rXFJC10DD5nmMKmQ4lnVs2vkZEPnIx\/view?usp=sharing\"><strong>DESCARTE DO RES\u00cdDUO PAPEL\u00c3O EM SUPERMERCADOS DE AQUIDAUANA E ANAST\u00c1CIO \u2013 MS: UM ESTUDO MULTI CASO.<\/strong><\/a> (*senha 12062019)<\/p>\n<hr \/>\n<p>DISCENTE: ANA MARIA DE SOUZA<br \/>\nORIENTADOR(A): DANIELA ALTHOFF PHILIPPI<br \/>\nT\u00cdTULO DO TRABALHO: <a href=\"https:\/\/drive.google.com\/file\/d\/1BOc19k29eaxyAOI_ETTzOoFO4uIOrBTe\/view?usp=sharing\"><strong>LOG\u00cdSTICA REVERSA EM ESTABELECIMENTOS FARMACEUTICOS<\/strong><\/a><\/p>\n<hr \/>\n<p>DISCENTE: FABIOLA MENDES GOUVEIA<br \/>\nORIENTADOR(A): GERCINA GON\u00c7ALVES DA SILVA<br \/>\nT\u00cdTULO DO TRABALHO: <a href=\"https:\/\/drive.google.com\/file\/d\/1UweYZ6KkoP1QP-OCjkwgil3bJBF4qMzo\/view?usp=sharing\"><strong> ENERGIA RENOV\u00c1VEL FOTOVOLTAICA NO ESTADO DE MATO GROSSO DO SUL<\/strong><\/a><\/p>\n<hr \/>\n<p>DISCENTE: JHENNIFER VANESSA XAVIER DOS SANTOS<br \/>\nORIENTADOR(A): HELEN PAOLA VIEIRA BUENO<br \/>\nT\u00cdTULO DO TRABALHO: <a href=\"https:\/\/drive.google.com\/file\/d\/1NyuIhp8prEu3Dl0L5-bsOlEu4wqpcZqE\/view?usp=sharing\"><strong>ESTRESSE OCUPACIONAL EM TRABALHADORES DA SA\u00daDE: CAUSAS, AGRAVOS E CONSEQU\u00caNCIAS.<\/strong><\/a><\/p>\n<hr \/>\n<p>DISCENTE: JO\u00c3O PAULO SOUZA RIBEIRO<br \/>\nORIENTADOR(A): DANIELA ALTHOFF PHILLIPPI<br \/>\nT\u00cdTULO DO TRABALHO: <a href=\"https:\/\/drive.google.com\/file\/d\/1HOzIqvMqIraOyatLkoVaKppbAEW8HCvA\/view?usp=sharing\"><strong>INOVA\u00c7\u00c3O SUSTENT\u00c1VEL NA AGRICULTURA DE PRECIS\u00c3O: EMBRAPAS DA REGI\u00c3O CENTRO-OESTE<\/strong><\/a><\/p>\n<hr \/>\n<p>DISCENTE: MANASS\u00c9S DA SILVA NOGUEIRA<br \/>\nORIENTADOR(A): DANIELA ALTHOFF PHILIPPI<br \/>\nT\u00cdTULO DO TRABALHO:\u00a0<a href=\"https:\/\/drive.google.com\/file\/d\/1oTmbrYf2N-UdzexTweDMvE3q9aVZD9y6\/view?usp=sharing\"><strong>INOVA\u00c7\u00c3O E COMPETITIVIDADE: UM ESTUDO DE CASO NA EMPRESA LOCAL \u201cPONTO COM\u201d<\/strong><\/a><\/p>\n<hr \/>\n<p>DISCENTE: RENATO FAUSTINO DE OLIVEIRA<br \/>\nORIENTADOR(A): DANIELA ALTHOFF PHILIPPI<br \/>\nT\u00cdTULO DO TRABALHO:\u00a0<a href=\"https:\/\/drive.google.com\/file\/d\/1mixHnRkjyFVSPKYo40rmQ64hkn_Ap_cR\/view?usp=sharing\"><strong>INOVA\u00c7\u00c3O DIGITAL: \u201cMEU INSS\u201d FACILITA A VIDA DOS USU\u00c1RIOS PELA AG\u00caNCIA DA PREVID\u00caNCIA SOCIAL (APS) EM AQUIDAUANA-MS?<\/strong><\/a><\/p>\n<hr \/>\n<p>DISCENTE: REN\u00ca DA SILVA ANDRADE<br \/>\nORIENTADOR(A): GERCINA GON\u00c7ALVES DA SILVA<br \/>\nT\u00cdTULO DO TRABALHO:\u00a0<a href=\"https:\/\/drive.google.com\/file\/d\/1fynsoZT8O0b_9hzcevoxRJAJTcOhC5-r\/view?usp=sharing\"><strong>ATIVIDADE EMPREENDEDORA COMO DIFERENCIAL COMPETITIVO: ESTUDO DE CASO NA ESCOLA DE IDIOMAS CCAA POLO DE AQUIDAUANA<\/strong><\/a><\/p>\n<hr \/>\n<p>DISCENTE: WALMIR DE SOUZA FERREIRA<br \/>\nORIENTADOR(A): ALISSON MAXWELL FERREIRA DE ANDRADE<br \/>\nT\u00cdTULO DO TRABALHO:\u00a0<a href=\"https:\/\/drive.google.com\/file\/d\/1s7_qyx9M_FkrfUrWwJhRehEc8fDAMZEB\/view?usp=sharing\"><strong>UMA APLICA\u00c7\u00c3O DO OR\u00c7AMENTO TRADICIONAL INCREMENTAL NUMA PEQUENA EMPRESA DO COM\u00c9RCIO ESPORTIVO EM AQUIDAUANA-MS<\/strong><\/a><\/p>\n<\/div>\n\t\t\t\t<\/div>\n\t\t\t<\/div>\n<div class=\"panel panel-default\">\n\t\t\t\t<div class=\"panel-heading\">\n\t\t\t\t\t<h4 class=\"panel-title\">\n\t\t\t\t\t\t<a class=\"collapsed\" data-toggle=\"collapse\" data-parent=\"#custom-collapse-0\" href=\"#custom-collapse-0-4\">Ano de Apresenta\u00e7\u00e3o 2018<\/a>\n\t\t\t\t\t<\/h4>\n\t\t\t\t<\/div>\n\t\t\t\t<div id=\"custom-collapse-0-4\" class=\"panel-collapse collapse\">\n\t\t\t\t\t<div class=\"panel-body\">\nDISCENTE: CAROLINA SANTOS MARQUES<br \/>\nORIENTADOR(A): DANIELA ALTHOFF PHILIPPI<br \/>\nT\u00cdTULO DO TRABALHO: <a href=\"https:\/\/drive.google.com\/file\/d\/1EmMTWeXchar_SOrjUFVMx4s9GqyJvVjd\/view?usp=sharing\"><strong>DESTINA\u00c7\u00c3O DAS L\u00c2MPADAS FLUORESCENTES DA UFMS-CPAQ<\/strong><\/a><\/p>\n<hr \/>\n<p>DISCENTE: DANIEL DOS REIS TRINDADE<br \/>\nORIENTADOR(A): DANIELA ALTHOFF PHILIPPI<br \/>\nT\u00cdTULO DO TRABALHO: <a href=\"https:\/\/drive.google.com\/file\/d\/1VcH3_uNHE0eNucHtVJAs7vY7T0Jv2mb3\/view?usp=sharing\"><strong>COMO AS M\u00cdDIAS DIGITAIS INFLUENCIAM NO RAMO ALIMENT\u00cdCIO EM AQUIDAUANA-MS<\/strong><\/a><\/p>\n<hr \/>\n<p>DISCENTE: NAYARA SANABRIA<br \/>\nORIENTADOR(A): GERCINA GON\u00c7ALVES DA SILVA<br \/>\nT\u00cdTULO DO TRABALHO: <a href=\"https:\/\/drive.google.com\/file\/d\/14bNtqdIr2LDHSpLWIeuRuivTNjR1GL3u\/view?usp=sharing\"><strong>ATITUDE EMPREENDEDORA NA PERCEP\u00c7\u00c3O DAS MULHERES DE ANAST\u00c1CIO-MS<\/strong><\/a><\/p>\n<hr \/>\n<p>DISCENTE: ROCIENNE SANABRIA PIRES<br \/>\nORIENTADOR(A): DANIELA ALTHOFF PHILIPPI<br \/>\nT\u00cdTULO DO TRABALHO: <a href=\"https:\/\/drive.google.com\/file\/d\/1rRkzlDm7chacr0Ls2ArW-PCBpa3uoAr6\/view?usp=sharing\"><strong>COMPORTAMENTO DE RECLAMA\u00c7\u00c3O DE CLIENTES DE ENERGIA EL\u00c9TRICA EM AQUIDAUANA-MS ATRAV\u00c9S DO MODELO LOGIT<\/strong><\/a><\/p>\n<hr \/>\n<p>DISCENTE: SARA GEORGINA RAMOS<br \/>\nORIENTADOR(A): GERCINA GON\u00c7ALVES DA SILVA<br \/>\nT\u00cdTULO DO TRABALHO: <a href=\"https:\/\/drive.google.com\/file\/d\/1Lzil1aUwrR9VSH2ZRa1FIZ11hCBLN04K\/view?usp=sharing\"><strong>PERCEP\u00c7\u00c3O DE SUSTENTABILIDADE ENTRE OS PRODUTORES DO PANTANAL DE AQUIDAUANA &#8211; MS<\/strong><\/a><\/p>\n<hr \/>\n<p>DISCENTE: YARA SOARES DA SILVA<br \/>\nORIENTADOR(A): DANIELA ALTHOFF PHILIPPI<br \/>\nT\u00cdTULO DO TRABALHO: <a href=\"https:\/\/drive.google.com\/file\/d\/1RcAOcdbr2pz0pQlRQxlum08YCPHzFd8c\/view?usp=sharing\"><strong>PROGRAMA DESCARTE CONSCIENTE EM MATO GROSSO DO SUL: LOG\u00cdSTICA REVERSA DE MEDICAMENTOS?<\/strong><\/a><\/p>\n<\/div>\n\t\t\t\t<\/div>\n\t\t\t<\/div>\n<div class=\"panel panel-default\">\n\t\t\t\t<div class=\"panel-heading\">\n\t\t\t\t\t<h4 class=\"panel-title\">\n\t\t\t\t\t\t<a class=\"collapsed\" data-toggle=\"collapse\" data-parent=\"#custom-collapse-0\" href=\"#custom-collapse-0-5\">Ano de Apresenta\u00e7\u00e3o 2015<\/a>\n\t\t\t\t\t<\/h4>\n\t\t\t\t<\/div>\n\t\t\t\t<div id=\"custom-collapse-0-5\" class=\"panel-collapse collapse\">\n\t\t\t\t\t<div class=\"panel-body\">\nDISCENTE: CINDY NOEM\u00cd DA SILVA<br \/>\nORIENTADOR(A): PROF. Me. NAIRA DENISE KALB<br \/>\nT\u00cdTULO DO TRABALHO: <a href=\"https:\/\/drive.google.com\/file\/d\/0B-Z3ST0JO5oaUEtra1hGOVk2Z0E\/view?usp=sharing\"><strong>ELABORA\u00c7\u00c3O DE UM PLANEJAMENTO ESTRAT\u00c9GICO PARA A EMPRESA GIGAREDE TECNOLOGICA DA INFORMA\u00c7\u00c3O LTDA-ME EM ANAST\u00c1CIO-MS<\/strong><\/a><\/p>\n<hr \/>\n<p>DISCENTE: CLAUSNER CUNHA DE OLIVEIRA<br \/>\nORIENTADOR(A): PROF. Me. RUBENS M. SILVESTRINI ARA\u00daJO<br \/>\nT\u00cdTULO DO TRABALHO: <a href=\"https:\/\/drive.google.com\/file\/d\/0B-Z3ST0JO5oaVlJrOFdacFB2T0k\/view?usp=sharing\"><strong>AVALIA\u00c7\u00c3O DA SATISFA\u00c7\u00c3O DOS CLIENTES DO PORTAL PANTANEIRO HOTEL NO MUNICIPIO DE AQUIDAUANA\/MS<\/strong><\/a><\/p>\n<hr \/>\n<p>DISCENTE: GILCELEM RIBEIRO SOARES<br \/>\nORIENTADOR(A): PROF.Esp. JEFERSON ALMEIDA<br \/>\nT\u00cdTULO DO TRABALHO: <strong>CART\u00c3O DO SUS: COMO AUXILIO NO PLANEJAMENTO EM SA\u00daDE PUBLICA NO MUNIC\u00cdPIO DE AN\u00c1STACIO\/MS<\/strong><\/p>\n<hr \/>\n<p>DISCENTE: HELENA MARIA GON\u00c7ALVES<br \/>\nORIENTADOR(A): PROF.Me. NAIRA DENISE KALB<br \/>\nT\u00cdTULO DO TRABALHO: <a href=\"https:\/\/drive.google.com\/file\/d\/0B-Z3ST0JO5oaX1BZVDBJNlpkb1U\/view?usp=sharing\"><strong>VALORIZA\u00c7\u00c3O DO CAPITAL HUMANO COMO FATOR DE DESENVOLVIMENTO ORGANIZACIONAL: ESTUDO DE CASO NA COOPERATIVA COESO-AQUIDAUANA-MS<\/strong><\/a><\/p>\n<hr \/>\n<p>DISCENTE: J\u00c9SSICA FERNANDA GOMES DA PAIX\u00c3O<br \/>\nORIENTADOR(A): PROF.Me. JEFERSON OLIVEIRA DE ALMEIDA<br \/>\nT\u00cdTULO DO TRABALHO: <a href=\"https:\/\/drive.google.com\/file\/d\/0B-Z3ST0JO5oaZXo2NjFOajlaczA\/view?usp=sharing\"><strong> STARTUPS E SUAS PERSPECTIVAS: ESTUDO DE CASO NA EMPRESA PLAYBR TV.<\/strong><\/a><\/p>\n<hr \/>\n<p>DISCENTE: JOS\u00c9 JORGE DE OLIVEIRA CRUZ<br \/>\nORIENTADOR(A): PROF.Me. NELLY ROCHA DE ARRUDA<br \/>\nT\u00cdTULO DO TRABALHO: <a href=\"https:\/\/drive.google.com\/file\/d\/0B-Z3ST0JO5oaYTlENUM2cHlhcHc\/view?usp=sharing\"><strong>PROCESSO PRODUTIVO DA FARINHA DO PULADOR: UM ESTUDO NA COL\u00d4NIA PULADOR DA CIDADE DE ANAST\u00c1CIO \u2013 MS.<\/strong><\/a><\/p>\n<hr \/>\n<p>DISCENTE: LEONIS SILVA DE SOUZA<br \/>\nORIENTADOR(A): PROF.Me. JEFERSON OLIVEIRA DE ALMEIDA<br \/>\nT\u00cdTULO DO TRABALHO: <a href=\"https:\/\/drive.google.com\/file\/d\/0B-Z3ST0JO5oaN2piMFNzNWtpZFU\/view?usp=sharing\"><strong>SISTEMA DE INFORMA\u00c7\u00c3O GERENCIAL CONT\u00c1BIL OFFICE\u00ae: UM ESTUDO DE CASO NO ESCRIT\u00d3RIO ANESCO DE CONTABILIDADE NO MUNIC\u00cdPIO DE ANAST\u00c1CIO MS.<\/strong><\/a><\/p>\n<hr \/>\n<p>DISCENTE: PAULO AFONSO DE JESUS SILVA J\u00daNIOR<br \/>\nORIENTADOR(A): PROF.Me. JEFERSON OLIVEIRA DE ALMEIDA<br \/>\nT\u00cdTULO DO TRABALHO: <a href=\"https:\/\/drive.google.com\/file\/d\/0B-Z3ST0JO5oadWhUa2JvM3JWcWc\/view?usp=sharing\"><strong>PLANEJAMENTO ESTRAT\u00c9GICO \u2013 UM ESTUDO DE CASO FIRMADO NAS VENDAS DE SEGURO DE AUTOM\u00d3VEIS EXECUTADAS PELO BANCO HSBC DO MUNIC\u00cdPIO DE AQUIDAUANA-MS<\/strong><\/a><\/p>\n<hr \/>\n<p>DISCENTE: RENAN PEDROGA SANTOS<br \/>\nORIENTADOR(A): PROF.Me. NAIRA DENISE KALB<br \/>\nT\u00cdTULO DO TRABALHO: <a href=\"https:\/\/drive.google.com\/file\/d\/0B-Z3ST0JO5oaTnNEWFZHeDlVYlk\/view?usp=sharing\"><strong>AN\u00c1LISE DA QUALIDADE DA PRESTA\u00c7\u00c3O DE SERVI\u00c7OS DO RESTAURANTE E LANCHONETE ZERO HORA LTDA EM MIRANDA-MS<\/strong><\/a><\/p>\n<hr \/>\n<p>DISCENTE: ELI\u00c9BER LUIZ RIBEIRO PEREIRA<br \/>\nORIENTADOR(A): PROF.Me. JEFERSON OLIVEIRA DE ALMEIDA<br \/>\nT\u00cdTULO DO TRABALHO: <strong>CICLO DE VIDA E GEST\u00c3O DE PROJETO: UMA AN\u00c1LISE DO CONJUNTO HABTACIONAL S\u00c3O JOSE-SUB 50 DO BAIRRO EXPOSICAO &#8211; AQUIDAUANA-MS.<\/strong><\/p>\n<\/div>\n\t\t\t\t<\/div>\n\t\t\t<\/div>\n<div class=\"panel panel-default\">\n\t\t\t\t<div class=\"panel-heading\">\n\t\t\t\t\t<h4 class=\"panel-title\">\n\t\t\t\t\t\t<a class=\"collapsed\" data-toggle=\"collapse\" data-parent=\"#custom-collapse-0\" href=\"#custom-collapse-0-6\">Ano de Apresenta\u00e7\u00e3o 2014<\/a>\n\t\t\t\t\t<\/h4>\n\t\t\t\t<\/div>\n\t\t\t\t<div id=\"custom-collapse-0-6\" class=\"panel-collapse collapse\">\n\t\t\t\t\t<div class=\"panel-body\">\nDISCENTE: ANDRESSA DE OLIVEIRA FREIRE<br \/>\nORIENTADOR(A): PROF.MSc. RUENS SILVESTRINI<br \/>\nT\u00cdTULO DO TRABALHO: <strong><a href=\"https:\/\/drive.google.com\/file\/d\/0B-Z3ST0JO5oaYjBmTTJ4R3NMMk0\/view?usp=sharing\">AVALIAC\u00c3O DO ATENDIMENTO AO CLIENTE NA CONCESSIONARIA DE MOTOS CAIOBA HONDA<\/a><\/strong><\/p>\n<hr \/>\n<p>DISCENTE: DENIZE SILVA AVELA<br \/>\nORIENTADOR(A): PROF.DR. EVA TEIXEIRA DOS SANTOS<br \/>\nT\u00cdTULO DO TRABALHO: <strong><a href=\"https:\/\/drive.google.com\/file\/d\/0B-Z3ST0JO5oabmVXNkNOSmdPVzA\/view?usp=sharing\">GEST\u00c3O DE RES\u00cdDUOS S\u00d3LIDOS E CIDADES SUSTENT\u00c1VEL: UM ESTUDO EXPLORAT\u00d3RIO DO MUNIC\u00cdPIO DE BODOQUENA-MS<\/a><\/strong><\/p>\n<hr \/>\n<p>DISCENTE: JORGE WILLIAM ROCHA DE AZEVEDO<br \/>\nORIENTADOR(A): PROF. Me. NAIRA DENISE KALB<br \/>\nT\u00cdTULO DO TRABALHO: <strong><a href=\"https:\/\/drive.google.com\/file\/d\/0B-Z3ST0JO5oabThBTEtHSnRRYTQ\/view?usp=sharing\">ADMINISTRA\u00c7\u00c3O EMPREENDEDORA: UM ESTUDO DE CASO NO SUPERMERCADO ATL\u00c2NTICO EM AQUIDAUANA-MS.<\/a><\/strong><\/p>\n<hr \/>\n<p>DISCENTE: LIDIANE HELENA OLIVEIRA DE ALMEIDA<br \/>\nORIENTADOR(A): PROF. ESP. JEFERSON ALMEIDA<br \/>\nT\u00cdTULO DO TRABALHO: <b>ADMINISTRA\u00c7\u00c3O P\u00daBLICA GERENCIAL: O PAPEL DA CONTROLADORIA INTERNA NA GESTAO P\u00daBLICA DO MUNIC\u00cdPIO DE AQUIDAUANA\/MS<\/b><\/p>\n<hr \/>\n<p>DISCENTE: LUAN CAETANO<br \/>\nORIENTADOR(A): PROF.DR. EVA TEIXEIRA DOS SANTOS<br \/>\nT\u00cdTULO DO TRABALHO: <strong><a href=\"https:\/\/drive.google.com\/file\/d\/0B-Z3ST0JO5oabThBTEtHSnRRYTQ\/view?usp=sharing\">CONSIDERA\u00c7\u00d5ES SOBRE O TURISMO SUSTENT\u00c1VEL E GEST\u00c3O AMBIENTAL NO MUNIC\u00cdPIO DE BODOQUENA-MS<\/a><\/strong><\/p>\n<hr \/>\n<p>DISCENTE: LUCIANA APARECIDA ALVES<br \/>\nORIENTADOR(A): PROF.MSc. RUBENS M. SILVESTRINI ARA\u00daJO<br \/>\nT\u00cdTULO DO TRABALHO: <strong>QUALIDADE NO ATENDIMENTO PRESTADO NA HEMODIALISE DA ASSOCIA\u00c7\u00c3O AQUIDAUANENSE DE ATENDIMENTO HOSPITALAR<\/strong><\/p>\n<hr \/>\n<p>DISCENTE: MARILEIDE JUSTINO DE SOUZA<br \/>\nORIENTADOR(A): PROF.MSc. RUBENS M. SILVESTRINI ARA\u00daJO<br \/>\nT\u00cdTULO DO TRABALHO: <strong>FATORES QUE INFLUENCIAM O COMPORTAMENTO DE COMPRA DOS CONSUMIDORES DO RESTAURANTE LANCHNETE ZERO HORA NO MUNIC\u00cdPIO DE MIRANDA\/MS<\/strong><\/p>\n<hr \/>\n<p>DISCENTE: MARILENE DE LIMA MORAES<br \/>\nORIENTADOR(A): PROF.DR. EVA TEIXEIRA DOS SANTOS<br \/>\nT\u00cdTULO DO TRABALHO: <strong>SITUA\u00c7\u00c3O ATUAL DA GEST\u00c3O DOS RES\u00cdDUOS S\u00d3LIDOS NA CIDADE DE ANAST\u00c1CIO\/MS<\/strong><\/p>\n<hr \/>\n<p>DISCENTE: PATR\u00cdCIA GON\u00c7ALVES ZANDONA<br \/>\nORIENTADOR(A): PROF.Me. RUBENS M. SILVESTRINI ARA\u00daJO<br \/>\nT\u00cdTULO DO TRABALHO:<strong> <a href=\"https:\/\/drive.google.com\/file\/d\/0B-Z3ST0JO5oaQVNNNG51R3o2eEk\/view?usp=sharing\">PRODU\u00c7\u00c3O SUSTENT\u00c1VEL, UMA POSSIBILIDADE?: um estudo de caso no Assentamento Santa Am\u00e9lia na cidade de Dois Irm\u00e3os do Buriti\/MS.<\/a><\/strong><\/p>\n<hr \/>\n<p>DISCENTE: ROSA MARIA LIMA MORAIS<br \/>\nORIENTADOR(A): PROF. Me. NAIRA DENISE KALB<br \/>\nT\u00cdTULO DO TRABALHO: <strong><a href=\"https:\/\/drive.google.com\/file\/d\/0B-Z3ST0JO5oaMHpKUWxVWkRza3c\/view?usp=sharing\">VANTAGEM COMPETITIVA: O CASO DO REFUGIO ECOL\u00d3GICO CAIMAN.<\/a><\/strong><\/p>\n<hr \/>\n<p>DISCENTE: ROSELI ABREU CORREIA<br \/>\nORIENTADOR(A): PROF. Me. ANDRE LUIZ FRANCISCO<br \/>\nT\u00cdTULO DO TRABALHO:<strong> <a href=\"https:\/\/drive.google.com\/file\/d\/0B-Z3ST0JO5oacFVwVmpyUXA0am8\/view?usp=sharing\">PROCESSO INOVATIVO DOS RESTAURANTES SITUADOS NO ENTORNO DO TREVO DE ACESSO \u00c0 CIDADE DE MIRANDA-MS<\/a><\/strong><\/p>\n<\/div>\n\t\t\t\t<\/div>\n\t\t\t<\/div>\n<div class=\"panel panel-default\">\n\t\t\t\t<div class=\"panel-heading\">\n\t\t\t\t\t<h4 class=\"panel-title\">\n\t\t\t\t\t\t<a class=\"collapsed\" data-toggle=\"collapse\" data-parent=\"#custom-collapse-0\" href=\"#custom-collapse-0-7\">Ano de Apresenta\u00e7\u00e3o 2013<\/a>\n\t\t\t\t\t<\/h4>\n\t\t\t\t<\/div>\n\t\t\t\t<div id=\"custom-collapse-0-7\" class=\"panel-collapse collapse\">\n\t\t\t\t\t<div class=\"panel-body\">\n<p>DISCENTE: ADELINE CAETANO DA SILVA<br \/>\nORIENTADOR(A): PROF. MSc DANIELA ALTHOFF PHILIPPI<br \/>\nT\u00cdTULO DO TRABALHO:\u00a0<strong>BENCHMARKING DA LOGISTICA REVERSA; CASOS DE SUCESSO E PROPOSTA PARA O MUNIC\u00cdPIO DE BODOQUENA<\/strong><\/p>\n<hr \/>\n<p>DISCENTE: ALEXANDRE CARDOSO FERREIRA<br \/>\nORIENTADOR(A): PROF: ESP. EDSON DI FABIO<br \/>\nT\u00cdTULO DO TRABALHO:\u00a0<strong>PESQUISA DE SATISFA\u00c7\u00c3O COM O ATENDIMENTO E RELACIONAMENTO NA COOPERATIVA DE CR\u00c9DITO SICRED PANTANAL UNIDADE DE AQUIDAUANA<\/strong><\/p>\n<hr \/>\n<p>DISCENTE: ALCINDO DE SOUZA JUNIOR<br \/>\nORIENTADOR(A): PROF. MSc DANIELA ALTHOFF PHILIPPI<br \/>\nT\u00cdTULO DO TRABALHO:\u00a0<strong>AN\u00c1LISE SWOT NA ADMINISTRA\u00c7\u00c3O DE MAT\u00c9RIAIS E LOG\u00cdSTICA NO SUPERMERCADO NACAGAMI DE AQUIDAUANA\/MS<\/strong><\/p>\n<hr \/>\n<p>DISCENTE: BIANCA HELENA ANDRADE DE GOES ORSI<br \/>\nORIENTADOR(A): PROF. ESP. ELIANE DOS SANTOS BATISTA<br \/>\nT\u00cdTULO DO TRABALHO:\u00a0<strong>ESTUDO DE CASO: COMPOSTO PROMOCIONAL DA LOJA GERA\u00c7\u00c3O 3<\/strong><\/p>\n<hr \/>\n<p>DISCENTE: BRUNA DOS SANTOS SILVA<br \/>\nORIENTADOR(A): PROF. MSc DANIELA ALTHOFF PHILIPPI<br \/>\nT\u00cdTULO DO TRABALHO:\u00a0<strong>ASPECTO DO RELACIONAMENTO ENTRE POSTO DE COMBUST\u00edVEL E SEUS FORNECEDORES: OS CASOS DOS POSTOS AC\u00c1CIA E SUDOESTE<\/strong><\/p>\n<hr \/>\n<p>DISCENTE: DAVID PAULO LEAL DE\u00a0 ALMONDES<br \/>\nORIENTADOR(A): PROF. MSc DANIELA ALTHOFF PHILIPPI<br \/>\nT\u00cdTULO DO TRABALHO:\u00a0<strong>LOG\u00cdSTICA DE PRODUTOS PERIGOSOS: ESTUDO DE CASO DA DINAMITE NA EMPRESA HORII AGROINDUSTRIAL DE MIN\u00c9RIO LTDA.<\/strong><\/p>\n<hr \/>\n<p>DISCENTE: EDER DIAS ACUNHA<br \/>\nORIENTADOR(A): PROF. ESP. ELIANE DOS SANTOS BATISTA<br \/>\nT\u00cdTULO DO TRABALHO:\u00a0<a href=\"https:\/\/drive.google.com\/file\/d\/0B-Z3ST0JO5oaQ1RnQm1qSDJFYXM\/view?usp=sharing\"><strong>COMUNICA\u00c7\u00c3O DE MARKETING NA EMPRESA M\u00d3VEIS GAZIN:FILIAL 027, AQUIDAUANA \u2013 MS<\/strong><\/a><\/p>\n<hr \/>\n<p>DISCENTE: EDER GOMES DE BRITO<br \/>\nORIENTADOR(A): PROF: ESP. JEFERSON OLIVEIRA DE ALMEIDA<br \/>\nT\u00cdTULO DO TRABALHO:\u00a0<strong>ADMINISTRA\u00c7\u00c3O P\u00daBLICA: A IMPORT\u00c2NCIA DO IMPOSTO SOBRE SERVI\u00c7O DE QUALQUER NATUREZA (ISSQN) PARA O MUNIC\u00cdPIO DE ANAST\u00c1CIO-MS<\/strong><\/p>\n<hr \/>\n<p>DISCENTE: FABIO CARDOSO RADEKE<br \/>\nORIENTADOR(A): PROF: DR. PAULO ROBERTO JOIA<br \/>\nT\u00cdTULO DO TRABALHO:\u00a0<strong>AN\u00c1LISE DA POSSIBILIDADE DE IMPLANTA\u00c7\u00c3O DA COLETA MECANIZADA DE RES\u00cdDUOS S\u00d3LIDOS NO MUNIC\u00cdPIO DE BELA VISTA\/MS<\/strong><\/p>\n<hr \/>\n<p>DISCENTE: FABIO LOPES MENDONCA<br \/>\nORIENTADOR(A): PROF. ESP. JEFERSON ALMEIDA<br \/>\nT\u00cdTULO DO TRABALHO:\u00a0<strong>SICONV: UM COMPARATIVO NO PROCESSO DE AQUISI\u00c7\u00c3O COM A UTILIZA\u00c7\u00c3O DESTE SISTEMA EM UM ORG\u00c3O P\u00daBLICO MUNICIPAL E UMA ENTIDADE SEM FINS LUCRATIVOS<\/strong><\/p>\n<hr \/>\n<p>DISCENTE: GENILSON GAMA DE OLIVEIRA<br \/>\nORIENTADOR(A): PROF. ESP. ELIANE DOS SANTOS BATISTA<br \/>\nT\u00cdTULO DO TRABALHO:\u00a0<strong>COMUNICA\u00c7\u00c3O MERCADOL\u00d3GICA APLICADA A EMPRESA MARINEIS RESTAURANTE<\/strong><\/p>\n<hr \/>\n<p>DISCENTE: IVEAN CRITINA FILGUEIRAS SANTOS<br \/>\nORIENTADOR(A): PROF. Me. NAIRA DENISE KALB<br \/>\nT\u00cdTULO DO TRABALHO:\u00a0<a href=\"https:\/\/drive.google.com\/file\/d\/0B-Z3ST0JO5oaT0F1TFNKSS1yZDQ\/view?usp=sharing\"><strong>OTIMIZA\u00c7\u00c3O DA QUALIDADE NO ATENDIMENTO PARA FIDELIZA\u00c7\u00c3O DOS CLIENTES: UM ESTUDO DE CASO NA FARM\u00c1CIA S\u00c3O LOUREN\u00c7O-MIRANDA\/MS<\/strong><\/a><\/p>\n<hr \/>\n<p>DISCENTE: JOAO NETO DE SOUZA TEIXEIRA<br \/>\nORIENTADOR(A): PROF. ESP. JEFERSON ALMEIDA<br \/>\nT\u00cdTULO DO TRABALHO:\u00a0<a href=\"https:\/\/drive.google.com\/file\/d\/0B-Z3ST0JO5oadDhmTVJfcy1CZHM\/view?usp=sharing\"><strong>LICITA\u00c7\u00c3O NA ADMINISTRA\u00c7\u00c3O P\u00daBLICA: UMA PESQUISA SOBRE A EFICI\u00caNCIA E A ECONOMIA DO PREGAO ELETRONICO NAS COMPRAS DA ADMINISTRA\u00c7\u00c3O P\u00daBLICA<\/strong><\/a><\/p>\n<hr \/>\n<p>DISCENTE: JOSIANE FURTADO RAMOS<br \/>\nORIENTADOR(A): PROF. MSc DANIELA ALTHOFF PHILIPPI<br \/>\nT\u00cdTULO DO TRABALHO:\u00a0<strong>INOVA\u00c7\u00c3O DE PRODUTOS: ESTUDO DE CASO NA MARCENARIA HEBROM<\/strong><\/p>\n<hr \/>\n<p>DICENTE: LAUDINEI JOS\u00c9 CHAPARRA<br \/>\nORIENTADOR(A): PROF. ESP. ELIANE DOS SANTOS BATISTA<br \/>\nT\u00cdTULO DO TRABALHO:\u00a0\u00a0<a href=\"https:\/\/drive.google.com\/file\/d\/0B-Z3ST0JO5oaLUM0c3gzRUlvS1k\/view?usp=sharing\"><strong>COMPORTAMENTO DE COMPRA: UM ESTUDO DE CASO SOBRE A PREFER\u00caNCIA DO CONSUMIDOR DE AQUIDAUANA\/MS NA COMPRA DE TV\/LCD<\/strong><\/a><\/p>\n<hr \/>\n<p>DISCENTE: MARCELO CESAR QUEVEDO<br \/>\nORIENTADOR(A): PROF. ESP. ELIANE DOS SANTOS BATISTA<br \/>\nT\u00cdTULO DO TRABALHO: <a href=\"https:\/\/drive.google.com\/file\/d\/0B-Z3ST0JO5oaUnJLaUZSZW00WWs\/view?usp=sharing\"><strong>\u00a0IMPLANTA\u00c7\u00c3O DO SISTEMA DE INFORMA\u00c7\u00c3O GERENCIAL NO SETOR DE TRIBUTO (CENTRAL DE ATENDIMENTO AO CONTRIBUINTE) DO MUNICIPIO DE ANAST\u00c1CIO \u2013 MS<\/strong><\/a><\/p>\n<hr \/>\n<p>DISCENTE: MARINA RODRIGUES NOGUEIRA<br \/>\nORIENTADOR(A): PROF.DR. EVA TEIXEIRA DOS SANTOS<br \/>\nT\u00cdTULO DO TRABALHO:\u00a0<strong>RESPONSABILIDADE SOCIO AMBIENTAL: UM ESTUDO DE CASO NA EMPESA SIMASUL SIDERURGIA LTDA., EM AQUIDAUANA, MS.<\/strong><\/p>\n<hr \/>\n<p>DISCENTE: MARIO MARCOS DE OLIVEIRA<br \/>\nORIENTADOR(A): PROF: DR. JOSE ALCIONE FEITOSA LEAL<br \/>\nT\u00cdTULO DO TRABALHO:\u00a0<strong>POVOS IND\u00cdGENAS E AS POLITICAS P\u00daBLICAS EM AQUIDAUANA E ANAST\u00c1CIO ENTRE OS ANOS DE 2008-2012<\/strong><\/p>\n<hr \/>\n<p>DISCENTE: MICHELE ESCOLHANT FANAIA<br \/>\nORIENTADOR(A): PROF. ESP. ELIANE DOS SANTOS BATISTA<br \/>\nT\u00cdTULO DO TRABALHO:\u00a0<strong>QUALIDADE NO ATENDIMENTO: UMA PESQUISA DA SATISFA\u00c7\u00c3O DOS CLIENTES DA EMPRESA AUTOESCOLA CA\u00c7ULA EM NIOAQUE-MS<\/strong><\/p>\n<hr \/>\n<p>DISCENTE: MOZAIR BARBOSA CEZAR<br \/>\nORIENTADOR(A): PROF: MSc. MARLY FONSECA NUNES<br \/>\nT\u00cdTULO DO TRABALHO:\u00a0<strong>SATISFA\u00c7\u00c3O DE CLIENTES: PERCEP\u00c7\u00c3O DOS HOSPEDES DO HOTEL DE TR\u00c2NSITO DO 9\u00b0 BATALH\u00c3O DE ENGENHARIA DE COMBATE<\/strong><\/p>\n<hr \/>\n<p>DISCENTE: RAFAELA SOBRINHO FIGUEIREDO<br \/>\nORIENTADOR(A): PROF. MSc DANIELA ALTHOFF PHILIPPI<br \/>\nT\u00cdTULO DO TRABALHO:\u00a0<strong>PRINCIPAIS INOVA\u00c7\u00d5ES DA SORVETERIA TROPICAL<\/strong><\/p>\n<hr \/>\n<p>DISCENTE: RAFAEL TORQUETE DO NASCIMENTO<br \/>\nORIENTADOR(A): PROF: MSc. MARLY FONSECA NUNES<br \/>\nT\u00cdTULO DO TRABALHO:\u00a0<strong>ESTUDO DOS FATORES QUE AFETAM O ESTADO PSICOL\u00d3GICO DAS PESSOAS NO AMBIENTE DE TRABALHO: UM ESTUDO EXPLORAT\u00d3RIO NA ESCOLA ESADUAL C\u00c2NDIDO MARIANO<\/strong><br \/>\n<\/div>\n\t\t\t\t<\/div>\n\t\t\t<\/div>\n<\/div>\n<\/div><\/div>\n<div class=\"panel panel-info\"><div class=\"panel-heading\">Artigos e Publica\u00e7\u00f5es do Curso<\/div><div class=\"panel-body\">\n<div class=\"panel-group\" id=\"custom-collapse-1\">\n<div class=\"panel panel-default\">\n\t\t\t\t<div class=\"panel-heading\">\n\t\t\t\t\t<h4 class=\"panel-title\">\n\t\t\t\t\t\t<a class=\"collapsed\" data-toggle=\"collapse\" data-parent=\"#custom-collapse-1\" href=\"#custom-collapse-1-8\">Ano de Publica\u00e7\u00e3o 2022<\/a>\n\t\t\t\t\t<\/h4>\n\t\t\t\t<\/div>\n\t\t\t\t<div id=\"custom-collapse-1-8\" class=\"panel-collapse collapse\">\n\t\t\t\t\t<div class=\"panel-body\">\n<p style=\"text-align: justify\">AUTORES:\u00a0 PHILIPPI, DANIELA ALTHOFF; MACCARI, EMERSON ANTONIO \u00a0STOROPOLI, JOS\u00c9 EDUARDO<\/p>\n<p style=\"text-align: justify\">TITULO: Technological Cooperation for Sustainable Innovation and Competitiveness<\/p>\n<p style=\"text-align: justify\">in the Biological Control of Pests.<\/p>\n<p style=\"text-align: justify\">LOCAL DE PUBLICA\u00c7\u00c3O:\u00a0INTERNATIONAL JOURNAL OF SOCIAL ECOLOGY<\/p>\n<p style=\"text-align: justify\">AND SUSTAINABLE DEVELOPMENT, v. 13, p. 1-16, 2022.<\/p>\n<p>&nbsp;<\/p>\n<p style=\"text-align: justify\">AUTORES:\u00a0 SILVA, J. O. ; VALEJO, C.O. ; SOUZA, J. I. ; VALLEJO, G. A. G. ;<\/p>\n<p style=\"text-align: justify\">PIRES, T. ; ANDREA, J. V. ; PHILIPPI, D. A.<\/p>\n<p style=\"text-align: justify\">TITULO: IMPACTO SOCIOAMBIENTAL NA PERSPECTIVA DA POPULA\u00c7\u00c3O<\/p>\n<p style=\"text-align: justify\">RESIDENTE NO ENTORNO DE UM EMPREENDIMENTO SIDER\u00daRGICO<\/p>\n<p style=\"text-align: justify\">LOCAL DE PUBLICA\u00c7\u00c3O:\u00a0 Revista Gest\u00e3o e Sustentabilidade Ambiental, v. 11, p.<\/p>\n<p style=\"text-align: justify\">330-349, 2022<\/p>\n<p>&nbsp;<\/p>\n<p style=\"text-align: justify\">AUTORES: Elo\u00edza Do Nascimento Vianna, Gercina Gon\u00e7alves Da Silva<\/p>\n<p style=\"text-align: justify\">TITULO: Comportamento De Pre\u00e7os Dos Alimentos da Cesta B\u00e1sica No Munic\u00edpio De<\/p>\n<p style=\"text-align: justify\">Aquidauana &#8211; MS<\/p>\n<p style=\"text-align: justify\">LOCAL DE PUBLICA\u00c7\u00c3O: I Encontro Internacional de Bioeconomia,<\/p>\n<p style=\"text-align: justify\">Empreendedorismo e Inova\u00e7\u00e3o no Pantanal<\/p>\n<p>&nbsp;<\/p>\n<p style=\"text-align: justify\">AUTORES: Gl\u00e1ucia Maurilia de Almeida Fernandes &#8211; Gercina Gon\u00e7alves da Silva &#8211;<\/p>\n<p style=\"text-align: justify\">Daniela Althoff Philippi &#8211; Amanda dos Reis Dias Silveira<\/p>\n<p style=\"text-align: justify\">TITULO: Sustentabilidade em um Supermercado do Munic\u00edpio de Aquidauana-MS<\/p>\n<p style=\"text-align: justify\">LOCAL DE PUBLICA\u00c7\u00c3O: XXIV ENGEMA<\/p>\n<p>&nbsp;<\/p>\n<p style=\"text-align: justify\">AUTORES: Ana M\u00fcller , Gercina Gon\u00e7alves da Silva<\/p>\n<p style=\"text-align: justify\">TITULO: Destina\u00e7\u00e3o das Sobras dos Produtos Comercializados em Feiras Livres: O<\/p>\n<p style=\"text-align: justify\">Caso da Feira de Sidrol\u00e2ndia-MS<\/p>\n<p style=\"text-align: justify\">LOCAL DE PUBLICA\u00c7\u00c3O: VI ENCONTRO INTERNACIONAL DE GEST\u00c3O,<\/p>\n<p style=\"text-align: justify\">DESENVOLVIMENTO E INOVA\u00c7\u00c3O<\/p>\n<p>&nbsp;<\/p>\n<p style=\"text-align: justify\">AUTORES: BLANCO, N. F. M. ;\u00a0GOES, K. F. K.\u00a0; PHILIPPI, D. A. ; SILVA, G. G.<\/p>\n<p style=\"text-align: justify\">T\u00cdTULO: Gest\u00e3o da informa\u00e7\u00e3o em pequenas empresas: an\u00e1lise de uma microempresa em Aquidauana\/MS.<\/p>\n<p style=\"text-align: justify\">LOCAL DE PUBLICA\u00c7\u00c3O: VI EIGEDIN &#8211; ENCONTRO INTERNACIONAL DE GEST\u00c3O, DESENVOLVIMENTO E INOVA\u00c7\u00c3O<\/p>\n<p>&nbsp;<\/p>\n<p style=\"text-align: justify\">AUTORES: SILVA, J. O. ;\u00a0GOES, K. F. K.\u00a0; TRIGUEIRO, F. M. C.<\/p>\n<p style=\"text-align: justify\">T\u00cdTULO: Crespas e cacheadas: o comportamento das consumidoras de cosm\u00e9ticos capilares em Aquidauana\/MS e Anast\u00e1cio\/MS.<\/p>\n<p style=\"text-align: justify\">LOCAL DE PUBLICA\u00c7\u00c3O: VI EIGEDIN &#8211; ENCONTRO INTERNACIONAL DE GEST\u00c3O, DESENVOLVIMENTO E INOVA\u00c7\u00c3O<\/p>\n<p>&nbsp;<\/p>\n<p style=\"text-align: justify\">AUTORES: SILVA, D. F. ;\u00a0GOES, K. F. K.\u00a0; THIAGO, F. ; TOLEDO, A. G. L. .<\/p>\n<p style=\"text-align: justify\">T\u00cdTULO: Gest\u00e3o da mudan\u00e7a e pandemia: um estudo em Institui\u00e7\u00f5es de Ensino Superior de Aquidauana\/MS.<\/p>\n<p style=\"text-align: justify\">LOCAL DE PUBLICA\u00c7\u00c3O: VI EIGEDIN &#8211; ENCONTRO INTERNACIONAL DE GEST\u00c3O, DESENVOLVIMENTO E INOVA\u00c7\u00c3O<\/p>\n<p>&nbsp;<\/p>\n<p style=\"text-align: justify\">AUTORES: EUFLAUSINO, M. A; ICHIKAWA, E. Y. (Mariana Aparecida Euflausino; Elisa Yoshie Ichikawa )<\/p>\n<p style=\"text-align: justify\">TITULO: Subspecies of Symbolic Capital within Ordinary Management<\/p>\n<p style=\"text-align: justify\">LOCAL DE PUBLICA\u00c7\u00c3O:\u00a0https:\/\/doi.org\/10.1590\/1984-92302022v29n0025EN<\/p>\n<p>&nbsp;<\/p>\n<\/div>\n\t\t\t\t<\/div>\n\t\t\t<\/div>\n<div class=\"panel panel-default\">\n\t\t\t\t<div class=\"panel-heading\">\n\t\t\t\t\t<h4 class=\"panel-title\">\n\t\t\t\t\t\t<a class=\"collapsed\" data-toggle=\"collapse\" data-parent=\"#custom-collapse-1\" href=\"#custom-collapse-1-9\">Ano de Publica\u00e7\u00e3o 2021<\/a>\n\t\t\t\t\t<\/h4>\n\t\t\t\t<\/div>\n\t\t\t\t<div id=\"custom-collapse-1-9\" class=\"panel-collapse collapse\">\n\t\t\t\t\t<div class=\"panel-body\">\n<p>AUTORES:\u00a0 LARREA, ANDERSON MOTA ; PHILIPPI, DANIELA ALTHOFF<\/p>\n<p>TITULO: LOG\u00cdSTICA REVERSA DE BATERIAS AUTOMOTIVAS: UM ESTUDO DE MULTI-CASOS SOBRE COLETA E DESTINA\u00c7\u00c3O NO PORTAL DO PANTANAL \/ REVERSE LOGISTICS OF AUTOMOTIVE BATTERIES: A MULTI- CASE STUDY ON COLLECTION AND DISPOSAL IN THE BRAZILIAN PANTANAL.<\/p>\n<p>LOCAL DE PUBLICA\u00c7\u00c3O:\u00a0Brazilian Journal of Business, v. 3, p. 537-552, 2021.<\/p>\n<p>&nbsp;<\/p>\n<p>AUTORES:\u00a0 TAVARES, K\u00caNIA ROCHA ; PHILIPPI, DANIELA ALTHOFF ; Porto, Bruno Matos.<\/p>\n<p>TITULO: Dificuldades na coopera\u00e7\u00e3o universidade-empresa para a inova\u00e7\u00e3o em universidades de Mato Grosso do Sul.<\/p>\n<p>LOCAL DE PUBLICA\u00c7\u00c3O: Revista Gest\u00e3o Universit\u00e1ria da Am\u00e9rica Latina, v. 14, p. 142-164, 2021.<\/p>\n<p>&nbsp;<\/p>\n<p>AUTORES:\u00a0 PHILIPPI, D. A.; FALCAO, O. K. R. ; PORTO, B. M.<\/p>\n<p>TITULO: Inova\u00e7\u00e3o Sustent\u00e1vel: o caso do fruto nativo do cerrado -Cumbaru &#8211; no assentamento Andalucia (Mato Grosso do Sul)<\/p>\n<p>LOCAL DE PUBLICA\u00c7\u00c3O: REVISTA AMAZ\u00d4NIA, ORGANIZA\u00c7\u00d5ES E SUSTENTABILIDADE, v. 10, p. 193, 2021.<\/p>\n<p>&nbsp;<\/p>\n<p>AUTORES:\u00a0 ALFREDO, E. F. ; PHILIPPI, D. A.<\/p>\n<p>TITULO: Destina\u00e7\u00e3o do Res\u00edduo Garrafa PET: estudo com residentes da Aldeia Ipegue.<\/p>\n<p>LOCAL DE PUBLICA\u00c7\u00c3O: Revista Brasileira de Meio Ambiente &amp;amp; Sustentabilidade, v. 1, p. 144-166, 2021.<\/p>\n<p>&nbsp;<\/p>\n<p>AUTORES:\u00a0 OLIVEIRA JUNIOR, V. N. ; PHILIPPI, D. A.<\/p>\n<p>TITULO: Estudo sobre inova\u00e7\u00f5es relacionadas ao Cumbaruno Pantanal SulStudy on innovations related to Cumbaruin Southern Pantanal.<\/p>\n<p>LOCAL DE PUBLICA\u00c7\u00c3O: Brazilian Journal of Development, v. 7, p. 33331-33351, 2021<\/p>\n<p>&nbsp;<\/p>\n<p>AUTORES: BORGES, E. S. ;\u00a0GOES, K. F. K.<\/p>\n<p>T\u00cdTULO: Compra de cosm\u00e9ticos na pandemia: um estudo em Aquidauana\/MS e Miranda\/MS.<\/p>\n<p>LOCAL DE PUBLICA\u00c7\u00c3O: V EIGEDIN &#8211; ENCONTRO INTERNACIONAL DE GEST\u00c3O, DESENVOLVIMENTO E INOVA\u00c7\u00c3O<\/p>\n<p>&nbsp;<\/p>\n<p>AUTORES: CHRISTOFORI FILHO, A. ;\u00a0GOES, K. F. K.\u00a0; TOLEDO, A. G. L. ; PHILIPPI, D. A.<\/p>\n<p>T\u00cdTULO: Mudan\u00e7as no comportamento do consumidor devido \u00e0 pandemia de Covid-19.<\/p>\n<p>LOCAL DE PUBLICA\u00c7\u00c3O: V EIGEDIN &#8211; ENCONTRO INTERNACIONAL DE GEST\u00c3O, DESENVOLVIMENTO E INOVA\u00c7\u00c3O<\/p>\n<\/div>\n\t\t\t\t<\/div>\n\t\t\t<\/div>\n<div class=\"panel panel-default\">\n\t\t\t\t<div class=\"panel-heading\">\n\t\t\t\t\t<h4 class=\"panel-title\">\n\t\t\t\t\t\t<a class=\"collapsed\" data-toggle=\"collapse\" data-parent=\"#custom-collapse-1\" href=\"#custom-collapse-1-10\">Ano de Publica\u00e7\u00e3o 2020<\/a>\n\t\t\t\t\t<\/h4>\n\t\t\t\t<\/div>\n\t\t\t\t<div id=\"custom-collapse-1-10\" class=\"panel-collapse collapse\">\n\t\t\t\t\t<div class=\"panel-body\">\n<p>AUTORES:\u00a0 PORTO, B. M. ; PHILIPPI, D. A. ; Vendramin, E. O. .<\/p>\n<p>TITULO: The strategic planning of tourism in a tourist destination in sulmatogrossense: an analysis based on the SWOT matrix tool.<\/p>\n<p>LOCAL DE PUBLICA\u00c7\u00c3O: RESEARCH, SOCIETY AND DEVELOPMENT, v. 9, p. 1-28, 2020.<\/p>\n<p>&nbsp;<\/p>\n<p>AUTORES:\u00a0 PHILIPPI, D. A.; LIMA, T. E. S. ; SILVA, Y. S. ; GOES, H.P F. de .<\/p>\n<p>TITULO: Coopera\u00e7\u00e3o tecnol\u00f3gica do Programa Rio de Leite: efeitos no capital cient\u00edfico e humano t\u00e9cnico.<\/p>\n<p>LOCAL DE PUBLICA\u00c7\u00c3O: REVISTA BRASILEIRA DE GEST\u00c3O E INOVA\u00c7\u00c3O, v. 7, p. 1-25, 2020.<\/p>\n<p>&nbsp;<\/p>\n<p>AUTORES:\u00a0 SANTOS, J. A. R. ; PHILIPPI, D. A.<\/p>\n<p>TITULO: Promovendo a inova\u00e7\u00e3o sustent\u00e1vel no agroneg\u00f3cio: a import\u00e2ncia da transfer\u00eancia de tecnologia.<\/p>\n<p>LOCAL DE PUBLICA\u00c7\u00c3O: REVISTA DE EMPREENDORISMO E INOVA\u00c7\u00c3O SUSTENT\u00c1VEIS, v. 5, p. 18-35, 2020.<\/p>\n<p><strong>\u00a0<\/strong><\/p>\n<p>AUTORES: Helena pereira Fialho de G\u00f3es, Gercina Gon\u00e7alves da Silva, Daniela Althoff Philippi<\/p>\n<p>TITULO: Empreendedorismo feminino: O perfil empreendedor das mulheres cegas ou com defici\u00eancia visual no estado de MS (Livro)<\/p>\n<p>LOCAL DE PUBLICA\u00c7\u00c3O: Novas Edi\u00e7\u00f5es Acad\u00eamicas<\/p>\n<p>&nbsp;<\/p>\n<p>AUTORES:; WEBER, V. A. M. ; FERREIRA, A. S. ; GUILHERME, D. ; GRIGOLLI, J. F. J. ; PISTORI, H.<\/p>\n<p>TITULO: Recognition of Soybean Diseases Using Machine Learning Techniques Based on Segmentation of Images Captured by UAVs<\/p>\n<p>LOCAL DE PUBLICA\u00c7\u00c3O: XVI WORKSHOP DE VIS\u00c3O COMPUTACIONAL<\/p>\n<p>&nbsp;<\/p>\n<p>AUTORES: COELHO, L. A. ; PHILIPPI, D. A. ;\u00a0GOES, K. F. K.<\/p>\n<p>TITULO: Tratamento dos pneus inserv\u00edveis em empresas automotivas Aquidauana e Anast\u00e1cio &#8211; MS: uma perspectiva socioambiental.<\/p>\n<p>LOCAL DE PUBLICA\u00c7\u00c3O: Encontro Internacional sobre Gest\u00e3o Ambiental e Meio Ambiente (ENGEMA)<\/p>\n<\/div>\n\t\t\t\t<\/div>\n\t\t\t<\/div>\n<div class=\"panel panel-default\">\n\t\t\t\t<div class=\"panel-heading\">\n\t\t\t\t\t<h4 class=\"panel-title\">\n\t\t\t\t\t\t<a class=\"collapsed\" data-toggle=\"collapse\" data-parent=\"#custom-collapse-1\" href=\"#custom-collapse-1-11\">Ano de Publica\u00e7\u00e3o 2019<\/a>\n\t\t\t\t\t<\/h4>\n\t\t\t\t<\/div>\n\t\t\t\t<div id=\"custom-collapse-1-11\" class=\"panel-collapse collapse\">\n\t\t\t\t\t<div class=\"panel-body\">\n<p>AUTORES:\u00a0GOES, H.P F. de ; LIMA, T. E. S.<\/p>\n<p>TITULO: Barreiras na coopera\u00e7\u00e3o tecnol\u00f3gica leiteira.<\/p>\n<p>LOCAL DE PUBLICA\u00c7\u00c3O:\u00a0Brazilian Science Applied Review, v. 3, p. 1396, 2019.<\/p>\n<p>&nbsp;<\/p>\n<p>AUTORES:\u00a0PORTO, B. M. ; PHILIPPI, D. A. ; LEITE, V. A. W.<\/p>\n<p>TITULO: Previs\u00e3o dos modelos univariados e rede neural da demanda tur\u00edstica do estado de Mato Grosso do Sul.<\/p>\n<p>LOCAL DE PUBLICA\u00c7\u00c3O: CADERNO VIRTUAL DE TURISMO (UFRJ), v. 19, p. 1, 2019.<\/p>\n<p>&nbsp;<\/p>\n<p>AUTORES: TETILA, E. C. ; MACHADO, B. B. ; Menezes, G. K. ; OLIVEIRA JUNIOR, A. S. ; ALVAREZ, M. ; PARAGUASSU, W. ; BELETE, N. A. S. ; SILVA, G.G. da ; PISTORI, H.<\/p>\n<p>TITULO: Automatic Recognition of Soybean Leaf Diseases Using UAV Images and Deep Convolutional Neural Networks<\/p>\n<p>LOCAL DE PUBLICA\u00c7\u00c3O: IEEE Geoscience and Remote Sensing Letters<\/p>\n<p>&nbsp;<\/p>\n<p>AUTORES: DOS SANTOS FERREIRA, ALESSANDRO ; FREITAS, DANIEL MATTE ; DA SILVA, GERCINA GON\u00c7ALVES ; PISTORI, HEMERSON ; FOLHES, MARCELO THEOPHILO<\/p>\n<p>TITULO: Unsupervised deep learning and semi-automatic data labeling in weed discrimination<\/p>\n<p>LOCAL DE PUBLICA\u00c7\u00c3O: COMPUTERS AND ELECTRONICS IN AGRICULTURE<\/p>\n<p>&nbsp;<\/p>\n<p>AUTORES: SANABRIA, N. ; DA SILVA, GERCINA GON\u00c7ALVES<\/p>\n<p>TITULO: ATITUDE EMPREENDEDORA NA PERCEP\u00c7\u00c3O DAS MULHERES DE ANAST\u00c1CIO-MS<\/p>\n<p>LOCAL DE PUBLICA\u00c7\u00c3O: II Simsad &#8211; Simp\u00f3sio Sul-Mato-Grossense de Administra\u00e7\u00e3o &#8211; Tema: Empreendedorismo e Inova\u00e7\u00e3o<\/p>\n<p>&nbsp;<\/p>\n<p>AUTORES: GOES, H. P. F. ; DA SILVA, GERCINA GON\u00c7ALVES ; PHILIPPI, D.<\/p>\n<p>TITULO: O PERFIL EMPREENDEDOR DAS MULHERES CEGAS OU COM DEFICI\u00caNCIA VISUAL NO ESTADO DE MATO GROSSO DO SUL<\/p>\n<p>LOCAL DE PUBLICA\u00c7\u00c3O: II Simsad &#8211; Simp\u00f3sio Sul-Mato-Grossense de Administra\u00e7\u00e3o &#8211; Tema: Empreendedorismo e Inova\u00e7\u00e3o<\/p>\n<p>&nbsp;<\/p>\n<p>AUTORES: JUSSIANI, V. B. ; WEBER, V. A. M. ; SILVA, G.G. da ; FERREIRA, A. ;\u00a0PICOSSE, F. ; BAGATIN, E. ; WEBER, F. L. ; PISTORI, H.<\/p>\n<p>TITULO: Software para Avalia\u00e7\u00e3o Autom\u00e1tica de Estrias<\/p>\n<p>LOCAL DE PUBLICA\u00c7\u00c3O: 14\u00aa Confer\u00eancia Ib\u00e9rica de Sistemas e Tecnologias de Informa\u00e7\u00e3o Coimbra<\/p>\n<p>&nbsp;<\/p>\n<p>AUTORES: DA SILVA, GERCINA GON\u00c7ALVES; GONCALVES, A. B. ; SOUZA, JUNIOR SILVA ; SILVA, D. S. ; BELETE, N. A. S. ; GUILHERME, D. ; FOLHES, MARCELO THEOPHILO ; PISTORI, HEMERSON<\/p>\n<p>TITULO: Segmenta\u00e7\u00e3o de imagens de vants para detec\u00e7\u00e3o de ferrugem da soja<\/p>\n<p>LOCAL DE PUBLICA\u00c7\u00c3O: Congresso Brasileiro de Agroinform\u00e1tica<\/p>\n<p>&nbsp;<\/p>\n<p>AUTORES: SILVEIRA, A. R. D. ; SILVA, G.G. da<\/p>\n<p>TITULO: DESCARTE DO RES\u00cdDUO PAPEL\u00c3O EM SUPERMERCADOS DE AQUIDAUANA E ANAST\u00c1CIO ? MS: UM ESTUDO MULTI CASO<\/p>\n<p>LOCAL DE PUBLICA\u00c7\u00c3O: Encontro Internacional sobre Gest\u00e3o Empresarial e Meio Ambiente<\/p>\n<p>&nbsp;<\/p>\n<p>AUTORES: GOUVEIA, F. M. ; SILVA, G.G. da<\/p>\n<p>TITULO: ENERGIA RENOV\u00c1VEL FOTOVOLTAICA NO ESTADO DE MATO GROSSO DO SUL<\/p>\n<p>LOCAL DE PUBLICA\u00c7\u00c3O: ENGEMA &#8211; Encontro Internacional sobre Gest\u00e3o Empresarial e Meio Ambiente<\/p>\n<\/div>\n\t\t\t\t<\/div>\n\t\t\t<\/div>\n<div class=\"panel panel-default\">\n\t\t\t\t<div class=\"panel-heading\">\n\t\t\t\t\t<h4 class=\"panel-title\">\n\t\t\t\t\t\t<a class=\"collapsed\" data-toggle=\"collapse\" data-parent=\"#custom-collapse-1\" href=\"#custom-collapse-1-12\">Ano de Publica\u00e7\u00e3o 2018<\/a>\n\t\t\t\t\t<\/h4>\n\t\t\t\t<\/div>\n\t\t\t\t<div id=\"custom-collapse-1-12\" class=\"panel-collapse collapse\">\n\t\t\t\t\t<div class=\"panel-body\">\n<p>AUTORES:\u00a0CEZAR, N, de A. ; PHILIPPI, D. A.<\/p>\n<p>TITULO: Gest\u00e3o sustent\u00e1vel em uma organiza\u00e7\u00e3o militar no estado do Mato Grosso do Sul.<\/p>\n<p>LOCAL DE PUBLICA\u00c7\u00c3O:\u00a0Brazilian Journal of Develpment, v. 04, p. 365-383, 2018.<\/p>\n<p>&nbsp;<\/p>\n<p>AUTORES:\u00a0SANTOS, J. A. R. ; PHILIPPI, D. A.<\/p>\n<p>TITULO: Moradores e catadores: conscientiza\u00e7\u00e3o para a coleta seletiva num munic\u00edpio sul-matogrossense<\/p>\n<p>LOCAL DE PUBLICA\u00c7\u00c3O:\u00a0Brazilian Journal of Develpment, v. 04, p. 348-364, 2018.<\/p>\n<p>&nbsp;<\/p>\n<p>AUTORES: PHILIPPI, DANIELA ALTHOFF; MACCARI, EMERSON ANTONIO ; DA COSTA, PRISCILA REZENDE<\/p>\n<p>TITULO: Object and Means of University-Firm Technology Transfer.<\/p>\n<p>LOCAL DE PUBLICA\u00c7\u00c3O: Journal of Technology Management &amp;amp; Innovation, v. 13, 54-63, 2018.<\/p>\n<p>&nbsp;<\/p>\n<p>AUTORES:\u00a0PHILIPPI, D. A.; MACCARI, E. A<\/p>\n<p>TITULO: Efeitos da transfer\u00eancia de tecnologia de Universidades Norte Americana e Brasileiras no capital humano t\u00e9cnico e cient\u00edfico<\/p>\n<p>LOCAL DE PUBLICA\u00c7\u00c3O: Revista de Ci\u00eancias da Admistra\u00e7\u00e3o, v. 20, p. 86-101, 2018.<\/p>\n<p>&nbsp;<\/p>\n<p>AUTORES:\u00a0GOMES, L. de S. ; PHILIPPI, D. A.<\/p>\n<p>TITULO: Caracter\u00edsticas sustent\u00e1veis de inova\u00e7\u00f5es da carne e do couro de jacar\u00e9: estudo de caso na Caimasul.<\/p>\n<p>LOCAL DE PUBLICA\u00c7\u00c3O: Brazilian Applied Science Review, v. 02, p. 1315-1333, 2018.<\/p>\n<p>&nbsp;<\/p>\n<p>AUTORES:\u00a0PORTO, B. M. ; PHILIPPI, D. A.<\/p>\n<p>TITULO: Previs\u00e3o dos Custos de Produ\u00e7\u00e3o de Su\u00ednos por meio de Modelos de Holt-Winters.<\/p>\n<p>LOCAL DE PUBLICA\u00c7\u00c3O: ABCustos &#8211; Revista da Associa\u00e7\u00e3o Brasileira de Custos, v. 13, p. 109-127, 2018.<\/p>\n<p>&nbsp;<\/p>\n<p>AUTORES: Ramos, S. G. ; SILVA, G.G. da<\/p>\n<p>TITULO: PERCEP\u00c7\u00c3O DE SUSTENTABILIDADE ENTRE OS PRODUTORES DO PANTANAL DE AQUIDAUANA -MS<\/p>\n<p>LOCAL DE PUBLICA\u00c7\u00c3O: Simp\u00f3sio de Engenharia de Produ\u00e7\u00e3o<\/p>\n<\/div>\n\t\t\t\t<\/div>\n\t\t\t<\/div>\n<div class=\"panel panel-default\">\n\t\t\t\t<div class=\"panel-heading\">\n\t\t\t\t\t<h4 class=\"panel-title\">\n\t\t\t\t\t\t<a class=\"collapsed\" data-toggle=\"collapse\" data-parent=\"#custom-collapse-1\" href=\"#custom-collapse-1-13\">Ano de Publica\u00e7\u00e3o 2017<\/a>\n\t\t\t\t\t<\/h4>\n\t\t\t\t<\/div>\n\t\t\t\t<div id=\"custom-collapse-1-13\" class=\"panel-collapse collapse\">\n\t\t\t\t\t<div class=\"panel-body\">\n<p>AUTORES:\u00a0ALVES, L. R.P. ; PHILIPPI, D. A. .<\/p>\n<p>TITULO: A Inova\u00e7\u00e3o e Sustentabilidade da Farinha de Bocaiuva: estudo em Aquidauana\/MS.<\/p>\n<p>LOCAL DE PUBLICA\u00c7\u00c3O:\u00a0Ateli\u00ea do Turismo, v. 1, p. 85-105, 2017.<\/p>\n<\/div>\n\t\t\t\t<\/div>\n\t\t\t<\/div>\n<\/div>\n<\/div><\/div>\n","protected":false},"excerpt":{"rendered":"","protected":false},"author":1449,"featured_media":0,"parent":31115,"menu_order":0,"comment_status":"closed","ping_status":"closed","template":"","meta":{"footnotes":""},"coauthors":[],"class_list":["post-31138","page","type-page","status-publish","hentry"],"_links":{"self":[{"href":"https:\/\/cpaq.ufms.br\/en\/wp-json\/wp\/v2\/pages\/31138","targetHints":{"allow":["GET"]}}],"collection":[{"href":"https:\/\/cpaq.ufms.br\/en\/wp-json\/wp\/v2\/pages"}],"about":[{"href":"https:\/\/cpaq.ufms.br\/en\/wp-json\/wp\/v2\/types\/page"}],"author":[{"embeddable":true,"href":"https:\/\/cpaq.ufms.br\/en\/wp-json\/wp\/v2\/users\/1449"}],"replies":[{"embeddable":true,"href":"https:\/\/cpaq.ufms.br\/en\/wp-json\/wp\/v2\/comments?post=31138"}],"version-history":[{"count":28,"href":"https:\/\/cpaq.ufms.br\/en\/wp-json\/wp\/v2\/pages\/31138\/revisions"}],"predecessor-version":[{"id":32966,"href":"https:\/\/cpaq.ufms.br\/en\/wp-json\/wp\/v2\/pages\/31138\/revisions\/32966"}],"up":[{"embeddable":true,"href":"https:\/\/cpaq.ufms.br\/en\/wp-json\/wp\/v2\/pages\/31115"}],"wp:attachment":[{"href":"https:\/\/cpaq.ufms.br\/en\/wp-json\/wp\/v2\/media?parent=31138"}],"wp:term":[{"taxonomy":"author","embeddable":true,"href":"https:\/\/cpaq.ufms.br\/en\/wp-json\/wp\/v2\/coauthors?post=31138"}],"curies":[{"name":"wp","href":"https:\/\/api.w.org\/{rel}","templated":true}]}}