{"id":29628,"date":"2022-03-16T15:53:32","date_gmt":"2022-03-16T19:53:32","guid":{"rendered":"https:\/\/cpaq.ufms.br\/?page_id=29628"},"modified":"2022-05-04T07:27:06","modified_gmt":"2022-05-04T11:27:06","slug":"coac-mapeamento-de-processos","status":"publish","type":"page","link":"https:\/\/cpaq.ufms.br\/en\/00-novos\/coac-mapeamento-de-processos\/","title":{"rendered":"COAC \u2013 Mapeamento de Processos"},"content":{"rendered":"<h3 data-uw-styling-context=\"true\"><span data-uw-styling-context=\"true\"><strong data-uw-styling-context=\"true\">Coordena\u00e7\u00e3o de Gest\u00e3o Acad\u00eamica<\/strong><\/span><\/h3>\n<p data-uw-styling-context=\"true\"><strong data-uw-styling-context=\"true\">Fluxograma de processos Coordena\u00e7\u00e3o<\/strong>:<\/p>\n<ul>\n<li data-uw-styling-context=\"true\"><a href=\"https:\/\/drive.google.com\/file\/d\/11VlI1cmJly6RK-i0Wgv2NY9aRlXqZe69\/view?usp=sharing\" data-uw-styling-context=\"true\">Dire\u00e7\u00e3o-Conselho<\/a><\/li>\n<li data-uw-styling-context=\"true\"><a href=\"https:\/\/drive.google.com\/file\/d\/1nsh0ohzc6TQEq1KTdof-cZfmE_XXbVyg\/view?usp=sharing\" data-uw-styling-context=\"true\">Divulga\u00e7\u00e3o de Ensino, Pesquisa e Extens\u00e3o<\/a><\/li>\n<li data-uw-styling-context=\"true\"><a href=\"https:\/\/drive.google.com\/file\/d\/1RT3pVwjqZ9LKvUowlm7ifBm13-eeYw83\/view?usp=sharing\" data-uw-styling-context=\"true\">Ensalamento semestral das disciplinas<\/a><\/li>\n<li data-uw-styling-context=\"true\"><a href=\"https:\/\/drive.google.com\/file\/d\/1ck6btxU_u__CjXKe4HSWpJfBynfFzqp5\/view?usp=sharing\" data-uw-styling-context=\"true\">Ensino, pesquisa e extens\u00e3o<\/a><\/li>\n<li data-uw-styling-context=\"true\"><a href=\"https:\/\/drive.google.com\/file\/d\/1m_4f5oSMzAXl3b_ZL1v_RBIIdBSwA8-u\/view?usp=sharing\" data-uw-styling-context=\"true\">Lista semestral de ofertas de disciplinas<\/a><\/li>\n<li data-uw-styling-context=\"true\"><a href=\"https:\/\/drive.google.com\/file\/d\/1DrO8TT7N84TPvCGYmpRXqA1GDm0182d-\/view?usp=sharing\" data-uw-styling-context=\"true\">Orienta\u00e7\u00f5es para coordenadores e docentes<\/a><\/li>\n<li data-uw-styling-context=\"true\">\n<h3><strong>Unidade de Apoio a Gest\u00e3o Acad\u00eamica<\/strong><\/h3>\n<\/li>\n<\/ul>\n<p data-uw-styling-context=\"true\"><strong data-uw-styling-context=\"true\">Fluxograma de processos (parte 1\/3):<\/strong><\/p>\n<ul data-uw-styling-context=\"true\">\n<li data-uw-styling-context=\"true\">Libera\u00e7\u00e3o do Siscad para altera\u00e7\u00e3o de nota e\/ou frequ\u00eancia<\/li>\n<li data-uw-styling-context=\"true\">Planos de ensino<\/li>\n<li data-uw-styling-context=\"true\">Est\u00e1gio probat\u00f3rio de docentes<\/li>\n<li data-uw-styling-context=\"true\">Programa de moniotoria<\/li>\n<li data-uw-styling-context=\"true\">Reuni\u00e3o de colegiado de curso<\/li>\n<li data-uw-styling-context=\"true\">Projeto pedag\u00f3gico de curso<\/li>\n<li data-uw-styling-context=\"true\">Projetos de ensino<\/li>\n<\/ul>\n<p data-uw-styling-context=\"true\">Acesse o fluxograma<strong data-uw-styling-context=\"true\">:<\/strong>\u00a0<a href=\"https:\/\/drive.google.com\/file\/d\/1XmLqMytburJFSdCVC_YlWGx8uYfKRX6J\/view?usp=sharing\" data-uw-styling-context=\"true\">clique aqui<\/a><\/p>\n<p data-uw-styling-context=\"true\"><strong data-uw-styling-context=\"true\">Fluxograma de processos (parte 2\/3):<\/strong><\/p>\n<ul data-uw-styling-context=\"true\">\n<li data-uw-styling-context=\"true\">Coordena\u00e7\u00e3o de curso<\/li>\n<li data-uw-styling-context=\"true\">Lista de ofertas<\/li>\n<li data-uw-styling-context=\"true\">Sele\u00e7\u00e3o de professores substitutos<\/li>\n<\/ul>\n<p data-uw-styling-context=\"true\">Acesse o fluxograma<strong data-uw-styling-context=\"true\">:<\/strong>\u00a0<a href=\"https:\/\/drive.google.com\/file\/d\/1pZsq72FzvTSqCypAXTVusotwM6mUJuG1\/view?usp=sharing\" data-uw-styling-context=\"true\">clique aqui<\/a><\/p>\n<p data-uw-styling-context=\"true\"><strong data-uw-styling-context=\"true\">Fluxograma de processos (parte 3\/3):<\/strong><\/p>\n<ul data-uw-styling-context=\"true\">\n<li data-uw-styling-context=\"true\">Regulamento de trabalho de conclus\u00e3o de curso<\/li>\n<li data-uw-styling-context=\"true\">Regulamento de est\u00e1gio obrigat\u00f3rio<\/li>\n<li data-uw-styling-context=\"true\">Regime domiciliar<\/li>\n<li data-uw-styling-context=\"true\">N\u00facleo Docente Estruturante (NDE)<\/li>\n<li data-uw-styling-context=\"true\">Aproveitamento de estudos<\/li>\n<li data-uw-styling-context=\"true\">Dila\u00e7\u00e3o de prazo<\/li>\n<li data-uw-styling-context=\"true\">Atividades orientadas de ensino<\/li>\n<\/ul>\n<p data-uw-styling-context=\"true\">Acesse o fluxograma<strong data-uw-styling-context=\"true\">:<\/strong>\u00a0<a href=\"https:\/\/drive.google.com\/file\/d\/1l4FKhkrX3UJYtY7f22dsUArGr6lpI7nS\/view?usp=sharing\" data-uw-styling-context=\"true\">clique aqui<\/a><\/p>\n<p data-uw-styling-context=\"true\">\n","protected":false},"excerpt":{"rendered":"<p>Coordena\u00e7\u00e3o de Gest\u00e3o Acad\u00eamica Fluxograma de processos Coordena\u00e7\u00e3o: Dire\u00e7\u00e3o-Conselho Divulga\u00e7\u00e3o de Ensino, Pesquisa e Extens\u00e3o Ensalamento semestral das disciplinas Ensino, pesquisa e extens\u00e3o Lista semestral de ofertas de disciplinas Orienta\u00e7\u00f5es para coordenadores e docentes Unidade de Apoio a Gest\u00e3o Acad\u00eamica Fluxograma de processos (parte 1\/3): Libera\u00e7\u00e3o do Siscad para altera\u00e7\u00e3o de nota e\/ou frequ\u00eancia Planos [&hellip;]<\/p>\n","protected":false},"author":1449,"featured_media":0,"parent":30416,"menu_order":0,"comment_status":"closed","ping_status":"closed","template":"","meta":{"footnotes":""},"coauthors":[],"class_list":["post-29628","page","type-page","status-publish","hentry"],"_links":{"self":[{"href":"https:\/\/cpaq.ufms.br\/en\/wp-json\/wp\/v2\/pages\/29628","targetHints":{"allow":["GET"]}}],"collection":[{"href":"https:\/\/cpaq.ufms.br\/en\/wp-json\/wp\/v2\/pages"}],"about":[{"href":"https:\/\/cpaq.ufms.br\/en\/wp-json\/wp\/v2\/types\/page"}],"author":[{"embeddable":true,"href":"https:\/\/cpaq.ufms.br\/en\/wp-json\/wp\/v2\/users\/1449"}],"replies":[{"embeddable":true,"href":"https:\/\/cpaq.ufms.br\/en\/wp-json\/wp\/v2\/comments?post=29628"}],"version-history":[{"count":4,"href":"https:\/\/cpaq.ufms.br\/en\/wp-json\/wp\/v2\/pages\/29628\/revisions"}],"predecessor-version":[{"id":29908,"href":"https:\/\/cpaq.ufms.br\/en\/wp-json\/wp\/v2\/pages\/29628\/revisions\/29908"}],"up":[{"embeddable":true,"href":"https:\/\/cpaq.ufms.br\/en\/wp-json\/wp\/v2\/pages\/30416"}],"wp:attachment":[{"href":"https:\/\/cpaq.ufms.br\/en\/wp-json\/wp\/v2\/media?parent=29628"}],"wp:term":[{"taxonomy":"author","embeddable":true,"href":"https:\/\/cpaq.ufms.br\/en\/wp-json\/wp\/v2\/coauthors?post=29628"}],"curies":[{"name":"wp","href":"https:\/\/api.w.org\/{rel}","templated":true}]}}