{"id":29612,"date":"2022-03-16T14:05:05","date_gmt":"2022-03-16T18:05:05","guid":{"rendered":"https:\/\/cpaq.ufms.br\/?page_id=29612"},"modified":"2022-05-04T07:27:07","modified_gmt":"2022-05-04T11:27:07","slug":"direcao-mapeamento-de-processos","status":"publish","type":"page","link":"https:\/\/cpaq.ufms.br\/en\/00-novos\/direcao-mapeamento-de-processos\/","title":{"rendered":"Dire\u00e7\u00e3o &#8211; Mapeamento de Processos"},"content":{"rendered":"<h3 data-uw-styling-context=\"true\">Dire\u00e7\u00e3o<\/h3>\n<p data-uw-styling-context=\"true\"><strong data-uw-styling-context=\"true\">Caracteriza\u00e7\u00e3o:\u00a0<\/strong>A fun\u00e7\u00e3o de Diretor de Unidade da Administra\u00e7\u00e3o Setorial ser\u00e1 exercida por professor da Carreira do Magist\u00e9rio Superior da UFMS, nomeado na forma da lei e, na sua aus\u00eancia, por um Coordenador de Curso, por ele indicado, e designado pelo(a) Reitor(a).<\/p>\n<h3 data-uw-styling-context=\"true\">Gabinete da Dire\u00e7\u00e3o<\/h3>\n<ul>\n<li>\n<h3><span data-uw-styling-context=\"true\"><strong data-uw-styling-context=\"true\">Secret\u00e1ria da Dire\u00e7\u00e3o<\/strong><\/span><\/h3>\n<\/li>\n<\/ul>\n<p data-uw-styling-context=\"true\"><strong data-uw-styling-context=\"true\">Fluxograma de processos:<\/strong><\/p>\n<ul data-uw-styling-context=\"true\">\n<li data-uw-styling-context=\"true\">Acompanhamento do SEI Dire\u00e7\u00e3o<\/li>\n<li data-uw-styling-context=\"true\">Solicita\u00e7\u00e3o de di\u00e1rias<\/li>\n<li data-uw-styling-context=\"true\">Recebimento de malote e correios<\/li>\n<li data-uw-styling-context=\"true\">Instru\u00e7\u00e3o de servi\u00e7o<\/li>\n<li data-uw-styling-context=\"true\">Professor substituto<\/li>\n<li data-uw-styling-context=\"true\">Atendimento a docentes<\/li>\n<li data-uw-styling-context=\"true\">Professor volunt\u00e1rio<\/li>\n<li data-uw-styling-context=\"true\">Of\u00edcio externo<\/li>\n<li data-uw-styling-context=\"true\">Solicita\u00e7\u00e3o de di\u00e1rias e passagens a\u00e9reas<\/li>\n<\/ul>\n<p data-uw-styling-context=\"true\">Acesse o fluxograma do setor:\u00a0<a href=\"https:\/\/drive.google.com\/file\/d\/1LP50IaHRGkd5qTZLBTvNbA47ms4ojfzV\/view?usp=sharing\" data-uw-styling-context=\"true\">clique aqui<\/a><\/p>\n<ul>\n<li data-uw-styling-context=\"true\">\n<h3><span data-uw-styling-context=\"true\"><strong data-uw-styling-context=\"true\">Assistente de Apoio do Conselho de Campus<\/strong><\/span><\/h3>\n<\/li>\n<\/ul>\n<p data-uw-styling-context=\"true\"><strong data-uw-styling-context=\"true\">Caracteriza\u00e7\u00e3o:<\/strong>\u00a0O Conselho de Unidade da Administra\u00e7\u00e3o Setorial ser\u00e1 secretariado por servidor designado pelo Diretor da Unidade ou por seu substituto eventual.<\/p>\n<p data-uw-styling-context=\"true\"><strong data-uw-styling-context=\"true\">Compet\u00eancia do Assistente:<\/strong>\u00a0coordenar administrativamente todos os trabalhos do Plen\u00e1rio e das comiss\u00f5es, sob a supervis\u00e3o do Presidente do Conselho da Unidade; organizar, para aprova\u00e7\u00e3o do Presidente, a pauta das sess\u00f5es plen\u00e1rias; tomar provid\u00eancias administrativas necess\u00e1rias \u00e0 instala\u00e7\u00e3o das reuni\u00f5es do Conselho da Unidade; receber, examinar, distribuir e expedir a documenta\u00e7\u00e3o e a correspond\u00eancia do Conselho da Unidade; emitir os atos resultantes das delibera\u00e7\u00f5es e encaminh\u00e1-los para publica\u00e7\u00e3o no Boletim de Servi\u00e7o da UFMS; auxiliar o Presidente durante as sess\u00f5es plen\u00e1rias e prestar os esclarecimentos que forem solicitados durante os debates; promover a instru\u00e7\u00e3o dos processos e fazer cumprir as dilig\u00eancias determinadas pelos presidentes das comiss\u00f5es e presid\u00eancia do Plen\u00e1rio; encaminhar expediente aos interessados, dando ci\u00eancia dos despachos e decis\u00f5es proferidos nos respectivos processos; elaborar as atas referentes aos trabalhos das reuni\u00f5es e colher as assinaturas, ap\u00f3s sua aprova\u00e7\u00e3o. O Secret\u00e1rio do Conselho poder\u00e1, com autoriza\u00e7\u00e3o do Presidente, requisitar pessoal, material, equipamentos e instala\u00e7\u00f5es da Universidade para melhor desempenho dos seus trabalhos.<\/p>\n<p data-uw-styling-context=\"true\"><span data-uw-styling-context=\"true\"><strong data-uw-styling-context=\"true\">Fluxograma de processos<\/strong><\/span><\/p>\n<ul data-uw-styling-context=\"true\">\n<li data-uw-styling-context=\"true\">Afastamento do pa\u00eds<\/li>\n<li data-uw-styling-context=\"true\">Abertura de Siscad<\/li>\n<li data-uw-styling-context=\"true\">Elei\u00e7\u00e3o<\/li>\n<li data-uw-styling-context=\"true\">Est\u00e1gio Probat\u00f3rio Docente<\/li>\n<li data-uw-styling-context=\"true\">Professor Volunt\u00e1rio<\/li>\n<li data-uw-styling-context=\"true\">Projeto de Ensino<\/li>\n<li data-uw-styling-context=\"true\">Projeto de Pesquisa<\/li>\n<li data-uw-styling-context=\"true\">Projeto de Extens\u00e3o<\/li>\n<li data-uw-styling-context=\"true\">Resolu\u00e7\u00e3o<\/li>\n<li data-uw-styling-context=\"true\">Reuni\u00f5es do Conselho<\/li>\n<li data-uw-styling-context=\"true\">Professor Substituto<\/li>\n<li data-uw-styling-context=\"true\">Afastamento docente para p\u00f3s-gradua\u00e7\u00e3o<\/li>\n<\/ul>\n<p data-uw-styling-context=\"true\">Acesse o fluxograma:\u00a0<a href=\"https:\/\/drive.google.com\/file\/d\/1Gp_F6yRCeBtisMMPvV3ljXPOdL-rrieA\/view?usp=sharing\" data-uw-styling-context=\"true\">clique aqui<\/a><\/p>\n<ul>\n<li data-uw-styling-context=\"true\">\n<h3><strong>Comunica\u00e7\u00e3o<\/strong><\/h3>\n<\/li>\n<\/ul>\n<p data-uw-styling-context=\"true\"><span data-uw-styling-context=\"true\"><strong data-uw-styling-context=\"true\">Fluxograma de processos:<\/strong><\/span><\/p>\n<ul data-uw-styling-context=\"true\">\n<li data-uw-styling-context=\"true\">Verifica\u00e7\u00e3o di\u00e1ria de editais<\/li>\n<li data-uw-styling-context=\"true\">Atualiza\u00e7\u00e3o de informa\u00e7\u00f5es nas p\u00e1ginas do CPAQ<\/li>\n<li data-uw-styling-context=\"true\">Atendimento de solicita\u00e7\u00f5es de publica\u00e7\u00e3o<\/li>\n<li data-uw-styling-context=\"true\">Cobertura de evento<\/li>\n<li data-uw-styling-context=\"true\">Envio de e-mail marketing<\/li>\n<li data-uw-styling-context=\"true\">Atualiza\u00e7\u00e3o de lista telef\u00f4nica<\/li>\n<li data-uw-styling-context=\"true\">Elabora\u00e7\u00e3o de material audiovisual para a s\u00e9rie Pesquisa CPAQ<\/li>\n<li data-uw-styling-context=\"true\">Atendimento a d\u00favidas via internet ou telefone<\/li>\n<li data-uw-styling-context=\"true\">Atualiza\u00e7\u00e3o da lista de e-mails institucionais do groups CPAQ<\/li>\n<li data-uw-styling-context=\"true\">Comiss\u00e3o de Pesquisa<\/li>\n<li data-uw-styling-context=\"true\">Comiss\u00e3o de Patrim\u00f4nio<\/li>\n<\/ul>\n<p data-uw-styling-context=\"true\">Acesse o\u00a0<strong data-uw-styling-context=\"true\">fluxograma do servidor<\/strong>:\u00a0<a href=\"https:\/\/drive.google.com\/file\/d\/1A69IY0D-2skgG2OFyvhmJVoAI5lGwQ3w\/view?usp=sharing\" data-uw-styling-context=\"true\">clique aqui<\/a><\/p>\n<p data-uw-styling-context=\"true\">Centro de Documenta\u00e7\u00f5es Hist\u00f3ricas<\/p>\n<p data-uw-styling-context=\"true\">\n","protected":false},"excerpt":{"rendered":"<p>Dire\u00e7\u00e3o Caracteriza\u00e7\u00e3o:\u00a0A fun\u00e7\u00e3o de Diretor de Unidade da Administra\u00e7\u00e3o Setorial ser\u00e1 exercida por professor da Carreira do Magist\u00e9rio Superior da UFMS, nomeado na forma da lei e, na sua aus\u00eancia, por um Coordenador de Curso, por ele indicado, e designado pelo(a) Reitor(a). Gabinete da Dire\u00e7\u00e3o Secret\u00e1ria da Dire\u00e7\u00e3o Fluxograma de processos: Acompanhamento do SEI Dire\u00e7\u00e3o [&hellip;]<\/p>\n","protected":false},"author":1449,"featured_media":0,"parent":30416,"menu_order":0,"comment_status":"closed","ping_status":"closed","template":"","meta":{"footnotes":""},"coauthors":[],"class_list":["post-29612","page","type-page","status-publish","hentry"],"_links":{"self":[{"href":"https:\/\/cpaq.ufms.br\/en\/wp-json\/wp\/v2\/pages\/29612","targetHints":{"allow":["GET"]}}],"collection":[{"href":"https:\/\/cpaq.ufms.br\/en\/wp-json\/wp\/v2\/pages"}],"about":[{"href":"https:\/\/cpaq.ufms.br\/en\/wp-json\/wp\/v2\/types\/page"}],"author":[{"embeddable":true,"href":"https:\/\/cpaq.ufms.br\/en\/wp-json\/wp\/v2\/users\/1449"}],"replies":[{"embeddable":true,"href":"https:\/\/cpaq.ufms.br\/en\/wp-json\/wp\/v2\/comments?post=29612"}],"version-history":[{"count":5,"href":"https:\/\/cpaq.ufms.br\/en\/wp-json\/wp\/v2\/pages\/29612\/revisions"}],"predecessor-version":[{"id":29614,"href":"https:\/\/cpaq.ufms.br\/en\/wp-json\/wp\/v2\/pages\/29612\/revisions\/29614"}],"up":[{"embeddable":true,"href":"https:\/\/cpaq.ufms.br\/en\/wp-json\/wp\/v2\/pages\/30416"}],"wp:attachment":[{"href":"https:\/\/cpaq.ufms.br\/en\/wp-json\/wp\/v2\/media?parent=29612"}],"wp:term":[{"taxonomy":"author","embeddable":true,"href":"https:\/\/cpaq.ufms.br\/en\/wp-json\/wp\/v2\/coauthors?post=29612"}],"curies":[{"name":"wp","href":"https:\/\/api.w.org\/{rel}","templated":true}]}}