{"id":29560,"date":"2022-03-15T13:50:11","date_gmt":"2022-03-15T17:50:11","guid":{"rendered":"https:\/\/cpaq.ufms.br\/?page_id=29560"},"modified":"2022-05-04T07:27:07","modified_gmt":"2022-05-04T11:27:07","slug":"coad-mapeamento-de-processos","status":"publish","type":"page","link":"https:\/\/cpaq.ufms.br\/en\/00-novos\/coad-mapeamento-de-processos\/","title":{"rendered":"COAD &#8211; Mapeamento de Processos"},"content":{"rendered":"<h3 data-uw-styling-context=\"true\"><strong data-uw-styling-context=\"true\">Coordena\u00e7\u00e3o Administrativa &#8211; COAD<\/strong><\/h3>\n<p data-uw-styling-context=\"true\"><strong data-uw-styling-context=\"true\">Caracteriza\u00e7\u00e3o:\u00a0<\/strong>\u00c9 a unidade respons\u00e1vel pela orienta\u00e7\u00e3o, acompanhamento e execu\u00e7\u00e3o das atividades de apoio administrativo dos C\u00e2mpus.<\/p>\n<ul>\n<li>\n<h3><span data-uw-styling-context=\"true\"><strong data-uw-styling-context=\"true\">Gabinete da COAD<\/strong><\/span><\/h3>\n<\/li>\n<\/ul>\n<p style=\"text-align: justify\"><strong data-uw-styling-context=\"true\">Compet\u00eancias do Coordenador Administrativo**<\/strong>:\u00a0assessorar e colaborar com a Dire\u00e7\u00e3o da Unidade Setorial, no planejamento, na execu\u00e7\u00e3o e na coordena\u00e7\u00e3o das atividades de gest\u00e3o administrativa; propor normas e a\u00e7\u00f5es que visem \u00e0 integra\u00e7\u00e3o entre as atividades de gest\u00e3o acad\u00eamica e de gest\u00e3o administrativa na Unidade; colaborar na elabora\u00e7\u00e3o do plano de gest\u00e3o da infraestrutura da Unidade no qual constar\u00e3o as propostas de uso, de expans\u00e3o e de manuten\u00e7\u00e3o do espa\u00e7o f\u00edsico e as propostas de uso, de aquisi\u00e7\u00e3o e de manuten\u00e7\u00e3o de materiais e de equipamentos; propor a cria\u00e7\u00e3o de grupos de trabalho e de comiss\u00f5es para desenvolvimento de atividades no \u00e2mbito da Unidade da Administra\u00e7\u00e3o Setorial; e realizar controle patrimonial da Unidade.<\/p>\n<p style=\"text-align: justify\" data-uw-styling-context=\"true\"><em data-uw-styling-context=\"true\">*Conforme Manual de Compet\u00eancias da UFMS (mesmas compet\u00eancias da Secretaria Administrativa \u2013 SECAD).<\/em><\/p>\n<p style=\"text-align: justify\" data-uw-styling-context=\"true\"><em data-uw-styling-context=\"true\">**Conforme Regimento Geral da UFMS (em adi\u00e7\u00e3o \u00e0s compet\u00eancias previstas no Manual de Compet\u00eancias da UFMS).<\/em><\/p>\n<p data-uw-styling-context=\"true\"><span data-uw-styling-context=\"true\"><strong data-uw-styling-context=\"true\">Fluxograma de processos:<\/strong><\/span><\/p>\n<ul data-uw-styling-context=\"true\">\n<li data-uw-styling-context=\"true\">Aquisi\u00e7\u00e3o de materiais e equipamentos<\/li>\n<li data-uw-styling-context=\"true\">Contratos<\/li>\n<li data-uw-styling-context=\"true\">Gerenciamento de pessoal<\/li>\n<li data-uw-styling-context=\"true\">Manuten\u00e7\u00f5es da infraestrutura<\/li>\n<li data-uw-styling-context=\"true\">Reserva de espa\u00e7o<\/li>\n<li data-uw-styling-context=\"true\">Reserva de ve\u00edculos<\/li>\n<li data-uw-styling-context=\"true\">Suporte operacionais<\/li>\n<li data-uw-styling-context=\"true\">Vigil\u00e2ncia<\/li>\n<\/ul>\n<p data-uw-styling-context=\"true\">Acesse o fluxograma:\u00a0<a href=\"https:\/\/drive.google.com\/file\/d\/1XIFZIbzknEzW-WyMO3YdB6Io5_uiftT1\/view?usp=sharing\" data-uw-styling-context=\"true\">clique aqui<\/a><\/p>\n<ul>\n<li>\n<h3><b>Tecnologia da Informa\u00e7\u00e3o &#8211; <span data-uw-styling-context=\"true\"><strong data-uw-styling-context=\"true\">Agetic CPAQ<\/strong><\/span>:<\/b><\/h3>\n<\/li>\n<\/ul>\n<p style=\"text-align: justify\"><b><\/b><b><\/b><strong>Compet\u00eancias:<\/strong> Gerenciar a instala\u00e7\u00e3o e a manuten\u00e7\u00e3o de equipamentos de inform\u00e1tica; \u2013 Auxiliar na gest\u00e3o do sistema de telefonia VoIP, de vigil\u00e2ncia por c\u00e2meras e de impress\u00e3o; \u2013 Acompanhar as obras de manuten\u00e7\u00e3o e melhorias da infraestrutura de rede.<\/p>\n<p data-uw-styling-context=\"true\"><span data-uw-styling-context=\"true\"><strong data-uw-styling-context=\"true\">Fluxograma de processos (Agetic CPAQ)<\/strong><\/span><\/p>\n<ul data-uw-styling-context=\"true\">\n<li data-uw-styling-context=\"true\">Altera\u00e7\u00e3o de senha do passaporte<\/li>\n<li data-uw-styling-context=\"true\">Atendimento ao usu\u00e1rio<\/li>\n<li data-uw-styling-context=\"true\">Conta tempor\u00e1ria no passaporte<\/li>\n<li data-uw-styling-context=\"true\">Demandas de ata<\/li>\n<li data-uw-styling-context=\"true\">Instala\u00e7\u00e3o de software<\/li>\n<li data-uw-styling-context=\"true\">Formata\u00e7\u00e3o<\/li>\n<li data-uw-styling-context=\"true\">Hardware<\/li>\n<li data-uw-styling-context=\"true\">Instala\u00e7\u00e3o de impressora e Scanner<\/li>\n<li data-uw-styling-context=\"true\">Solicita\u00e7\u00e3o de acesso \u00e0 pasta compartilhada<\/li>\n<li data-uw-styling-context=\"true\">Videoconfer\u00eancia<\/li>\n<li data-uw-styling-context=\"true\">Adequa\u00e7\u00e3o de softwares e ingresso ao dom\u00ednio UFMS<\/li>\n<li data-uw-styling-context=\"true\">Ativa\u00e7\u00e3o de ponto de rede<\/li>\n<li data-uw-styling-context=\"true\">Cadastro de ativo na rede UFMS<\/li>\n<li data-uw-styling-context=\"true\">Configura\u00e7\u00e3o de rede sem fio<\/li>\n<li data-uw-styling-context=\"true\">Manuten\u00e7\u00e3o de ponto de rede<\/li>\n<li data-uw-styling-context=\"true\">Suporte aos sites do CPAQ<\/li>\n<\/ul>\n<p data-uw-styling-context=\"true\">Acesse o fluxograma:\u00a0<a href=\"https:\/\/drive.google.com\/file\/d\/1671X57gxTO4ZxTaPq7L_fGVbJqG--NRB\/view?usp=sharing\" data-uw-styling-context=\"true\">clique aqui<\/a><\/p>\n<ul>\n<li data-uw-styling-context=\"true\">\n<h3><strong>Laborat\u00f3rio de Inform\u00e1tica<\/strong><\/h3>\n<\/li>\n<\/ul>\n<p style=\"text-align: justify\" data-uw-styling-context=\"true\">O Laborat\u00f3rio de Inform\u00e1tica tem a miss\u00e3o de apoiar aos professores e alunos, oferecendo um ambiente favor\u00e1vel para realiza\u00e7\u00f5es de aulas, trabalhos e pesquisas acad\u00eamicas.<\/p>\n<p data-uw-styling-context=\"true\"><span data-uw-styling-context=\"true\"><strong data-uw-styling-context=\"true\">Fluxograma de processos<\/strong><\/span>:<\/p>\n<ul>\n<li data-uw-styling-context=\"true\"><a href=\"https:\/\/drive.google.com\/file\/d\/1lOc6wtMqUWsZwK6ZFHWYe2rZRcHqlu2h\/view?usp=sharing\" data-uw-styling-context=\"true\">Agenda de laborat\u00f3rio de inform\u00e1tica<\/a><\/li>\n<li data-uw-styling-context=\"true\"><a href=\"https:\/\/drive.google.com\/file\/d\/1QaBsBm_8JReMA5GC3JERSWMHtLQvWXSj\/view?usp=sharing\" data-uw-styling-context=\"true\">Atendimento de aluno<\/a><\/li>\n<li><a href=\"https:\/\/drive.google.com\/file\/d\/19wScNS5uswd7Nve6OlFRvTUX0FXaVI4Q\/view?usp=sharing\" data-uw-styling-context=\"true\">Carteira funcional retirar<\/a><\/li>\n<li><a href=\"https:\/\/drive.google.com\/file\/d\/1ALlualZdU5u3VvLhIMurZ_O2obiEEpxM\/view?usp=sharing]\" data-uw-styling-context=\"true\">Configura\u00e7\u00e3o do wifi retirar<\/a><\/li>\n<li><a href=\"https:\/\/drive.google.com\/file\/d\/1Z1L-_uqvwrN2h55IjNr9LY7qFssB94mp\/view?usp=sharing\" data-uw-styling-context=\"true\">Cria\u00e7\u00e3o de passaporte retirar<\/a><\/li>\n<li><a href=\"https:\/\/drive.google.com\/file\/d\/1fO_smFe6V_0ndR2sVKDuA-OS3Vi1XYQA\/view?usp=sharing\" data-uw-styling-context=\"true\">Identidade estudantil retirar<\/a><\/li>\n<li><a href=\"https:\/\/drive.google.com\/file\/d\/1J4Al-tu-HyYc7FM5rmDXt4EtqsYv-29Y\/view?usp=sharing\" data-uw-styling-context=\"true\">Termo de responsabilidade retirar<\/a><\/li>\n<\/ul>\n<p data-uw-styling-context=\"true\">Acesse cada fluxograma clicando nos links acima.<\/p>\n<ul>\n<li data-uw-styling-context=\"true\">\n<h3><strong>Laborat\u00f3rios de Ci\u00eancias Biol\u00f3gicas<\/strong><\/h3>\n<\/li>\n<\/ul>\n<p data-uw-styling-context=\"true\"><strong>Fluxograma de processos:<\/strong><\/p>\n<ul data-uw-styling-context=\"true\">\n<li data-uw-styling-context=\"true\">Armazenamento de reagentes<\/li>\n<li data-uw-styling-context=\"true\">Solicita\u00e7\u00e3o de aquisi\u00e7\u00e3o e servi\u00e7os<\/li>\n<li data-uw-styling-context=\"true\">Visita externa<\/li>\n<li data-uw-styling-context=\"true\">Projetos<\/li>\n<li data-uw-styling-context=\"true\">Agendamento de aula pr\u00e1tica<\/li>\n<li data-uw-styling-context=\"true\">Agendamento de aula de campo<\/li>\n<\/ul>\n<p data-uw-styling-context=\"true\">Para acessar o\u00a0<strong data-uw-styling-context=\"true\">fluxograma de laborat\u00f3rio<\/strong>:\u00a0<a href=\"https:\/\/drive.google.com\/file\/d\/1pUZxNog2khVYbrRXYYNaKDwCcCBCcx70\/view?usp=sharing\" data-uw-styling-context=\"true\">clique aqui<\/a><\/p>\n<p data-uw-styling-context=\"true\"><strong>Fluxograma de processos:<\/strong><\/p>\n<ul data-uw-styling-context=\"true\">\n<li data-uw-styling-context=\"true\">Solicita\u00e7\u00e3o de aquisi\u00e7\u00e3o e servi\u00e7os<\/li>\n<li data-uw-styling-context=\"true\">Agendamento de aula pr\u00e1tica<\/li>\n<li data-uw-styling-context=\"true\">Agendamento de aula de campo<\/li>\n<li data-uw-styling-context=\"true\">Visita externa<\/li>\n<li data-uw-styling-context=\"true\">Projetos<\/li>\n<li data-uw-styling-context=\"true\">Manuten\u00e7\u00e3o Zoologia<\/li>\n<li data-uw-styling-context=\"true\">Manuten\u00e7\u00e3o do viveiro<\/li>\n<\/ul>\n<p data-uw-styling-context=\"true\">Para acessar o\u00a0<strong data-uw-styling-context=\"true\">fluxograma de T\u00e9cnico de laborat\u00f3rio:<\/strong>\u00a0<a href=\"https:\/\/drive.google.com\/file\/d\/1hTSaAeyft8qsjg72XLiR4WGeKxCCXIH0\/view?usp=sharing\" data-uw-styling-context=\"true\">clique aqui<\/a><\/p>\n<p data-uw-styling-context=\"true\"><strong>Fluxograma de processos:<\/strong><\/p>\n<ul data-uw-styling-context=\"true\">\n<li data-uw-styling-context=\"true\">Solicita\u00e7\u00e3o de aquisi\u00e7\u00e3o e servi\u00e7os<\/li>\n<li data-uw-styling-context=\"true\">Visita externa<\/li>\n<li data-uw-styling-context=\"true\">Projetos<\/li>\n<li data-uw-styling-context=\"true\">Agendamento de aula pr\u00e1tica<\/li>\n<li data-uw-styling-context=\"true\">Agendamento de aula de campo<\/li>\n<\/ul>\n<p data-uw-styling-context=\"true\">Para acessar o\u00a0<strong data-uw-styling-context=\"true\">fluxograma de T\u00e9cnico de laborat\u00f3rio:<\/strong>\u00a0<a href=\"https:\/\/drive.google.com\/file\/d\/1KobRc2YZ7i6LaVxq_TS8bJn2U6dbHBbY\/view?usp=sharing\" data-uw-styling-context=\"true\">clique aqui<\/a><\/p>\n<p data-uw-styling-context=\"true\"><strong>Fluxograma de processos:<\/strong><\/p>\n<ul data-uw-styling-context=\"true\">\n<li data-uw-styling-context=\"true\">Manuten\u00e7\u00e3o do herb\u00e1rio<\/li>\n<li data-uw-styling-context=\"true\">Manuten\u00e7\u00e3o do minhoc\u00e1rio<\/li>\n<\/ul>\n<p data-uw-styling-context=\"true\">Para acessar o\u00a0<strong data-uw-styling-context=\"true\">fluxograma de T\u00e9cnico de laborat\u00f3rio:<\/strong>:\u00a0<a href=\"https:\/\/drive.google.com\/file\/d\/198j4MOxlzrpbI4GtJ1x9TlA6z-JaM7wc\/view?usp=sharing\" data-uw-styling-context=\"true\">clique aqui<\/a><\/p>\n<ul>\n<li>\n<h3><strong>Laborat\u00f3rios de Geografia<\/strong><\/h3>\n<\/li>\n<\/ul>\n<p data-uw-styling-context=\"true\"><strong>Fluxograma de processos:<\/strong><\/p>\n<ul>\n<li data-uw-styling-context=\"true\">Empr\u00e9stimo de acervo<\/li>\n<li data-uw-styling-context=\"true\">Empr\u00e9stimo de equipamentos<\/li>\n<li data-uw-styling-context=\"true\">Aux\u00edlio a aulas pr\u00e1ticas<\/li>\n<li data-uw-styling-context=\"true\">Comunica\u00e7\u00e3o do uso do laborat\u00f3rio<\/li>\n<li data-uw-styling-context=\"true\">Aux\u00edlio acad\u00eamico<\/li>\n<li data-uw-styling-context=\"true\">Impress\u00e3o de banner<\/li>\n<\/ul>\n<p data-uw-styling-context=\"true\">Para acessar o\u00a0<strong data-uw-styling-context=\"true\">fluxograma do laborat\u00f3rio de Cartografia<\/strong>:\u00a0<a href=\"https:\/\/drive.google.com\/file\/d\/1ju6uJkcjHkW9Ae_IjwCiA_e4J36gj7X-\/view?usp=sharing\" data-uw-styling-context=\"true\">clique aqui<\/a><\/p>\n<p data-uw-styling-context=\"true\"><strong>Fluxograma de processos:<\/strong><\/p>\n<ul data-uw-styling-context=\"true\">\n<li data-uw-styling-context=\"true\">Em elabora\u00e7\u00e3o<\/li>\n<\/ul>\n<p data-uw-styling-context=\"true\">Para acessar o\u00a0<strong data-uw-styling-context=\"true\">fluxograma do Laborat\u00f3rio de Geoprocessamento<\/strong>:\u00a0clique aqui<\/p>\n<ul>\n<li data-uw-styling-context=\"true\">\n<h3><strong>PAS &#8211; UFMS &#8211; Aquidauana<\/strong><\/h3>\n<\/li>\n<\/ul>\n<p data-uw-styling-context=\"true\"><span data-uw-styling-context=\"true\"><strong data-uw-styling-context=\"true\">Fluxograma de processos<\/strong><\/span>:<\/p>\n<ul data-uw-styling-context=\"true\">\n<li data-uw-styling-context=\"true\"><a href=\"https:\/\/drive.google.com\/file\/d\/1msEr9MKbX_TbE4z9bFw09watAHhtgSQv\/view?usp=sharing\" data-uw-styling-context=\"true\">Ades\u00e3o de benefici\u00e1rio<\/a><\/li>\n<li data-uw-styling-context=\"true\"><a href=\"https:\/\/drive.google.com\/file\/d\/1KMFUWX0Xwk-hEH8Vl3t-dSsBeudM-MmD\/view?usp=sharing\" data-uw-styling-context=\"true\">Autoriza\u00e7\u00e3o de guias<\/a><\/li>\n<li data-uw-styling-context=\"true\"><a href=\"https:\/\/drive.google.com\/file\/d\/1gkfzahxTKLx3uD5EhshRJ76SFrL8bb_d\/view?usp=sharing\" data-uw-styling-context=\"true\">Credenciamento de profissionais da sa\u00fade<\/a><\/li>\n<li data-uw-styling-context=\"true\"><a href=\"https:\/\/drive.google.com\/file\/d\/1oiymc9ymFe5jh-5sIMF-usWSMcIfXiVf\/view?usp=sharing\" data-uw-styling-context=\"true\">Faturamento de guias<\/a><\/li>\n<\/ul>\n<p data-uw-styling-context=\"true\">Acesse os fluxogramas clicando nos links acima.<\/p>\n<ul>\n<li data-uw-styling-context=\"true\">\n<h3><strong>Secretaria de P\u00f3s-gradua\u00e7\u00e3o<\/strong><\/h3>\n<\/li>\n<\/ul>\n<p data-uw-styling-context=\"true\"><span data-uw-styling-context=\"true\"><strong data-uw-styling-context=\"true\">Fluxograma de processos:<\/strong><\/span><\/p>\n<ul data-uw-styling-context=\"true\">\n<li data-uw-styling-context=\"true\">Altera\u00e7\u00f5es regimentares e na estrutura do programa<\/li>\n<li data-uw-styling-context=\"true\">Atendimento ao p\u00fablico interno e externo<\/li>\n<li data-uw-styling-context=\"true\">Diploma\u00e7\u00e3o<\/li>\n<li data-uw-styling-context=\"true\">Discentes \u2013 Solicita\u00e7\u00e3o de ajustes na matr\u00edcula<\/li>\n<li data-uw-styling-context=\"true\">Docentes \u2013 Solicita\u00e7\u00e3o de ajustes no Sigp\u00f3s<\/li>\n<li data-uw-styling-context=\"true\">Encerramento e certifica\u00e7\u00e3o de P\u00f3s-Doutorado<\/li>\n<li data-uw-styling-context=\"true\">Inser\u00e7\u00f5es e atualiza\u00e7\u00e3o do site do programa<\/li>\n<li data-uw-styling-context=\"true\">Lista de oferta<\/li>\n<li data-uw-styling-context=\"true\">Matr\u00edcula de aluno especial<\/li>\n<li data-uw-styling-context=\"true\">Processo seletivo de aluno especial<\/li>\n<li data-uw-styling-context=\"true\">Processo seletivo de aluno regular<\/li>\n<li data-uw-styling-context=\"true\">Processo seletivo de bolsa \u2013 demanda social<\/li>\n<li data-uw-styling-context=\"true\">Processo seletivo de p\u00f3s-doutorado<\/li>\n<li data-uw-styling-context=\"true\">Reuni\u00e3o do colegiado de curso<\/li>\n<li data-uw-styling-context=\"true\">Solicita\u00e7\u00e3o de declara\u00e7\u00e3o e ou atestado acad\u00eamico\/docente<\/li>\n<li data-uw-styling-context=\"true\">Solicita\u00e7\u00e3o de di\u00e1rias e\/ou passagens de docente<\/li>\n<li data-uw-styling-context=\"true\">Solicita\u00e7\u00e3o de libera\u00e7\u00e3o de recurso de fonte pr\u00f3pria<\/li>\n<li data-uw-styling-context=\"true\">Solicita\u00e7\u00e3o de defesa de disserta\u00e7\u00e3o<\/li>\n<li data-uw-styling-context=\"true\">Solicita\u00e7\u00e3o de exame de qualifica\u00e7\u00e3o<\/li>\n<li data-uw-styling-context=\"true\">Solicita\u00e7\u00e3o de acad\u00eamicos<\/li>\n<\/ul>\n<p data-uw-styling-context=\"true\">Acesse o\u00a0<strong data-uw-styling-context=\"true\">fluxograma do servidor<\/strong>:\u00a0<a href=\"https:\/\/drive.google.com\/file\/d\/13tGXlDc4RtO_ibFGyG-T1yADMzmb_e4h\/view?usp=sharing\" data-uw-styling-context=\"true\">clique aqui<\/a><\/p>\n<ul>\n<li data-uw-styling-context=\"true\">\n<h3><strong>Servi\u00e7os Gerais<\/strong><\/h3>\n<\/li>\n<\/ul>\n<p data-uw-styling-context=\"true\"><span data-uw-styling-context=\"true\"><strong data-uw-styling-context=\"true\">Fluxograma de processos<\/strong><\/span>:<\/p>\n<ul data-uw-styling-context=\"true\">\n<li data-uw-styling-context=\"true\">Em elabora\u00e7\u00e3o<\/li>\n<\/ul>\n<p data-uw-styling-context=\"true\">Acesse os fluxogramas clicando nos links acima.<\/p>\n","protected":false},"excerpt":{"rendered":"<p>Coordena\u00e7\u00e3o Administrativa &#8211; COAD Caracteriza\u00e7\u00e3o:\u00a0\u00c9 a unidade respons\u00e1vel pela orienta\u00e7\u00e3o, acompanhamento e execu\u00e7\u00e3o das atividades de apoio administrativo dos C\u00e2mpus. Gabinete da COAD Compet\u00eancias do Coordenador Administrativo**:\u00a0assessorar e colaborar com a Dire\u00e7\u00e3o da Unidade Setorial, no planejamento, na execu\u00e7\u00e3o e na coordena\u00e7\u00e3o das atividades de gest\u00e3o administrativa; propor normas e a\u00e7\u00f5es que visem \u00e0 integra\u00e7\u00e3o [&hellip;]<\/p>\n","protected":false},"author":1449,"featured_media":0,"parent":30416,"menu_order":0,"comment_status":"closed","ping_status":"closed","template":"","meta":{"footnotes":""},"coauthors":[],"class_list":["post-29560","page","type-page","status-publish","hentry"],"_links":{"self":[{"href":"https:\/\/cpaq.ufms.br\/en\/wp-json\/wp\/v2\/pages\/29560","targetHints":{"allow":["GET"]}}],"collection":[{"href":"https:\/\/cpaq.ufms.br\/en\/wp-json\/wp\/v2\/pages"}],"about":[{"href":"https:\/\/cpaq.ufms.br\/en\/wp-json\/wp\/v2\/types\/page"}],"author":[{"embeddable":true,"href":"https:\/\/cpaq.ufms.br\/en\/wp-json\/wp\/v2\/users\/1449"}],"replies":[{"embeddable":true,"href":"https:\/\/cpaq.ufms.br\/en\/wp-json\/wp\/v2\/comments?post=29560"}],"version-history":[{"count":14,"href":"https:\/\/cpaq.ufms.br\/en\/wp-json\/wp\/v2\/pages\/29560\/revisions"}],"predecessor-version":[{"id":30312,"href":"https:\/\/cpaq.ufms.br\/en\/wp-json\/wp\/v2\/pages\/29560\/revisions\/30312"}],"up":[{"embeddable":true,"href":"https:\/\/cpaq.ufms.br\/en\/wp-json\/wp\/v2\/pages\/30416"}],"wp:attachment":[{"href":"https:\/\/cpaq.ufms.br\/en\/wp-json\/wp\/v2\/media?parent=29560"}],"wp:term":[{"taxonomy":"author","embeddable":true,"href":"https:\/\/cpaq.ufms.br\/en\/wp-json\/wp\/v2\/coauthors?post=29560"}],"curies":[{"name":"wp","href":"https:\/\/api.w.org\/{rel}","templated":true}]}}