{"id":28494,"date":"2021-09-02T08:34:41","date_gmt":"2021-09-02T12:34:41","guid":{"rendered":"https:\/\/cpaq.ufms.br\/?page_id=28494"},"modified":"2022-08-16T14:09:08","modified_gmt":"2022-08-16T18:09:08","slug":"portal-do-ingresso","status":"publish","type":"page","link":"https:\/\/cpaq.ufms.br\/en\/portal-do-ingresso\/","title":{"rendered":"Portal do Ingresso"},"content":{"rendered":"<h3>Formas de Ingresso<\/h3>\n<h4>Cursos do CPAQ<\/h4>\n<div class=\"panel-group\" id=\"custom-collapse-0\">\n<div class=\"panel panel-default\">\n\t\t\t\t<div class=\"panel-heading\">\n\t\t\t\t\t<h4 class=\"panel-title\">\n\t\t\t\t\t\t<a class=\"collapsed\" data-toggle=\"collapse\" data-parent=\"#custom-collapse-0\" href=\"#custom-collapse-0-0\">Apresenta\u00e7\u00e3o dos Cursos<\/a>\n\t\t\t\t\t<\/h4>\n\t\t\t\t<\/div>\n\t\t\t\t<div id=\"custom-collapse-0-0\" class=\"panel-collapse collapse\">\n\t\t\t\t\t<div class=\"panel-body\">\nPara conhecer os cursos, acesse os links a seguir e assista \u00e0s Lives de Apresenta\u00e7\u00e3o dos Cursos:<\/p>\n<p><a href=\"https:\/\/www.youtube.com\/watch?v=rrk-G7DGZ-o\">Apresenta\u00e7\u00e3o<\/a><br \/>\n(Administra\u00e7\u00e3o, Ci\u00eancias Biol\u00f3gicas, Geografia Bacharelado, Geografia Licenciatura e Hist\u00f3ria)<\/p>\n<p><a href=\"http:\/\/https:\/\/www.youtube.com\/watch?v=2uYIaoOh8u8\">Apresenta\u00e7\u00e3o<\/a><br \/>\n(Letras, Licenciatura Intercultural Ind\u00edgena, Matem\u00e1tica e Pedagogia)<br \/>\n<\/div>\n\t\t\t\t<\/div>\n\t\t\t<\/div>\n<div class=\"panel panel-default\">\n\t\t\t\t<div class=\"panel-heading\">\n\t\t\t\t\t<h4 class=\"panel-title\">\n\t\t\t\t\t\t<a class=\"collapsed\" data-toggle=\"collapse\" data-parent=\"#custom-collapse-0\" href=\"#custom-collapse-0-1\">Cursos de Bacharelado<\/a>\n\t\t\t\t\t<\/h4>\n\t\t\t\t<\/div>\n\t\t\t\t<div id=\"custom-collapse-0-1\" class=\"panel-collapse collapse\">\n\t\t\t\t\t<div class=\"panel-body\">\nAdministra\u00e7\u00e3o \u2013 per\u00edodo noturno<br \/>\nGeografia \u2013 per\u00edodos vespertino e noturno<br \/>\n<\/div>\n\t\t\t\t<\/div>\n\t\t\t<\/div>\n<div class=\"panel panel-default\">\n\t\t\t\t<div class=\"panel-heading\">\n\t\t\t\t\t<h4 class=\"panel-title\">\n\t\t\t\t\t\t<a class=\"collapsed\" data-toggle=\"collapse\" data-parent=\"#custom-collapse-0\" href=\"#custom-collapse-0-2\">Cursos de Licenciatura<\/a>\n\t\t\t\t\t<\/h4>\n\t\t\t\t<\/div>\n\t\t\t\t<div id=\"custom-collapse-0-2\" class=\"panel-collapse collapse\">\n\t\t\t\t\t<div class=\"panel-body\">\nCi\u00eancias Biol\u00f3gicas \u2013 per\u00edodo noturno<br \/>\nGeografia \u2013 per\u00edodo noturno<br \/>\nHist\u00f3ria \u2013 per\u00edodo noturno<br \/>\nLetras (Habilita\u00e7\u00e3o em Portugu\u00eas\/Ingl\u00eas ou Portugu\u00eas\/Espeanhol) \u2013 per\u00edodo noturno<br \/>\nLicenciatura Intercultural Ind\u00edgena \u2013 per\u00edodo integral: matutino e vespertino<br \/>\nMatem\u00e1tica \u2013 per\u00edodo vespertino<br \/>\nPedagogia \u2013 per\u00edodo vespertino<br \/>\n<\/div>\n\t\t\t\t<\/div>\n\t\t\t<\/div>\n<div class=\"panel panel-default\">\n\t\t\t\t<div class=\"panel-heading\">\n\t\t\t\t\t<h4 class=\"panel-title\">\n\t\t\t\t\t\t<a class=\"collapsed\" data-toggle=\"collapse\" data-parent=\"#custom-collapse-0\" href=\"#custom-collapse-0-3\">Cursos de P\u00f3s-Gradua\u00e7\u00e3o<\/a>\n\t\t\t\t\t<\/h4>\n\t\t\t\t<\/div>\n\t\t\t\t<div id=\"custom-collapse-0-3\" class=\"panel-collapse collapse\">\n\t\t\t\t\t<div class=\"panel-body\">\nP\u00f3s-Gradua\u00e7\u00e3o Lato Sensu em Gest\u00e3o de Organiza\u00e7\u00f5es P\u00fablicas e Privadas na Contemporaneidade<br \/>\nMestrado em Geografia<br \/>\nMestrado em Estudos Culturais<br \/>\n<\/div>\n\t\t\t\t<\/div>\n\t\t\t<\/div>\n<h3>Vestibular<\/h3>\n<div class=\"panel-group\" id=\"custom-collapse-1\"><\/div>\n<div class=\"panel panel-default\">\n\t\t\t\t<div class=\"panel-heading\">\n\t\t\t\t\t<h4 class=\"panel-title\">\n\t\t\t\t\t\t<a class=\"collapsed\" data-toggle=\"collapse\" data-parent=\"#custom-collapse-1\" href=\"#custom-collapse-1-4\">Quem pode fazer o Vestibular UFMS?<\/a>\n\t\t\t\t\t<\/h4>\n\t\t\t\t<\/div>\n\t\t\t\t<div id=\"custom-collapse-1-4\" class=\"panel-collapse collapse\">\n\t\t\t\t\t<div class=\"panel-body\">\n<p>O Processo Seletivo Vestibular da UFMS (PSV-UFMS) destina-se aos candidatos que conclu\u00edram o Ensino M\u00e9dio ou equivalente ou est\u00e3o em vias de conclu\u00ed-lo at\u00e9 o per\u00edodo previsto para ocorrerem as matr\u00edculas.<\/p>\n<\/div>\n\t\t\t\t<\/div>\n\t\t\t<\/div>\n<div class=\"panel panel-default\">\n\t\t\t\t<div class=\"panel-heading\">\n\t\t\t\t\t<h4 class=\"panel-title\">\n\t\t\t\t\t\t<a class=\"collapsed\" data-toggle=\"collapse\" data-parent=\"#custom-collapse-1\" href=\"#custom-collapse-1-5\">Como Funciona o Vestibular UFMS?<\/a>\n\t\t\t\t\t<\/h4>\n\t\t\t\t<\/div>\n\t\t\t\t<div id=\"custom-collapse-1-5\" class=\"panel-collapse collapse\">\n\t\t\t\t\t<div class=\"panel-body\">\n<p>A UFMS torna p\u00fablico o Edital de Abertura de Inscri\u00e7\u00f5es, na p\u00e1gina da UFMS- Portal do Ingresso, para o PROCESSO SELETIVO VESTIBULAR, com as regras, cronograma e o n\u00famero de vagas ofertadas para cada curso.<\/p>\n<p>Os interessados realizam a inscri\u00e7\u00e3o escolhendo as op\u00e7\u00f5es desejadas: concorrente a curso de gradua\u00e7\u00e3o (ampla concorr\u00eancia ou vagas reservadas de acordo com o Sistema de Cotas), al\u00e9m do curso desejado e do munic\u00edpio onde quer realizar a prova.<\/p>\n<p>Conforme o edital, sair\u00e1 a rela\u00e7\u00e3o de inscri\u00e7\u00f5es realizadas. Os candidatos dever\u00e3o comparecer para a realiza\u00e7\u00e3o da prova em local, data e hor\u00e1rio estabelecidos em edital.<\/p>\n<p>O resultado preliminar ser\u00e1 publicado e ter\u00e1 um per\u00edodo para poss\u00edveis recursos.<\/p>\n<p>Ser\u00e1 publicado o resultado final, sendo que as notas finais ser\u00e3o calculadas atrav\u00e9s de f\u00f3rmula especificada no edital de abertura do processo seletivo.<\/p>\n<p>Ser\u00e3o publicadas as notas finais obtidas e as listas de classifica\u00e7\u00e3o dos candidatos por curso.<\/p>\n<p>Ser\u00e1 realizada a chamada regular (1\u00ba chamada), na qual os candidatos aprovados dentro do n\u00famero de vagas de cada curso s\u00e3o convocados para a matr\u00edcula.<\/p>\n<p>ATEN\u00c7\u00c3O: Os interessados convocados dever\u00e3o realiza matr\u00edcula dentro do prazo estipulado;<\/p>\n<p>As vagas que n\u00e3o forem preenchidas na chamada regular poder\u00e3o ser preenchidas com novas chamadas a partir das listas de classifica\u00e7\u00e3o do vestibular.<\/p>\n<p>ATEN\u00c7\u00c3O: Os interessados dever\u00e3o acompanhar as publica\u00e7\u00f5es das listas de chamadas no site da UFMS.<\/p>\n<p><strong>Como foram as provas do Vestibular aplicadas nas edi\u00e7\u00f5es anteriores?<\/strong><\/p>\n<ul>\n<li><a href=\"https:\/\/ingresso.ufms.br\/files\/2019\/04\/prova_vestibular_ufms_2019.pdf\">https:\/\/ingresso.ufms.br\/files\/2019\/04\/prova_vestibular_ufms_2019.pdf<\/a><\/li>\n<li><a href=\"https:\/\/ingresso.ufms.br\/files\/2018\/08\/prova_vestibular_ufms_2018.pdf\">https:\/\/ingresso.ufms.br\/files\/2018\/08\/prova_vestibular_ufms_2018.pdf<\/a><\/li>\n<\/ul>\n<\/div>\n\t\t\t\t<\/div>\n\t\t\t<\/div>\n<div class=\"panel panel-default\">\n\t\t\t\t<div class=\"panel-heading\">\n\t\t\t\t\t<h4 class=\"panel-title\">\n\t\t\t\t\t\t<a class=\"collapsed\" data-toggle=\"collapse\" data-parent=\"#custom-collapse-1\" href=\"#custom-collapse-1-6\">Quais foram as notas de corte nos cursos UFMS- Aquidauana nas edi\u00e7\u00f5es anteriores do VESTIBULAR?<\/a>\n\t\t\t\t\t<\/h4>\n\t\t\t\t<\/div>\n\t\t\t\t<div id=\"custom-collapse-1-6\" class=\"panel-collapse collapse\">\n\t\t\t\t\t<div class=\"panel-body\">\n<a href=\"https:\/\/cpaq.ufms.br\/files\/2021\/09\/Notas-de-corte-vestibular-20.pdf\" class=\"pdfemb-viewer\" style=\"\" data-width=\"max\" data-height=\"max\" data-toolbar=\"bottom\" data-toolbar-fixed=\"off\">Notas de corte vestibular 20<\/a>\n<\/div>\n\t\t\t\t<\/div>\n\t\t\t<\/div>\n<div class=\"panel panel-default\">\n\t\t\t\t<div class=\"panel-heading\">\n\t\t\t\t\t<h4 class=\"panel-title\">\n\t\t\t\t\t\t<a class=\"collapsed\" data-toggle=\"collapse\" data-parent=\"#custom-collapse-1\" href=\"#custom-collapse-1-7\">Como posso me informar mais sobre o Sistema de Cotas da UFMS?<\/a>\n\t\t\t\t\t<\/h4>\n\t\t\t\t<\/div>\n\t\t\t\t<div id=\"custom-collapse-1-7\" class=\"panel-collapse collapse\">\n\t\t\t\t\t<div class=\"panel-body\">\n<p>Os participantes do\u00a0Vestibular UFMS\u00a0podem concorrer por meio das seguintes modalidades:<\/p>\n<ul>\n<li>L1\u2013 Candidatos com renda familiar bruta per capita igual ou inferior a 1,5 sal\u00e1rio m\u00ednimo que tenham cursado integralmente o ensino m\u00e9dio em escolas p\u00fablicas (Lei n\u00ba 12.711\/2012);<\/li>\n<li>L2\u2013 Candidatos autodeclarados pretos, pardos ou ind\u00edgenas, com renda familiar bruta per capita igual ou inferior a 1,5 sal\u00e1rio m\u00ednimo e que tenham cursado integralmente o ensino m\u00e9dio em escolas p\u00fablicas (Lei n\u00ba 12.711\/2012);<\/li>\n<li>L5\u2013 Candidatos que, independentemente da renda (art. 14, II, Portaria Normativa n\u00ba 18\/2012), tenham cursado integralmente o ensino m\u00e9dio em escolas p\u00fablicas (Lei n\u00ba 12.711\/2012);<\/li>\n<li>L6\u2013 Candidatos autodeclarados pretos, pardos ou ind\u00edgenas que, independentemente da renda (art. 14, II, Portaria Normativa n\u00ba 18\/2012), tenham cursado integralmente o ensino m\u00e9dio em escolas p\u00fablicas (Lei n\u00ba 12.711\/2012);<\/li>\n<li>L9\u2013 Candidatos com defici\u00eancia que tenham renda familiar bruta per capita igual ou inferior a 1,5 sal\u00e1rio m\u00ednimo e que tenham cursado integralmente o ensino m\u00e9dio em escolas p\u00fablicas (Lei n\u00ba 12.711\/2012);<\/li>\n<li>L10\u2013 Candidatos com defici\u00eancia autodeclarados pretos, pardos ou ind\u00edgenas, que tenham renda familiar bruta per capita igual ou inferior a 1,5 sal\u00e1rio m\u00ednimo e que tenham cursado integralmente o ensino m\u00e9dio em escolas p\u00fablicas (Lei n\u00ba 12.711\/2012);<\/li>\n<li>L13\u2013 Candidatos com defici\u00eancia que, independentemente da renda (art. 14, II, Portaria Normativa n\u00ba 18\/2012), tenham cursado integralmente o ensino m\u00e9dio em escolas p\u00fablicas (Lei n\u00ba 12.711\/2012);<\/li>\n<li>L14\u2013 Candidatos com defici\u00eancia autodeclarados pretos, pardos ou ind\u00edgenas que, independentemente da renda (art. 14, II, Portaria Normativa n\u00ba 18\/2012), tenham cursado integralmente o ensino m\u00e9dio em escolas p\u00fablicas (Lei n\u00ba 12.711\/2012).<\/li>\n<\/ul>\n<\/div>\n\t\t\t\t<\/div>\n\t\t\t<\/div>\n<\/div>\n<h3>Passe<\/h3>\n<div class=\"panel-group\" id=\"custom-collapse-2\">\n<div class=\"panel panel-default\">\n\t\t\t\t<div class=\"panel-heading\">\n\t\t\t\t\t<h4 class=\"panel-title\">\n\t\t\t\t\t\t<a class=\"collapsed\" data-toggle=\"collapse\" data-parent=\"#custom-collapse-2\" href=\"#custom-collapse-2-8\">Quem pode fazer o PASSE?<\/a>\n\t\t\t\t\t<\/h4>\n\t\t\t\t<\/div>\n\t\t\t\t<div id=\"custom-collapse-2-8\" class=\"panel-collapse collapse\">\n\t\t\t\t\t<div class=\"panel-body\">\n<p>O PASSE \u00e9 destinado a alunos matriculados no Ensino M\u00e9dio que ao longo dos 3 anos realizam 3 etapas do Processo de Avalia\u00e7\u00e3o Seriada Seletiva (PASSE):<\/p>\n<p><strong>1\u00aa Etapa<\/strong><br \/>\nEstudantes concluintes do 1\u00ba ano do Ensino M\u00e9dio Regular ou do 2\u00ba ano do Ensino M\u00e9dio T\u00e9cnico com dura\u00e7\u00e3o de 4 anos;<\/p>\n<p><strong>2\u00aa Etapa<\/strong><br \/>\nEstudantes concluintes do 2\u00ba ano do Ensino M\u00e9dio Regular ou do 3\u00ba ano do Ensino M\u00e9dio T\u00e9cnico com dura\u00e7\u00e3o de 4 anos;<br \/>\n<strong>\u00a03\u00aa Etapa<\/strong><br \/>\nEstudantes concluintes do 3\u00ba ano do Ensino M\u00e9dio Regular ou do 4\u00ba ano do Ensino M\u00e9dio T\u00e9cnico com dura\u00e7\u00e3o de 4 anos.<\/p>\n<\/div>\n\t\t\t\t<\/div>\n\t\t\t<\/div>\n<div class=\"panel panel-default\">\n\t\t\t\t<div class=\"panel-heading\">\n\t\t\t\t\t<h4 class=\"panel-title\">\n\t\t\t\t\t\t<a class=\"collapsed\" data-toggle=\"collapse\" data-parent=\"#custom-collapse-2\" href=\"#custom-collapse-2-9\">Como funciona o PASSE?<\/a>\n\t\t\t\t\t<\/h4>\n\t\t\t\t<\/div>\n\t\t\t\t<div id=\"custom-collapse-2-9\" class=\"panel-collapse collapse\">\n\t\t\t\t\t<div class=\"panel-body\">\n<p>O PASSE (Programa de Avalia\u00e7\u00e3o Seriada Seletiva da UFMS) \u00e9 uma forma de ingresso na UFMS que, em vez de medir o aprendizado dos candidatos em uma \u00fanica prova, medir\u00e1 o aprendizado ao fim de cada ano do Ensino M\u00e9dio.<\/p>\n<p>O candidato deve prestar as etapas do PASSE dentro do tri\u00eanio em que iniciou. Por exemplo, caso o candidato ingresse no PASSE UFMS 2021-2023, ele prestar\u00e1 a primeira etapa em 2021 e dever\u00e1 participar da 2\u00ba etapa em 2022 e da 3\u00ba etapa em 2023 para concorrer \u00e0s vagas do curso desejado.<\/p>\n<p><strong>ATEN\u00c7\u00c3O:<\/strong> Os estudantes que n\u00e3o realizarem a 1\u00aa Etapa poder\u00e3o fazer a inscri\u00e7\u00e3o a partir da 2\u00aa Etapa. Por\u00e9m, receber\u00e3o nota 0 (zero) no escore da 1\u00aa Etapa.<\/p>\n<p><strong>ATEN\u00c7\u00c3O:<\/strong> Caso o estudante n\u00e3o realize uma das etapas, ser\u00e1 atribu\u00edda nota 0 (zero) \u00e0 etapa perdida.<\/p>\n<p>Em todas as etapas do tri\u00eanio ser\u00e1 aberto um edital e os candidatos dever\u00e3o seguir as seguintes etapas:<\/p>\n<p><strong>Etapa 1 <\/strong><\/p>\n<ul>\n<li>O candidato dever\u00e1 realizar a inscri\u00e7\u00e3o fornecendo os dados e documentos solicitados;<\/li>\n<li>Realizar a prova na data definida conforme o cronograma do processo;<\/li>\n<li>Aguardar a publica\u00e7\u00e3o das notas obtidas pelos candidatos nessa etapa.<\/li>\n<\/ul>\n<p><strong>Etapa 2 <\/strong><\/p>\n<ul>\n<li>O candidato dever\u00e1 realizar a inscri\u00e7\u00e3o fornecendo os dados e documentos solicitados;<\/li>\n<li>Realizar a prova na data definida conforme o cronograma do processo;<\/li>\n<li>Aguardar a publica\u00e7\u00e3o das notas obtidas pelos candidatos nessa etapa.<\/li>\n<\/ul>\n<p><strong>Etapa 3<\/strong><\/p>\n<ul>\n<li>O candidato dever\u00e1 realizar a inscri\u00e7\u00e3o fornecendo os dados e documentos solicitados. Nessa etapa, o candidato dever\u00e1 selecionar o curso para o qual deseja concorrer;<\/li>\n<li>Realizar a prova na data definida conforme o cronograma do processo;<\/li>\n<li>Aguardar a publica\u00e7\u00e3o das notas obtidas pelos candidatos nessa etapa, al\u00e9m das listas de classifica\u00e7\u00e3o, por curso, que ser\u00e3o publicadas;<\/li>\n<li>\u00c9 realizada a chamada regular para a matr\u00edcula nos cursos;<\/li>\n<li>Candidatos da lista de espera podem ser convocados em chamadas adicionais, respeitando, rigorosamente, a ordem de classifica\u00e7\u00e3o e distribui\u00e7\u00e3o das vagas entre ampla concorr\u00eancia e vagas reservadas.\u00a0\u00c0 UFMS reserva-se o direito de realizar quantas chamadas julgar necess\u00e1rio.<\/li>\n<\/ul>\n<\/div>\n\t\t\t\t<\/div>\n\t\t\t<\/div>\n<div class=\"panel panel-default\">\n\t\t\t\t<div class=\"panel-heading\">\n\t\t\t\t\t<h4 class=\"panel-title\">\n\t\t\t\t\t\t<a class=\"collapsed\" data-toggle=\"collapse\" data-parent=\"#custom-collapse-2\" href=\"#custom-collapse-2-10\">Como me inscrevo no PASSE?<\/a>\n\t\t\t\t\t<\/h4>\n\t\t\t\t<\/div>\n\t\t\t\t<div id=\"custom-collapse-2-10\" class=\"panel-collapse collapse\">\n\t\t\t\t\t<div class=\"panel-body\">\n<p>Por meio do preenchimento dos dados pessoais b\u00e1sicos (RG, CPF, filia\u00e7\u00e3o, endere\u00e7o, formas de contato, entre outros), exigidos na ficha de inscri\u00e7\u00e3o para a respectiva etapa.<\/p>\n<p>* Deve ser observado que o candidato dever\u00e1, obrigatoriamente, ter condi\u00e7\u00f5es de apresentar o Certificado de Conclus\u00e3o do Ensino M\u00e9dio, no ato da matr\u00edcula, caso seja aprovado e convocado ap\u00f3s ter realizado a 3\u00aa Etapa do PASSE.<\/p>\n<\/div>\n\t\t\t\t<\/div>\n\t\t\t<\/div>\n<div class=\"panel panel-default\">\n\t\t\t\t<div class=\"panel-heading\">\n\t\t\t\t\t<h4 class=\"panel-title\">\n\t\t\t\t\t\t<a class=\"collapsed\" data-toggle=\"collapse\" data-parent=\"#custom-collapse-2\" href=\"#custom-collapse-2-11\">Como fa\u00e7o para ver as provas do PASSE das edi\u00e7\u00f5es anteriores?<\/a>\n\t\t\t\t\t<\/h4>\n\t\t\t\t<\/div>\n\t\t\t\t<div id=\"custom-collapse-2-11\" class=\"panel-collapse collapse\">\n\t\t\t\t\t<div class=\"panel-body\">\n<p>O Tri\u00eanio 2017-2019 est\u00e1 dispon\u00edvel em:<\/p>\n<p><a href=\"https:\/\/ingresso.ufms.br\/files\/2018\/08\/prova_passe_2017-2019-etapa-1.pdf\">https:\/\/ingresso.ufms.br\/files\/2018\/08\/prova_passe_2017-2019-etapa-1.pdf<\/a><\/p>\n<p><a href=\"https:\/\/ingresso.ufms.br\/files\/2019\/04\/prova_passe_2017-2019-etapa-2.pdf\">https:\/\/ingresso.ufms.br\/files\/2019\/04\/prova_passe_2017-2019-etapa-2.pdf<\/a><\/p>\n<p>As provas do Tri\u00eanio 2018-2020 podem ser encontradas em:<\/p>\n<p><a href=\"https:\/\/ingresso.ufms.br\/files\/2019\/04\/prova_passe_2018-2020-etapa-1.pdf\">https:\/\/ingresso.ufms.br\/files\/2019\/04\/prova_passe_2018-2020-etapa-1.pdf<\/a><\/p>\n<\/div>\n\t\t\t\t<\/div>\n\t\t\t<\/div>\n<div class=\"panel panel-default\">\n\t\t\t\t<div class=\"panel-heading\">\n\t\t\t\t\t<h4 class=\"panel-title\">\n\t\t\t\t\t\t<a class=\"collapsed\" data-toggle=\"collapse\" data-parent=\"#custom-collapse-2\" href=\"#custom-collapse-2-12\">Quais foram as notas de corte nos cursos da UFMS, Campus de Aquidauana, nas edi\u00e7\u00f5es anteriores do PASSE?<\/a>\n\t\t\t\t\t<\/h4>\n\t\t\t\t<\/div>\n\t\t\t\t<div id=\"custom-collapse-2-12\" class=\"panel-collapse collapse\">\n\t\t\t\t\t<div class=\"panel-body\">\n<p><strong>ATEN\u00c7\u00c3O:<\/strong> as cotas com nota zero podem ter ocorrido por dois motivos: n\u00e3o havia vaga ou n\u00e3o houve candidatos inscritos.<\/p>\n<p>PASSE TRI\u00caNIO 2018-2020<\/p>\n<table class=\" aligncenter\" style=\"width: 100%;border-style: solid;background-color: #c9d9f0;border-color: #1c0580\" width=\"100%\">\n<tbody>\n<tr>\n<td width=\"234\"><b>CURSO<\/b><\/td>\n<td width=\"207\"><b>AC<\/b><\/td>\n<td width=\"134\"><b>L1<\/b><\/td>\n<td width=\"116\"><b>L2<\/b><\/td>\n<td width=\"105\"><b>L5<\/b><\/td>\n<td width=\"100\"><b>L6<\/b><\/td>\n<td width=\"105\"><b>L10<\/b><\/td>\n<td width=\"107\"><b>L14<\/b><\/td>\n<\/tr>\n<tr>\n<td width=\"234\">GEOGRAFIA licenciatura<\/td>\n<td width=\"207\">595,48<\/td>\n<td width=\"134\">0<\/td>\n<td width=\"116\">0<\/td>\n<td width=\"105\">0<\/td>\n<td width=\"100\">0<\/td>\n<td width=\"105\">0<\/td>\n<td width=\"107\">0<\/td>\n<\/tr>\n<tr>\n<td width=\"234\">CI\u00caNCIAS BIOL\u00d3GICAS (licenciatura)<\/td>\n<td width=\"207\">488,82<\/td>\n<td width=\"134\">0<\/td>\n<td width=\"116\">0<\/td>\n<td width=\"105\">0<\/td>\n<td width=\"100\">0<\/td>\n<td width=\"105\">0<\/td>\n<td width=\"107\">0<\/td>\n<\/tr>\n<\/tbody>\n<\/table>\n<\/div>\n\t\t\t\t<\/div>\n\t\t\t<\/div>\n<\/div>\n<h3>SISU<\/h3>\n<div class=\"panel-group\" id=\"custom-collapse-3\">\n<div class=\"panel panel-default\">\n\t\t\t\t<div class=\"panel-heading\">\n\t\t\t\t\t<h4 class=\"panel-title\">\n\t\t\t\t\t\t<a class=\"collapsed\" data-toggle=\"collapse\" data-parent=\"#custom-collapse-3\" href=\"#custom-collapse-3-13\">O que \u00e9 o Sisu?<\/a>\n\t\t\t\t\t<\/h4>\n\t\t\t\t<\/div>\n\t\t\t\t<div id=\"custom-collapse-3-13\" class=\"panel-collapse collapse\">\n\t\t\t\t\t<div class=\"panel-body\">\n<p>O Sisu \u00e9 o sistema informatizado do Minist\u00e9rio da Educa\u00e7\u00e3o por meio do qual institui\u00e7\u00f5es p\u00fablicas de Ensino Superior oferecem vagas a candidatos participantes do Enem. Pode participar do Sisu qualquer pessoa com Ensino M\u00e9dio completo que tenha prestado a \u00faltima edi\u00e7\u00e3o do Exame Nacional do Ensino M\u00e9dio (Enem).<\/p>\n<\/div>\n\t\t\t\t<\/div>\n\t\t\t<\/div>\n<div class=\"panel panel-default\">\n\t\t\t\t<div class=\"panel-heading\">\n\t\t\t\t\t<h4 class=\"panel-title\">\n\t\t\t\t\t\t<a class=\"collapsed\" data-toggle=\"collapse\" data-parent=\"#custom-collapse-3\" href=\"#custom-collapse-3-14\">Quais as notas de corte para o Sisu no Campus de Aquidauana?<\/a>\n\t\t\t\t\t<\/h4>\n\t\t\t\t<\/div>\n\t\t\t\t<div id=\"custom-collapse-3-14\" class=\"panel-collapse collapse\">\n\t\t\t\t\t<div class=\"panel-body\">\n<a href=\"https:\/\/cpaq.ufms.br\/files\/2021\/09\/sisu2020_notas_minima.pdf\" class=\"pdfemb-viewer\" style=\"\" data-width=\"max\" data-height=\"max\" data-toolbar=\"bottom\" data-toolbar-fixed=\"off\">sisu2020_notas_minima<\/a>\n<\/div>\n\t\t\t\t<\/div>\n\t\t\t<\/div>\n<div class=\"panel panel-default\">\n\t\t\t\t<div class=\"panel-heading\">\n\t\t\t\t\t<h4 class=\"panel-title\">\n\t\t\t\t\t\t<a class=\"collapsed\" data-toggle=\"collapse\" data-parent=\"#custom-collapse-3\" href=\"#custom-collapse-3-15\">Posso usar o Sisu para entrar em algum curso do Campus de Aquidauana?<\/a>\n\t\t\t\t\t<\/h4>\n\t\t\t\t<\/div>\n\t\t\t\t<div id=\"custom-collapse-3-15\" class=\"panel-collapse collapse\">\n\t\t\t\t\t<div class=\"panel-body\">\n<p>Sem d\u00favidas!\u00a0 Os candidatos que prestaram a \u00faltima edi\u00e7\u00e3o do Enem se inscrevem gratuitamente no Sisu por meio da Internet. A partir das notas obtidas no ENEM, \u00e9 calculada, pelo pr\u00f3prio Sisu, a m\u00e9dia com a qual o candidato concorrer\u00e1 aos cursos escolhidos.<\/p>\n<ol>\n<li>Os candidatos escolhem os cursos para os quais desejam, com suas m\u00e9dias, concorrer \u00e0s vagas ofertadas. \u00c9 necess\u00e1rio indicar tamb\u00e9m se desejam concorrer \u00e0s vagas destinadas \u00e0 ampla concorr\u00eancia ou \u00e0s vagas destinadas ao Sistema de Cotas, conforme descrito na Lei 12.711\/12;<\/li>\n<li>\u00c9 realizada a chamada regular, em que os candidatos classificados dentro do n\u00famero de vagas de cada modalidade de concorr\u00eancia s\u00e3o convocados para realizarem suas matr\u00edculas;<\/li>\n<li>Os candidatos convocados realizam suas matr\u00edculas nas Secretarias Acad\u00eamicas dos cursos para os quais foram convocados, enquanto os candidatos n\u00e3o convocados na chamada regular podem manifestar interesse em entrar na Lista de Espera do Sisu por meio do mesmo site em que a inscri\u00e7\u00e3o foi realizada. Os candidatos somente podem concorrer a vagas da Lista de Espera para o curso que foi escolhido como primeira op\u00e7\u00e3o;<\/li>\n<li>\u00c9 realizada a 2\u00aa chamada, na qual s\u00e3o convocados candidatos da Lista de Espera do Sisu, divulgada pelo MEC, respeitando, rigorosamente, a ordem das listas de classifica\u00e7\u00e3o. Somente haver\u00e1 2\u00aa chamada para os cursos em que sobrarem vagas ap\u00f3s a 1\u00aa chamada (Chamada Regular);<\/li>\n<li>O candidato que n\u00e3o for convocado na chamada da Lista de Espera do Sisu (2\u00aa chamada) dever\u00e1 se inscrever, impreterivelmente, na Lista de Espera da UFMS, conforme as instru\u00e7\u00f5es contidas nos editais a serem publicados em\u00a0<a href=\"https:\/\/ingresso.ufms.br\/processo\/sisu\/\">https:\/\/ingresso.ufms.br\/processo\/<\/a><a href=\"https:\/\/ingresso.ufms.br\/processo\/sisu\/\">sisu<\/a><a href=\"https:\/\/ingresso.ufms.br\/processo\/sisu\/\">\/<\/a>, para ter chance de ser convocado na 3\u00aa chamada e chamadas posteriores.<\/li>\n<\/ol>\n<\/div>\n\t\t\t\t<\/div>\n\t\t\t<\/div>\n<div class=\"panel panel-default\">\n\t\t\t\t<div class=\"panel-heading\">\n\t\t\t\t\t<h4 class=\"panel-title\">\n\t\t\t\t\t\t<a class=\"collapsed\" data-toggle=\"collapse\" data-parent=\"#custom-collapse-3\" href=\"#custom-collapse-3-16\">Como s\u00e3o organizadas as convoca\u00e7\u00f5es?<\/a>\n\t\t\t\t\t<\/h4>\n\t\t\t\t<\/div>\n\t\t\t\t<div id=\"custom-collapse-3-16\" class=\"panel-collapse collapse\">\n\t\t\t\t\t<div class=\"panel-body\">\n<p>Funciona assim:<\/p>\n<ul>\n<li>O Sisu realiza uma chamada regular (1\u00aa Chamada). Os candidatos que tiverem interesse em continuar concorrendo a vagas podem optar por se inscrever na Lista de Espera do Sisu;<\/li>\n<li>Para a Lista de Espera do Sisu tamb\u00e9m \u00e9 realizada uma \u00fanica chamada (2\u00aa Chamada);<\/li>\n<li>Realizada a chamada da Lista de Espera do Sisu, o candidato que deseja continuar concorrendo a vagas deve se inscrever na Lista de Espera da UFMS para ter chance de ser convocado na 3\u00aa chamada e posteriores;<\/li>\n<li>A inscri\u00e7\u00e3o na Lista de Espera da UFMS deve ser realizada conforme as instru\u00e7\u00f5es contidas nos editais a serem publicados em\u00a0<a href=\"https:\/\/ingresso.ufms.br\/processo\/sisu\/\">https:\/\/ingresso.ufms.br\/processo\/<\/a><a href=\"https:\/\/ingresso.ufms.br\/processo\/sisu\/\">sisu<\/a><a href=\"https:\/\/ingresso.ufms.br\/processo\/sisu\/\">\/<\/a>.<\/li>\n<\/ul>\n<\/div>\n\t\t\t\t<\/div>\n\t\t\t<\/div>\n<div class=\"panel panel-default\">\n\t\t\t\t<div class=\"panel-heading\">\n\t\t\t\t\t<h4 class=\"panel-title\">\n\t\t\t\t\t\t<a class=\"collapsed\" data-toggle=\"collapse\" data-parent=\"#custom-collapse-3\" href=\"#custom-collapse-3-17\">Como saberei se fui chamado pelo Sisu?<\/a>\n\t\t\t\t\t<\/h4>\n\t\t\t\t<\/div>\n\t\t\t\t<div id=\"custom-collapse-3-17\" class=\"panel-collapse collapse\">\n\t\t\t\t\t<div class=\"panel-body\">\n<ul>\n<li>Os candidatos s\u00e3o convocados por meio de Editais de Convoca\u00e7\u00e3o que s\u00e3o publicados no portal <strong>ufms.br<\/strong>, onde s\u00e3o apresentadas as classifica\u00e7\u00f5es e datas de matr\u00edcula para os cursos ofertados. Tais editais tamb\u00e9m relacionam as datas para comparecimento \u00e0s Bancas de Verifica\u00e7\u00e3o da Veracidade da Autodeclara\u00e7\u00e3o;<\/li>\n<li>\u00c9 de <strong>responsabilidade exclusiva do candidato<\/strong> acompanhar a publica\u00e7\u00e3o dos editais. A n\u00e3o apresenta\u00e7\u00e3o de documentos obrigat\u00f3rios ou o n\u00e3o comparecimento \u00e0s Bancas de Avalia\u00e7\u00e3o acarretar\u00e3o a perda da vaga.<\/li>\n<\/ul>\n<\/div>\n\t\t\t\t<\/div>\n\t\t\t<\/div>\n<\/div>\n<p><strong>PERGUNTAS FREQUENTES<\/strong><\/p>\n<div class=\"panel-group\" id=\"custom-collapse-4\">\n<div class=\"panel panel-default\">\n\t\t\t\t<div class=\"panel-heading\">\n\t\t\t\t\t<h4 class=\"panel-title\">\n\t\t\t\t\t\t<a class=\"collapsed\" data-toggle=\"collapse\" data-parent=\"#custom-collapse-4\" href=\"#custom-collapse-4-18\">Posso fazer o Vestibular, o PASSE e o Sisu?<\/a>\n\t\t\t\t\t<\/h4>\n\t\t\t\t<\/div>\n\t\t\t\t<div id=\"custom-collapse-4-18\" class=\"panel-collapse collapse\">\n\t\t\t\t\t<div class=\"panel-body\">\n<p>Sim, voc\u00ea pode! Geralmente, as datas das provas s\u00e3o em dias diferentes.<\/p>\n<\/div>\n\t\t\t\t<\/div>\n\t\t\t<\/div>\n<div class=\"panel panel-default\">\n\t\t\t\t<div class=\"panel-heading\">\n\t\t\t\t\t<h4 class=\"panel-title\">\n\t\t\t\t\t\t<a class=\"collapsed\" data-toggle=\"collapse\" data-parent=\"#custom-collapse-4\" href=\"#custom-collapse-4-19\">H\u00e1 algum tipo de mensalidade?<\/a>\n\t\t\t\t\t<\/h4>\n\t\t\t\t<\/div>\n\t\t\t\t<div id=\"custom-collapse-4-19\" class=\"panel-collapse collapse\">\n\t\t\t\t\t<div class=\"panel-body\">\n<p>N\u00e3o. A UFMS \u00e9 uma Institui\u00e7\u00e3o Federal de Ensino Superior p\u00fablica e gratuita.<\/p>\n<\/div>\n\t\t\t\t<\/div>\n\t\t\t<\/div>\n<div class=\"panel panel-default\">\n\t\t\t\t<div class=\"panel-heading\">\n\t\t\t\t\t<h4 class=\"panel-title\">\n\t\t\t\t\t\t<a class=\"collapsed\" data-toggle=\"collapse\" data-parent=\"#custom-collapse-4\" href=\"#custom-collapse-4-20\">Existem aux\u00edlios socioecon\u00f4micos para os alunos?<\/a>\n\t\t\t\t\t<\/h4>\n\t\t\t\t<\/div>\n\t\t\t\t<div id=\"custom-collapse-4-20\" class=\"panel-collapse collapse\">\n\t\t\t\t\t<div class=\"panel-body\">\n<p>Sim. Existem diversas bolsas de apoio financeiro aos Alunos de Gradua\u00e7\u00e3o que comprovem situa\u00e7\u00e3o de vulnerabilidade socioecon\u00f4mica.<\/p>\n<p>Acesse <a href=\"https:\/\/www.ufms.br\/aluno\/bolsas-de-estudo\/\">https:\/\/www.ufms.br\/aluno\/bolsas-de-estudo\/<\/a><\/p>\n<\/div>\n\t\t\t\t<\/div>\n\t\t\t<\/div>\n<div class=\"panel panel-default\">\n\t\t\t\t<div class=\"panel-heading\">\n\t\t\t\t\t<h4 class=\"panel-title\">\n\t\t\t\t\t\t<a class=\"collapsed\" data-toggle=\"collapse\" data-parent=\"#custom-collapse-4\" href=\"#custom-collapse-4-21\"><strong>Como funciona a UFMS?<\/strong><\/a>\n\t\t\t\t\t<\/h4>\n\t\t\t\t<\/div>\n\t\t\t\t<div id=\"custom-collapse-4-21\" class=\"panel-collapse collapse\">\n\t\t\t\t\t<div class=\"panel-body\">\n<p>Acesse o nosso Guia do Estudante e conhe\u00e7a um pouco mais sobre a UFMS, seus\u00a0 \u00a0 \u00a0 \u00a0cursos e outras informa\u00e7\u00f5es essenciais para o estudante:\u00a0<a href=\"https:\/\/www.ufms.br\/wp-content\/uploads\/2021\/07\/Guia-do-Estudante.pdf\">Veja aqui o Guia do estudante<\/a><\/p>\n<\/div>\n\t\t\t\t<\/div>\n\t\t\t<\/div>\n<div class=\"panel panel-default\">\n\t\t\t\t<div class=\"panel-heading\">\n\t\t\t\t\t<h4 class=\"panel-title\">\n\t\t\t\t\t\t<a class=\"collapsed\" data-toggle=\"collapse\" data-parent=\"#custom-collapse-4\" href=\"#custom-collapse-4-22\">Tem alguma d\u00favida que n\u00e3o est\u00e1 em nossa lista?<\/a>\n\t\t\t\t\t<\/h4>\n\t\t\t\t<\/div>\n\t\t\t\t<div id=\"custom-collapse-4-22\" class=\"panel-collapse collapse\">\n\t\t\t\t\t<div class=\"panel-body\">\nPreencha o formul\u00e1rio abaixo:<\/p>\n<script type=\"text\/javascript\">\n\/* <![CDATA[ *\/\nvar gform;gform||(document.addEventListener(\"gform_main_scripts_loaded\",function(){gform.scriptsLoaded=!0}),document.addEventListener(\"gform\/theme\/scripts_loaded\",function(){gform.themeScriptsLoaded=!0}),window.addEventListener(\"DOMContentLoaded\",function(){gform.domLoaded=!0}),gform={domLoaded:!1,scriptsLoaded:!1,themeScriptsLoaded:!1,isFormEditor:()=>\"function\"==typeof InitializeEditor,callIfLoaded:function(o){return!(!gform.domLoaded||!gform.scriptsLoaded||!gform.themeScriptsLoaded&&!gform.isFormEditor()||(gform.isFormEditor()&&console.warn(\"The use of gform.initializeOnLoaded() is deprecated in the form editor context and will be removed in Gravity Forms 3.1.\"),o(),0))},initializeOnLoaded:function(o){gform.callIfLoaded(o)||(document.addEventListener(\"gform_main_scripts_loaded\",()=>{gform.scriptsLoaded=!0,gform.callIfLoaded(o)}),document.addEventListener(\"gform\/theme\/scripts_loaded\",()=>{gform.themeScriptsLoaded=!0,gform.callIfLoaded(o)}),window.addEventListener(\"DOMContentLoaded\",()=>{gform.domLoaded=!0,gform.callIfLoaded(o)}))},hooks:{action:{},filter:{}},addAction:function(o,r,e,t){gform.addHook(\"action\",o,r,e,t)},addFilter:function(o,r,e,t){gform.addHook(\"filter\",o,r,e,t)},doAction:function(o){gform.doHook(\"action\",o,arguments)},applyFilters:function(o){return gform.doHook(\"filter\",o,arguments)},removeAction:function(o,r){gform.removeHook(\"action\",o,r)},removeFilter:function(o,r,e){gform.removeHook(\"filter\",o,r,e)},addHook:function(o,r,e,t,n){null==gform.hooks[o][r]&&(gform.hooks[o][r]=[]);var d=gform.hooks[o][r];null==n&&(n=r+\"_\"+d.length),gform.hooks[o][r].push({tag:n,callable:e,priority:t=null==t?10:t})},doHook:function(r,o,e){var t;if(e=Array.prototype.slice.call(e,1),null!=gform.hooks[r][o]&&((o=gform.hooks[r][o]).sort(function(o,r){return o.priority-r.priority}),o.forEach(function(o){\"function\"!=typeof(t=o.callable)&&(t=window[t]),\"action\"==r?t.apply(null,e):e[0]=t.apply(null,e)})),\"filter\"==r)return e[0]},removeHook:function(o,r,t,n){var e;null!=gform.hooks[o][r]&&(e=(e=gform.hooks[o][r]).filter(function(o,r,e){return!!(null!=n&&n!=o.tag||null!=t&&t!=o.priority)}),gform.hooks[o][r]=e)}});\n\/* ]]> *\/\n<\/script>\n\n                <div class='gf_browser_gecko gform_wrapper gform_legacy_markup_wrapper gform-theme--no-framework' data-form-theme='legacy' data-form-index='0' id='gform_wrapper_34' >\n                        <div class='gform_heading'>\n                            <h3 class=\"gform_title\">Duvidas Ingresso<\/h3>\n                            <p class='gform_description'>Formul\u00e1rio de duvida dos ingressantes.<\/p>\n                        <\/div><form method='post' enctype='multipart\/form-data'  id='gform_34'  action='\/en\/wp-json\/wp\/v2\/pages\/28494' data-formid='34' novalidate>\n                        <div class='gform-body gform_body'><ul id='gform_fields_34' class='gform_fields top_label form_sublabel_below description_below validation_below'><li id=\"field_34_1\" class=\"gfield gfield--type-text field_sublabel_below gfield--no-description field_description_below field_validation_below gfield_visibility_visible\"  ><label class='gfield_label gform-field-label' for='input_34_1'>Informe seu nome completo<\/label><div class='ginput_container ginput_container_text'><input name='input_1' id='input_34_1' type='text' value='' class='form-control medium'      aria-invalid=\"false\"   \/><\/div><\/li><li id=\"field_34_2\" class=\"gfield gfield--type-email field_sublabel_below gfield--no-description field_description_below field_validation_below gfield_visibility_visible\"  ><label class='gfield_label gform-field-label' for='input_34_2'>E-Mail<\/label><div class='ginput_container ginput_container_email'>\n                            <input class='form-control' name='input_2' id='input_34_2' type='email' value='' class='form-control medium'     aria-invalid=\"false\"  \/>\n                        <\/div><\/li><li id=\"field_34_3\" class=\"gfield gfield--type-text field_sublabel_below gfield--has-description field_description_below field_validation_below gfield_visibility_visible\"  ><label class='gfield_label gform-field-label' for='input_34_3'>Informe seu telefone com DDD<\/label><div class='ginput_container ginput_container_text'><input name='input_3' id='input_34_3' type='text' value='' class='form-control medium'  aria-describedby=\"gfield_description_34_3\"    aria-invalid=\"false\"   \/><\/div><div class='gfield_description' id='gfield_description_34_3'>Ex. 67 3241-0000<\/div><\/li><li id=\"field_34_4\" class=\"gfield gfield--type-textarea field_sublabel_below gfield--no-description field_description_below field_validation_below gfield_visibility_visible\"  ><label class='gfield_label gform-field-label' for='input_34_4'>Descreva suas duvidas, que em breve responderemos.<\/label><div class='ginput_container ginput_container_textarea'><textarea name='input_4' id='input_34_4' class='form-control textarea medium'      aria-invalid=\"false\"   rows='10' cols='50'><\/textarea><\/div><\/li><\/ul><\/div>\n        <div class='gform-footer gform_footer top_label'> <input type='submit' id='gform_submit_button_34' class='gform_button button' onclick='gform.submission.handleButtonClick(this);' data-submission-type='submit' value='Enviar'  \/> \n            <input type='hidden' class='gform_hidden' name='gform_submission_method' data-js='gform_submission_method_34' value='postback' \/>\n            <input type='hidden' class='gform_hidden' name='gform_theme' data-js='gform_theme_34' id='gform_theme_34' value='legacy' \/>\n            <input type='hidden' class='gform_hidden' name='gform_style_settings' data-js='gform_style_settings_34' id='gform_style_settings_34' value='[]' \/>\n            <input type='hidden' class='gform_hidden' name='is_submit_34' value='1' \/>\n            <input type='hidden' class='gform_hidden' name='gform_submit' value='34' \/>\n            \n            <input type='hidden' class='gform_hidden' name='gform_unique_id' value='' \/>\n            <input type='hidden' class='gform_hidden' name='state_34' value='WyJbXSIsIjQ2NTI5NjNiYmYwMTExODYyOTViODkxMzJlNDFhNWJhIl0=' \/>\n            <input type='hidden' autocomplete='off' class='gform_hidden' name='gform_target_page_number_34' id='gform_target_page_number_34' value='0' \/>\n            <input type='hidden' autocomplete='off' class='gform_hidden' name='gform_source_page_number_34' id='gform_source_page_number_34' value='1' \/>\n            <input type='hidden' name='gform_field_values' value='' \/>\n            \n        <\/div>\n                        <\/form>\n                        <\/div><script type=\"text\/javascript\">\n\/* <![CDATA[ *\/\n gform.initializeOnLoaded( function() {gformInitSpinner( 34, 'https:\/\/cpaq.ufms.br\/wp-content\/plugins\/gravityforms\/images\/spinner.svg', true );jQuery('#gform_ajax_frame_34').on('load',function(){var contents = jQuery(this).contents().find('*').html();var is_postback = contents.indexOf('GF_AJAX_POSTBACK') >= 0;if(!is_postback){return;}var form_content = jQuery(this).contents().find('#gform_wrapper_34');var is_confirmation = jQuery(this).contents().find('#gform_confirmation_wrapper_34').length > 0;var is_redirect = contents.indexOf('gformRedirect(){') >= 0;var is_form = form_content.length > 0 && ! is_redirect && ! is_confirmation;var mt = parseInt(jQuery('html').css('margin-top'), 10) + parseInt(jQuery('body').css('margin-top'), 10) + 100;if(is_form){jQuery('#gform_wrapper_34').html(form_content.html());if(form_content.hasClass('gform_validation_error')){jQuery('#gform_wrapper_34').addClass('gform_validation_error');} else {jQuery('#gform_wrapper_34').removeClass('gform_validation_error');}setTimeout( function() { \/* delay the scroll by 50 milliseconds to fix a bug in chrome *\/  }, 50 );if(window['gformInitDatepicker']) {gformInitDatepicker();}if(window['gformInitPriceFields']) {gformInitPriceFields();}var current_page = jQuery('#gform_source_page_number_34').val();gformInitSpinner( 34, 'https:\/\/cpaq.ufms.br\/wp-content\/plugins\/gravityforms\/images\/spinner.svg', true );jQuery(document).trigger('gform_page_loaded', [34, current_page]);window['gf_submitting_34'] = false;}else if(!is_redirect){var confirmation_content = jQuery(this).contents().find('.GF_AJAX_POSTBACK').html();if(!confirmation_content){confirmation_content = contents;}jQuery('#gform_wrapper_34').replaceWith(confirmation_content);jQuery(document).trigger('gform_confirmation_loaded', [34]);window['gf_submitting_34'] = false;wp.a11y.speak(jQuery('#gform_confirmation_message_34').text());}else{jQuery('#gform_34').append(contents);if(window['gformRedirect']) {gformRedirect();}}jQuery(document).trigger(\"gform_pre_post_render\", [{ formId: \"34\", currentPage: \"current_page\", abort: function() { this.preventDefault(); } }]);                if (event && event.defaultPrevented) {                return;         }        const gformWrapperDiv = document.getElementById( \"gform_wrapper_34\" );        if ( gformWrapperDiv ) {            const visibilitySpan = document.createElement( \"span\" );            visibilitySpan.id = \"gform_visibility_test_34\";            gformWrapperDiv.insertAdjacentElement( \"afterend\", visibilitySpan );        }        const visibilityTestDiv = document.getElementById( \"gform_visibility_test_34\" );        let postRenderFired = false;                function triggerPostRender() {            if ( postRenderFired ) {                return;            }            postRenderFired = true;            gform.core.triggerPostRenderEvents( 34, current_page );            if ( visibilityTestDiv ) {                visibilityTestDiv.parentNode.removeChild( visibilityTestDiv );            }        }        function debounce( func, wait, immediate ) {            var timeout;            return function() {                var context = this, args = arguments;                var later = function() {                    timeout = null;                    if ( !immediate ) func.apply( context, args );                };                var callNow = immediate && !timeout;                clearTimeout( timeout );                timeout = setTimeout( later, wait );                if ( callNow ) func.apply( context, args );            };        }        const debouncedTriggerPostRender = debounce( function() {            triggerPostRender();        }, 200 );        if ( visibilityTestDiv && visibilityTestDiv.offsetParent === null ) {            const observer = new MutationObserver( ( mutations ) => {                mutations.forEach( ( mutation ) => {                    if ( mutation.type === 'attributes' && visibilityTestDiv.offsetParent !== null ) {                        debouncedTriggerPostRender();                        observer.disconnect();                    }                });            });            observer.observe( document.body, {                attributes: true,                childList: false,                subtree: true,                attributeFilter: [ 'style', 'class' ],            });        } else {            triggerPostRender();        }    } );} ); \n\/* ]]> *\/\n<\/script>\n\n<\/div>\n\t\t\t\t<\/div>\n\t\t\t<\/div>\n<\/div>\n","protected":false},"excerpt":{"rendered":"<p>Formas de Ingresso Cursos do CPAQ Passe SISU PERGUNTAS FREQUENTES<\/p>\n","protected":false},"author":1449,"featured_media":28517,"parent":0,"menu_order":0,"comment_status":"closed","ping_status":"closed","template":"page-templates\/page-coordenadorias.php","meta":{"footnotes":""},"coauthors":[],"class_list":["post-28494","page","type-page","status-publish","has-post-thumbnail","hentry"],"_links":{"self":[{"href":"https:\/\/cpaq.ufms.br\/en\/wp-json\/wp\/v2\/pages\/28494","targetHints":{"allow":["GET"]}}],"collection":[{"href":"https:\/\/cpaq.ufms.br\/en\/wp-json\/wp\/v2\/pages"}],"about":[{"href":"https:\/\/cpaq.ufms.br\/en\/wp-json\/wp\/v2\/types\/page"}],"author":[{"embeddable":true,"href":"https:\/\/cpaq.ufms.br\/en\/wp-json\/wp\/v2\/users\/1449"}],"replies":[{"embeddable":true,"href":"https:\/\/cpaq.ufms.br\/en\/wp-json\/wp\/v2\/comments?post=28494"}],"version-history":[{"count":41,"href":"https:\/\/cpaq.ufms.br\/en\/wp-json\/wp\/v2\/pages\/28494\/revisions"}],"predecessor-version":[{"id":31433,"href":"https:\/\/cpaq.ufms.br\/en\/wp-json\/wp\/v2\/pages\/28494\/revisions\/31433"}],"wp:featuredmedia":[{"embeddable":true,"href":"https:\/\/cpaq.ufms.br\/en\/wp-json\/wp\/v2\/media\/28517"}],"wp:attachment":[{"href":"https:\/\/cpaq.ufms.br\/en\/wp-json\/wp\/v2\/media?parent=28494"}],"wp:term":[{"taxonomy":"author","embeddable":true,"href":"https:\/\/cpaq.ufms.br\/en\/wp-json\/wp\/v2\/coauthors?post=28494"}],"curies":[{"name":"wp","href":"https:\/\/api.w.org\/{rel}","templated":true}]}}